{"id":86611,"date":"2021-07-09T13:34:45","date_gmt":"2021-07-09T13:34:45","guid":{"rendered":"https:\/\/lookadd.com\/onze-opticiens\/"},"modified":"2023-08-14T14:34:36","modified_gmt":"2023-08-14T12:34:36","slug":"onze-opticiens","status":"publish","type":"page","link":"https:\/\/lookadd.com\/pt-pt\/onze-opticiens\/","title":{"rendered":"Nossos \u00f3ticos"},"content":{"rendered":"\n                                                                                                                                                                                                                                                                                                                                                                                                                                                                                                                                                                                                                                                                                                                                                                                                                                                                                                                                                                                                                                                                                                                                                                                                                                                                                                                                                                                                                                                                                                                                                                                                                                                                                                                                                                                                                                                                                                                                                                                                                                                                                                                                                                                                                                                                                                                                                                                                                                                                                                                                                                                                                                                                                                                                                                                                                                                                                                                                                                                                                                                                                                                                                                                                                                                                                                                                                                                                                                                                                                                                                                                                                                                                                                                                                                                                                                                                                                                                                                                                                                                                                                                                                                                                                                                                                                                                                                                                                                                                                                                                                                                                                                                                                                                                                                                                                                                                                                                                                                                                                                                <div style=\"display:none;\"><p class=\"aw-single-result-under\"><a href=\"https:\/\/lookadd.com\/pt-pt\/winkel_locaties\/kray-optik\/\" title=\"Kray Optik\">Kray Optik<\/a><span class=\"address\">Hochstra\u00dfe 33, <br>Rhens <\/br>Duitsland<\/span><\/p><p class=\"aw-single-result-under\"><a href=\"https:\/\/lookadd.com\/pt-pt\/winkel_locaties\/koster-brillen\/\" title=\"Koster Brillen\">Koster Brillen<\/a><span class=\"address\">Plein 1945, nr 5, <br>IJmuiden <\/br>Nederland<\/span><\/p><p class=\"aw-single-result-under\"><a href=\"https:\/\/lookadd.com\/pt-pt\/winkel_locaties\/optiek-moonen\/\" title=\"Optiek Moonen\">Optiek Moonen<\/a><span class=\"address\">Heuvel 42, <br>Sint Oedenrode <\/br>Nederland<\/span><\/p><p class=\"aw-single-result-under\"><a href=\"https:\/\/lookadd.com\/pt-pt\/winkel_locaties\/hofland-optiek-enschede\/\" title=\"Hofland Optiek Enschede\">Hofland Optiek Enschede<\/a><span class=\"address\">H.J. Van Heekplein 26, <br>Enschede <\/br>Nederland<\/span><\/p><p class=\"aw-single-result-under\"><a href=\"https:\/\/lookadd.com\/pt-pt\/winkel_locaties\/hofland-optiek-emmen\/\" title=\"Hofland Optiek Emmen\">Hofland Optiek Emmen<\/a><span class=\"address\">Mondriaanplein 1-3, <br>Oldenzaal <\/br>Nederland<\/span><\/p><p class=\"aw-single-result-under\"><a href=\"https:\/\/lookadd.com\/pt-pt\/winkel_locaties\/hofland-optiek-oldenzaal\/\" title=\"Hofland Optiek Oldenzaal\">Hofland Optiek Oldenzaal<\/a><span class=\"address\">St. Plechelmusplein 13, <br>Oldenzaal <\/br>Nederland<\/span><\/p><p class=\"aw-single-result-under\"><a href=\"https:\/\/lookadd.com\/pt-pt\/winkel_locaties\/bos-optiek\/\" title=\"Bos Optiek\">Bos Optiek<\/a><span class=\"address\">Thomsonlaan 40, <br>Den Haag <\/br>Nederland<\/span><\/p><p class=\"aw-single-result-under\"><a href=\"https:\/\/lookadd.com\/pt-pt\/winkel_locaties\/dirk-jan-voor-ogen\/\" title=\"Dirk-Jan voor ogen\">Dirk-Jan voor ogen<\/a><span class=\"address\">Wannerstraat 125, <br>Heerlen <\/br>Nederland<\/span><\/p><p class=\"aw-single-result-under\"><a href=\"https:\/\/lookadd.com\/pt-pt\/winkel_locaties\/meijnbach-optiek\/\" title=\"Meijnbach Optiek\">Meijnbach Optiek<\/a><span class=\"address\">Monseigneur Zwijsenplein 32, <br>Kerkdriel <\/br>Nederland<\/span><\/p><p class=\"aw-single-result-under\"><a href=\"https:\/\/lookadd.com\/pt-pt\/winkel_locaties\/bliek-optiek\/\" title=\"Bliek optiek\">Bliek optiek<\/a><span class=\"address\">Schoutstraat 27, <br>Gorinchem <\/br>Nederland<\/span><\/p><p class=\"aw-single-result-under\"><a href=\"https:\/\/lookadd.com\/pt-pt\/winkel_locaties\/sturing-optiek\/\" title=\"Sturing Optiek\">Sturing Optiek<\/a><span class=\"address\">Achter de Brink 20, <br>Borger <\/br>Nederland<\/span><\/p><p class=\"aw-single-result-under\"><a href=\"https:\/\/lookadd.com\/pt-pt\/winkel_locaties\/optiek-tweyes\/\" title=\"Optiek Tweyes\">Optiek Tweyes<\/a><span class=\"address\">Stationsstraat 198, <br>Aalter <\/br>Belgi\u00eb<\/span><\/p><p class=\"aw-single-result-under\"><a href=\"https:\/\/lookadd.com\/pt-pt\/winkel_locaties\/opticien-brackel\/\" title=\"Opticien Brackel\">Opticien Brackel<\/a><span class=\"address\">Tongelresestraat 201, <br>Eindhoven <\/br>Nederland<\/span><\/p><p class=\"aw-single-result-under\"><a href=\"https:\/\/lookadd.com\/pt-pt\/winkel_locaties\/eyewatch-optiek\/\" title=\"Eyewatch optiek\">Eyewatch optiek<\/a><span class=\"address\">Op het Toneel 5, <br>Arnhem <\/br>Nederland<\/span><\/p><p class=\"aw-single-result-under\"><a href=\"https:\/\/lookadd.com\/pt-pt\/winkel_locaties\/opto-ring\/\" title=\"Opto-ring\">Opto-ring<\/a><span class=\"address\">Ambachtsplein 14-16, <br>Rotterdam Alexander <\/br>Nederland<\/span><\/p><p class=\"aw-single-result-under\"><a href=\"https:\/\/lookadd.com\/pt-pt\/winkel_locaties\/optiek-wesselerbrink\/\" title=\"Optiek Wesselerbrink\">Optiek Wesselerbrink<\/a><span class=\"address\">Wesseler-Nering 20, <br>Enschede <\/br>Nederland<\/span><\/p><p class=\"aw-single-result-under\"><a href=\"https:\/\/lookadd.com\/pt-pt\/winkel_locaties\/look-meisteroptik\/\" title=\"LOOK meisteroptik\">LOOK meisteroptik<\/a><span class=\"address\">Hammererweg 61, <br>Stephanskirchen <\/br>Deutchland<\/span><\/p><p class=\"aw-single-result-under\"><a href=\"https:\/\/lookadd.com\/pt-pt\/winkel_locaties\/van-roekel-optiek\/\" title=\"Van Roekel Optiek\">Van Roekel Optiek<\/a><span class=\"address\">Dorpsstraat 4a, <br>Opheusden <\/br>Nederland<\/span><\/p><p class=\"aw-single-result-under\"><a href=\"https:\/\/lookadd.com\/pt-pt\/winkel_locaties\/rijks-optiek-by-polman\/\" title=\"Rijks Optiek by Polman\">Rijks Optiek by Polman<\/a><span class=\"address\">Utrechtseweg 110B, <br>Oosterbeek <\/br>Nederland<\/span><\/p><p class=\"aw-single-result-under\"><a href=\"https:\/\/lookadd.com\/pt-pt\/winkel_locaties\/optiek-support\/\" title=\"Optiek Support\">Optiek Support<\/a><span class=\"address\">H.M. van Randwijklaan 18, <br>Middenbeemster <\/br>Nederland<\/span><\/p><p class=\"aw-single-result-under\"><a href=\"https:\/\/lookadd.com\/pt-pt\/winkel_locaties\/apollo-optik-bensheim\/\" title=\"Apollo Optik Bensheim\">Apollo Optik Bensheim<\/a><span class=\"address\">Haupstr. 9, <br>Bensheim <\/br>Deutchland<\/span><\/p><p class=\"aw-single-result-under\"><a href=\"https:\/\/lookadd.com\/pt-pt\/winkel_locaties\/augenoptik-am-schlossberg\/\" title=\"Augenoptik am Schlo\u00dfberg\">Augenoptik am Schlo\u00dfberg<\/a><span class=\"address\">Hammererweg 61, <br>Stephanskirchen <\/br>Deutchland<\/span><\/p><p class=\"aw-single-result-under\"><a href=\"https:\/\/lookadd.com\/pt-pt\/winkel_locaties\/sehfeldoptik\/\" title=\"Sehfeldoptik\">Sehfeldoptik<\/a><span class=\"address\">Hauptstra\u00dfe 34, <br>Seefeld <\/br>Deutchland<\/span><\/p><p class=\"aw-single-result-under\"><a href=\"https:\/\/lookadd.com\/pt-pt\/winkel_locaties\/ameloh-optik\/\" title=\"Ameloh Optik\">Ameloh Optik<\/a><span class=\"address\">Hauptstra\u00dfe 27, <br>Wietmarschen-Lohne <\/br>Deutchland<\/span><\/p><p class=\"aw-single-result-under\"><a href=\"https:\/\/lookadd.com\/pt-pt\/winkel_locaties\/maya-pijpers-optiek\/\" title=\"Maya Pijpers Optiek\">Maya Pijpers Optiek<\/a><span class=\"address\">Besterdring 74, <br>Tilburg <\/br>Nederland<\/span><\/p><p class=\"aw-single-result-under\"><a href=\"https:\/\/lookadd.com\/pt-pt\/winkel_locaties\/saar-optiek\/\" title=\"Saar Optiek\">Saar Optiek<\/a><span class=\"address\">Zeugstraat 70, <br>Gouda <\/br>Nederland<\/span><\/p><p class=\"aw-single-result-under\"><a href=\"https:\/\/lookadd.com\/pt-pt\/winkel_locaties\/lookadddealer-nuenen\/\" title=\"LookAdd dealer\">LookAdd dealer<\/a><span class=\"address\">Vincent van Goghstraat 2-C, <br>Nuenen <\/br>Nederland<\/span><\/p><p class=\"aw-single-result-under\"><a href=\"https:\/\/lookadd.com\/pt-pt\/winkel_locaties\/keiser-optiek-lookadd\/\" title=\"Keiser Optiek\">Keiser Optiek<\/a><span class=\"address\">Voorburggracht 172, <br>Zuid-Scharwoude <\/br>Nederland<\/span><\/p><p class=\"aw-single-result-under\"><a href=\"https:\/\/lookadd.com\/pt-pt\/winkel_locaties\/framio-optiek\/\" title=\"Framio Optiek\">Framio Optiek<\/a><span class=\"address\">Burghsering 27, <br>Burgh-Haamstede <\/br>Nederland<\/span><\/p><p class=\"aw-single-result-under\"><a href=\"https:\/\/lookadd.com\/pt-pt\/winkel_locaties\/optik-trompeter\/\" title=\"Optik Trompeter\">Optik Trompeter<\/a><span class=\"address\">Wittener Str. 32, <br>Castrop-Rauxel <\/br>Duitsland<\/span><\/p><p class=\"aw-single-result-under\"><a href=\"https:\/\/lookadd.com\/pt-pt\/winkel_locaties\/lookadd-dealer-7\/\" title=\"LookAdd dealer\">LookAdd dealer<\/a><span class=\"address\">Heezerweg 270, <br>Eindhoven <\/br>Nederland<\/span><\/p><p class=\"aw-single-result-under\"><a href=\"https:\/\/lookadd.com\/pt-pt\/winkel_locaties\/oog-voor-ogen\/\" title=\"Oog voor Ogen\">Oog voor Ogen<\/a><span class=\"address\">Dijkshoornseweg 35, <br>Den Hoorn <\/br>Nederland<\/span><\/p><p class=\"aw-single-result-under\"><a href=\"https:\/\/lookadd.com\/pt-pt\/winkel_locaties\/schouwenburg-optiek\/\" title=\"Schouwenburg Optiek\">Schouwenburg Optiek<\/a><span class=\"address\">Oude Watering 198, <br>Rotterdam IJsselmonde <\/br>Nederland<\/span><\/p><p class=\"aw-single-result-under\"><a href=\"https:\/\/lookadd.com\/pt-pt\/winkel_locaties\/meye-optiek\/\" title=\"MeYe Optiek\">MeYe Optiek<\/a><span class=\"address\">Keiweg 4, <br>Oosterhout <\/br>Nederland<\/span><\/p><p class=\"aw-single-result-under\"><a href=\"https:\/\/lookadd.com\/pt-pt\/winkel_locaties\/stoksoptiek\/\" title=\"Stoks Optiek\">Stoks Optiek<\/a><span class=\"address\">Molenstraat 38, <br>Cuijk <\/br>Nederland<\/span><\/p><p class=\"aw-single-result-under\"><a href=\"https:\/\/lookadd.com\/pt-pt\/winkel_locaties\/van-den-bergh-opticiens\/\" title=\"Van den Bergh Opticiens\">Van den Bergh Opticiens<\/a><span class=\"address\">Stadspoort 19, <br>Ede <\/br>Nederland<\/span><\/p><p class=\"aw-single-result-under\"><a href=\"https:\/\/lookadd.com\/pt-pt\/winkel_locaties\/lookadd-dealer-6\/\" title=\"LookAdd Dealer\">LookAdd Dealer<\/a><span class=\"address\">Stationsweg 20, <br>Zuidlaren <\/br>Nederland<\/span><\/p><p class=\"aw-single-result-under\"><a href=\"https:\/\/lookadd.com\/pt-pt\/winkel_locaties\/lookadd-dealer-5\/\" title=\"LookAdd Dealer\">LookAdd Dealer<\/a><span class=\"address\">Grotestraat 15d, <br>Bedum <\/br>Nederland<\/span><\/p><p class=\"aw-single-result-under\"><a href=\"https:\/\/lookadd.com\/pt-pt\/winkel_locaties\/rijnders-optiek\/\" title=\"Rijnders Optiek\">Rijnders Optiek<\/a><span class=\"address\">Eindhovenseweg 28, <br>Valkenswaard <\/br>Nederland<\/span><\/p><p class=\"aw-single-result-under\"><a href=\"https:\/\/lookadd.com\/pt-pt\/winkel_locaties\/lookadd-dealer-4\/\" title=\"LookAdd dealer\">LookAdd dealer<\/a><span class=\"address\">Lange Nering 9, <br>EMMELOORD <\/br>Nederland<\/span><\/p><p class=\"aw-single-result-under\"><a href=\"https:\/\/lookadd.com\/pt-pt\/winkel_locaties\/lookadd-dealer-3\/\" title=\"LookAdd dealer\">LookAdd dealer<\/a><span class=\"address\">Piepke 2, <br>Leek <\/br>Nederland<\/span><\/p><p class=\"aw-single-result-under\"><a href=\"https:\/\/lookadd.com\/pt-pt\/winkel_locaties\/werner-strasberger-gmbh\/\" title=\"Werner Stra\u00dfberger GmbH\">Werner Stra\u00dfberger GmbH<\/a><span class=\"address\">Wiener Stra\u00dfe 1, <br>Retz <\/br>Oostenrijk<\/span><\/p><p class=\"aw-single-result-under\"><a href=\"https:\/\/lookadd.com\/pt-pt\/winkel_locaties\/meier-sehen-und-horen\/\" title=\"Meier sehen und h\u00f6ren\">Meier sehen und h\u00f6ren<\/a><span class=\"address\">Martinstra\u00dfe 34, <br>Bonndorf im Schwarzwald <\/br>Duitsland<\/span><\/p><p class=\"aw-single-result-under\"><a href=\"https:\/\/lookadd.com\/pt-pt\/winkel_locaties\/augenkleider-uetze\/\" title=\"Augenkleider Uetze\">Augenkleider Uetze<\/a><span class=\"address\">Burgdorfer Stra\u00dfe 10, <br>Uetze <\/br>Duitsland<\/span><\/p><p class=\"aw-single-result-under\"><a href=\"https:\/\/lookadd.com\/pt-pt\/winkel_locaties\/lookadd-dealer-2\/\" title=\"LookAdd dealer\">LookAdd dealer<\/a><span class=\"address\">Damplein 1, <br>Dordrecht <\/br>Nederland<\/span><\/p><p class=\"aw-single-result-under\"><a href=\"https:\/\/lookadd.com\/pt-pt\/winkel_locaties\/lookadd-dealer\/\" title=\"LookAdd dealer\">LookAdd dealer<\/a><span class=\"address\">P.A. de Kok-plein 142, <br>Dordrecht <\/br>Nederland<\/span><\/p><p class=\"aw-single-result-under\"><a href=\"https:\/\/lookadd.com\/pt-pt\/winkel_locaties\/haase-optik\/\" title=\"Haase Optik\">Haase Optik<\/a><span class=\"address\">Oberneulander Heerstra\u00dfe 26-28, <br>Bremen <\/br>Duitsland<\/span><\/p><p class=\"aw-single-result-under\"><a href=\"https:\/\/lookadd.com\/pt-pt\/winkel_locaties\/van-der-goot-opticiens\/\" title=\"Van der Goot opticiens\">Van der Goot opticiens<\/a><span class=\"address\">Plein 15, <br>Nijkerk <\/br>Nederland<\/span><\/p><p class=\"aw-single-result-under\"><a href=\"https:\/\/lookadd.com\/pt-pt\/winkel_locaties\/optik-michels\/\" title=\"Optik Michels\">Optik Michels<\/a><span class=\"address\">An der Gracht 14, <br>Wegberg <\/br>Duitsland<\/span><\/p><p class=\"aw-single-result-under\"><a href=\"https:\/\/lookadd.com\/pt-pt\/winkel_locaties\/diekman-nijverdal\/\" title=\"Diekman Nijverdal\">Diekman Nijverdal<\/a><span class=\"address\">Grotestraat 152A\/B, <br>Nijverdal <\/br>Nederland<\/span><\/p><p class=\"aw-single-result-under\"><a href=\"https:\/\/lookadd.com\/pt-pt\/winkel_locaties\/groot-kormelink-optiek\/\" title=\"Groot Kormelink Optiek\">Groot Kormelink Optiek<\/a><span class=\"address\">Spalstraat 27, <br>Hengelo <\/br>Nederland<\/span><\/p><p class=\"aw-single-result-under\"><a href=\"https:\/\/lookadd.com\/pt-pt\/winkel_locaties\/thuis-in-optiek\/\" title=\"Thuis in Optiek\">Thuis in Optiek<\/a><span class=\"address\">Colijnlaan 8, <br>Emmeloord <\/br>Nederland<\/span><\/p><p class=\"aw-single-result-under\"><a href=\"https:\/\/lookadd.com\/pt-pt\/winkel_locaties\/meijler-optiek\/\" title=\"Meijler optiek\">Meijler optiek<\/a><span class=\"address\">Parelplein 6, <br>Rijswijk <\/br>Nederland<\/span><\/p><p class=\"aw-single-result-under\"><a href=\"https:\/\/lookadd.com\/pt-pt\/winkel_locaties\/bloemendal-optometrie-audiciens\/\" title=\"Bloemendal Optometrie &#038; Audiciens\">Bloemendal Optometrie &#038; Audiciens<\/a><span class=\"address\">Velperweg 56a, <br>Arnhem <\/br>Nederland<\/span><\/p><p class=\"aw-single-result-under\"><a href=\"https:\/\/lookadd.com\/pt-pt\/winkel_locaties\/bokkerink-opticiens\/\" title=\"B\u00f6kkerink Opticiens\">B\u00f6kkerink Opticiens<\/a><span class=\"address\">Grotestraat 9a, <br>Rijssen <\/br>Nederland<\/span><\/p><p class=\"aw-single-result-under\"><a href=\"https:\/\/lookadd.com\/pt-pt\/winkel_locaties\/van-der-heijden-optiek\/\" title=\"van der Heijden Optiek\">van der Heijden Optiek<\/a><span class=\"address\">Nieuwstraat 2, <br>Oosterhout <\/br>Nederland<\/span><\/p><p class=\"aw-single-result-under\"><a href=\"https:\/\/lookadd.com\/pt-pt\/winkel_locaties\/optique-champagnac-sarl-dn-optique\/\" title=\"OPTIQUE CHAMPAGNAC &#8211; SARL DN OPTIQUE\">OPTIQUE CHAMPAGNAC &#8211; SARL DN OPTIQUE<\/a><span class=\"address\">19 Promenade des Tilleuls, <br>BRIVE LA GAILLARDE <\/br>Frankrijk<\/span><\/p><p class=\"aw-single-result-under\"><a href=\"https:\/\/lookadd.com\/pt-pt\/winkel_locaties\/kind-optiek\/\" title=\"Kind Optiek\">Kind Optiek<\/a><span class=\"address\">Sint Jorisplein 38, <br>Ridderkerk <\/br>Nederland<\/span><\/p><p class=\"aw-single-result-under\"><a href=\"https:\/\/lookadd.com\/pt-pt\/winkel_locaties\/kastner-uhrmacher-juwelier-augenoptiker\/\" title=\"KASTNER &#8211; UHRMACHER, JUWELIER &#038; AUGENOPTIKER\">KASTNER &#8211; UHRMACHER, JUWELIER &#038; AUGENOPTIKER<\/a><span class=\"address\">Bahnhofstra\u00dfe, 28, <br>MEPPEN <\/br>Duitsland<\/span><\/p><p class=\"aw-single-result-under\"><a href=\"https:\/\/lookadd.com\/pt-pt\/winkel_locaties\/optik-uhren-schmuck-hakmann-gmbh\/\" title=\"OPTIK UHREN SCHMUCK HAKMANN GmbH\">OPTIK UHREN SCHMUCK HAKMANN GmbH<\/a><span class=\"address\">M\u00fchlenstra\u00dfe, 11, <br>LADBERGEN <\/br>Duitsland<\/span><\/p><p class=\"aw-single-result-under\"><a href=\"https:\/\/lookadd.com\/pt-pt\/winkel_locaties\/herla-augenoptik-horsysteme\/\" title=\"HERLA AUGENOPTIK &#038; H\u00d6RSYSTEME\">HERLA AUGENOPTIK &#038; H\u00d6RSYSTEME<\/a><span class=\"address\">Claussenstra\u00dfe, 4, <br>BRAKE <\/br>Duitsland<\/span><\/p><p class=\"aw-single-result-under\"><a href=\"https:\/\/lookadd.com\/pt-pt\/winkel_locaties\/augenoptik-ahlmann-kg\/\" title=\"AUGENOPTIK AHLMANN KG\">AUGENOPTIK AHLMANN KG<\/a><span class=\"address\">Am Markt, 11, <br>L\u00dcBZ <\/br>Duitsland<\/span><\/p><p class=\"aw-single-result-under\"><a href=\"https:\/\/lookadd.com\/pt-pt\/winkel_locaties\/munster-klasse-optik-2\/\" title=\"M\u00dcNSTER &#8211; KLASSE OPTIK\">M\u00dcNSTER &#8211; KLASSE OPTIK<\/a><span class=\"address\">Hasestra\u00dfe, 3-4, <br>HASEL\u00dcNNE <\/br>Duitsland<\/span><\/p><p class=\"aw-single-result-under\"><a href=\"https:\/\/lookadd.com\/pt-pt\/winkel_locaties\/kleinefenn-optik\/\" title=\"KLEINEFENN OPTIK\">KLEINEFENN OPTIK<\/a><span class=\"address\">Seilerei, 2, <br>KRONSHAGEN <\/br>Duitsland<\/span><\/p><p class=\"aw-single-result-under\"><a href=\"https:\/\/lookadd.com\/pt-pt\/winkel_locaties\/moekotte-eyecare-2\/\" title=\"Moekotte Eyecare\">Moekotte Eyecare<\/a><span class=\"address\">Grootestraat 15, <br>Oldenzaal <\/br>Nederland<\/span><\/p><p class=\"aw-single-result-under\"><a href=\"https:\/\/lookadd.com\/pt-pt\/winkel_locaties\/foto-ottica-sprocatti-di-sprocatti-matteo-2\/\" title=\"FOTO OTTICA SPROCATTI di Sprocatti Matteo\">FOTO OTTICA SPROCATTI di Sprocatti Matteo<\/a><span class=\"address\">Via Dei Cipressi, 11, <br>SERMIDE <\/br>Itali\u00eb<\/span><\/p><p class=\"aw-single-result-under\"><a href=\"https:\/\/lookadd.com\/pt-pt\/winkel_locaties\/ottica-tamanza\/\" title=\"OTTICA TAMANZA\">OTTICA TAMANZA<\/a><span class=\"address\">Via Marconi, 22, <br>COLOGNE <\/br>Itali\u00eb<\/span><\/p><p class=\"aw-single-result-under\"><a href=\"https:\/\/lookadd.com\/pt-pt\/winkel_locaties\/medi-optique\/\" title=\"MEDI OPTIQUE\">MEDI OPTIQUE<\/a><span class=\"address\">70 Avenue Al-Amir - Fal Ould Oumeir, <br>RABAT <\/br>Marokko<\/span><\/p><p class=\"aw-single-result-under\"><a href=\"https:\/\/lookadd.com\/pt-pt\/winkel_locaties\/optik-augenblick-inh-ute-oppe\/\" title=\"OPTIK AUGENBLICK INH. UTE OPPE\">OPTIK AUGENBLICK INH. UTE OPPE<\/a><span class=\"address\">Am Markt, 13, <br>BURG AUF FEHMARN <\/br>Duitsland<\/span><\/p><p class=\"aw-single-result-under\"><a href=\"https:\/\/lookadd.com\/pt-pt\/winkel_locaties\/zaklad-optyczny-krzysztof-gollus\/\" title=\"ZAKLAD OPTYCZNY KRZYSZTOF GOLLUS\">ZAKLAD OPTYCZNY KRZYSZTOF GOLLUS<\/a><span class=\"address\">Mlodziezowa, 35, <br>CHOJNICE <\/br>Polen<\/span><\/p><p class=\"aw-single-result-under\"><a href=\"https:\/\/lookadd.com\/pt-pt\/winkel_locaties\/a-j-opticos-audifonos-s-l-2\/\" title=\"A.J OPTICOS &#038; AUDIFONOS S.L.\">A.J OPTICOS &#038; AUDIFONOS S.L.<\/a><span class=\"address\">C\/Gran Capitan, 21, <br>GRANADA <\/br>Spanje<\/span><\/p><p class=\"aw-single-result-under\"><a href=\"https:\/\/lookadd.com\/pt-pt\/winkel_locaties\/blickwinkel\/\" title=\"BLICKWINKEL\">BLICKWINKEL<\/a><span class=\"address\">Poststrasse, 13, <br>RICHTERSWIL <\/br>Zwitserland<\/span><\/p><p class=\"aw-single-result-under\"><a href=\"https:\/\/lookadd.com\/pt-pt\/winkel_locaties\/ottica-frebal-s-r-l\/\" title=\"OTTICA FREBAL s.r.l.\">OTTICA FREBAL s.r.l.<\/a><span class=\"address\">Via Leonardo da Vinci , 16\/A, <br>BOLZANO <\/br>Itali\u00eb<\/span><\/p><p class=\"aw-single-result-under\"><a href=\"https:\/\/lookadd.com\/pt-pt\/winkel_locaties\/ottica-diba-s-r-l\/\" title=\"OTTICA DIBA s.r.l\">OTTICA DIBA s.r.l<\/a><span class=\"address\">Via dell'Artigianato, 57\/A, <br>MODENA <\/br>Itali\u00eb<\/span><\/p><p class=\"aw-single-result-under\"><a href=\"https:\/\/lookadd.com\/pt-pt\/winkel_locaties\/brillen-vogt-2\/\" title=\"BRILLEN VOGT\">BRILLEN VOGT<\/a><span class=\"address\">Johannesplatz, 9, <br>B\u00dcHL <\/br>Duitsland<\/span><\/p><p class=\"aw-single-result-under\"><a href=\"https:\/\/lookadd.com\/pt-pt\/winkel_locaties\/juan-gilberto-moreno-campoy-2\/\" title=\"JUAN GILBERTO MORENO CAMPOY\">JUAN GILBERTO MORENO CAMPOY<\/a><span class=\"address\">Calle Trinidad, 34, <br>UBEDA <\/br>Spanje<\/span><\/p><p class=\"aw-single-result-under\"><a href=\"https:\/\/lookadd.com\/pt-pt\/winkel_locaties\/optika-zenit-d-o-o\/\" title=\"OPTIKA ZENIT D.O.O.\">OPTIKA ZENIT D.O.O.<\/a><span class=\"address\">Ulica Boze Pericica, 14, <br>ZADAR <\/br>Kroati\u00eb<\/span><\/p><p class=\"aw-single-result-under\"><a href=\"https:\/\/lookadd.com\/pt-pt\/winkel_locaties\/schallmayer-optik-2\/\" title=\"SCHALLMAYER OPTIK\">SCHALLMAYER OPTIK<\/a><span class=\"address\">Konrad Adenauer Stra\u00dfe, 19, <br>R\u00d6DERMARK <\/br>Duitsland<\/span><\/p><p class=\"aw-single-result-under\"><a href=\"https:\/\/lookadd.com\/pt-pt\/winkel_locaties\/estereo-vision\/\" title=\"ESTEREO VISION\">ESTEREO VISION<\/a><span class=\"address\">C\/ Gran Via, 98, <br>GUADASSUAR <\/br>Spanje<\/span><\/p><p class=\"aw-single-result-under\"><a href=\"https:\/\/lookadd.com\/pt-pt\/winkel_locaties\/roure-optics-s-l\/\" title=\"ROURE OPTICS S.L.\">ROURE OPTICS S.L.<\/a><span class=\"address\">Pla\u00e7a Major, 3, <br>MOLLERUSSA <\/br>Spanje<\/span><\/p><p class=\"aw-single-result-under\"><a href=\"https:\/\/lookadd.com\/pt-pt\/winkel_locaties\/optik-schneider\/\" title=\"Optik Schneider\">Optik Schneider<\/a><span class=\"address\">Kopernikusplatz 38, <br>N\u00dcRNBERG <\/br>Duitsland<\/span><\/p><p class=\"aw-single-result-under\"><a href=\"https:\/\/lookadd.com\/pt-pt\/winkel_locaties\/hans-leurink-optiek\/\" title=\"Hans Leurink Optiek\">Hans Leurink Optiek<\/a><span class=\"address\">Oudestraat 228, <br>Kampen <\/br>Nederland<\/span><\/p><p class=\"aw-single-result-under\"><a href=\"https:\/\/lookadd.com\/pt-pt\/winkel_locaties\/ocni-optika-eva\/\" title=\"OCN\u00cd OPTIKA EVA\">OCN\u00cd OPTIKA EVA<\/a><span class=\"address\">Vinohradsk\u00e1, 2222\/156, <br>VINOHRADY PRAHA <\/br>Tsjechi\u00eb<\/span><\/p><p class=\"aw-single-result-under\"><a href=\"https:\/\/lookadd.com\/pt-pt\/winkel_locaties\/ottici-riuniti-s-r-l\/\" title=\"OTTICI RIUNITI s.r.l.\">OTTICI RIUNITI s.r.l.<\/a><span class=\"address\">C.so Matteotti, 230, <br>FANO <\/br>Itali\u00eb<\/span><\/p><p class=\"aw-single-result-under\"><a href=\"https:\/\/lookadd.com\/pt-pt\/winkel_locaties\/salon-optyczny-omatidium\/\" title=\"Salon Optyczny Omatidium\">Salon Optyczny Omatidium<\/a><span class=\"address\">Wyszynskiego 21, <br>Zielonka <\/br>Polen<\/span><\/p><p class=\"aw-single-result-under\"><a href=\"https:\/\/lookadd.com\/pt-pt\/winkel_locaties\/otto-di-elsa-ziglioli-e-c-s-n-c\/\" title=\"OTTO di Elsa Ziglioli e C. s.n.c.\">OTTO di Elsa Ziglioli e C. s.n.c.<\/a><span class=\"address\">Via Ala Ponzone, 1, <br>CREMONA <\/br>Itali\u00eb<\/span><\/p><p class=\"aw-single-result-under\"><a href=\"https:\/\/lookadd.com\/pt-pt\/winkel_locaties\/ottica-s-orsola-s-a-s-di-pederzani-giampaolo-c\/\" title=\"OTTICA S. ORSOLA s.a.s di Pederzani Giampaolo &#038; C.\">OTTICA S. ORSOLA s.a.s di Pederzani Giampaolo &#038; C.<\/a><span class=\"address\">Via Massarenti, 114, <br>BOLOGNA <\/br>Itali\u00eb<\/span><\/p><p class=\"aw-single-result-under\"><a href=\"https:\/\/lookadd.com\/pt-pt\/winkel_locaties\/ottica-cadenelli\/\" title=\"OTTICA CADENELLI\">OTTICA CADENELLI<\/a><span class=\"address\">Via G.Garibaldi, 12, <br>MOLINETTO <\/br>Itali\u00eb<\/span><\/p><p class=\"aw-single-result-under\"><a href=\"https:\/\/lookadd.com\/pt-pt\/winkel_locaties\/ottica-corci-s-a-s-di-marco-corci-c\/\" title=\"OTTICA CORCI s.a.s. di Marco Corci &#038; C.\">OTTICA CORCI s.a.s. di Marco Corci &#038; C.<\/a><span class=\"address\">Via della Repubblica, 13, <br>NOVATE MILANESE <\/br>Itali\u00eb<\/span><\/p><p class=\"aw-single-result-under\"><a href=\"https:\/\/lookadd.com\/pt-pt\/winkel_locaties\/moisidis-lavrentios\/\" title=\"MOISIDIS LAVRENTIOS\">MOISIDIS LAVRENTIOS<\/a><span class=\"address\">Ermou, 46, <br>THESSALONIKI <\/br><\/span><\/p><p class=\"aw-single-result-under\"><a href=\"https:\/\/lookadd.com\/pt-pt\/winkel_locaties\/optika-formankova\/\" title=\"OPTIKA FORM\u00c1NKOV\u00c1\">OPTIKA FORM\u00c1NKOV\u00c1<\/a><span class=\"address\">Revolucn\u00ed, 1421\/4, <br>\u00daST\u00cd NAD LABEM <\/br>Tsjechi\u00eb<\/span><\/p><p class=\"aw-single-result-under\"><a href=\"https:\/\/lookadd.com\/pt-pt\/winkel_locaties\/vista-d-o-o-optika\/\" title=\"VISTA D.O.O. OPTIKA\">VISTA D.O.O. OPTIKA<\/a><span class=\"address\">Vukovarska, 22, <br>DUBROVNIK <\/br>Kroati\u00eb<\/span><\/p><p class=\"aw-single-result-under\"><a href=\"https:\/\/lookadd.com\/pt-pt\/winkel_locaties\/generation-optiq\/\" title=\"G\u00c9N\u00c9RATION OPTIQ\">G\u00c9N\u00c9RATION OPTIQ<\/a><span class=\"address\">4C Av. Amerigo Vespucci, <br>LA ROCHELLE <\/br>Frankrijk<\/span><\/p><p class=\"aw-single-result-under\"><a href=\"https:\/\/lookadd.com\/pt-pt\/winkel_locaties\/hochwimmer-optik-3\/\" title=\"HOCHWIMMER OPTIK\">HOCHWIMMER OPTIK<\/a><span class=\"address\">Rainerstrasse,10, <br>LINZ <\/br>Oostenrijk<\/span><\/p><p class=\"aw-single-result-under\"><a href=\"https:\/\/lookadd.com\/pt-pt\/winkel_locaties\/symonides-szymon-czapik-2\/\" title=\"SYMONIDES SZYMON CZAPIK\">SYMONIDES SZYMON CZAPIK<\/a><span class=\"address\">ul. Koncertowa, 7, <br>LAZY <\/br>Polen<\/span><\/p><p class=\"aw-single-result-under\"><a href=\"https:\/\/lookadd.com\/pt-pt\/winkel_locaties\/ottica-ghiddi-fabio-s-n-c\/\" title=\"OTTICA GHIDDI FABIO s.n.c.\">OTTICA GHIDDI FABIO s.n.c.<\/a><span class=\"address\">Via Giardini, 42, <br>PAVULLO NEL FRIGNANO <\/br>Itali\u00eb<\/span><\/p><p class=\"aw-single-result-under\"><a href=\"https:\/\/lookadd.com\/pt-pt\/winkel_locaties\/millennium-ottica\/\" title=\"MILLENNIUM OTTICA\">MILLENNIUM OTTICA<\/a><span class=\"address\">P.zza S. Giorgio, 12, <br>CHIRIGNAGO <\/br>Itali\u00eb<\/span><\/p><p class=\"aw-single-result-under\"><a href=\"https:\/\/lookadd.com\/pt-pt\/winkel_locaties\/la-bassa-vision-s-l\/\" title=\"LA BASSA VISION S.L.\">LA BASSA VISION S.L.<\/a><span class=\"address\">Luis Vives, 18, <br>ALCOY <\/br>Spanje<\/span><\/p><p class=\"aw-single-result-under\"><a href=\"https:\/\/lookadd.com\/pt-pt\/winkel_locaties\/optika-eva-ecksteinova-s-r-o\/\" title=\"OPTIKA EVA ECKSTEINOVA, s.r.o.\">OPTIKA EVA ECKSTEINOVA, s.r.o.<\/a><span class=\"address\">Na Dolin\u00e1ch, 16\/826, <br>PRAHA 4 <\/br>Tsjechi\u00eb<\/span><\/p><p class=\"aw-single-result-under\"><a href=\"https:\/\/lookadd.com\/pt-pt\/winkel_locaties\/munster-klasse-optik\/\" title=\"M\u00dcNSTER &#8211; KLASSE OPTIK\">M\u00dcNSTER &#8211; KLASSE OPTIK<\/a><span class=\"address\">Hasestra\u00dfe, 3-4, <br>HASEL\u00dcNNE <\/br>Duitsland<\/span><\/p><p class=\"aw-single-result-under\"><a href=\"https:\/\/lookadd.com\/pt-pt\/winkel_locaties\/juan-gilberto-moreno-campoy\/\" title=\"JUAN GILBERTO MORENO CAMPOY\">JUAN GILBERTO MORENO CAMPOY<\/a><span class=\"address\">Calle Trinidad, 34, <br>UBEDA <\/br>Spanje<\/span><\/p><p class=\"aw-single-result-under\"><a href=\"https:\/\/lookadd.com\/pt-pt\/winkel_locaties\/z-w-optimus-jerzy-wysocki-2\/\" title=\"Z.W. OPTIMUS JERZY WYSOCKI\">Z.W. OPTIMUS JERZY WYSOCKI<\/a><span class=\"address\">ul. Wladyslawa Lokietka, 14, <br>WROCLAW <\/br>Polen<\/span><\/p><p class=\"aw-single-result-under\"><a href=\"https:\/\/lookadd.com\/pt-pt\/winkel_locaties\/de-heus-optiek\/\" title=\"De Heus Optiek\">De Heus Optiek<\/a><span class=\"address\">Molenstraat 140, <br>EDE <\/br>Nederland<\/span><\/p><p class=\"aw-single-result-under\"><a href=\"https:\/\/lookadd.com\/pt-pt\/winkel_locaties\/merkx-brillen-vof\/\" title=\"Merkx Brillen vof\">Merkx Brillen vof<\/a><span class=\"address\">Varkensmarkt 15, <br>CULEMBORG <\/br>Nederland<\/span><\/p><p class=\"aw-single-result-under\"><a href=\"https:\/\/lookadd.com\/pt-pt\/winkel_locaties\/nooren-optiek\/\" title=\"Nooren Optiek\">Nooren Optiek<\/a><span class=\"address\">Spaanderstraat 72, <br>BERGHEM <\/br>Nederland<\/span><\/p><p class=\"aw-single-result-under\"><a href=\"https:\/\/lookadd.com\/pt-pt\/winkel_locaties\/ralph-optiek-bv\/\" title=\"Ralph Optiek BV\">Ralph Optiek BV<\/a><span class=\"address\">Westerstraat 9, <br>AMSTERDAM <\/br>Nederland<\/span><\/p><p class=\"aw-single-result-under\"><a href=\"https:\/\/lookadd.com\/pt-pt\/winkel_locaties\/ottica-gabriele-di-gabriele-occhipinti\/\" title=\"OTTICA GABRIELE di Gabriele Occhipinti\">OTTICA GABRIELE di Gabriele Occhipinti<\/a><span class=\"address\">Via XXV Luglio, 153, <br>PEDALINO <\/br>Itali\u00eb<\/span><\/p><p class=\"aw-single-result-under\"><a href=\"https:\/\/lookadd.com\/pt-pt\/winkel_locaties\/opsottica-s-n-c\/\" title=\"OPSOTTICA s.n.c.\">OPSOTTICA s.n.c.<\/a><span class=\"address\">Via Faleriense Ovest, 25, <br>PIANE DI MONTEGIORGIO <\/br>Itali\u00eb<\/span><\/p><p class=\"aw-single-result-under\"><a href=\"https:\/\/lookadd.com\/pt-pt\/winkel_locaties\/crisafulli-ottica-di-crisafulli-giuseppe-2\/\" title=\"CRISAFULLI OTTICA di Crisafulli Giuseppe\">CRISAFULLI OTTICA di Crisafulli Giuseppe<\/a><span class=\"address\">Via T. Cannizzaro,  141, <br>MESSINA <\/br>Itali\u00eb<\/span><\/p><p class=\"aw-single-result-under\"><a href=\"https:\/\/lookadd.com\/pt-pt\/winkel_locaties\/stilottica-s-n-c-di-beltempo-s-m-2\/\" title=\"STILOTTICA s.n.c di Beltempo S. &#038; M.\">STILOTTICA s.n.c di Beltempo S. &#038; M.<\/a><span class=\"address\">Viale Regione Siciliana, 2460, <br>PALERMO <\/br>Itali\u00eb<\/span><\/p><p class=\"aw-single-result-under\"><a href=\"https:\/\/lookadd.com\/pt-pt\/winkel_locaties\/yolanda-diaz-carmona-2\/\" title=\"YOLANDA DIAZ CARMONA\">YOLANDA DIAZ CARMONA<\/a><span class=\"address\">Av. Joan Mir\u00f3, 31, <br>TORREMOLINOS <\/br>Spanje<\/span><\/p><p class=\"aw-single-result-under\"><a href=\"https:\/\/lookadd.com\/pt-pt\/winkel_locaties\/p-p-zopex-pfau-dariusz\/\" title=\"P.P. ZOPEX PFAU DARIUSZ\">P.P. ZOPEX PFAU DARIUSZ<\/a><span class=\"address\">Mazowszany, 15B, <br>KOWALA <\/br>Polen<\/span><\/p><p class=\"aw-single-result-under\"><a href=\"https:\/\/lookadd.com\/pt-pt\/winkel_locaties\/teczowe-okulary\/\" title=\"TECZOWE OKULARY\">TECZOWE OKULARY<\/a><span class=\"address\">Ul. Twardowskiego, 37, <br>KRAKOW <\/br>Polen<\/span><\/p><p class=\"aw-single-result-under\"><a href=\"https:\/\/lookadd.com\/pt-pt\/winkel_locaties\/optik-center-ekspres-marek-pawski-2\/\" title=\"OPTIK CENTER-EKSPRES MAREK PAWSKI\">OPTIK CENTER-EKSPRES MAREK PAWSKI<\/a><span class=\"address\">Kwiatow Polskich, 57, <br>SZCZECIN <\/br>Polen<\/span><\/p><p class=\"aw-single-result-under\"><a href=\"https:\/\/lookadd.com\/pt-pt\/winkel_locaties\/optomed-optika\/\" title=\"OPTOMED OPTIKA\">OPTOMED OPTIKA<\/a><span class=\"address\">Heinzelova, 39, <br>ZAGREB <\/br>Kroati\u00eb<\/span><\/p><p class=\"aw-single-result-under\"><a href=\"https:\/\/lookadd.com\/pt-pt\/winkel_locaties\/optical-xpressions-ltd-dba-kyoto-2\/\" title=\"OPTICAL XPRESSIONS Ltd. dba Kyoto\">OPTICAL XPRESSIONS Ltd. dba Kyoto<\/a><span class=\"address\">1320 Lincoln Avenue Suite, 3, <br>HOLBROOK <\/br>Verenigde Staten<\/span><\/p><p class=\"aw-single-result-under\"><a href=\"https:\/\/lookadd.com\/pt-pt\/winkel_locaties\/ottica-vergottini-s-n-c-di-paola-vergottini\/\" title=\"OTTICA VERGOTTINI s.n.c. di Paola Vergottini\">OTTICA VERGOTTINI s.n.c. di Paola Vergottini<\/a><span class=\"address\">Via Calvi, 12, <br>MENAGGIO <\/br>Itali\u00eb<\/span><\/p><p class=\"aw-single-result-under\"><a href=\"https:\/\/lookadd.com\/pt-pt\/winkel_locaties\/ottica-abc-di-sgalla-sergio-e-c-s-n-c-2\/\" title=\"OTTICA ABC di Sgalla Sergio e C. s.n.c.\">OTTICA ABC di Sgalla Sergio e C. s.n.c.<\/a><span class=\"address\">Via Brecce Bianche,  68\/G, <br>ANCONA <\/br>Itali\u00eb<\/span><\/p><p class=\"aw-single-result-under\"><a href=\"https:\/\/lookadd.com\/pt-pt\/winkel_locaties\/ottica-coltelli-di-coltelli-claudia\/\" title=\"OTTICA COLTELLI di Coltelli Claudia\">OTTICA COLTELLI di Coltelli Claudia<\/a><span class=\"address\">Via Roma, 15, <br>PRALBOINO <\/br>Itali\u00eb<\/span><\/p><p class=\"aw-single-result-under\"><a href=\"https:\/\/lookadd.com\/pt-pt\/winkel_locaties\/ottica-dante-di-molinari-stefania-2\/\" title=\"OTTICA DANTE di Molinari Stefania\">OTTICA DANTE di Molinari Stefania<\/a><span class=\"address\">Via Porrettana, 383, <br>SASSO MARCONI <\/br>Itali\u00eb<\/span><\/p><p class=\"aw-single-result-under\"><a href=\"https:\/\/lookadd.com\/pt-pt\/winkel_locaties\/lottico-riam-s-n-c-di-di-carlo-rita-g-di-carlo-ana-m\/\" title=\"L&#8217;OTTICO RIAM s.n.c. di Di Carlo Rita G. &#038; Di Carlo Ana M.\">L&#8217;OTTICO RIAM s.n.c. di Di Carlo Rita G. &#038; Di Carlo Ana M.<\/a><span class=\"address\">Via Kennedy, 96, <br>S. EGIDIO ALLA VIBRATA <\/br>Itali\u00eb<\/span><\/p><p class=\"aw-single-result-under\"><a href=\"https:\/\/lookadd.com\/pt-pt\/winkel_locaties\/punto-di-vista-di-papponi-e-gaeta-s-n-c\/\" title=\"PUNTO DI VISTA di Papponi e Gaeta s.n.c.\">PUNTO DI VISTA di Papponi e Gaeta s.n.c.<\/a><span class=\"address\">Via Don Pasti, 18, <br>FUNO DI ARGELATO <\/br>Itali\u00eb<\/span><\/p><p class=\"aw-single-result-under\"><a href=\"https:\/\/lookadd.com\/pt-pt\/winkel_locaties\/trevi-ottica-di-fulvio-samueli-c-s-n-c\/\" title=\"TREVI OTTICA di Fulvio Samueli &#038; C. s.n.c.\">TREVI OTTICA di Fulvio Samueli &#038; C. s.n.c.<\/a><span class=\"address\">Via Mazzini, 43-E, <br>TRIESTE <\/br>Itali\u00eb<\/span><\/p><p class=\"aw-single-result-under\"><a href=\"https:\/\/lookadd.com\/pt-pt\/winkel_locaties\/ottica-ripamonti-di-ripamonti-giovanni\/\" title=\"OTTICA RIPAMONTI di Ripamonti Giovanni\">OTTICA RIPAMONTI di Ripamonti Giovanni<\/a><span class=\"address\">Via Marco D'Oggiono, 13a, <br>LECCO <\/br>Itali\u00eb<\/span><\/p><p class=\"aw-single-result-under\"><a href=\"https:\/\/lookadd.com\/pt-pt\/winkel_locaties\/centro-ottico-di-perna-nicola\/\" title=\"CENTRO OTTICO di Perna Nicola\">CENTRO OTTICO di Perna Nicola<\/a><span class=\"address\">Via Agostino Gaetano Riboldi, 163, <br>PADERNO DUGNANO <\/br>Itali\u00eb<\/span><\/p><p class=\"aw-single-result-under\"><a href=\"https:\/\/lookadd.com\/pt-pt\/winkel_locaties\/ottica-pasini-s-r-l\/\" title=\"OTTICA PASINI s.r.l.\">OTTICA PASINI s.r.l.<\/a><span class=\"address\">Via Pietro Nava, 3, <br>Lecco <\/br>Itali\u00eb<\/span><\/p><p class=\"aw-single-result-under\"><a href=\"https:\/\/lookadd.com\/pt-pt\/winkel_locaties\/jurgens-optiek\/\" title=\"Jurgens Optiek\">Jurgens Optiek<\/a><span class=\"address\">Buurmalsenplein 14, <br>Tilburg <\/br>Nederland<\/span><\/p><p class=\"aw-single-result-under\"><a href=\"https:\/\/lookadd.com\/pt-pt\/winkel_locaties\/eye-openers-optical-fashion\/\" title=\"Eye Openers Optical Fashion\">Eye Openers Optical Fashion<\/a><span class=\"address\">2929 Monroe Ave., <br>Rochester <\/br>Verenigde Staten<\/span><\/p><p class=\"aw-single-result-under\"><a href=\"https:\/\/lookadd.com\/pt-pt\/winkel_locaties\/ottica-express-s-a-s-di-riccardo-mammarella-c\/\" title=\"OTTICA EXPRESS s.a.s. di Riccardo Mammarella &#038; C.\">OTTICA EXPRESS s.a.s. di Riccardo Mammarella &#038; C.<\/a><span class=\"address\">Via Piane, 163, <br>BUCCHIANICO <\/br>Itali\u00eb<\/span><\/p><p class=\"aw-single-result-under\"><a href=\"https:\/\/lookadd.com\/pt-pt\/winkel_locaties\/ottica-pappi-laura\/\" title=\"OTTICA PAPPI LAURA\">OTTICA PAPPI LAURA<\/a><span class=\"address\">Via Buozzi, 29, <br>VIGEVANO <\/br>Itali\u00eb<\/span><\/p><p class=\"aw-single-result-under\"><a href=\"https:\/\/lookadd.com\/pt-pt\/winkel_locaties\/ottica-lippi-s-r-l\/\" title=\"OTTICA LIPPI s.r.l.\">OTTICA LIPPI s.r.l.<\/a><span class=\"address\">Via delle Panche, 103\/A, <br>FIRENZE <\/br>Itali\u00eb<\/span><\/p><p class=\"aw-single-result-under\"><a href=\"https:\/\/lookadd.com\/pt-pt\/winkel_locaties\/ottica-facco-riccardo-e-facco-stefano-c-s-a-s\/\" title=\"OTTICA FACCO RICCARDO E FACCO STEFANO &#038; C. s.a.s.\">OTTICA FACCO RICCARDO E FACCO STEFANO &#038; C. s.a.s.<\/a><span class=\"address\">Via Dante Alighieri, 14, <br>MUGGIA <\/br>Itali\u00eb<\/span><\/p><p class=\"aw-single-result-under\"><a href=\"https:\/\/lookadd.com\/pt-pt\/winkel_locaties\/centro-ottica-terragni-di-cervio-riccardo\/\" title=\"CENTRO OTTICA TERRAGNI di Cervio Riccardo\">CENTRO OTTICA TERRAGNI di Cervio Riccardo<\/a><span class=\"address\">Via Roma, 8, <br>ROBBIO <\/br>Itali\u00eb<\/span><\/p><p class=\"aw-single-result-under\"><a href=\"https:\/\/lookadd.com\/pt-pt\/winkel_locaties\/optimax-d-o-o\/\" title=\"OPTIMAX D.O.O.\">OPTIMAX D.O.O.<\/a><span class=\"address\">Korzo,  5, <br>RIJEKA <\/br>Kroati\u00eb<\/span><\/p><p class=\"aw-single-result-under\"><a href=\"https:\/\/lookadd.com\/pt-pt\/winkel_locaties\/stutz-karl-wilhelm-optik-3\/\" title=\"ST\u00dcTZ KARL WILHELM OPTIK\">ST\u00dcTZ KARL WILHELM OPTIK<\/a><span class=\"address\">Bethlehemstra\u00dfe, 1, <br>LINZ <\/br>Oostenrijk<\/span><\/p><p class=\"aw-single-result-under\"><a href=\"https:\/\/lookadd.com\/pt-pt\/winkel_locaties\/seh-und-horzentrum-wagener-e-k\/\" title=\"SEH- UND H\u00d6RZENTRUM WAGENER E.K.\">SEH- UND H\u00d6RZENTRUM WAGENER E.K.<\/a><span class=\"address\">Krottorferstra\u00dfe, 2, <br>FREUDENBERG <\/br>Duitsland<\/span><\/p><p class=\"aw-single-result-under\"><a href=\"https:\/\/lookadd.com\/pt-pt\/winkel_locaties\/ottica-dante-di-molinari-stefania\/\" title=\"OTTICA DANTE di Molinari Stefania\">OTTICA DANTE di Molinari Stefania<\/a><span class=\"address\">Via Porrettana, 383, <br>SASSO MARCONI (BO) <\/br>Itali\u00eb<\/span><\/p><p class=\"aw-single-result-under\"><a href=\"https:\/\/lookadd.com\/pt-pt\/winkel_locaties\/harting-oogmode-oogzorg\/\" title=\"Harting Oogmode &#038; Oogzorg\">Harting Oogmode &#038; Oogzorg<\/a><span class=\"address\">Hertogstraat 128, <br>Nijmegen <\/br>Nederland<\/span><\/p><p class=\"aw-single-result-under\"><a href=\"https:\/\/lookadd.com\/pt-pt\/winkel_locaties\/ottica-guido-societa-cooperativa\/\" title=\"OTTICA GUIDO SOCIETA&#8217; COOPERATIVA\">OTTICA GUIDO SOCIETA&#8217; COOPERATIVA<\/a><span class=\"address\">Via Ugo Foscolo, 129, <br>SANT'EGIDIO MONTE ALBINO <\/br>Itali\u00eb<\/span><\/p><p class=\"aw-single-result-under\"><a href=\"https:\/\/lookadd.com\/pt-pt\/winkel_locaties\/foto-ottica-bazzani-gianluca\/\" title=\"FOTO OTTICA BAZZANI GIANLUCA\">FOTO OTTICA BAZZANI GIANLUCA<\/a><span class=\"address\">Piazza Garibaldi, 114, <br>CASTELDARIO <\/br>Itali\u00eb<\/span><\/p><p class=\"aw-single-result-under\"><a href=\"https:\/\/lookadd.com\/pt-pt\/winkel_locaties\/de-march-ottica\/\" title=\"DE MARCH OTTICA\">DE MARCH OTTICA<\/a><span class=\"address\">Piazzale Dolomiti,  31, <br>TAI DI CADORE <\/br>Itali\u00eb<\/span><\/p><p class=\"aw-single-result-under\"><a href=\"https:\/\/lookadd.com\/pt-pt\/winkel_locaties\/sole-vista-di-domenico-sabatini-c\/\" title=\"SOLE VISTA di Domenico Sabatini &#038; C.\">SOLE VISTA di Domenico Sabatini &#038; C.<\/a><span class=\"address\">Via Regina Elena,40, <br>BELLONA <\/br>Itali\u00eb<\/span><\/p><p class=\"aw-single-result-under\"><a href=\"https:\/\/lookadd.com\/pt-pt\/winkel_locaties\/optik-kabitzke\/\" title=\"OPTIK KABITZKE\">OPTIK KABITZKE<\/a><span class=\"address\">Stapelholmer Weg, 17, <br>TARP <\/br>Duitsland<\/span><\/p><p class=\"aw-single-result-under\"><a href=\"https:\/\/lookadd.com\/pt-pt\/winkel_locaties\/optiker-leihberg-e-k\/\" title=\"OPTIKER LEIHBERG E.K.\">OPTIKER LEIHBERG E.K.<\/a><span class=\"address\">Gro\u00dfflecken, 68, <br>NEUM\u00dcNSTER <\/br>Duitsland<\/span><\/p><p class=\"aw-single-result-under\"><a href=\"https:\/\/lookadd.com\/pt-pt\/winkel_locaties\/spesshardt-optik\/\" title=\"SPESSHARDT OPTIK\">SPESSHARDT OPTIK<\/a><span class=\"address\">Wasserstra\u00dfe, 5, <br>HAGENOW <\/br>Duitsland<\/span><\/p><p class=\"aw-single-result-under\"><a href=\"https:\/\/lookadd.com\/pt-pt\/winkel_locaties\/zaklad-optyki-okularowej-olgierd-filak\/\" title=\"ZAKLAD OPTYKI OKULAROWEJ OLGIERD FILAK\">ZAKLAD OPTYKI OKULAROWEJ OLGIERD FILAK<\/a><span class=\"address\">3 Maja 4K, <br>RYBNIK <\/br>Polen<\/span><\/p><p class=\"aw-single-result-under\"><a href=\"https:\/\/lookadd.com\/pt-pt\/winkel_locaties\/josefa-garcia-lopez\/\" title=\"JOSEFA GARCIA LOPEZ\">JOSEFA GARCIA LOPEZ<\/a><span class=\"address\">C\/Mayor, 100, <br>ALCANTARILLA <\/br>Spanje<\/span><\/p><p class=\"aw-single-result-under\"><a href=\"https:\/\/lookadd.com\/pt-pt\/winkel_locaties\/centro-ottico-masini-s-r-l\/\" title=\"CENTRO OTTICO MASINI s.r.l.\">CENTRO OTTICO MASINI s.r.l.<\/a><span class=\"address\">Corso G.Mazzini, 154, <br>ANCONA <\/br>Itali\u00eb<\/span><\/p><p class=\"aw-single-result-under\"><a href=\"https:\/\/lookadd.com\/pt-pt\/winkel_locaties\/pdv-retail-s-r-l\/\" title=\"PDV RETAIL s.r.l.\">PDV RETAIL s.r.l.<\/a><span class=\"address\">Via Cavour, 55, <br>TURATE <\/br>Itali\u00eb<\/span><\/p><p class=\"aw-single-result-under\"><a href=\"https:\/\/lookadd.com\/pt-pt\/winkel_locaties\/crystal-ottica-di-sabrina-sciamanna\/\" title=\"CRYSTAL OTTICA di Sabrina Sciamanna\">CRYSTAL OTTICA di Sabrina Sciamanna<\/a><span class=\"address\">C.so Matteotti,  84, <br>PERGOLA <\/br>Itali\u00eb<\/span><\/p><p class=\"aw-single-result-under\"><a href=\"https:\/\/lookadd.com\/pt-pt\/winkel_locaties\/ottica-cine-foto-le-terrazze-di-giorgi-giampiero\/\" title=\"OTTICA CINE FOTO LE TERRAZZE di Giorgi Giampiero\">OTTICA CINE FOTO LE TERRAZZE di Giorgi Giampiero<\/a><span class=\"address\">P.le Filippo il Macedone,  12-13, <br>ROMA <\/br>Itali\u00eb<\/span><\/p><p class=\"aw-single-result-under\"><a href=\"https:\/\/lookadd.com\/pt-pt\/winkel_locaties\/otticadomaso\/\" title=\"OTTICADOMASO\">OTTICADOMASO<\/a><span class=\"address\">Piazza Ghislanzoni, 8, <br>DOMASO <\/br>Itali\u00eb<\/span><\/p><p class=\"aw-single-result-under\"><a href=\"https:\/\/lookadd.com\/pt-pt\/winkel_locaties\/ottica-fancello-s-r-l\/\" title=\"OTTICA FANCELLO s.r.l.\">OTTICA FANCELLO s.r.l.<\/a><span class=\"address\">V.le A.Moro, 122, <br>OLBIA <\/br>Itali\u00eb<\/span><\/p><p class=\"aw-single-result-under\"><a href=\"https:\/\/lookadd.com\/pt-pt\/winkel_locaties\/ottica-spinozzi-s-a-s\/\" title=\"OTTICA SPINOZZI s.a.s.\">OTTICA SPINOZZI s.a.s.<\/a><span class=\"address\">P.zza dei Templi Romani, 2, <br>CHIETI <\/br>Itali\u00eb<\/span><\/p><p class=\"aw-single-result-under\"><a href=\"https:\/\/lookadd.com\/pt-pt\/winkel_locaties\/centrum-optyczne-michalowska-kinga-michalowska\/\" title=\"CENTRUM OPTYCZNE MICHALOWSKA KINGA MICHALOWSKA\">CENTRUM OPTYCZNE MICHALOWSKA KINGA MICHALOWSKA<\/a><span class=\"address\">sw. Ducha, 1A, <br>PNIEWY <\/br>Polen<\/span><\/p><p class=\"aw-single-result-under\"><a href=\"https:\/\/lookadd.com\/pt-pt\/winkel_locaties\/stein-augenoptik\/\" title=\"STEIN AUGENOPTIK\">STEIN AUGENOPTIK<\/a><span class=\"address\">Bahnhofstr., 13, <br>BREMERV\u00d6RDE <\/br>Duitsland<\/span><\/p><p class=\"aw-single-result-under\"><a href=\"https:\/\/lookadd.com\/pt-pt\/winkel_locaties\/carma-axarquia-2017-s-l\/\" title=\"CARMA AXARQUIA 2017 S.L.\">CARMA AXARQUIA 2017 S.L.<\/a><span class=\"address\">Calle Juan Lisbona Zapata, 1, <br>VELEZ MALAGA <\/br>Spanje<\/span><\/p><p class=\"aw-single-result-under\"><a href=\"https:\/\/lookadd.com\/pt-pt\/winkel_locaties\/stutz-karl-wilhelm-optik-2\/\" title=\"ST\u00dcTZ KARL WILHELM OPTIK\">ST\u00dcTZ KARL WILHELM OPTIK<\/a><span class=\"address\">Bethlehemstra\u00dfe, 1, <br>LINZ <\/br>Oostenrijk<\/span><\/p><p class=\"aw-single-result-under\"><a href=\"https:\/\/lookadd.com\/pt-pt\/winkel_locaties\/hochwimmer-optik-2\/\" title=\"HOCHWIMMER OPTIK\">HOCHWIMMER OPTIK<\/a><span class=\"address\">Rainerstrasse,10, <br>LINZ <\/br>Oostenrijk<\/span><\/p><p class=\"aw-single-result-under\"><a href=\"https:\/\/lookadd.com\/pt-pt\/winkel_locaties\/julio-gondra-churruca\/\" title=\"JULIO GONDRA CHURRUCA\">JULIO GONDRA CHURRUCA<\/a><span class=\"address\">Paulino Mendivil,  24, <br>LAS ARENAS - GETXO <\/br>Spanje<\/span><\/p><p class=\"aw-single-result-under\"><a href=\"https:\/\/lookadd.com\/pt-pt\/winkel_locaties\/ottica-bovesi-s-r-l\/\" title=\"OTTICA BOVESI s.r.l.\">OTTICA BOVESI s.r.l.<\/a><span class=\"address\">Via Emilia, 132, <br>IMOLA <\/br>Itali\u00eb<\/span><\/p><p class=\"aw-single-result-under\"><a href=\"https:\/\/lookadd.com\/pt-pt\/winkel_locaties\/istituto-ottico-venturelli-di-vittorio-venturelli-c-s-a-s\/\" title=\"ISTITUTO OTTICO VENTURELLI di Vittorio Venturelli &#038; C. s.a.s\">ISTITUTO OTTICO VENTURELLI di Vittorio Venturelli &#038; C. s.a.s<\/a><span class=\"address\">Piazza Oldrini, 100, <br>SESTO SAN GIOVANNI <\/br>Itali\u00eb<\/span><\/p><p class=\"aw-single-result-under\"><a href=\"https:\/\/lookadd.com\/pt-pt\/winkel_locaties\/foto-ottica-primavera-di-primavera-claudio\/\" title=\"FOTO OTTICA PRIMAVERA di Primavera Claudio\">FOTO OTTICA PRIMAVERA di Primavera Claudio<\/a><span class=\"address\">Via C. Battisti , 111, <br>GABICCE MARE <\/br>Itali\u00eb<\/span><\/p><p class=\"aw-single-result-under\"><a href=\"https:\/\/lookadd.com\/pt-pt\/winkel_locaties\/ottica-selmi-di-selmi-stefano\/\" title=\"OTTICA SELMI di Selmi Stefano\">OTTICA SELMI di Selmi Stefano<\/a><span class=\"address\">Via Principe Umberto, 16, <br>ESTE <\/br>Itali\u00eb<\/span><\/p><p class=\"aw-single-result-under\"><a href=\"https:\/\/lookadd.com\/pt-pt\/winkel_locaties\/centro-ottico-mottini-di-mottini-simone-e-giuseppe\/\" title=\"CENTRO OTTICO MOTTINI di Mottini Simone e Giuseppe\">CENTRO OTTICO MOTTINI di Mottini Simone e Giuseppe<\/a><span class=\"address\">Via Ostaria, 578, <br>LIVIGNO <\/br>Itali\u00eb<\/span><\/p><p class=\"aw-single-result-under\"><a href=\"https:\/\/lookadd.com\/pt-pt\/winkel_locaties\/foto-ottica-sprocatti-di-sprocatti-matteo\/\" title=\"FOTO OTTICA SPROCATTI di Sprocatti Matteo\">FOTO OTTICA SPROCATTI di Sprocatti Matteo<\/a><span class=\"address\">Via Dei Cipressi, 11, <br>SERMIDE <\/br>Itali\u00eb<\/span><\/p><p class=\"aw-single-result-under\"><a href=\"https:\/\/lookadd.com\/pt-pt\/winkel_locaties\/ottica-molica-s-r-l\/\" title=\"OTTICA MOLICA s.r.l.\">OTTICA MOLICA s.r.l.<\/a><span class=\"address\">V.le Di Vittorio, 79, <br>TERNI <\/br>Itali\u00eb<\/span><\/p><p class=\"aw-single-result-under\"><a href=\"https:\/\/lookadd.com\/pt-pt\/winkel_locaties\/foto-ottica-covati-di-coculo-massimo\/\" title=\"FOTO OTTICA COVATI di Coculo Massimo\">FOTO OTTICA COVATI di Coculo Massimo<\/a><span class=\"address\">Via Padova, 64, <br>MILANO <\/br>Itali\u00eb<\/span><\/p><p class=\"aw-single-result-under\"><a href=\"https:\/\/lookadd.com\/pt-pt\/winkel_locaties\/ottica-morgante-di-morgante-stefano\/\" title=\"OTTICA MORGANTE di Morgante Stefano\">OTTICA MORGANTE di Morgante Stefano<\/a><span class=\"address\">Via Rosellini Ippolito, 5, <br>MILANO <\/br>Itali\u00eb<\/span><\/p><p class=\"aw-single-result-under\"><a href=\"https:\/\/lookadd.com\/pt-pt\/winkel_locaties\/sergio-serati\/\" title=\"SERGIO SERATI\">SERGIO SERATI<\/a><span class=\"address\">Via Concordia, 15, <br>BAREGGIO <\/br>Itali\u00eb<\/span><\/p><p class=\"aw-single-result-under\"><a href=\"https:\/\/lookadd.com\/pt-pt\/winkel_locaties\/foto-ottica-stabellini-vittorio-di-balestra-d-e-c-s-n-c\/\" title=\"FOTO OTTICA STABELLINI VITTORIO di Balestra D. e C. s.n.c.\">FOTO OTTICA STABELLINI VITTORIO di Balestra D. e C. s.n.c.<\/a><span class=\"address\">P.zza del Popolo, 37\/A, <br>COPPARO <\/br>Itali\u00eb<\/span><\/p><p class=\"aw-single-result-under\"><a href=\"https:\/\/lookadd.com\/pt-pt\/winkel_locaties\/ottico-candio-armando\/\" title=\"OTTICO CANDIO ARMANDO\">OTTICO CANDIO ARMANDO<\/a><span class=\"address\">Corso Matteotti,  104, <br>CHIARAVALLE <\/br>Itali\u00eb<\/span><\/p><p class=\"aw-single-result-under\"><a href=\"https:\/\/lookadd.com\/pt-pt\/winkel_locaties\/bracchieri-ottica-di-roberto-bracchieri\/\" title=\"BRACCHIERI OTTICA  di Roberto Bracchieri\">BRACCHIERI OTTICA  di Roberto Bracchieri<\/a><span class=\"address\">Piazza dei Caduti sul lavoro, 10, <br>MONTEROTONDO SCALO <\/br>Itali\u00eb<\/span><\/p><p class=\"aw-single-result-under\"><a href=\"https:\/\/lookadd.com\/pt-pt\/winkel_locaties\/toledo-ottica-foto-di-toledo-luca\/\" title=\"TOLEDO OTTICA FOTO di Toledo Luca\">TOLEDO OTTICA FOTO di Toledo Luca<\/a><span class=\"address\">Viale Campania,  42, <br>MILANO <\/br>Itali\u00eb<\/span><\/p><p class=\"aw-single-result-under\"><a href=\"https:\/\/lookadd.com\/pt-pt\/winkel_locaties\/patricano-lina-ottica\/\" title=\"PATRICANO LINA OTTICA\">PATRICANO LINA OTTICA<\/a><span class=\"address\">Corso Vittorio Emanuele, 32, <br>ANAGNI <\/br>Itali\u00eb<\/span><\/p><p class=\"aw-single-result-under\"><a href=\"https:\/\/lookadd.com\/pt-pt\/winkel_locaties\/ottica-zambetti-di-zambetti-giuseppe\/\" title=\"OTTICA ZAMBETTI di Zambetti Giuseppe\">OTTICA ZAMBETTI di Zambetti Giuseppe<\/a><span class=\"address\">Via Locatelli, 67, <br>TRESCORE BALNEARIO <\/br>Itali\u00eb<\/span><\/p><p class=\"aw-single-result-under\"><a href=\"https:\/\/lookadd.com\/pt-pt\/winkel_locaties\/brillen-1-e-lazar\/\" title=\"BRILLEN 1 E. LAZAR\">BRILLEN 1 E. LAZAR<\/a><span class=\"address\">Bahnhofstrasse, 43a, <br>BAUNATAL <\/br>Duitsland<\/span><\/p><p class=\"aw-single-result-under\"><a href=\"https:\/\/lookadd.com\/pt-pt\/winkel_locaties\/manuel-sedano-bocos\/\" title=\"MANUEL SEDANO BOCOS\">MANUEL SEDANO BOCOS<\/a><span class=\"address\">Calvario, 21, <br>GRANADILLA <\/br>Spanje<\/span><\/p><p class=\"aw-single-result-under\"><a href=\"https:\/\/lookadd.com\/pt-pt\/winkel_locaties\/argus-optik-ag\/\" title=\"ARGUS OPTIK AG\">ARGUS OPTIK AG<\/a><span class=\"address\">Goethestra\u00dfe, 22, <br>ST\u00c4FA <\/br>Zwitserland<\/span><\/p><p class=\"aw-single-result-under\"><a href=\"https:\/\/lookadd.com\/pt-pt\/winkel_locaties\/blickfang-augenoptik-contactlinsen-brillen\/\" title=\"BLICKFANG AUGENOPTIK Contactlinsen Brillen\">BLICKFANG AUGENOPTIK Contactlinsen Brillen<\/a><span class=\"address\">Kirchhalde, 2, <br>STOCKACH <\/br>Duitsland<\/span><\/p><p class=\"aw-single-result-under\"><a href=\"https:\/\/lookadd.com\/pt-pt\/winkel_locaties\/augenart-sandra-bodenstein\/\" title=\"AUGENART SANDRA BODENSTEIN\">AUGENART SANDRA BODENSTEIN<\/a><span class=\"address\">H\u00f6hlenweg, 7, <br>GOSLAR <\/br>Duitsland<\/span><\/p><p class=\"aw-single-result-under\"><a href=\"https:\/\/lookadd.com\/pt-pt\/winkel_locaties\/almerimar-vision-s-l\/\" title=\"ALMERIMAR VISION S.L.\">ALMERIMAR VISION S.L.<\/a><span class=\"address\">Bulevar de el Ejido, 181, <br>EL EJIDO <\/br>Spanje<\/span><\/p><p class=\"aw-single-result-under\"><a href=\"https:\/\/lookadd.com\/pt-pt\/winkel_locaties\/ra-vu-optika\/\" title=\"RA-VU OPTIKA\">RA-VU OPTIKA<\/a><span class=\"address\">Strossmayerova, 2, <br>RIJEKA <\/br>Kroati\u00eb<\/span><\/p><p class=\"aw-single-result-under\"><a href=\"https:\/\/lookadd.com\/pt-pt\/winkel_locaties\/juan-jose-gomez-lopez\/\" title=\"JUAN JOSE GOMEZ LOPEZ\">JUAN JOSE GOMEZ LOPEZ<\/a><span class=\"address\">Calle de Duero, 6, <br>ARANDA DE DUERO <\/br>Spanje<\/span><\/p><p class=\"aw-single-result-under\"><a href=\"https:\/\/lookadd.com\/pt-pt\/winkel_locaties\/der-falke-sehzentrum-gmbh\/\" title=\"DER FALKE SEHZENTRUM GmbH\">DER FALKE SEHZENTRUM GmbH<\/a><span class=\"address\">Herrenstrasse, 4, <br>PERG <\/br>Oostenrijk<\/span><\/p><p class=\"aw-single-result-under\"><a href=\"https:\/\/lookadd.com\/pt-pt\/winkel_locaties\/schwabegger-eduard-kg\/\" title=\"SCHWABEGGER EDUARD KG\">SCHWABEGGER EDUARD KG<\/a><span class=\"address\">Ringstra\u00dfe, 10, <br>WELS <\/br>Oostenrijk<\/span><\/p><p class=\"aw-single-result-under\"><a href=\"https:\/\/lookadd.com\/pt-pt\/winkel_locaties\/schiffer-co-optik-gmbh-3\/\" title=\"SCHIFFER &#038; CO OPTIK GmbH\">SCHIFFER &#038; CO OPTIK GmbH<\/a><span class=\"address\">Tirolerstr., 4, <br>SPITTAL\/DRAU <\/br>Oostenrijk<\/span><\/p><p class=\"aw-single-result-under\"><a href=\"https:\/\/lookadd.com\/pt-pt\/winkel_locaties\/stutz-karl-wilhelm-optik\/\" title=\"ST\u00dcTZ KARL WILHELM OPTIK\">ST\u00dcTZ KARL WILHELM OPTIK<\/a><span class=\"address\">Bethlehemstra\u00dfe, 1, <br>LINZ <\/br>Oostenrijk<\/span><\/p><p class=\"aw-single-result-under\"><a href=\"https:\/\/lookadd.com\/pt-pt\/winkel_locaties\/optik-haselsteiner-brillen-rappan-gmbh\/\" title=\"OPTIK HASELSTEINER &#8211; BRILLEN RAPPAN GmbH\">OPTIK HASELSTEINER &#8211; BRILLEN RAPPAN GmbH<\/a><span class=\"address\">Stra\u00dfe Des 21 April, 1, <br>ATTNANG-PUCHHEIM <\/br>Oostenrijk<\/span><\/p><p class=\"aw-single-result-under\"><a href=\"https:\/\/lookadd.com\/pt-pt\/winkel_locaties\/hochwimmer-optik\/\" title=\"HOCHWIMMER OPTIK\">HOCHWIMMER OPTIK<\/a><span class=\"address\">Rainerstrasse,10, <br>LINZ <\/br>Oostenrijk<\/span><\/p><p class=\"aw-single-result-under\"><a href=\"https:\/\/lookadd.com\/pt-pt\/winkel_locaties\/michael-garner-brillen\/\" title=\"MICHAEL G\u00c4RNER BRILLEN\">MICHAEL G\u00c4RNER BRILLEN<\/a><span class=\"address\">Hauptplatz, 11, <br>RIED IM INNKREIS <\/br>Oostenrijk<\/span><\/p><p class=\"aw-single-result-under\"><a href=\"https:\/\/lookadd.com\/pt-pt\/winkel_locaties\/ottica-giannetto-s-r-l\/\" title=\"OTTICA GIANNETTO s.r.l.\">OTTICA GIANNETTO s.r.l.<\/a><span class=\"address\">Corso Cavour,  20\/22  is. 267, <br>MESSINA <\/br>Montenegro<\/span><\/p><p class=\"aw-single-result-under\"><a href=\"https:\/\/lookadd.com\/pt-pt\/winkel_locaties\/ottica-massaria-di-codato-matteo\/\" title=\"OTTICA MASSARIA di Codato Matteo\">OTTICA MASSARIA di Codato Matteo<\/a><span class=\"address\">Santa Croce, 29-30, <br>VENEZIA <\/br>Itali\u00eb<\/span><\/p><p class=\"aw-single-result-under\"><a href=\"https:\/\/lookadd.com\/pt-pt\/winkel_locaties\/crisafulli-ottica-di-crisafulli-giuseppe\/\" title=\"CRISAFULLI OTTICA di Crisafulli Giuseppe\">CRISAFULLI OTTICA di Crisafulli Giuseppe<\/a><span class=\"address\">Via T. Cannizzaro,  141, <br>MESSINA <\/br>Montenegro<\/span><\/p><p class=\"aw-single-result-under\"><a href=\"https:\/\/lookadd.com\/pt-pt\/winkel_locaties\/stilottica-s-n-c-di-beltempo-s-m\/\" title=\"STILOTTICA s.n.c di Beltempo S. &#038; M.\">STILOTTICA s.n.c di Beltempo S. &#038; M.<\/a><span class=\"address\">Viale Regione Siciliana, 2460, <br>PALERMO <\/br>Panama<\/span><\/p><p class=\"aw-single-result-under\"><a href=\"https:\/\/lookadd.com\/pt-pt\/winkel_locaties\/brillen-vogt\/\" title=\"BRILLEN VOGT\">BRILLEN VOGT<\/a><span class=\"address\">Johannesplatz, 9, <br>B\u00dcHL <\/br>Duitsland<\/span><\/p><p class=\"aw-single-result-under\"><a href=\"https:\/\/lookadd.com\/pt-pt\/winkel_locaties\/lindemann-optik\/\" title=\"LINDEMANN OPTIK\">LINDEMANN OPTIK<\/a><span class=\"address\">Mittelstra\u00dfe, 56, <br>HILDEN <\/br>Duitsland<\/span><\/p><p class=\"aw-single-result-under\"><a href=\"https:\/\/lookadd.com\/pt-pt\/winkel_locaties\/yolanda-diaz-carmona\/\" title=\"YOLANDA DIAZ CARMONA\">YOLANDA DIAZ CARMONA<\/a><span class=\"address\">Av. Joan Mir\u00f3, 31, <br>TORREMOLINOS <\/br>Spanje<\/span><\/p><p class=\"aw-single-result-under\"><a href=\"https:\/\/lookadd.com\/pt-pt\/winkel_locaties\/optical-parter-elzbieta-szulc\/\" title=\"OPTICAL PARTER ELZBIETA SZULC\">OPTICAL PARTER ELZBIETA SZULC<\/a><span class=\"address\">Obodrzycow, 52, <br>SOPOT <\/br>Polen<\/span><\/p><p class=\"aw-single-result-under\"><a href=\"https:\/\/lookadd.com\/pt-pt\/winkel_locaties\/optik-center-ekspres-marek-pawski\/\" title=\"OPTIK CENTER-EKSPRES MAREK PAWSKI\">OPTIK CENTER-EKSPRES MAREK PAWSKI<\/a><span class=\"address\">Kwiatow Polskich, 57, <br>SZCZECIN <\/br>Polen<\/span><\/p><p class=\"aw-single-result-under\"><a href=\"https:\/\/lookadd.com\/pt-pt\/winkel_locaties\/zaklad-optyczny-krzysztof-robak\/\" title=\"ZAKLAD OPTYCZNY Krzysztof Robak\">ZAKLAD OPTYCZNY Krzysztof Robak<\/a><span class=\"address\">ul.Polna, 54, <br>WARSZAWA <\/br>Polen<\/span><\/p><p class=\"aw-single-result-under\"><a href=\"https:\/\/lookadd.com\/pt-pt\/winkel_locaties\/klopman-optiek\/\" title=\"Klopman Optiek\">Klopman Optiek<\/a><span class=\"address\">Schoenmakersstraat 22, <br>Harderwijk <\/br>Nederland<\/span><\/p><p class=\"aw-single-result-under\"><a href=\"https:\/\/lookadd.com\/pt-pt\/winkel_locaties\/ferd-zien-horen\/\" title=\"FERD Zien &#038; Horen\">FERD Zien &#038; Horen<\/a><span class=\"address\">Tilburgseweg 36, <br>GOIRLE <\/br>Nederland<\/span><\/p><p class=\"aw-single-result-under\"><a href=\"https:\/\/lookadd.com\/pt-pt\/winkel_locaties\/lookadd-optiek-4\/\" title=\"LookAdd Optiek\">LookAdd Optiek<\/a><span class=\"address\">Benschopperstraat 5, <br>IJSSELSTEIN <\/br>Nederland<\/span><\/p><p class=\"aw-single-result-under\"><a href=\"https:\/\/lookadd.com\/pt-pt\/winkel_locaties\/goud-optiek\/\" title=\"Goud Optiek\">Goud Optiek<\/a><span class=\"address\">Planetenlaan 25, <br>NIEUW LEKKERLAND <\/br>Nederland<\/span><\/p><p class=\"aw-single-result-under\"><a href=\"https:\/\/lookadd.com\/pt-pt\/winkel_locaties\/van-den-hurk-optiek\/\" title=\"van den Hurk Optiek\">van den Hurk Optiek<\/a><span class=\"address\">Hooigracht 100, <br>LEIDEN <\/br>Nederland<\/span><\/p><p class=\"aw-single-result-under\"><a href=\"https:\/\/lookadd.com\/pt-pt\/winkel_locaties\/zaklad-optyczny-leniart-jadwiga\/\" title=\"ZAKLAD OPTYCZNY LENIART JADWIGA\">ZAKLAD OPTYCZNY LENIART JADWIGA<\/a><span class=\"address\">Rawicka, 4A, <br>WROCLAW <\/br>Polen<\/span><\/p><p class=\"aw-single-result-under\"><a href=\"https:\/\/lookadd.com\/pt-pt\/winkel_locaties\/zaklad-optyczny\/\" title=\"ZAKLAD OPTYCZNY\">ZAKLAD OPTYCZNY<\/a><span class=\"address\">Ul.11 Go Pulku Ulanow Legionowy, <br>CIECHANOW <\/br>Polen<\/span><\/p><p class=\"aw-single-result-under\"><a href=\"https:\/\/lookadd.com\/pt-pt\/winkel_locaties\/yolanda-garcia-guzman\/\" title=\"YOLANDA GARCIA GUZMAN\">YOLANDA GARCIA GUZMAN<\/a><span class=\"address\">C\/Ricardo Buesa, 4, <br>VITORIA <\/br>Spanje<\/span><\/p><p class=\"aw-single-result-under\"><a href=\"https:\/\/lookadd.com\/pt-pt\/winkel_locaties\/wagner-roman-der-augenoptiker\/\" title=\"WAGNER ROMAN DER AUGENOPTIKER\">WAGNER ROMAN DER AUGENOPTIKER<\/a><span class=\"address\">Brunnenzentrum, Steiner Baum 2, <br>SCHWEICH <\/br>Duitsland<\/span><\/p><p class=\"aw-single-result-under\"><a href=\"https:\/\/lookadd.com\/pt-pt\/winkel_locaties\/vision-point-di-vitale-veronica\/\" title=\"VISION POINT di Vitale Veronica\">VISION POINT di Vitale Veronica<\/a><span class=\"address\">Via Degli Aranci, 117abcd, <br>SORRENTO <\/br>Itali\u00eb<\/span><\/p><p class=\"aw-single-result-under\"><a href=\"https:\/\/lookadd.com\/pt-pt\/winkel_locaties\/vision-lab-ottica-toffoli-s-a-s-di-toffoli-g-e-c\/\" title=\"VISION LAB OTTICA TOFFOLI s.a.s. di Toffoli G. e C.\">VISION LAB OTTICA TOFFOLI s.a.s. di Toffoli G. e C.<\/a><span class=\"address\">Via T. Aspetti, 233, <br>PADOVA <\/br>Itali\u00eb<\/span><\/p><p class=\"aw-single-result-under\"><a href=\"https:\/\/lookadd.com\/pt-pt\/winkel_locaties\/twoj-optyk-beta-baginska-rubciak\/\" title=\"TWOJ OPTYK BETA BAGINSKA RUBCIAK\">TWOJ OPTYK BETA BAGINSKA RUBCIAK<\/a><span class=\"address\">Rewolucji 1905 roku 6, <br>LODZ <\/br>Polen<\/span><\/p><p class=\"aw-single-result-under\"><a href=\"https:\/\/lookadd.com\/pt-pt\/winkel_locaties\/top-optik-bc-helena-gruzova\/\" title=\"TOP OPTIK BC. HELENA GRUZOVA\">TOP OPTIK BC. HELENA GRUZOVA<\/a><span class=\"address\">Svobody, 2, <br>MIKULOV <\/br>Tsjechi\u00eb<\/span><\/p><p class=\"aw-single-result-under\"><a href=\"https:\/\/lookadd.com\/pt-pt\/winkel_locaties\/tesco-warszawa-kabaty-orlinscy\/\" title=\"TESCO WARSZAWA KABATY &#8211; ORLINSCY\">TESCO WARSZAWA KABATY &#8211; ORLINSCY<\/a><span class=\"address\">al. Ken, 14, <br>WARSZAWA <\/br>Polen<\/span><\/p><p class=\"aw-single-result-under\"><a href=\"https:\/\/lookadd.com\/pt-pt\/winkel_locaties\/tesco-warszawa-goclaw-orlinscy\/\" title=\"TESCO WARSZAWA GOCLAW &#8211; ORLINSCY\">TESCO WARSZAWA GOCLAW &#8211; ORLINSCY<\/a><span class=\"address\">ul. Fieldorfa, 41, <br>WARSZAWA <\/br>Polen<\/span><\/p><p class=\"aw-single-result-under\"><a href=\"https:\/\/lookadd.com\/pt-pt\/winkel_locaties\/tesco-warszawa-bemowo-orlinscy\/\" title=\"TESCO WARSZAWA BEMOWO -ORLINSCY\">TESCO WARSZAWA BEMOWO -ORLINSCY<\/a><span class=\"address\">ul. G\u00f3rczewska, 212\/226, <br>WARSZAWA <\/br>Polen<\/span><\/p><p class=\"aw-single-result-under\"><a href=\"https:\/\/lookadd.com\/pt-pt\/winkel_locaties\/tesco-piastow-orlinscy\/\" title=\"TESCO PIAST\u00d3W &#8211; ORLINSCY\">TESCO PIAST\u00d3W &#8211; ORLINSCY<\/a><span class=\"address\">al. Tysiaclecia, 7, <br>PIAST\u00d3W <\/br>Polen<\/span><\/p><p class=\"aw-single-result-under\"><a href=\"https:\/\/lookadd.com\/pt-pt\/winkel_locaties\/tecnottica-di-russo-salvatore\/\" title=\"TECNOTTICA di Russo Salvatore\">TECNOTTICA di Russo Salvatore<\/a><span class=\"address\">Corso Umberto,246, <br>BRONTE <\/br>Itali\u00eb<\/span><\/p><p class=\"aw-single-result-under\"><a href=\"https:\/\/lookadd.com\/pt-pt\/winkel_locaties\/symonides-szymon-czapik\/\" title=\"SYMONIDES SZYMON CZAPIK\">SYMONIDES SZYMON CZAPIK<\/a><span class=\"address\">Ul.Olimpijska, 7\/9, <br>STARE BABICE - LATCHORZEW <\/br>Polen<\/span><\/p><p class=\"aw-single-result-under\"><a href=\"https:\/\/lookadd.com\/pt-pt\/winkel_locaties\/stancanelli-paolo-negozio-ottica\/\" title=\"STANCANELLI PAOLO NEGOZIO OTTICA\">STANCANELLI PAOLO NEGOZIO OTTICA<\/a><span class=\"address\">Via M.se di Villabianca,88\/90, <br>PALERMO <\/br>Itali\u00eb<\/span><\/p><p class=\"aw-single-result-under\"><a href=\"https:\/\/lookadd.com\/pt-pt\/winkel_locaties\/spanicciati-fabrizio-ottico\/\" title=\"SPANICCIATI FABRIZIO OTTICO\">SPANICCIATI FABRIZIO OTTICO<\/a><span class=\"address\">Via del Trullo, 303, <br>ROMA <\/br>Itali\u00eb<\/span><\/p><p class=\"aw-single-result-under\"><a href=\"https:\/\/lookadd.com\/pt-pt\/winkel_locaties\/spanicciati-alessandra\/\" title=\"SPANICCIATI ALESSANDRA\">SPANICCIATI ALESSANDRA<\/a><span class=\"address\">Via Mengarini,62\/64, <br>ROMA <\/br>Itali\u00eb<\/span><\/p><p class=\"aw-single-result-under\"><a href=\"https:\/\/lookadd.com\/pt-pt\/winkel_locaties\/skandia-foto-cine-ottica-di-viscardi-nicola-c-s-n-c\/\" title=\"SKANDIA FOTO CINE OTTICA di Viscardi Nicola &#038; C. s.n.c.\">SKANDIA FOTO CINE OTTICA di Viscardi Nicola &#038; C. s.n.c.<\/a><span class=\"address\">Via Borgo Palazzo,104, <br>BERGAMO <\/br>Itali\u00eb<\/span><\/p><p class=\"aw-single-result-under\"><a href=\"https:\/\/lookadd.com\/pt-pt\/winkel_locaties\/schlattmann-augenoptik\/\" title=\"SCHLATTMANN AUGENOPTIK\">SCHLATTMANN AUGENOPTIK<\/a><span class=\"address\">Johanniterstra\u00dfe, 8, <br>BORKEN <\/br>Duitsland<\/span><\/p><p class=\"aw-single-result-under\"><a href=\"https:\/\/lookadd.com\/pt-pt\/winkel_locaties\/schiffer-co-optik-gmbh-2\/\" title=\"SCHIFFER &#038; CO OPTIK GmbH\">SCHIFFER &#038; CO OPTIK GmbH<\/a><span class=\"address\">Tirolerstr., 4, <br>SPITTAL\/DRAU <\/br>Oostenrijk<\/span><\/p><p class=\"aw-single-result-under\"><a href=\"https:\/\/lookadd.com\/pt-pt\/winkel_locaties\/schiffer-co-optik-gmbh\/\" title=\"SCHIFFER &#038; CO OPTIK GmbH\">SCHIFFER &#038; CO OPTIK GmbH<\/a><span class=\"address\">Tirolerstr., 4, <br>SPITTAL\/DRAU <\/br>Oostenrijk<\/span><\/p><p class=\"aw-single-result-under\"><a href=\"https:\/\/lookadd.com\/pt-pt\/winkel_locaties\/salonik-optyczny-jolanta-kuczynska\/\" title=\"SALONIK OPTYCZNY Jolanta Kuczynska\">SALONIK OPTYCZNY Jolanta Kuczynska<\/a><span class=\"address\">ul. Stary Rynek 1, <br>LOMZA <\/br>Polen<\/span><\/p><p class=\"aw-single-result-under\"><a href=\"https:\/\/lookadd.com\/pt-pt\/winkel_locaties\/salon-optyczny-terapia-widzenia-maja-rosicska\/\" title=\"SALON OPTYCZNY TERAPIA WIDZENIA MAJA ROSICSKA\">SALON OPTYCZNY TERAPIA WIDZENIA MAJA ROSICSKA<\/a><span class=\"address\">Stanislawa Wyspianskiego, 10, <br>BRODNICA <\/br>Polen<\/span><\/p><p class=\"aw-single-result-under\"><a href=\"https:\/\/lookadd.com\/pt-pt\/winkel_locaties\/salon-optyczny-bart-optica-mariusz-bokisz\/\" title=\"SALON OPTYCZNY BART-OPTICA MARIUSZ BOKISZ\">SALON OPTYCZNY BART-OPTICA MARIUSZ BOKISZ<\/a><span class=\"address\">Kopernika, 10\/2, <br>BARTOSZYCE <\/br>Polen<\/span><\/p><p class=\"aw-single-result-under\"><a href=\"https:\/\/lookadd.com\/pt-pt\/winkel_locaties\/salon-opticyczny-new-optica-marcin-szewczuk\/\" title=\"SALON OPTICYCZNY NEW OPTICA &#8211; MARCIN SZEWCZUK\">SALON OPTICYCZNY NEW OPTICA &#8211; MARCIN SZEWCZUK<\/a><span class=\"address\">ul.Antoniukowska, 56 M.38, <br>BIALYSTOK <\/br>Polen<\/span><\/p><p class=\"aw-single-result-under\"><a href=\"https:\/\/lookadd.com\/pt-pt\/winkel_locaties\/romana-ottica-cadorina-s-r-l\/\" title=\"ROMANA OTTICA CADORINA s.r.l.\">ROMANA OTTICA CADORINA s.r.l.<\/a><span class=\"address\">Viale Europa, 327-329, <br>ROMA <\/br>Itali\u00eb<\/span><\/p><p class=\"aw-single-result-under\"><a href=\"https:\/\/lookadd.com\/pt-pt\/winkel_locaties\/ricardo-caro-s-l\/\" title=\"RICARDO CARO S.L.\">RICARDO CARO S.L.<\/a><span class=\"address\">Enmedio, 26, <br>CASTELLON <\/br>Spanje<\/span><\/p><p class=\"aw-single-result-under\"><a href=\"https:\/\/lookadd.com\/pt-pt\/winkel_locaties\/ribeiro-martinho-lda-futura-visao\/\" title=\"RIBEIRO &#038; MARTINHO LDA FUTURA VISAO\">RIBEIRO &#038; MARTINHO LDA FUTURA VISAO<\/a><span class=\"address\">Av. 25 de Abril, 92, <br>MASSAM\u00c1 <\/br>Portugal<\/span><\/p><p class=\"aw-single-result-under\"><a href=\"https:\/\/lookadd.com\/pt-pt\/winkel_locaties\/rayo-optics-s-l\/\" title=\"RAYO OPTICS S.L.\">RAYO OPTICS S.L.<\/a><span class=\"address\">Travessera de les Corts, 236, <br>BARCELONA <\/br>Spanje<\/span><\/p><p class=\"aw-single-result-under\"><a href=\"https:\/\/lookadd.com\/pt-pt\/winkel_locaties\/quimai-di-quirino-luigi\/\" title=\"QUIMAI di Quirino Luigi\">QUIMAI di Quirino Luigi<\/a><span class=\"address\">Via Europa, 62, <br>CERCOLA <\/br>Itali\u00eb<\/span><\/p><p class=\"aw-single-result-under\"><a href=\"https:\/\/lookadd.com\/pt-pt\/winkel_locaties\/procownia-optyczna-opt-dypl-roman-brozek\/\" title=\"PROCOWNIA OPTYCZNA Opt. Dypl.Roman Brozek\">PROCOWNIA OPTYCZNA Opt. Dypl.Roman Brozek<\/a><span class=\"address\">Ul. Powstania Warszawskiego, 3, <br>WIELICZKA <\/br>Polen<\/span><\/p><p class=\"aw-single-result-under\"><a href=\"https:\/\/lookadd.com\/pt-pt\/winkel_locaties\/pracownia-optyczna-rozanski-s-c\/\" title=\"PRACOWNIA OPTYCZNA ROZANSKI S.C.\">PRACOWNIA OPTYCZNA ROZANSKI S.C.<\/a><span class=\"address\">Ul. Okrzei, 8\/14, <br>ZYRARD\u00d3W <\/br>Polen<\/span><\/p><p class=\"aw-single-result-under\"><a href=\"https:\/\/lookadd.com\/pt-pt\/winkel_locaties\/pawilon-dees-sochaczew-orlinscy\/\" title=\"PAWILON DEES SOCHACZEW &#8211; ORLINSCY\">PAWILON DEES SOCHACZEW &#8211; ORLINSCY<\/a><span class=\"address\">ul. Zeromskiego, 27, <br>SOCHACZEW <\/br>Polen<\/span><\/p><p class=\"aw-single-result-under\"><a href=\"https:\/\/lookadd.com\/pt-pt\/winkel_locaties\/ottica-zoldan-s-a-s-di-zoldan-christian-maurizio\/\" title=\"OTTICA ZOLDAN s.a.s. di Zoldan Christian &#038; Maurizio\">OTTICA ZOLDAN s.a.s. di Zoldan Christian &#038; Maurizio<\/a><span class=\"address\">Viale Cadore , 21, <br>PONTE NELLE ALPI <\/br>Itali\u00eb<\/span><\/p><p class=\"aw-single-result-under\"><a href=\"https:\/\/lookadd.com\/pt-pt\/winkel_locaties\/ottica-vettore-s-n-c\/\" title=\"OTTICA VETTORE s.n.c.\">OTTICA VETTORE s.n.c.<\/a><span class=\"address\">Via Avegno, 1, <br>VARESE <\/br>Itali\u00eb<\/span><\/p><p class=\"aw-single-result-under\"><a href=\"https:\/\/lookadd.com\/pt-pt\/winkel_locaties\/ottica-scocozza-di-macellaro-mariarosaria-s-n-c\/\" title=\"OTTICA SCOCOZZA di Macellaro Mariarosaria s.n.c.\">OTTICA SCOCOZZA di Macellaro Mariarosaria s.n.c.<\/a><span class=\"address\">Via Giacomo Matteotti, 41, <br>EBOLI <\/br>Itali\u00eb<\/span><\/p><p class=\"aw-single-result-under\"><a href=\"https:\/\/lookadd.com\/pt-pt\/winkel_locaties\/ottica-roberto-di-umberto-zaccaria\/\" title=\"OTTICA ROBERTO di Umberto Zaccaria\">OTTICA ROBERTO di Umberto Zaccaria<\/a><span class=\"address\">Piazza Teofrasto, 17, <br>ROMA <\/br>Itali\u00eb<\/span><\/p><p class=\"aw-single-result-under\"><a href=\"https:\/\/lookadd.com\/pt-pt\/winkel_locaties\/ottica-nicastro-di-nicastro-antonio\/\" title=\"OTTICA NICASTRO di Nicastro Antonio\">OTTICA NICASTRO di Nicastro Antonio<\/a><span class=\"address\">Via Roma, 22, <br>LIONI <\/br>Itali\u00eb<\/span><\/p><p class=\"aw-single-result-under\"><a href=\"https:\/\/lookadd.com\/pt-pt\/winkel_locaties\/ottica-moderna-lauria-di-marisa-la-greca\/\" title=\"OTTICA MODERNA LAURIA di Marisa La Greca\">OTTICA MODERNA LAURIA di Marisa La Greca<\/a><span class=\"address\">Via R. di Lauria, 3, <br>MILANO <\/br>Itali\u00eb<\/span><\/p><p class=\"aw-single-result-under\"><a href=\"https:\/\/lookadd.com\/pt-pt\/winkel_locaties\/ottica-maldifassi-leonardo\/\" title=\"OTTICA MALDIFASSI LEONARDO\">OTTICA MALDIFASSI LEONARDO<\/a><span class=\"address\">Via Morgantini , 25, <br>MILANO <\/br>Itali\u00eb<\/span><\/p><p class=\"aw-single-result-under\"><a href=\"https:\/\/lookadd.com\/pt-pt\/winkel_locaties\/ottica-davoli-di-daniela-bernardi\/\" title=\"OTTICA DAVOLI di Daniela Bernardi\">OTTICA DAVOLI di Daniela Bernardi<\/a><span class=\"address\">Via Nomentana Nuova, 107-109, <br>ROMA <\/br>Itali\u00eb<\/span><\/p><p class=\"aw-single-result-under\"><a href=\"https:\/\/lookadd.com\/pt-pt\/winkel_locaties\/ottica-davoli-di-aldo-davoli\/\" title=\"OTTICA DAVOLI di Aldo Davoli\">OTTICA DAVOLI di Aldo Davoli<\/a><span class=\"address\">VIALE J.F. KENNEDY 145, <br>LATINA <\/br>Itali\u00eb<\/span><\/p><p class=\"aw-single-result-under\"><a href=\"https:\/\/lookadd.com\/pt-pt\/winkel_locaties\/ottica-cd-foto-di-cianciullo-donato\/\" title=\"OTTICA CD FOTO di Cianciullo Donato\">OTTICA CD FOTO di Cianciullo Donato<\/a><span class=\"address\">Via A. Aspertini, 406 -C.C.Le Torri, <br>ROMA <\/br>Itali\u00eb<\/span><\/p><p class=\"aw-single-result-under\"><a href=\"https:\/\/lookadd.com\/pt-pt\/winkel_locaties\/ottica-bella-di-bella-gianfranco-e-c-s-n-c\/\" title=\"OTTICA BELLA di Bella Gianfranco e C. s.n.c.\">OTTICA BELLA di Bella Gianfranco e C. s.n.c.<\/a><span class=\"address\">Corso Einaudi, 64, <br>ASTI <\/br>Itali\u00eb<\/span><\/p><p class=\"aw-single-result-under\"><a href=\"https:\/\/lookadd.com\/pt-pt\/winkel_locaties\/ottica-barzaghi-di-perfetti-andrea\/\" title=\"OTTICA BARZAGHI di Perfetti Andrea\">OTTICA BARZAGHI di Perfetti Andrea<\/a><span class=\"address\">Via Vittorio Emanuele, 20, <br>MONZA <\/br>Itali\u00eb<\/span><\/p><p class=\"aw-single-result-under\"><a href=\"https:\/\/lookadd.com\/pt-pt\/winkel_locaties\/ottica-annoni-di-gariboldi-p-e-c-s-a-s\/\" title=\"OTTICA ANNONI di Gariboldi P.e C. s.a.s.\">OTTICA ANNONI di Gariboldi P.e C. s.a.s.<\/a><span class=\"address\">Via Zucchi, 23, <br>MONZA <\/br>Itali\u00eb<\/span><\/p><p class=\"aw-single-result-under\"><a href=\"https:\/\/lookadd.com\/pt-pt\/winkel_locaties\/ottica-alina-panzironi\/\" title=\"OTTICA ALINA PANZIRONI\">OTTICA ALINA PANZIRONI<\/a><span class=\"address\">Via Ostiense, 160\/G, <br>ROMA <\/br>Itali\u00eb<\/span><\/p><p class=\"aw-single-result-under\"><a href=\"https:\/\/lookadd.com\/pt-pt\/winkel_locaties\/ottica-10-decimi-di-liana-gagliardi\/\" title=\"OTTICA 10 DECIMI di Liana Gagliardi\">OTTICA 10 DECIMI di Liana Gagliardi<\/a><span class=\"address\">Contrada Santa Loja, <br>TITO SCALO <\/br>Itali\u00eb<\/span><\/p><p class=\"aw-single-result-under\"><a href=\"https:\/\/lookadd.com\/pt-pt\/winkel_locaties\/optyka-u-braci-galeria-rembielinska\/\" title=\"OPTYKA U BRACI- Galeria Rembielinska\">OPTYKA U BRACI- Galeria Rembielinska<\/a><span class=\"address\">ul. Rembielinska 20, <br>WARSZAWA <\/br>Polen<\/span><\/p><p class=\"aw-single-result-under\"><a href=\"https:\/\/lookadd.com\/pt-pt\/winkel_locaties\/optilux-agnieszka-stawowy-2\/\" title=\"OPTILUX AGNIESZKA STAWOWY\">OPTILUX AGNIESZKA STAWOWY<\/a><span class=\"address\">Stryszawa, 261D, <br>STRYSZAWA <\/br>Polen<\/span><\/p><p class=\"aw-single-result-under\"><a href=\"https:\/\/lookadd.com\/pt-pt\/winkel_locaties\/optical-store-by-sava-italia-s-r-l-s\/\" title=\"OPTICAL STORE BY SAVA ITALIA s.r.l.s.\">OPTICAL STORE BY SAVA ITALIA s.r.l.s.<\/a><span class=\"address\">Viale Palmiro Togliatti, 1640, <br>ROMA <\/br>Itali\u00eb<\/span><\/p><p class=\"aw-single-result-under\"><a href=\"https:\/\/lookadd.com\/pt-pt\/winkel_locaties\/opticlasse-comercio-e-servicos-e-optica-lda\/\" title=\"OPTICLASSE COMERCIO E SERVICOS E OPTICA LDA\">OPTICLASSE COMERCIO E SERVICOS E OPTICA LDA<\/a><span class=\"address\">Estrada de Benfica, 759, <br>LISBONA <\/br>Portugal<\/span><\/p><p class=\"aw-single-result-under\"><a href=\"https:\/\/lookadd.com\/pt-pt\/winkel_locaties\/opticheskij-stil-l-t-d\/\" title=\"OPTICHESKIJ STIL L.T.D.\">OPTICHESKIJ STIL L.T.D.<\/a><span class=\"address\">Prospect Lenin, 41, <br>VLADIMIR <\/br>Russische Federatie<\/span><\/p><p class=\"aw-single-result-under\"><a href=\"https:\/\/lookadd.com\/pt-pt\/winkel_locaties\/ocni-optika-sarka-kocandova-3\/\" title=\"OCNI OPTIKA SARKA KOCANDOVA\">OCNI OPTIKA SARKA KOCANDOVA<\/a><span class=\"address\">Namesti, 19\/21, <br>VELKE MEZIRICI <\/br>Tsjechi\u00eb<\/span><\/p><p class=\"aw-single-result-under\"><a href=\"https:\/\/lookadd.com\/pt-pt\/winkel_locaties\/optical-xpressions-ltd-dba-kyoto\/\" title=\"OPTICAL XPRESSIONS Ltd. dba Kyoto\">OPTICAL XPRESSIONS Ltd. dba Kyoto<\/a><span class=\"address\">1320 Lincoln Avenue Suite, 3, <br>HOLBROOK <\/br>Verenigde Staten<\/span><\/p><p class=\"aw-single-result-under\"><a href=\"https:\/\/lookadd.com\/pt-pt\/winkel_locaties\/optical-d-papadiamantopoulos-sa\/\" title=\"OPTICAL D PAPADIAMANTOPOULOS SA\">OPTICAL D PAPADIAMANTOPOULOS SA<\/a><span class=\"address\">214 Kifissias Avenue, <br>ATHENS <\/br>Griekenland<\/span><\/p><p class=\"aw-single-result-under\"><a href=\"https:\/\/lookadd.com\/pt-pt\/winkel_locaties\/new-ottica-di-diodato-davide\/\" title=\"NEW OTTICA di Diodato Davide\">NEW OTTICA di Diodato Davide<\/a><span class=\"address\">V.le della Repubblica, 135, <br>TOLENTINO <\/br>Itali\u00eb<\/span><\/p><p class=\"aw-single-result-under\"><a href=\"https:\/\/lookadd.com\/pt-pt\/winkel_locaties\/my-ottica-di-mauro-impagliazzo\/\" title=\"MY OTTICA di Mauro Impagliazzo\">MY OTTICA di Mauro Impagliazzo<\/a><span class=\"address\">Via Maria Barbara Tosatti, 19, <br>ROMA <\/br>Itali\u00eb<\/span><\/p><p class=\"aw-single-result-under\"><a href=\"https:\/\/lookadd.com\/pt-pt\/winkel_locaties\/optica-maria-esteban-palomar\/\" title=\"OPTICA MAR\u00cdA ESTEBAN PALOMAR\">OPTICA MAR\u00cdA ESTEBAN PALOMAR<\/a><span class=\"address\">Rodriguez de Cepeda, 53, <br>VALENCIA <\/br>Spanje<\/span><\/p><p class=\"aw-single-result-under\"><a href=\"https:\/\/lookadd.com\/pt-pt\/winkel_locaties\/molini-ottica-di-pasquale-ciarlariello\/\" title=\"MOLINI OTTICA di Pasquale Ciarlariello\">MOLINI OTTICA di Pasquale Ciarlariello<\/a><span class=\"address\">Via Igino Gardini, 40\/40 A, <br>VITERBO <\/br>Itali\u00eb<\/span><\/p><p class=\"aw-single-result-under\"><a href=\"https:\/\/lookadd.com\/pt-pt\/winkel_locaties\/maier-optik-gmbh-co-kg\/\" title=\"MAIER OPTIK GmbH &#038; Co. KG\">MAIER OPTIK GmbH &#038; Co. KG<\/a><span class=\"address\">Am Wetterbach, 98, <br>KARLSRUHE <\/br>Duitsland<\/span><\/p><p class=\"aw-single-result-under\"><a href=\"https:\/\/lookadd.com\/pt-pt\/winkel_locaties\/ocni-optika-sarka-kocandova-2\/\" title=\"OCNI OPTIKA SARKA KOCANDOVA\">OCNI OPTIKA SARKA KOCANDOVA<\/a><span class=\"address\">Karlovo nam. 31\/42, <br>TREBIC <\/br>Tsjechi\u00eb<\/span><\/p><p class=\"aw-single-result-under\"><a href=\"https:\/\/lookadd.com\/pt-pt\/winkel_locaties\/lens-optyk\/\" title=\"LENS OPTYK\">LENS OPTYK<\/a><span class=\"address\">Warminska, 14\/11, <br>OLSZTYN <\/br>Polen<\/span><\/p><p class=\"aw-single-result-under\"><a href=\"https:\/\/lookadd.com\/pt-pt\/winkel_locaties\/laborottica-di-maienza-claudio\/\" title=\"LABOROTTICA di Maienza Claudio\">LABOROTTICA di Maienza Claudio<\/a><span class=\"address\">Corso Giuseppe Garibaldi, 7, <br>IMPERIA <\/br>Itali\u00eb<\/span><\/p><p class=\"aw-single-result-under\"><a href=\"https:\/\/lookadd.com\/pt-pt\/winkel_locaties\/ocni-optika-sarka-kocandova\/\" title=\"OCNI OPTIKA SARKA KOCANDOVA\">OCNI OPTIKA SARKA KOCANDOVA<\/a><span class=\"address\">Namesti, 19\/21, <br>VELKE MEZIRICI <\/br>Tsjechi\u00eb<\/span><\/p><p class=\"aw-single-result-under\"><a href=\"https:\/\/lookadd.com\/pt-pt\/winkel_locaties\/centrum-optyczne-a-k-derkowscy\/\" title=\"CENTRUM OPTYCZNE A.K. Derkowscy\">CENTRUM OPTYCZNE A.K. Derkowscy<\/a><span class=\"address\">ul. Farna, 2, <br>INOWROCLAW <\/br>Polen<\/span><\/p><p class=\"aw-single-result-under\"><a href=\"https:\/\/lookadd.com\/pt-pt\/winkel_locaties\/bruna-ottica-di-elior-bilalaj-shpk\/\" title=\"BRUNA OTTICA di ELIOR BILALAJ shpk\">BRUNA OTTICA di ELIOR BILALAJ shpk<\/a><span class=\"address\">Blv Bajram Curri, 1, <br>TIRANA <\/br>Albani\u00eb<\/span><\/p><p class=\"aw-single-result-under\"><a href=\"https:\/\/lookadd.com\/pt-pt\/winkel_locaties\/lente-amica-s-r-l-unipersonale\/\" title=\"LENTE AMICA s.r.l. Unipersonale\">LENTE AMICA s.r.l. Unipersonale<\/a><span class=\"address\">Via Garibaldi, 24, <br>RIMINI <\/br>Itali\u00eb<\/span><\/p><p class=\"aw-single-result-under\"><a href=\"https:\/\/lookadd.com\/pt-pt\/winkel_locaties\/la-creu-blanca-optica-s-l\/\" title=\"LA CREU BLANCA OPTICA, S.L.\">LA CREU BLANCA OPTICA, S.L.<\/a><span class=\"address\">Sant Joan, 10, <br>TARRAGONA <\/br>Spanje<\/span><\/p><p class=\"aw-single-result-under\"><a href=\"https:\/\/lookadd.com\/pt-pt\/winkel_locaties\/lottico-s-n-c-di-pionetti-cristina-c\/\" title=\"L&#8217;OTTICO s.n.c. di Pionetti Cristina &#038; C.\">L&#8217;OTTICO s.n.c. di Pionetti Cristina &#038; C.<\/a><span class=\"address\">Via Crocefisso, 13, <br>CORBETTA <\/br>Itali\u00eb<\/span><\/p><p class=\"aw-single-result-under\"><a href=\"https:\/\/lookadd.com\/pt-pt\/winkel_locaties\/kobra-optyk-korzeniowski-slawomir\/\" title=\"KOBRA OPTYK KORZENIOWSKI SLAWOMIR\">KOBRA OPTYK KORZENIOWSKI SLAWOMIR<\/a><span class=\"address\">Kosciuszi, 34 B, <br>STAROGARD GDANSKI <\/br>Polen<\/span><\/p><p class=\"aw-single-result-under\"><a href=\"https:\/\/lookadd.com\/pt-pt\/winkel_locaties\/kalid-63-comercio-representaca\/\" title=\"KALID 63 COMERCIO REPRESENTA\u00c7A\">KALID 63 COMERCIO REPRESENTA\u00c7A<\/a><span class=\"address\">R. Visc. de Piraj\u00e1, 82 SL 4, <br>RIO DE JANEIRO <\/br>Brazili\u00eb<\/span><\/p><p class=\"aw-single-result-under\"><a href=\"https:\/\/lookadd.com\/pt-pt\/winkel_locaties\/kalapoda-alexia-dimitrios-uperorasi\/\" title=\"KALAPODA ALEXIA DIMITRIOS UPERORASI\">KALAPODA ALEXIA DIMITRIOS UPERORASI<\/a><span class=\"address\">Paros Ring Road, <br>PAROS <\/br>Griekenland<\/span><\/p><p class=\"aw-single-result-under\"><a href=\"https:\/\/lookadd.com\/pt-pt\/winkel_locaties\/artiver-optics\/\" title=\"Artiver Optics\">Artiver Optics<\/a><span class=\"address\">Sardenya, 365, <br>BARCELONA <\/br>Spanje<\/span><\/p><p class=\"aw-single-result-under\"><a href=\"https:\/\/lookadd.com\/pt-pt\/winkel_locaties\/jose-domingo-arias-yebra\/\" title=\"JOSE&#8217; DOMINGO ARIAS YEBRA\">JOSE&#8217; DOMINGO ARIAS YEBRA<\/a><span class=\"address\">c\/ Plaza de la Inmaculada, 1, <br>LEON <\/br>Spanje<\/span><\/p><p class=\"aw-single-result-under\"><a href=\"https:\/\/lookadd.com\/pt-pt\/winkel_locaties\/jesus-robles-mainar-opticalia-ebro-sobrarbe\/\" title=\"JESUS ROBLES MAINAR-OPTICALIA EBRO SOBRARBE\">JESUS ROBLES MAINAR-OPTICALIA EBRO SOBRARBE<\/a><span class=\"address\">C\/ Sobrarbe, 21-23, <br>ZARAGOZA <\/br>Spanje<\/span><\/p><p class=\"aw-single-result-under\"><a href=\"https:\/\/lookadd.com\/pt-pt\/winkel_locaties\/irmgard-wagner-sehrose-optik\/\" title=\"IRMGARD WAGNER SEHROSE OPTIK\">IRMGARD WAGNER SEHROSE OPTIK<\/a><span class=\"address\">Zweibr\u00fcckenstra\u00dfe, 19, <br>M\u00dcNCHEN <\/br>Duitsland<\/span><\/p><p class=\"aw-single-result-under\"><a href=\"https:\/\/lookadd.com\/pt-pt\/winkel_locaties\/ipate-optic-srl\/\" title=\"IPATE OPTIC SRL\">IPATE OPTIC SRL<\/a><span class=\"address\">Str. Stadion, BL S1, ET 3, AP 7, <br>ZALAU (SA) <\/br>Roemeni\u00eb<\/span><\/p><p class=\"aw-single-result-under\"><a href=\"https:\/\/lookadd.com\/pt-pt\/winkel_locaties\/handel-i-uslugi-optyczne-slawomir-kulasinski\/\" title=\"HANDEL I USLUGI OPTYCZNE SLAWOMIR KULASINSKI\">HANDEL I USLUGI OPTYCZNE SLAWOMIR KULASINSKI<\/a><span class=\"address\">Swobodna, 34\/46, <br>BIALYSTOK <\/br>Polen<\/span><\/p><p class=\"aw-single-result-under\"><a href=\"https:\/\/lookadd.com\/pt-pt\/winkel_locaties\/guillen-aspilche\/\" title=\"GUILLEN ASPILCHE\">GUILLEN ASPILCHE<\/a><span class=\"address\">Natalio Rivas, 9, <br>ADRA <\/br>Spanje<\/span><\/p><p class=\"aw-single-result-under\"><a href=\"https:\/\/lookadd.com\/pt-pt\/winkel_locaties\/garcia-latorre-c-b\/\" title=\"GARCIA LATORRE C.B.\">GARCIA LATORRE C.B.<\/a><span class=\"address\">C\/ Duquesa Villahermosa, 42, <br>ZARAGOZA <\/br>Spanje<\/span><\/p><p class=\"aw-single-result-under\"><a href=\"https:\/\/lookadd.com\/pt-pt\/winkel_locaties\/foto-ottica-europa-s-n-c-di-maremmi-giampaolo-riccardo-c\/\" title=\"FOTO OTTICA EUROPA s.n.c. di Maremmi Giampaolo, Riccardo &#038; C\">FOTO OTTICA EUROPA s.n.c. di Maremmi Giampaolo, Riccardo &#038; C<\/a><span class=\"address\">V.le Europa, 43, <br>FIRENZE <\/br>Itali\u00eb<\/span><\/p><p class=\"aw-single-result-under\"><a href=\"https:\/\/lookadd.com\/pt-pt\/winkel_locaties\/fluckiger-optik-gmbh\/\" title=\"FL\u00dcCKIGER OPTIK GmbH\">FL\u00dcCKIGER OPTIK GmbH<\/a><span class=\"address\">Kaufplatz, <br>VISP <\/br>Zwitserland<\/span><\/p><p class=\"aw-single-result-under\"><a href=\"https:\/\/lookadd.com\/pt-pt\/winkel_locaties\/firma-optyczna-oko-s-c\/\" title=\"FIRMA OPTYCZNA OKO S.C.\">FIRMA OPTYCZNA OKO S.C.<\/a><span class=\"address\">Gorecka, 30, <br>POZNAN <\/br>Polen<\/span><\/p><p class=\"aw-single-result-under\"><a href=\"https:\/\/lookadd.com\/pt-pt\/winkel_locaties\/filak-optyk\/\" title=\"FILAK OPTYK\">FILAK OPTYK<\/a><span class=\"address\">Ul. Moniuszki, 28b\/11, <br>ZORY <\/br>Polen<\/span><\/p><p class=\"aw-single-result-under\"><a href=\"https:\/\/lookadd.com\/pt-pt\/winkel_locaties\/fenno-optiikka-aleksi-optoys-oy\/\" title=\"FENNO OPTIIKKA ALEKSI &#8211; Optoys Oy\">FENNO OPTIIKKA ALEKSI &#8211; Optoys Oy<\/a><span class=\"address\">Aleksanterinkatu, 50, <br>HELSINKI <\/br>Finland<\/span><\/p><p class=\"aw-single-result-under\"><a href=\"https:\/\/lookadd.com\/pt-pt\/winkel_locaties\/ellebi-ottica-s-n-c\/\" title=\"ELLEBI OTTICA s.n.c.\">ELLEBI OTTICA s.n.c.<\/a><span class=\"address\">Via Senese , 141\/r, <br>FIRENZE <\/br>Itali\u00eb<\/span><\/p><p class=\"aw-single-result-under\"><a href=\"https:\/\/lookadd.com\/pt-pt\/winkel_locaties\/ehme-de-riese-der-optiker-ehme-de-riese-ohg\/\" title=\"EHME DE RIESE Der Optiker Ehme De Riese Ohg\">EHME DE RIESE Der Optiker Ehme De Riese Ohg<\/a><span class=\"address\">Porschestra\u00dfe, 9-11, <br>WOLFSBURG <\/br>Duitsland<\/span><\/p><p class=\"aw-single-result-under\"><a href=\"https:\/\/lookadd.com\/pt-pt\/winkel_locaties\/donoptik-s-l\/\" title=\"DONOPTIK S.L.\">DONOPTIK S.L.<\/a><span class=\"address\">Plaza de Teresa de Calcuta, 7, <br>SAN SEBASTIAN <\/br>Spanje<\/span><\/p><p class=\"aw-single-result-under\"><a href=\"https:\/\/lookadd.com\/pt-pt\/winkel_locaties\/davoli-bernardi-s-r-l-2\/\" title=\"DAVOLI &#038; BERNARDI s.r.l.\">DAVOLI &#038; BERNARDI s.r.l.<\/a><span class=\"address\">Via della Bufalotta, 548, <br>ROMA <\/br>Itali\u00eb<\/span><\/p><p class=\"aw-single-result-under\"><a href=\"https:\/\/lookadd.com\/pt-pt\/winkel_locaties\/contact-ottica-s-n-c-di-de-franchis-g\/\" title=\"CONTACT OTTICA s.n.c. di De Franchis G.\">CONTACT OTTICA s.n.c. di De Franchis G.<\/a><span class=\"address\">Via Ausonia,108, <br>PALERMO <\/br>Itali\u00eb<\/span><\/p><p class=\"aw-single-result-under\"><a href=\"https:\/\/lookadd.com\/pt-pt\/winkel_locaties\/city-optiker-ges-m-b-h\/\" title=\"CITY OPTIKER GES.m.b.H\">CITY OPTIKER GES.m.b.H<\/a><span class=\"address\">Breyerstrasse, 1, <br>BADEN <\/br>Oostenrijk<\/span><\/p><p class=\"aw-single-result-under\"><a href=\"https:\/\/lookadd.com\/pt-pt\/winkel_locaties\/centrum-optyki-sluchu-optoton-jaroslaw-szewczyk\/\" title=\"CENTRUM OPTYKI SLUCHU OPTOTON &#8211; JAROSLAW SZEWCZYK\">CENTRUM OPTYKI SLUCHU OPTOTON &#8211; JAROSLAW SZEWCZYK<\/a><span class=\"address\">Ul.Sienkiewicza, 4, <br>LODZ <\/br>Polen<\/span><\/p><p class=\"aw-single-result-under\"><a href=\"https:\/\/lookadd.com\/pt-pt\/winkel_locaties\/centro-ottico-r-t-f-s-n-c\/\" title=\"CENTRO OTTICO R.T.F. s.n.c.\">CENTRO OTTICO R.T.F. s.n.c.<\/a><span class=\"address\">Via Caduti per la Patria, 27, <br>LESMO <\/br>Itali\u00eb<\/span><\/p><p class=\"aw-single-result-under\"><a href=\"https:\/\/lookadd.com\/pt-pt\/winkel_locaties\/budiani-foto-ottica\/\" title=\"BUDIANI FOTO OTTICA\">BUDIANI FOTO OTTICA<\/a><span class=\"address\">Via F. Martella, 4, <br>PINETO <\/br>Itali\u00eb<\/span><\/p><p class=\"aw-single-result-under\"><a href=\"https:\/\/lookadd.com\/pt-pt\/winkel_locaties\/brumar-s-n-c-di-pardo-t-m-e-di-stefano-m\/\" title=\"BRUMAR s.n.c. di Pardo T.M. e Di Stefano M.\">BRUMAR s.n.c. di Pardo T.M. e Di Stefano M.<\/a><span class=\"address\">Via dello Statuto, 43, <br>ROMA <\/br>Itali\u00eb<\/span><\/p><p class=\"aw-single-result-under\"><a href=\"https:\/\/lookadd.com\/pt-pt\/winkel_locaties\/brillehus-diethelm-ag\/\" title=\"BRILLEHUS Diethelm AG\">BRILLEHUS Diethelm AG<\/a><span class=\"address\">Dorf, 3, <br>TEUFEN <\/br>Zwitserland<\/span><\/p><p class=\"aw-single-result-under\"><a href=\"https:\/\/lookadd.com\/pt-pt\/winkel_locaties\/boifava-ottica-di-g-ragusa\/\" title=\"BOIFAVA OTTICA di G. Ragusa\">BOIFAVA OTTICA di G. Ragusa<\/a><span class=\"address\">Via Boifava, 80\/B, <br>MILANO <\/br>Itali\u00eb<\/span><\/p><p class=\"aw-single-result-under\"><a href=\"https:\/\/lookadd.com\/pt-pt\/winkel_locaties\/best-optyk-beata-stys\/\" title=\"BEST OPTYK BEATA STYS\">BEST OPTYK BEATA STYS<\/a><span class=\"address\">Michala Elwiro Andriollego, 36\/38, <br>OTWOCK <\/br>Polen<\/span><\/p><p class=\"aw-single-result-under\"><a href=\"https:\/\/lookadd.com\/pt-pt\/winkel_locaties\/aplus-international-trading-limited\/\" title=\"APLUS INTERNATIONAL TRADING LIMITED\">APLUS INTERNATIONAL TRADING LIMITED<\/a><span class=\"address\">Flat D3, 19\/F HooverInd.Building, 26-38 Kwai Cheong Road, <br>KWAI CHUNG <\/br>Hongkong<\/span><\/p><p class=\"aw-single-result-under\"><a href=\"https:\/\/lookadd.com\/pt-pt\/winkel_locaties\/ana-artigas-escala\/\" title=\"ANA ARTIGAS ESCALA\">ANA ARTIGAS ESCALA<\/a><span class=\"address\">Cerde\u00f1a, 365, <br>BARCELONA <\/br>Spanje<\/span><\/p><p class=\"aw-single-result-under\"><a href=\"https:\/\/lookadd.com\/pt-pt\/winkel_locaties\/alnarpa-s-l\/\" title=\"ALNARPA S.L.\">ALNARPA S.L.<\/a><span class=\"address\">C\/ Juan Carlos I, 7, <br>ARNEDO <\/br>Spanje<\/span><\/p><p class=\"aw-single-result-under\"><a href=\"https:\/\/lookadd.com\/pt-pt\/winkel_locaties\/elzer-optiek\/\" title=\"Elzer Optiek\">Elzer Optiek<\/a><span class=\"address\">Achter de Kerk 1, <br>NORG <\/br>Nederland<\/span><\/p><p class=\"aw-single-result-under\"><a href=\"https:\/\/lookadd.com\/pt-pt\/winkel_locaties\/optiek-colmschate\/\" title=\"Optiek Colmschate\">Optiek Colmschate<\/a><span class=\"address\">Flora 12, <br>DEVENTER <\/br>Nederland<\/span><\/p><p class=\"aw-single-result-under\"><a href=\"https:\/\/lookadd.com\/pt-pt\/winkel_locaties\/reugebrink-opticiens\/\" title=\"Reugebrink Opticiens\">Reugebrink Opticiens<\/a><span class=\"address\">Hoofdstraat 15, <br>ZETTEN <\/br>Nederland<\/span><\/p><p class=\"aw-single-result-under\"><a href=\"https:\/\/lookadd.com\/pt-pt\/winkel_locaties\/j-van-wely-optiek-b-v\/\" title=\"J. van Wely Optiek B.V.\">J. van Wely Optiek B.V.<\/a><span class=\"address\">Spoorstraat 117 b, <br>GENNEP <\/br>Nederland<\/span><\/p><p class=\"aw-single-result-under\"><a href=\"https:\/\/lookadd.com\/pt-pt\/winkel_locaties\/unique-optiek-bv\/\" title=\"Unique Optiek BV\">Unique Optiek BV<\/a><span class=\"address\">Kerkstraat 51, <br>TEGELEN <\/br>Nederland<\/span><\/p><p class=\"aw-single-result-under\"><a href=\"https:\/\/lookadd.com\/pt-pt\/winkel_locaties\/lookadd-optiek-3\/\" title=\"LookAdd Optiek\">LookAdd Optiek<\/a><span class=\"address\">Langstraat 41, <br>GELDROP <\/br>Nederland<\/span><\/p><p class=\"aw-single-result-under\"><a href=\"https:\/\/lookadd.com\/pt-pt\/winkel_locaties\/lookadddealer\/\" title=\"LookAdd dealer\">LookAdd dealer<\/a><span class=\"address\">Nieuwstraat 30A, <br>GEMERT <\/br>Nederland<\/span><\/p><p class=\"aw-single-result-under\"><a href=\"https:\/\/lookadd.com\/pt-pt\/winkel_locaties\/de-brillendokter-bv\/\" title=\"De Brillendokter BV\">De Brillendokter BV<\/a><span class=\"address\">Hilvarenbeekseweg 60, <br>TILBURG <\/br>Nederland<\/span><\/p><p class=\"aw-single-result-under\"><a href=\"https:\/\/lookadd.com\/pt-pt\/winkel_locaties\/via-optiek\/\" title=\"Via Optiek\">Via Optiek<\/a><span class=\"address\">Voorstraat 76, <br>VIANEN <\/br>Nederland<\/span><\/p><p class=\"aw-single-result-under\"><a href=\"https:\/\/lookadd.com\/pt-pt\/winkel_locaties\/uw-thuisopticien\/\" title=\"Uw Thuisopticien\">Uw Thuisopticien<\/a><span class=\"address\">Lingeweg 71, <br>TIEL <\/br>Nederland<\/span><\/p><p class=\"aw-single-result-under\"><a href=\"https:\/\/lookadd.com\/pt-pt\/winkel_locaties\/beeks-oog-oor-bv\/\" title=\"Beeks Oog &#038; Oor BV\">Beeks Oog &#038; Oor BV<\/a><span class=\"address\">Langestraat 149, <br>'S GRAVENZANDE <\/br>Nederland<\/span><\/p><p class=\"aw-single-result-under\"><a href=\"https:\/\/lookadd.com\/pt-pt\/winkel_locaties\/centro-ottico-di-marinelli-rodolfo\/\" title=\"CENTRO OTTICO di Marinelli Rodolfo\">CENTRO OTTICO di Marinelli Rodolfo<\/a><span class=\"address\">Viale Loreto, 23, <br>SANNAZZARO DE' BURGONDI <\/br>Itali\u00eb<\/span><\/p><p class=\"aw-single-result-under\"><a href=\"https:\/\/lookadd.com\/pt-pt\/winkel_locaties\/ottica-vista-viva-snc-di-bertazzo-pierluigi-c\/\" title=\"OTTICA VISTA VIVA snc di Bertazzo Pierluigi &#038; c.\">OTTICA VISTA VIVA snc di Bertazzo Pierluigi &#038; c.<\/a><span class=\"address\">Via Isonzo,20\/B, <br>CORDIGNANO <\/br>Itali\u00eb<\/span><\/p><p class=\"aw-single-result-under\"><a href=\"https:\/\/lookadd.com\/pt-pt\/winkel_locaties\/foto-ottica-sartoretto-s-n-c-di-sartoretto-m-c\/\" title=\"FOTO OTTICA SARTORETTO s.n.c. di Sartoretto M. &#038; C.\">FOTO OTTICA SARTORETTO s.n.c. di Sartoretto M. &#038; C.<\/a><span class=\"address\">P.zza Bachelet,2\/b, <br>PREGANZIOL <\/br>Itali\u00eb<\/span><\/p><p class=\"aw-single-result-under\"><a href=\"https:\/\/lookadd.com\/pt-pt\/winkel_locaties\/lozito-ottica-s-r-l\/\" title=\"LOZITO OTTICA s.r.l.\">LOZITO OTTICA s.r.l.<\/a><span class=\"address\">Via 1 Maggio, 3, <br>CARNATE <\/br>Itali\u00eb<\/span><\/p><p class=\"aw-single-result-under\"><a href=\"https:\/\/lookadd.com\/pt-pt\/winkel_locaties\/cademartori-bolpagni-s-n-c-ottica\/\" title=\"CADEMARTORI &#038; BOLPAGNI s.n.c. OTTICA\">CADEMARTORI &#038; BOLPAGNI s.n.c. OTTICA<\/a><span class=\"address\">Via IV Novembre,34, <br>GUSSAGO <\/br>Itali\u00eb<\/span><\/p><p class=\"aw-single-result-under\"><a href=\"https:\/\/lookadd.com\/pt-pt\/winkel_locaties\/pampuri-ottica-di-pampuri-maria-cristina\/\" title=\"PAMPURI OTTICA di Pampuri Maria Cristina\">PAMPURI OTTICA di Pampuri Maria Cristina<\/a><span class=\"address\">Via Jacopo,23, <br>TREZZO SULL'ADDA <\/br>Itali\u00eb<\/span><\/p><p class=\"aw-single-result-under\"><a href=\"https:\/\/lookadd.com\/pt-pt\/winkel_locaties\/ottica-perettini-s-n-c-di-perettini-r-bisciari-m\/\" title=\"OTTICA PERETTINI s.n.c. di Perettini R. &#038; Bisciari M.\">OTTICA PERETTINI s.n.c. di Perettini R. &#038; Bisciari M.<\/a><span class=\"address\">ViaXXV Aprile, 43, <br>FANO <\/br>Itali\u00eb<\/span><\/p><p class=\"aw-single-result-under\"><a href=\"https:\/\/lookadd.com\/pt-pt\/winkel_locaties\/ottica-riccardi-di-riccardi-sara\/\" title=\"OTTICA RICCARDI di Riccardi Sara\">OTTICA RICCARDI di Riccardi Sara<\/a><span class=\"address\">P.zza Leopardi, 28, <br>RIPE <\/br>Itali\u00eb<\/span><\/p><p class=\"aw-single-result-under\"><a href=\"https:\/\/lookadd.com\/pt-pt\/winkel_locaties\/pampaloni-ottica-orologeria-s-n-c\/\" title=\"PAMPALONI OTTICA OROLOGERIA s.n.c.\">PAMPALONI OTTICA OROLOGERIA s.n.c.<\/a><span class=\"address\">Via della Repubblica, 72\/74, <br>POGGIBONSI <\/br>Itali\u00eb<\/span><\/p><p class=\"aw-single-result-under\"><a href=\"https:\/\/lookadd.com\/pt-pt\/winkel_locaties\/berardi-piero-s-n-c-di-berardi-federica-c\/\" title=\"BERARDI PIERO s.n.c. di Berardi Federica &#038; C.\">BERARDI PIERO s.n.c. di Berardi Federica &#038; C.<\/a><span class=\"address\">Via Rimembranze,3, <br>BEDIZZOLE <\/br>Itali\u00eb<\/span><\/p><p class=\"aw-single-result-under\"><a href=\"https:\/\/lookadd.com\/pt-pt\/winkel_locaties\/ottica-bolognesi-s-r-l\/\" title=\"OTTICA BOLOGNESI s.r.l.\">OTTICA BOLOGNESI s.r.l.<\/a><span class=\"address\">P.zza Duomo, 15, <br>VOGHERA <\/br>Itali\u00eb<\/span><\/p><p class=\"aw-single-result-under\"><a href=\"https:\/\/lookadd.com\/pt-pt\/winkel_locaties\/ottica-mottes-di-mottes-giacomo\/\" title=\"OTTICA MOTTES di Mottes Giacomo\">OTTICA MOTTES di Mottes Giacomo<\/a><span class=\"address\">Loc.Campagna 2\/C, <br>TAIBON AGORDINO <\/br>Itali\u00eb<\/span><\/p><p class=\"aw-single-result-under\"><a href=\"https:\/\/lookadd.com\/pt-pt\/winkel_locaties\/ottica-moderna-s-n-c\/\" title=\"OTTICA MODERNA s.n.c.\">OTTICA MODERNA s.n.c.<\/a><span class=\"address\">V.le G. Puccini, 1562, <br>LUCCA <\/br>Itali\u00eb<\/span><\/p><p class=\"aw-single-result-under\"><a href=\"https:\/\/lookadd.com\/pt-pt\/winkel_locaties\/viggi-ottici-bologna-di-viggi-vezio-c-s-n-c\/\" title=\"VIGGI OTTICI BOLOGNA di Viggi Vezio &#038; C. s.n.c.\">VIGGI OTTICI BOLOGNA di Viggi Vezio &#038; C. s.n.c.<\/a><span class=\"address\">Via Augusto Murri, 115 A\/B, <br>BOLOGNA <\/br>Itali\u00eb<\/span><\/p><p class=\"aw-single-result-under\"><a href=\"https:\/\/lookadd.com\/pt-pt\/winkel_locaties\/polyottica-s-n-c-di-boiani-alessandro-c\/\" title=\"POLYOTTICA s.n.c. di Boiani Alessandro &#038; C.\">POLYOTTICA s.n.c. di Boiani Alessandro &#038; C.<\/a><span class=\"address\">Via Matteotti, 6\/E, <br>BOLOGNA <\/br>Itali\u00eb<\/span><\/p><p class=\"aw-single-result-under\"><a href=\"https:\/\/lookadd.com\/pt-pt\/winkel_locaties\/giambene-ottica-s-a-s\/\" title=\"GIAMBENE OTTICA s.a.s.\">GIAMBENE OTTICA s.a.s.<\/a><span class=\"address\">Via Nemoreto, 2, <br>PISTOIA <\/br>Itali\u00eb<\/span><\/p><p class=\"aw-single-result-under\"><a href=\"https:\/\/lookadd.com\/pt-pt\/winkel_locaties\/foto-ottica-mascagni-di-mascagni-giorgio-c-s-n-c\/\" title=\"FOTO OTTICA MASCAGNI di Mascagni Giorgio &#038; C. s.n.c.\">FOTO OTTICA MASCAGNI di Mascagni Giorgio &#038; C. s.n.c.<\/a><span class=\"address\">Largo Don Pino Puglisi, <br>SAN MINIATO BASSO <\/br>Itali\u00eb<\/span><\/p><p class=\"aw-single-result-under\"><a href=\"https:\/\/lookadd.com\/pt-pt\/winkel_locaties\/ottica-angela-di-notari-sabrina\/\" title=\"OTTICA ANGELA di Notari Sabrina\">OTTICA ANGELA di Notari Sabrina<\/a><span class=\"address\">Via Bacchini, 12, <br>FIDENZA <\/br>Itali\u00eb<\/span><\/p><p class=\"aw-single-result-under\"><a href=\"https:\/\/lookadd.com\/pt-pt\/winkel_locaties\/brini-angela-ottica\/\" title=\"BRINI ANGELA OTTICA\">BRINI ANGELA OTTICA<\/a><span class=\"address\">Via Mazzini,4, <br>GAMBOLO' <\/br>Itali\u00eb<\/span><\/p><p class=\"aw-single-result-under\"><a href=\"https:\/\/lookadd.com\/pt-pt\/winkel_locaties\/valentini-ottica-di-valentini-alessandra\/\" title=\"VALENTINI OTTICA di Valentini Alessandra\">VALENTINI OTTICA di Valentini Alessandra<\/a><span class=\"address\">Via Marchisiellio,34, <br>FOLIGNO <\/br>Itali\u00eb<\/span><\/p><p class=\"aw-single-result-under\"><a href=\"https:\/\/lookadd.com\/pt-pt\/winkel_locaties\/ottica-mancini-s-r-l\/\" title=\"OTTICA MANCINI s.r.l.\">OTTICA MANCINI s.r.l.<\/a><span class=\"address\">C.so Carlo Alberto, 41\/45, <br>ANCONA <\/br>Itali\u00eb<\/span><\/p><p class=\"aw-single-result-under\"><a href=\"https:\/\/lookadd.com\/pt-pt\/winkel_locaties\/lotticadi-donati-angela\/\" title=\"L&#8217;OTTICAdi Donati Angela\">L&#8217;OTTICAdi Donati Angela<\/a><span class=\"address\">Via Soprassasso, 32\/6, <br>GARDOLO <\/br>Itali\u00eb<\/span><\/p><p class=\"aw-single-result-under\"><a href=\"https:\/\/lookadd.com\/pt-pt\/winkel_locaties\/fotocolor-otticag-tronca-c-s-n-c\/\" title=\"FOTOCOLOR OTTICAG.Tronca &#038; C. s.n.c.\">FOTOCOLOR OTTICAG.Tronca &#038; C. s.n.c.<\/a><span class=\"address\">Via Europa,44, <br>CAVAZZALE <\/br>Itali\u00eb<\/span><\/p><p class=\"aw-single-result-under\"><a href=\"https:\/\/lookadd.com\/pt-pt\/winkel_locaties\/locchiale-di-claudio-righi\/\" title=\"L&#8217;OCCHIALE di Claudio Righi\">L&#8217;OCCHIALE di Claudio Righi<\/a><span class=\"address\">Via Gramsci, 9, <br>FIESOLE <\/br>Itali\u00eb<\/span><\/p><p class=\"aw-single-result-under\"><a href=\"https:\/\/lookadd.com\/pt-pt\/winkel_locaties\/ottica-consonni-s-r-l\/\" title=\"OTTICA CONSONNI s.r.l.\">OTTICA CONSONNI s.r.l.<\/a><span class=\"address\">Via Indipendenza, 2, <br>CALCO <\/br>Itali\u00eb<\/span><\/p><p class=\"aw-single-result-under\"><a href=\"https:\/\/lookadd.com\/pt-pt\/winkel_locaties\/anna-meroni-ottica\/\" title=\"ANNA MERONI OTTICA\">ANNA MERONI OTTICA<\/a><span class=\"address\">Via Garibaldi, 116, <br>S. MARIA ROSSA GARBAGNATE <\/br>Itali\u00eb<\/span><\/p><p class=\"aw-single-result-under\"><a href=\"https:\/\/lookadd.com\/pt-pt\/winkel_locaties\/m-m-foto-ottica-di-giorgio-morelli\/\" title=\"M. M. FOTO OTTICA di Giorgio Morelli\">M. M. FOTO OTTICA di Giorgio Morelli<\/a><span class=\"address\">Viale Monza, 149, <br>MILANO <\/br>Itali\u00eb<\/span><\/p><p class=\"aw-single-result-under\"><a href=\"https:\/\/lookadd.com\/pt-pt\/winkel_locaties\/ottica-ravelli-di-ravelli-cristina\/\" title=\"OTTICA RAVELLI di Ravelli Cristina\">OTTICA RAVELLI di Ravelli Cristina<\/a><span class=\"address\">Corso Mazzini, 17, <br>MAROSTICA <\/br>Itali\u00eb<\/span><\/p><p class=\"aw-single-result-under\"><a href=\"https:\/\/lookadd.com\/pt-pt\/winkel_locaties\/ottica-savoldi-s-a-s-di-savoldi-guja-e-c\/\" title=\"OTTICA SAVOLDI s.a.s. di Savoldi Guja e C.\">OTTICA SAVOLDI s.a.s. di Savoldi Guja e C.<\/a><span class=\"address\">Via Paleocapa ,3\/C, <br>BERGAMO <\/br>Itali\u00eb<\/span><\/p><p class=\"aw-single-result-under\"><a href=\"https:\/\/lookadd.com\/pt-pt\/winkel_locaties\/ottica-grandi-di-curcio-c-c-s-n-c\/\" title=\"OTTICA GRANDI di Curcio C. &#038; C. s.n.c.\">OTTICA GRANDI di Curcio C. &#038; C. s.n.c.<\/a><span class=\"address\">Via Favaron, 68\/B, <br>NOVA MILANESE <\/br>Itali\u00eb<\/span><\/p><p class=\"aw-single-result-under\"><a href=\"https:\/\/lookadd.com\/pt-pt\/winkel_locaties\/nobil-foto-studio-di-marini-massimo-e-c-s-a-s\/\" title=\"NOBIL FOTO STUDIO di Marini Massimo e C. s.a.s.\">NOBIL FOTO STUDIO di Marini Massimo e C. s.a.s.<\/a><span class=\"address\">Via Carlo Rota , 60, <br>MONZA <\/br>Itali\u00eb<\/span><\/p><p class=\"aw-single-result-under\"><a href=\"https:\/\/lookadd.com\/pt-pt\/winkel_locaties\/ottica-di-maio-s-a-s-di-di-maio-g-c\/\" title=\"OTTICA DI MAIO s.a.s. di Di Maio G.&#038; C.\">OTTICA DI MAIO s.a.s. di Di Maio G.&#038; C.<\/a><span class=\"address\">C.so Umberto I ,331, <br>CAVA DE' TIRRENI <\/br>Itali\u00eb<\/span><\/p><p class=\"aw-single-result-under\"><a href=\"https:\/\/lookadd.com\/pt-pt\/winkel_locaties\/locchiale-di-sarzi-puttini-luca\/\" title=\"L&#8217;OCCHIALE di Sarzi Puttini Luca\">L&#8217;OCCHIALE di Sarzi Puttini Luca<\/a><span class=\"address\">Via Chiassi,72, <br>MANTOVA <\/br>Itali\u00eb<\/span><\/p><p class=\"aw-single-result-under\"><a href=\"https:\/\/lookadd.com\/pt-pt\/winkel_locaties\/l-aurelia-di-diomedi-enrico-c-s-n-c\/\" title=\"L&#8217; AURELIA di Diomedi Enrico &#038; C. s.n.c.\">L&#8217; AURELIA di Diomedi Enrico &#038; C. s.n.c.<\/a><span class=\"address\">Via Celeste,23, <br>SANT' ELPIDIO A MARE <\/br>Itali\u00eb<\/span><\/p><p class=\"aw-single-result-under\"><a href=\"https:\/\/lookadd.com\/pt-pt\/winkel_locaties\/optik-di-buttazzo-fatima\/\" title=\"OPTIK di Buttazzo Fatima\">OPTIK di Buttazzo Fatima<\/a><span class=\"address\">C.so Roma, 33, <br>GALLIPOLI <\/br>Itali\u00eb<\/span><\/p><p class=\"aw-single-result-under\"><a href=\"https:\/\/lookadd.com\/pt-pt\/winkel_locaties\/biasolo-ottica-di-vittorino-biasolo\/\" title=\"BIASOLO OTTICA di Vittorino Biasolo\">BIASOLO OTTICA di Vittorino Biasolo<\/a><span class=\"address\">Piazza Marconi, 3, <br>ARZIGNANO <\/br>Itali\u00eb<\/span><\/p><p class=\"aw-single-result-under\"><a href=\"https:\/\/lookadd.com\/pt-pt\/winkel_locaties\/ottica-carraro-di-alessandro-carraro-c-s-n-c\/\" title=\"OTTICA CARRARO di Alessandro Carraro &#038; C. s.n.c.\">OTTICA CARRARO di Alessandro Carraro &#038; C. s.n.c.<\/a><span class=\"address\">Cl. Della Mandola, 3706 S.Marco, <br>VENEZIA <\/br>Itali\u00eb<\/span><\/p><p class=\"aw-single-result-under\"><a href=\"https:\/\/lookadd.com\/pt-pt\/winkel_locaties\/classik-foto-ottica-di-gervasi-claudia\/\" title=\"CLASSIK FOTO OTTICA di Gervasi Claudia\">CLASSIK FOTO OTTICA di Gervasi Claudia<\/a><span class=\"address\">Via Crocifissa Di Rosa, 32, <br>BRESCIA <\/br>Itali\u00eb<\/span><\/p><p class=\"aw-single-result-under\"><a href=\"https:\/\/lookadd.com\/pt-pt\/winkel_locaties\/mottadelli-franco\/\" title=\"MOTTADELLI FRANCO\">MOTTADELLI FRANCO<\/a><span class=\"address\">Via M. Preda, 13, <br>VERANO BRIANZA <\/br>Itali\u00eb<\/span><\/p><p class=\"aw-single-result-under\"><a href=\"https:\/\/lookadd.com\/pt-pt\/winkel_locaties\/ottica-molinari-paolo\/\" title=\"OTTICA MOLINARI PAOLO\">OTTICA MOLINARI PAOLO<\/a><span class=\"address\">Piazza Vittoria, 11, <br>TREVISO <\/br>Itali\u00eb<\/span><\/p><p class=\"aw-single-result-under\"><a href=\"https:\/\/lookadd.com\/pt-pt\/winkel_locaties\/studio-ottico-bluvision-s-a-s-di-marelli-gaiani-e-c\/\" title=\"STUDIO OTTICO BLUVISION s.a.s. di Marelli, Gaiani e C.\">STUDIO OTTICO BLUVISION s.a.s. di Marelli, Gaiani e C.<\/a><span class=\"address\">Via Milano, 51, <br>CANTU' <\/br>Itali\u00eb<\/span><\/p><p class=\"aw-single-result-under\"><a href=\"https:\/\/lookadd.com\/pt-pt\/winkel_locaties\/rossin-optik-s-r-l\/\" title=\"ROSSIN OPTIK s.r.l.\">ROSSIN OPTIK s.r.l.<\/a><span class=\"address\">Via Milano, 44, <br>NERVIANO <\/br>Itali\u00eb<\/span><\/p><p class=\"aw-single-result-under\"><a href=\"https:\/\/lookadd.com\/pt-pt\/winkel_locaties\/ottica-brambillas-r-l\/\" title=\"OTTICA BRAMBILLAs.r.l.\">OTTICA BRAMBILLAs.r.l.<\/a><span class=\"address\">Via Italia, 7, <br>GORGONZOLA <\/br>Itali\u00eb<\/span><\/p><p class=\"aw-single-result-under\"><a href=\"https:\/\/lookadd.com\/pt-pt\/winkel_locaties\/nuove-visioni-di-turconi-luigi\/\" title=\"NUOVE VISIONI di Turconi Luigi\">NUOVE VISIONI di Turconi Luigi<\/a><span class=\"address\">Via E. Filiberto Duca D'Aosta, 4, <br>MOZZATE <\/br>Itali\u00eb<\/span><\/p><p class=\"aw-single-result-under\"><a href=\"https:\/\/lookadd.com\/pt-pt\/winkel_locaties\/morelli-gioielleria-ottica-s-r-l\/\" title=\"MORELLI GIOIELLERIA OTTICA s.r.l.\">MORELLI GIOIELLERIA OTTICA s.r.l.<\/a><span class=\"address\">Via XXIX Maggio, 52\/54, <br>LEGNANO <\/br>Itali\u00eb<\/span><\/p><p class=\"aw-single-result-under\"><a href=\"https:\/\/lookadd.com\/pt-pt\/winkel_locaties\/ottica-vidori-gaetano-di-daniele-e-davide-vidori-s-n-c\/\" title=\"OTTICA VIDORI GAETANO di Daniele e Davide Vidori s.n.c.\">OTTICA VIDORI GAETANO di Daniele e Davide Vidori s.n.c.<\/a><span class=\"address\">Via XX Settembre, 46\/A, <br>LURATE CACCIVIO <\/br>Itali\u00eb<\/span><\/p><p class=\"aw-single-result-under\"><a href=\"https:\/\/lookadd.com\/pt-pt\/winkel_locaties\/centro-ottico-di-brugnoli-f\/\" title=\"CENTRO OTTICO di Brugnoli F.\">CENTRO OTTICO di Brugnoli F.<\/a><span class=\"address\">Via Italia, 8\/10, <br>MACHERIO <\/br>Itali\u00eb<\/span><\/p><p class=\"aw-single-result-under\"><a href=\"https:\/\/lookadd.com\/pt-pt\/winkel_locaties\/ottica-giorgio-cancellieri\/\" title=\"OTTICA GIORGIO CANCELLIERI\">OTTICA GIORGIO CANCELLIERI<\/a><span class=\"address\">Viale Monte Nero, 31, <br>MILANO <\/br>Itali\u00eb<\/span><\/p><p class=\"aw-single-result-under\"><a href=\"https:\/\/lookadd.com\/pt-pt\/winkel_locaties\/centro-ottico-cappelli-di-andrea-cappelli-e-c-s-n-c\/\" title=\"CENTRO OTTICO CAPPELLI di Andrea Cappelli e C. s.n.c.\">CENTRO OTTICO CAPPELLI di Andrea Cappelli e C. s.n.c.<\/a><span class=\"address\">Corso Mazzini,24\/26, <br>CREMONA <\/br>Itali\u00eb<\/span><\/p><p class=\"aw-single-result-under\"><a href=\"https:\/\/lookadd.com\/pt-pt\/winkel_locaties\/ottica-messina-di-francesca-messina\/\" title=\"OTTICA MESSINA di Francesca Messina\">OTTICA MESSINA di Francesca Messina<\/a><span class=\"address\">Via Stella, 7\/9, <br>BATTIPAGLIA <\/br>Itali\u00eb<\/span><\/p><p class=\"aw-single-result-under\"><a href=\"https:\/\/lookadd.com\/pt-pt\/winkel_locaties\/ottica-marti-s-r-l\/\" title=\"OTTICA MARTI s.r.l.\">OTTICA MARTI s.r.l.<\/a><span class=\"address\">Via Madoona delle Grazie, <br>TERMOLI <\/br>Itali\u00eb<\/span><\/p><p class=\"aw-single-result-under\"><a href=\"https:\/\/lookadd.com\/pt-pt\/winkel_locaties\/tulli-foto-ottica-di-tulli-stefano\/\" title=\"TULLI FOTO OTTICA di Tulli Stefano\">TULLI FOTO OTTICA di Tulli Stefano<\/a><span class=\"address\">Via G. Matteotti,32, <br>ANZIO <\/br>Itali\u00eb<\/span><\/p><p class=\"aw-single-result-under\"><a href=\"https:\/\/lookadd.com\/pt-pt\/winkel_locaties\/ottica-curci-s-r-l\/\" title=\"OTTICA CURCI s.r.l.\">OTTICA CURCI s.r.l.<\/a><span class=\"address\">Via Cintia, 43, <br>RIETI <\/br>Itali\u00eb<\/span><\/p><p class=\"aw-single-result-under\"><a href=\"https:\/\/lookadd.com\/pt-pt\/winkel_locaties\/ottica-le-pupille-s-r-l\/\" title=\"OTTICA LE PUPILLE s.r.l.\">OTTICA LE PUPILLE s.r.l.<\/a><span class=\"address\">Via Mario Angeloni , 74\/B, <br>PERUGIA <\/br>Itali\u00eb<\/span><\/p><p class=\"aw-single-result-under\"><a href=\"https:\/\/lookadd.com\/pt-pt\/winkel_locaties\/soverini-s-n-c-di-soverini-renato-angelo-e-fiocchi-anna-m\/\" title=\"SOVERINI s.n.c. di Soverini Renato, Angelo e Fiocchi Anna M.\">SOVERINI s.n.c. di Soverini Renato, Angelo e Fiocchi Anna M.<\/a><span class=\"address\">Via Riccardina Mezzolara, 110, <br>MEZZOLARA <\/br>Itali\u00eb<\/span><\/p><p class=\"aw-single-result-under\"><a href=\"https:\/\/lookadd.com\/pt-pt\/winkel_locaties\/ottica-bonora-di-ardizzoni-roberto-renzo-s-n-c\/\" title=\"OTTICA BONORA di Ardizzoni Roberto &#038; Renzo s.n.c.\">OTTICA BONORA di Ardizzoni Roberto &#038; Renzo s.n.c.<\/a><span class=\"address\">Via Scandiana, 7, <br>FERRARA <\/br>Itali\u00eb<\/span><\/p><p class=\"aw-single-result-under\"><a href=\"https:\/\/lookadd.com\/pt-pt\/winkel_locaties\/istituto-ottico-s-n-c-di-boselli-c\/\" title=\"ISTITUTO OTTICO s.n.c. di Boselli &#038; C.\">ISTITUTO OTTICO s.n.c. di Boselli &#038; C.<\/a><span class=\"address\">Via Emilia S. Stefano,15\/C, <br>REGGIO EMILIA <\/br>Itali\u00eb<\/span><\/p><p class=\"aw-single-result-under\"><a href=\"https:\/\/lookadd.com\/pt-pt\/winkel_locaties\/ottica-romani-due-s-r-l\/\" title=\"OTTICA ROMANI DUE s.r.l.\">OTTICA ROMANI DUE s.r.l.<\/a><span class=\"address\">Via Piave, 12, <br>TRENTO <\/br>Itali\u00eb<\/span><\/p><p class=\"aw-single-result-under\"><a href=\"https:\/\/lookadd.com\/pt-pt\/winkel_locaties\/monteceneri-ottica-s-n-c-di-pichi-f-g\/\" title=\"MONTECENERI OTTICA s.n.c. di Pichi F. &#038; G.\">MONTECENERI OTTICA s.n.c. di Pichi F. &#038; G.<\/a><span class=\"address\">Via G.A. Plana, 32, <br>MILANO <\/br>Itali\u00eb<\/span><\/p><p class=\"aw-single-result-under\"><a href=\"https:\/\/lookadd.com\/pt-pt\/winkel_locaties\/orottica-di-flavio-mangiavacchi\/\" title=\"OROTTICA di Flavio Mangiavacchi\">OROTTICA di Flavio Mangiavacchi<\/a><span class=\"address\">C.so Garibaldi, 2\/4\/6, <br>SARTEANO <\/br>Itali\u00eb<\/span><\/p><p class=\"aw-single-result-under\"><a href=\"https:\/\/lookadd.com\/pt-pt\/winkel_locaties\/fabiottica-di-lucaroni-fabio\/\" title=\"FABIOTTICA di Lucaroni Fabio\">FABIOTTICA di Lucaroni Fabio<\/a><span class=\"address\">Via Matteotti, 55, <br>LUCIGNANO <\/br>Itali\u00eb<\/span><\/p><p class=\"aw-single-result-under\"><a href=\"https:\/\/lookadd.com\/pt-pt\/winkel_locaties\/ottica-manzoli-lamberto-e-maria-vittoria-s-n-c\/\" title=\"OTTICA MANZOLI Lamberto e Maria Vittoria s.n.c.\">OTTICA MANZOLI Lamberto e Maria Vittoria s.n.c.<\/a><span class=\"address\">P.zza Matteotti,3, <br>OSTIGLIA <\/br>Itali\u00eb<\/span><\/p><p class=\"aw-single-result-under\"><a href=\"https:\/\/lookadd.com\/pt-pt\/winkel_locaties\/ottica-panchetti-di-andrea-panchetti\/\" title=\"OTTICA PANCHETTI di Andrea Panchetti\">OTTICA PANCHETTI di Andrea Panchetti<\/a><span class=\"address\">Via Mazzini , 33-35, <br>BORGO SAN LORENZO <\/br>Itali\u00eb<\/span><\/p><p class=\"aw-single-result-under\"><a href=\"https:\/\/lookadd.com\/pt-pt\/winkel_locaties\/milanese-ottica-di-lombardo-sebastiano\/\" title=\"MILANESE OTTICA di Lombardo Sebastiano\">MILANESE OTTICA di Lombardo Sebastiano<\/a><span class=\"address\">Via Cavour,125, <br>PALERMO <\/br>Itali\u00eb<\/span><\/p><p class=\"aw-single-result-under\"><a href=\"https:\/\/lookadd.com\/pt-pt\/winkel_locaties\/ergovision-di-a-g-piga-s-n-c\/\" title=\"ERGOVISION di A. &#038; G. Piga s.n.c.\">ERGOVISION di A. &#038; G. Piga s.n.c.<\/a><span class=\"address\">Via IMaggio,2, <br>GONNESA <\/br>Itali\u00eb<\/span><\/p><p class=\"aw-single-result-under\"><a href=\"https:\/\/lookadd.com\/pt-pt\/winkel_locaties\/dimensione-vista-di-atzei-donato\/\" title=\"DIMENSIONE VISTA di Atzei Donato\">DIMENSIONE VISTA di Atzei Donato<\/a><span class=\"address\">Via Repubblica, 105, <br>VILLACIDRO <\/br>Itali\u00eb<\/span><\/p><p class=\"aw-single-result-under\"><a href=\"https:\/\/lookadd.com\/pt-pt\/winkel_locaties\/ottica-donofrio-sergio\/\" title=\"OTTICA D&#8217;ONOFRIO SERGIO\">OTTICA D&#8217;ONOFRIO SERGIO<\/a><span class=\"address\">C.so Del Popolo, 12, <br>SPARANISE <\/br>Itali\u00eb<\/span><\/p><p class=\"aw-single-result-under\"><a href=\"https:\/\/lookadd.com\/pt-pt\/winkel_locaties\/solinas-otticadi-enrico-solinas\/\" title=\"SOLINAS OTTICAdi Enrico Solinas\">SOLINAS OTTICAdi Enrico Solinas<\/a><span class=\"address\">Via Manzoni,31-33, <br>ALGHERO <\/br>Itali\u00eb<\/span><\/p><p class=\"aw-single-result-under\"><a href=\"https:\/\/lookadd.com\/pt-pt\/winkel_locaties\/ottica-cialini-di-cialini-marco\/\" title=\"OTTICA CIALINI di Cialini Marco\">OTTICA CIALINI di Cialini Marco<\/a><span class=\"address\">Via Ugo Foscolo, <br>PAGLIARE DEL TRONTO <\/br>Itali\u00eb<\/span><\/p><p class=\"aw-single-result-under\"><a href=\"https:\/\/lookadd.com\/pt-pt\/winkel_locaties\/kloss-optik\/\" title=\"KLOSS OPTIK\">KLOSS OPTIK<\/a><span class=\"address\">Hauptstra\u00dfe, 18, <br>GROSSBOTTWAR <\/br>Duitsland<\/span><\/p><p class=\"aw-single-result-under\"><a href=\"https:\/\/lookadd.com\/pt-pt\/winkel_locaties\/pablo-jose-zamarripa-imaz-optica-argizti\/\" title=\"PABLO JOSE ZAMARRIPA IMAZ- OPTICA ARGIZTI\">PABLO JOSE ZAMARRIPA IMAZ- OPTICA ARGIZTI<\/a><span class=\"address\">Plaza del Triangulo,S\/N, <br>TOLOSA <\/br>Spanje<\/span><\/p><p class=\"aw-single-result-under\"><a href=\"https:\/\/lookadd.com\/pt-pt\/winkel_locaties\/ottica-didona-carmelo\/\" title=\"OTTICA DIDONA CARMELO\">OTTICA DIDONA CARMELO<\/a><span class=\"address\">Via Luigi Giugni, 25, <br>PRAIA A MARE <\/br>Itali\u00eb<\/span><\/p><p class=\"aw-single-result-under\"><a href=\"https:\/\/lookadd.com\/pt-pt\/winkel_locaties\/ottica-albavision-s-n-c-di-marco-leucci-sara-oronzii\/\" title=\"OTTICA ALBAVISION s.n.c. di Marco Leucci &#038; Sara Oronzii\">OTTICA ALBAVISION s.n.c. di Marco Leucci &#038; Sara Oronzii<\/a><span class=\"address\">Via Mazzini, 154B, <br>ALBA ADRIATICA <\/br>Itali\u00eb<\/span><\/p><p class=\"aw-single-result-under\"><a href=\"https:\/\/lookadd.com\/pt-pt\/winkel_locaties\/ottica-nigro-di-nigro-vito-alessandro-2\/\" title=\"OTTICA NIGRO di Nigro Vito Alessandro\">OTTICA NIGRO di Nigro Vito Alessandro<\/a><span class=\"address\">Via Nazionale, 257, <br>PADULA SCALO <\/br>Itali\u00eb<\/span><\/p><p class=\"aw-single-result-under\"><a href=\"https:\/\/lookadd.com\/pt-pt\/winkel_locaties\/foto-ottica-dorlando-di-dorlando-moira\/\" title=\"FOTO OTTICA D&#8217;ORLANDO di D&#8217;Orlando Moira\">FOTO OTTICA D&#8217;ORLANDO di D&#8217;Orlando Moira<\/a><span class=\"address\">Via Marinelli, 12, <br>TARCENTO <\/br>Itali\u00eb<\/span><\/p><p class=\"aw-single-result-under\"><a href=\"https:\/\/lookadd.com\/pt-pt\/winkel_locaties\/reppucci-vittorio-e-giuseppe-ottici-in-avellino-s-r-l\/\" title=\"REPPUCCI VITTORIO E GIUSEPPE OTTICI IN AVELLINO s.r.l.\">REPPUCCI VITTORIO E GIUSEPPE OTTICI IN AVELLINO s.r.l.<\/a><span class=\"address\">Via Zigarelli, 10, <br>AVELLINO <\/br>Itali\u00eb<\/span><\/p><p class=\"aw-single-result-under\"><a href=\"https:\/\/lookadd.com\/pt-pt\/winkel_locaties\/ottica-ferrara-giuseppe\/\" title=\"OTTICA FERRARA GIUSEPPE\">OTTICA FERRARA GIUSEPPE<\/a><span class=\"address\">Via Mariano Stabile, 206, <br>PALERMO <\/br>Itali\u00eb<\/span><\/p><p class=\"aw-single-result-under\"><a href=\"https:\/\/lookadd.com\/pt-pt\/winkel_locaties\/poliottica-s-r-l\/\" title=\"POLIOTTICA s.r.l.\">POLIOTTICA s.r.l.<\/a><span class=\"address\">Via Roma, 43, <br>TORRE DEL GRECO <\/br>Itali\u00eb<\/span><\/p><p class=\"aw-single-result-under\"><a href=\"https:\/\/lookadd.com\/pt-pt\/winkel_locaties\/pistoia-optical-design-s-r-l-s\/\" title=\"PISTOIA OPTICAL DESIGN s.r.l.s.\">PISTOIA OPTICAL DESIGN s.r.l.s.<\/a><span class=\"address\">Via Carratica, 24, <br>PISTOIA <\/br>Itali\u00eb<\/span><\/p><p class=\"aw-single-result-under\"><a href=\"https:\/\/lookadd.com\/pt-pt\/winkel_locaties\/ehc-s-r-l-s-di-suma-maria-cristina\/\" title=\"EHC s.r.l.s.di Suma Maria Cristina\">EHC s.r.l.s.di Suma Maria Cristina<\/a><span class=\"address\">Via Bologna, 27, <br>CENTO <\/br>Itali\u00eb<\/span><\/p><p class=\"aw-single-result-under\"><a href=\"https:\/\/lookadd.com\/pt-pt\/winkel_locaties\/ottica-di-capua-simone\/\" title=\"OTTICA di Capua Simone\">OTTICA di Capua Simone<\/a><span class=\"address\">Via Lorenzo D'Amalfi, 40, <br>AMALFI <\/br>Itali\u00eb<\/span><\/p><p class=\"aw-single-result-under\"><a href=\"https:\/\/lookadd.com\/pt-pt\/winkel_locaties\/ottico-del-centro-di-la-torre-rudi\/\" title=\"OTTICO DEL CENTRO di La Torre Rudi\">OTTICO DEL CENTRO di La Torre Rudi<\/a><span class=\"address\">Via Lungolago Matteotti, 4, <br>PORLEZZA <\/br>Itali\u00eb<\/span><\/p><p class=\"aw-single-result-under\"><a href=\"https:\/\/lookadd.com\/pt-pt\/winkel_locaties\/ottica-v-a-carturan-s-r-l\/\" title=\"OTTICA V.A. CARTURAN s.r.l.\">OTTICA V.A. CARTURAN s.r.l.<\/a><span class=\"address\">Via Roma, 6, <br>TRIESTE <\/br>Itali\u00eb<\/span><\/p><p class=\"aw-single-result-under\"><a href=\"https:\/\/lookadd.com\/pt-pt\/winkel_locaties\/new-ottica-de-simone-s-a-s-di-de-simone-r-c\/\" title=\"NEW OTTICA DE SIMONE s.a.s. di De Simone R.&#038; C.\">NEW OTTICA DE SIMONE s.a.s. di De Simone R.&#038; C.<\/a><span class=\"address\">V.le Nettuno, 10 A, <br>FRANCAVILLA AL MARE <\/br>Itali\u00eb<\/span><\/p><p class=\"aw-single-result-under\"><a href=\"https:\/\/lookadd.com\/pt-pt\/winkel_locaties\/polzotto-luigi-stilo-ottica\/\" title=\"POLZOTTO LUIGI STILO OTTICA\">POLZOTTO LUIGI STILO OTTICA<\/a><span class=\"address\">P.zza Vittoria Mercato Ipogeo, <br>PAVIA <\/br>Itali\u00eb<\/span><\/p><p class=\"aw-single-result-under\"><a href=\"https:\/\/lookadd.com\/pt-pt\/winkel_locaties\/ottica-peroni-di-peroni-francesco\/\" title=\"OTTICA PERONI di Peroni Francesco\">OTTICA PERONI di Peroni Francesco<\/a><span class=\"address\">C.so Umberto I, 66, <br>CIVITANOVA MARCHE <\/br>Itali\u00eb<\/span><\/p><p class=\"aw-single-result-under\"><a href=\"https:\/\/lookadd.com\/pt-pt\/winkel_locaties\/ottica-d-m-di-schirone-margherita-c-s-n-c\/\" title=\"OTTICA D.M. di Schirone Margherita &#038; C. s.n.c.\">OTTICA D.M. di Schirone Margherita &#038; C. s.n.c.<\/a><span class=\"address\">Via Tangorra, 31, <br>VENOSA <\/br>Itali\u00eb<\/span><\/p><p class=\"aw-single-result-under\"><a href=\"https:\/\/lookadd.com\/pt-pt\/winkel_locaties\/centro-vista-g-g-s-r-l\/\" title=\"CENTRO VISTA G.&#038; G. s.r.l.\">CENTRO VISTA G.&#038; G. s.r.l.<\/a><span class=\"address\">P.le Europa, 1\/B, <br>ODERZO <\/br>Itali\u00eb<\/span><\/p><p class=\"aw-single-result-under\"><a href=\"https:\/\/lookadd.com\/pt-pt\/winkel_locaties\/ottica-colli-s-n-c-di-colli-daniela-c-2\/\" title=\"OTTICA COLLI s.n.c. di Colli Daniela &#038; C.\">OTTICA COLLI s.n.c. di Colli Daniela &#038; C.<\/a><span class=\"address\">Via Curzi, 44, <br>SAN BENEDETTO DEL TRONTO <\/br>Itali\u00eb<\/span><\/p><p class=\"aw-single-result-under\"><a href=\"https:\/\/lookadd.com\/pt-pt\/winkel_locaties\/ottica-lorenzo-capello-s-r-l\/\" title=\"OTTICA LORENZO CAPELLO s.r.l.\">OTTICA LORENZO CAPELLO s.r.l.<\/a><span class=\"address\">Via Martiri della Libert\u00e0, 82, <br>TREVISO <\/br>Itali\u00eb<\/span><\/p><p class=\"aw-single-result-under\"><a href=\"https:\/\/lookadd.com\/pt-pt\/winkel_locaties\/ottica-visus-di-santarelli-stefano-e-grelli-stefania-s-n-c\/\" title=\"OTTICA VISUS di Santarelli Stefano e Grelli Stefania s.n.c.\">OTTICA VISUS di Santarelli Stefano e Grelli Stefania s.n.c.<\/a><span class=\"address\">V.le De Gasperi, 185, <br>MONTEPRANDONE <\/br>Itali\u00eb<\/span><\/p><p class=\"aw-single-result-under\"><a href=\"https:\/\/lookadd.com\/pt-pt\/winkel_locaties\/ottica-cosentino-di-luigi-maria-cosentino\/\" title=\"OTTICA COSENTINO di Luigi Maria Cosentino\">OTTICA COSENTINO di Luigi Maria Cosentino<\/a><span class=\"address\">Via Umberto I, 6, <br>QUARTU SANT'ELENA <\/br>Itali\u00eb<\/span><\/p><p class=\"aw-single-result-under\"><a href=\"https:\/\/lookadd.com\/pt-pt\/winkel_locaties\/ottica-colli-s-n-c-di-colli-daniela-c\/\" title=\"OTTICA COLLI s.n.c. di Colli Daniela &#038; C.\">OTTICA COLLI s.n.c. di Colli Daniela &#038; C.<\/a><span class=\"address\">C.so Mazzini, 17, <br>GROTTAMMARE <\/br>Itali\u00eb<\/span><\/p><p class=\"aw-single-result-under\"><a href=\"https:\/\/lookadd.com\/pt-pt\/winkel_locaties\/ottica-abc-di-sgalla-sergio-e-c-s-n-c\/\" title=\"OTTICA ABC di Sgalla Sergio e C. s.n.c.\">OTTICA ABC di Sgalla Sergio e C. s.n.c.<\/a><span class=\"address\">Via Brecce Bianche,68\/G, <br>ANCONA <\/br>Itali\u00eb<\/span><\/p><p class=\"aw-single-result-under\"><a href=\"https:\/\/lookadd.com\/pt-pt\/winkel_locaties\/friulvista-s-r-l\/\" title=\"FRIULVISTA s.r.l.\">FRIULVISTA s.r.l.<\/a><span class=\"address\">Via Forni Di Sotto, 2\/C, <br>TOLMEZZO <\/br>Itali\u00eb<\/span><\/p><p class=\"aw-single-result-under\"><a href=\"https:\/\/lookadd.com\/pt-pt\/winkel_locaties\/davoli-bernardi-s-r-l\/\" title=\"DAVOLI &#038; BERNARDI s.r.l.\">DAVOLI &#038; BERNARDI s.r.l.<\/a><span class=\"address\">Via Robert Musil, 8, <br>ROMA <\/br>Itali\u00eb<\/span><\/p><p class=\"aw-single-result-under\"><a href=\"https:\/\/lookadd.com\/pt-pt\/winkel_locaties\/ottica-servadio-s-n-c-di-servadio-roberto-c\/\" title=\"OTTICA SERVADIO s.n.c. di Servadio Roberto &#038; C.\">OTTICA SERVADIO s.n.c. di Servadio Roberto &#038; C.<\/a><span class=\"address\">Via Venezia, 12, <br>PESCARA <\/br>Itali\u00eb<\/span><\/p><p class=\"aw-single-result-under\"><a href=\"https:\/\/lookadd.com\/pt-pt\/winkel_locaties\/centro-ottico-specialistico-di-de-gabrielis-massimo\/\" title=\"CENTRO OTTICO SPECIALISTICO di De Gabrielis Massimo\">CENTRO OTTICO SPECIALISTICO di De Gabrielis Massimo<\/a><span class=\"address\">Piazza della Libert\u00e0,26, <br>ROSETO DEGLI ABRUZZI <\/br>Itali\u00eb<\/span><\/p><p class=\"aw-single-result-under\"><a href=\"https:\/\/lookadd.com\/pt-pt\/winkel_locaties\/ottica-notaro-marco\/\" title=\"OTTICA NOTARO MARCO\">OTTICA NOTARO MARCO<\/a><span class=\"address\">Via Tharros, 9, <br>CABRAS <\/br>Itali\u00eb<\/span><\/p><p class=\"aw-single-result-under\"><a href=\"https:\/\/lookadd.com\/pt-pt\/winkel_locaties\/ottica-fodale\/\" title=\"OTTICA FODALE\">OTTICA FODALE<\/a><span class=\"address\">Via Archi, 106, <br>TRAPANI <\/br>Itali\u00eb<\/span><\/p><p class=\"aw-single-result-under\"><a href=\"https:\/\/lookadd.com\/pt-pt\/winkel_locaties\/ottica-dr-s-a-s-di-de-luca-roberto-c\/\" title=\"OTTICA DR s.a.s. di De Luca Roberto &#038; c.\">OTTICA DR s.a.s. di De Luca Roberto &#038; c.<\/a><span class=\"address\">Via Giacometti,10, <br>SANT'ANGELO IN LIZZOLA <\/br>Itali\u00eb<\/span><\/p><p class=\"aw-single-result-under\"><a href=\"https:\/\/lookadd.com\/pt-pt\/winkel_locaties\/ottica-celli-di-volpe-donatello\/\" title=\"OTTICA CELLI di Volpe Donatello\">OTTICA CELLI di Volpe Donatello<\/a><span class=\"address\">Via Leopoldo Muzii, 78, <br>PESCARA <\/br>Itali\u00eb<\/span><\/p><p class=\"aw-single-result-under\"><a href=\"https:\/\/lookadd.com\/pt-pt\/winkel_locaties\/amendola-ottica-di-luigi-amendola\/\" title=\"AMENDOLA OTTICA di Luigi Amendola\">AMENDOLA OTTICA di Luigi Amendola<\/a><span class=\"address\">Via Cesarano, 59\/61, <br>PAGANI <\/br>Itali\u00eb<\/span><\/p><p class=\"aw-single-result-under\"><a href=\"https:\/\/lookadd.com\/pt-pt\/winkel_locaties\/foscarini-ottica-di-arianna-foscarini\/\" title=\"FOSCARINI OTTICA di Arianna Foscarini\">FOSCARINI OTTICA di Arianna Foscarini<\/a><span class=\"address\">Borgo Belvigo, 53, <br>THIENE <\/br>Itali\u00eb<\/span><\/p><p class=\"aw-single-result-under\"><a href=\"https:\/\/lookadd.com\/pt-pt\/winkel_locaties\/ottica-foto-vardelli-di-valeria-vardelli\/\" title=\"OTTICA FOTO VARDELLI di Valeria Vardelli\">OTTICA FOTO VARDELLI di Valeria Vardelli<\/a><span class=\"address\">Via Emilia, 167\/A, <br>ROVELETO DI CADEO <\/br>Itali\u00eb<\/span><\/p><p class=\"aw-single-result-under\"><a href=\"https:\/\/lookadd.com\/pt-pt\/winkel_locaties\/ottica-garibaldi-bruno-simone\/\" title=\"OTTICA GARIBALDI &#8211; Bruno Simone\">OTTICA GARIBALDI &#8211; Bruno Simone<\/a><span class=\"address\">Corso Giuseppe Garibaldi, 7, <br>PAVIA <\/br>Itali\u00eb<\/span><\/p><p class=\"aw-single-result-under\"><a href=\"https:\/\/lookadd.com\/pt-pt\/winkel_locaties\/ottica-menghini-di-gabbanelli-michela\/\" title=\"OTTICA MENGHINI DI Gabbanelli Michela\">OTTICA MENGHINI DI Gabbanelli Michela<\/a><span class=\"address\">C.so Matteotti, 7, <br>PORTO RECANATI <\/br>Itali\u00eb<\/span><\/p><p class=\"aw-single-result-under\"><a href=\"https:\/\/lookadd.com\/pt-pt\/winkel_locaties\/studio-ottico-di-giovanna-scanu\/\" title=\"STUDIO OTTICO di Giovanna Scanu\">STUDIO OTTICO di Giovanna Scanu<\/a><span class=\"address\">Via Cavour, 51\/A, <br>SASSARI <\/br>Itali\u00eb<\/span><\/p><p class=\"aw-single-result-under\"><a href=\"https:\/\/lookadd.com\/pt-pt\/winkel_locaties\/ottica-claudio-pipolo\/\" title=\"OTTICA CLAUDIO PIPOLO\">OTTICA CLAUDIO PIPOLO<\/a><span class=\"address\">Via Avv. Francesco Reggine, 29, <br>FORIO D' ISCHIA <\/br>Itali\u00eb<\/span><\/p><p class=\"aw-single-result-under\"><a href=\"https:\/\/lookadd.com\/pt-pt\/winkel_locaties\/ottica-minno-di-minno-oronzo\/\" title=\"OTTICA MINNO di Minno Oronzo\">OTTICA MINNO di Minno Oronzo<\/a><span class=\"address\">Viale Aldo Moro, 135, <br>BRINDISI <\/br>Itali\u00eb<\/span><\/p><p class=\"aw-single-result-under\"><a href=\"https:\/\/lookadd.com\/pt-pt\/winkel_locaties\/ottica-di-ferdinando-s-n-c-di-massimo-di-ferdinando-c\/\" title=\"OTTICA DI FERDINANDO s.n.c. di Massimo dI Ferdinando &#038; C.\">OTTICA DI FERDINANDO s.n.c. di Massimo dI Ferdinando &#038; C.<\/a><span class=\"address\">C.so Mazzini, 178, <br>ASCOLI PICENO <\/br>Itali\u00eb<\/span><\/p><p class=\"aw-single-result-under\"><a href=\"https:\/\/lookadd.com\/pt-pt\/winkel_locaties\/nuova-optical-cremona-service-s-n-c\/\" title=\"NUOVA OPTICAL CREMONA SERVICE s.n.c.\">NUOVA OPTICAL CREMONA SERVICE s.n.c.<\/a><span class=\"address\">Corso L.Da Vinci, 48, <br>GALLARATE <\/br>Itali\u00eb<\/span><\/p><p class=\"aw-single-result-under\"><a href=\"https:\/\/lookadd.com\/pt-pt\/winkel_locaties\/ottica-expo-di-durinzi-antonio-c-s-n-c\/\" title=\"OTTICA EXPO&#8217; di Durinzi Antonio &#038; C. s.n.c.\">OTTICA EXPO&#8217; di Durinzi Antonio &#038; C. s.n.c.<\/a><span class=\"address\">V.le Indipendenza, 59, <br>ASCOLI PICENO <\/br>Itali\u00eb<\/span><\/p><p class=\"aw-single-result-under\"><a href=\"https:\/\/lookadd.com\/pt-pt\/winkel_locaties\/fey-eye-2\/\" title=\"FEY &#038;EYE\">FEY &#038;EYE<\/a><span class=\"address\">Hauptstrasse, 39, <br>EBERMANNSTADT <\/br>Duitsland<\/span><\/p><p class=\"aw-single-result-under\"><a href=\"https:\/\/lookadd.com\/pt-pt\/winkel_locaties\/corporacion-optica-del-pireneo\/\" title=\"CORPORACION OPTICA DEL PIRENEO\">CORPORACION OPTICA DEL PIRENEO<\/a><span class=\"address\">C\/ Ciutat De Lleida, 2, <br>EL PONT DE SUERT <\/br>Spanje<\/span><\/p><p class=\"aw-single-result-under\"><a href=\"https:\/\/lookadd.com\/pt-pt\/winkel_locaties\/sergio-gonzales-pardillo\/\" title=\"SERGIO GONZALES PARDILLO\">SERGIO GONZALES PARDILLO<\/a><span class=\"address\">C\/Candilas, 27, <br>LA LAGUNA - TENERIFE <\/br>Spanje<\/span><\/p><p class=\"aw-single-result-under\"><a href=\"https:\/\/lookadd.com\/pt-pt\/winkel_locaties\/optik-lampe-gmbh\/\" title=\"OPTIK LAMPE GmbH\">OPTIK LAMPE GmbH<\/a><span class=\"address\">St.George Str.6, <br>FUERSTENAU <\/br>Duitsland<\/span><\/p><p class=\"aw-single-result-under\"><a href=\"https:\/\/lookadd.com\/pt-pt\/winkel_locaties\/san-ramon-vision-s-l\/\" title=\"SAN RAMON VISION S.L.\">SAN RAMON VISION S.L.<\/a><span class=\"address\">C\/ Corona de Aragon, 3, <br>BARBASTRO <\/br>Spanje<\/span><\/p><p class=\"aw-single-result-under\"><a href=\"https:\/\/lookadd.com\/pt-pt\/winkel_locaties\/xavier-vivas-s-l\/\" title=\"XAVIER VIVAS S.L.\">XAVIER VIVAS S.L.<\/a><span class=\"address\">C\/Avda Les Garrigues, 13, <br>LLEIDA <\/br>Spanje<\/span><\/p><p class=\"aw-single-result-under\"><a href=\"https:\/\/lookadd.com\/pt-pt\/winkel_locaties\/eje-visual-s-l-federoptics-mon-visio\/\" title=\"EJE VISUAL S.L. &#8211; FEDEROPTICS M\u00d3N VISI\u00d3\">EJE VISUAL S.L. &#8211; FEDEROPTICS M\u00d3N VISI\u00d3<\/a><span class=\"address\">C\/ Sebastian Rubi, 11, <br>MANACOR <\/br>Spanje<\/span><\/p><p class=\"aw-single-result-under\"><a href=\"https:\/\/lookadd.com\/pt-pt\/winkel_locaties\/centre-optic-del-valles\/\" title=\"CENTRE OPTIC DEL VALLES\">CENTRE OPTIC DEL VALLES<\/a><span class=\"address\">C\/ Calabria, 55-57, <br>LA GARRIGA <\/br>Spanje<\/span><\/p><p class=\"aw-single-result-under\"><a href=\"https:\/\/lookadd.com\/pt-pt\/winkel_locaties\/optica-p-manso\/\" title=\"OPTICA P. MANSO\">OPTICA P. MANSO<\/a><span class=\"address\">Paseo De Irizar, 2, <br>BERGARA <\/br>Spanje<\/span><\/p><p class=\"aw-single-result-under\"><a href=\"https:\/\/lookadd.com\/pt-pt\/winkel_locaties\/optica-luis-rius-noguera\/\" title=\"OPTICA LUIS RIUS NOGUERA\">OPTICA LUIS RIUS NOGUERA<\/a><span class=\"address\">Soldevila, 10, <br>TREMP <\/br>Spanje<\/span><\/p><p class=\"aw-single-result-under\"><a href=\"https:\/\/lookadd.com\/pt-pt\/winkel_locaties\/maria-angeles-hierro-lopez-de-arbina\/\" title=\"MARIA ANGELES HIERRO LOPEZ DE ARBINA\">MARIA ANGELES HIERRO LOPEZ DE ARBINA<\/a><span class=\"address\">Plaza Herriko, 9, <br>LAUDIO \/ LLODIO <\/br>Spanje<\/span><\/p><p class=\"aw-single-result-under\"><a href=\"https:\/\/lookadd.com\/pt-pt\/winkel_locaties\/itze-optica\/\" title=\"ITZE OPTICA\">ITZE OPTICA<\/a><span class=\"address\">Probaleku, 7, <br>ERMUA <\/br>Spanje<\/span><\/p><p class=\"aw-single-result-under\"><a href=\"https:\/\/lookadd.com\/pt-pt\/winkel_locaties\/salvador-planells-torrent\/\" title=\"SALVADOR PLANELLS TORRENT\">SALVADOR PLANELLS TORRENT<\/a><span class=\"address\">Plaza Virgen Maria, 1, <br>BLANES (GI) <\/br>Spanje<\/span><\/p><p class=\"aw-single-result-under\"><a href=\"https:\/\/lookadd.com\/pt-pt\/winkel_locaties\/lepori-ottica\/\" title=\"LEPORI OTTICA\">LEPORI OTTICA<\/a><span class=\"address\">Via Codeborgo, 14, <br>BELLINZONA <\/br>Zwitserland<\/span><\/p><p class=\"aw-single-result-under\"><a href=\"https:\/\/lookadd.com\/pt-pt\/winkel_locaties\/optica-sabater-s-l\/\" title=\"OPTICA SABATER S.L.\">OPTICA SABATER S.L.<\/a><span class=\"address\">Calle Caballero de Rodas, 9, <br>TORREVIEJA <\/br>Spanje<\/span><\/p><p class=\"aw-single-result-under\"><a href=\"https:\/\/lookadd.com\/pt-pt\/winkel_locaties\/optyk-brozek-marcin-brozek\/\" title=\"OPTYK BROZEK MARCIN BROZEK\">OPTYK BROZEK MARCIN BROZEK<\/a><span class=\"address\">Czarnowiejska, 7\/8, <br>KRAKOW <\/br>Polen<\/span><\/p><p class=\"aw-single-result-under\"><a href=\"https:\/\/lookadd.com\/pt-pt\/winkel_locaties\/optyk-bartosz-pietryga\/\" title=\"OPTYK BARTOSZ PIETRYGA\">OPTYK BARTOSZ PIETRYGA<\/a><span class=\"address\">Grabowska, 6, <br>POZNAN <\/br>Polen<\/span><\/p><p class=\"aw-single-result-under\"><a href=\"https:\/\/lookadd.com\/pt-pt\/winkel_locaties\/maria-isabel-chiriboga-acosta-s-l-u\/\" title=\"MARIA ISABEL CHIRIBOGA ACOSTA S.L.U\">MARIA ISABEL CHIRIBOGA ACOSTA S.L.U<\/a><span class=\"address\">Carretera San Juan Palomares, km 5, <br>MAIRENA DEL ALJARAFE <\/br>Spanje<\/span><\/p><p class=\"aw-single-result-under\"><a href=\"https:\/\/lookadd.com\/pt-pt\/winkel_locaties\/sonia-garcia-salas\/\" title=\"SONIA GARCIA SALAS\">SONIA GARCIA SALAS<\/a><span class=\"address\">Avenida Andalucia, 78, <br>ESTEPONA <\/br>Spanje<\/span><\/p><p class=\"aw-single-result-under\"><a href=\"https:\/\/lookadd.com\/pt-pt\/winkel_locaties\/avevision-s-l\/\" title=\"AVEVISION S.L.\">AVEVISION S.L.<\/a><span class=\"address\">Avd. De Los Boliches,80, <br>FUENGIROLA (MA) <\/br>Spanje<\/span><\/p><p class=\"aw-single-result-under\"><a href=\"https:\/\/lookadd.com\/pt-pt\/winkel_locaties\/suazo-opticos-s-l\/\" title=\"SUAZO OPTICOS S.L.\">SUAZO OPTICOS S.L.<\/a><span class=\"address\">Pza San Augustin, 1, <br>CADIZ <\/br>Spanje<\/span><\/p><p class=\"aw-single-result-under\"><a href=\"https:\/\/lookadd.com\/pt-pt\/winkel_locaties\/maarco-patryk-liszewski\/\" title=\"MAARCO PATRYK LISZEWSKI\">MAARCO PATRYK LISZEWSKI<\/a><span class=\"address\">Ledznska, 14, <br>LEDZINY <\/br>Polen<\/span><\/p><p class=\"aw-single-result-under\"><a href=\"https:\/\/lookadd.com\/pt-pt\/winkel_locaties\/staroptic-vition-142-s-l\/\" title=\"STAROPTIC VITION 142 S.L.\">STAROPTIC VITION 142 S.L.<\/a><span class=\"address\">Calle Santuario de Caba\u00f1as, 15, <br>ZARAGOZA <\/br>Spanje<\/span><\/p><p class=\"aw-single-result-under\"><a href=\"https:\/\/lookadd.com\/pt-pt\/winkel_locaties\/rogenmoser-optik\/\" title=\"ROGENMOSER OPTIK\">ROGENMOSER OPTIK<\/a><span class=\"address\">Oberdorfstra\u00dfe, 10, <br>LACHEN <\/br>Zwitserland<\/span><\/p><p class=\"aw-single-result-under\"><a href=\"https:\/\/lookadd.com\/pt-pt\/winkel_locaties\/phu-omatidium-dominik-kunc\/\" title=\"PHU OMATIDIUM DOMINIK KUNC\">PHU OMATIDIUM DOMINIK KUNC<\/a><span class=\"address\">Kosciuszki, 142\/3, <br>WROCLAW <\/br>Polen<\/span><\/p><p class=\"aw-single-result-under\"><a href=\"https:\/\/lookadd.com\/pt-pt\/winkel_locaties\/sedelmayr-optik-und-akustik-gmbh\/\" title=\"SEDELMAYR OPTIK UND AKUSTIK GmbH\">SEDELMAYR OPTIK UND AKUSTIK GmbH<\/a><span class=\"address\">Obertorstra\u00dfe, 42, <br>SCHL\u00dcCHTERN <\/br>Duitsland<\/span><\/p><p class=\"aw-single-result-under\"><a href=\"https:\/\/lookadd.com\/pt-pt\/winkel_locaties\/optissimo-worb-gmbh\/\" title=\"OPTISSIMO WORB GmbH\">OPTISSIMO WORB GmbH<\/a><span class=\"address\">Bernstrasse, 23, <br>WORB <\/br>Zwitserland<\/span><\/p><p class=\"aw-single-result-under\"><a href=\"https:\/\/lookadd.com\/pt-pt\/winkel_locaties\/poradnia-okulisty-z-pracownia-optyczna\/\" title=\"PORADNIA OKULISTY.Z PRACOWNIA OPTYCZNA\">PORADNIA OKULISTY.Z PRACOWNIA OPTYCZNA<\/a><span class=\"address\">Ul. Zmenhofa, 9, <br>WIELUN <\/br>Polen<\/span><\/p><p class=\"aw-single-result-under\"><a href=\"https:\/\/lookadd.com\/pt-pt\/winkel_locaties\/jose-pardo-cayuela\/\" title=\"JOSE PARDO CAYUELA\">JOSE PARDO CAYUELA<\/a><span class=\"address\">C\/ Vereda de Fortuna, 1 LOCAL, <br>CHURRA (MU) <\/br>Spanje<\/span><\/p><p class=\"aw-single-result-under\"><a href=\"https:\/\/lookadd.com\/pt-pt\/winkel_locaties\/optica-pollentia-s-l\/\" title=\"OPTICA POLLENTIA S.L.\">OPTICA POLLENTIA S.L.<\/a><span class=\"address\">Calle Pollentia, 9B, <br>ALCUDIA (IB) <\/br>Spanje<\/span><\/p><p class=\"aw-single-result-under\"><a href=\"https:\/\/lookadd.com\/pt-pt\/winkel_locaties\/perfekt-optik-justyna-wilczek\/\" title=\"PERFEKT OPTIK JUSTYNA WILCZEK\">PERFEKT OPTIK JUSTYNA WILCZEK<\/a><span class=\"address\">Ul. Piastowska, 5A\/4, <br>SWINOUJSCIE <\/br>Polen<\/span><\/p><p class=\"aw-single-result-under\"><a href=\"https:\/\/lookadd.com\/pt-pt\/winkel_locaties\/guerrero-y-gallego-s-l\/\" title=\"GUERRERO Y GALLEGO S.L.\">GUERRERO Y GALLEGO S.L.<\/a><span class=\"address\">C\/Mably, 8, <br>PUERTO LUMBRERA <\/br>Spanje<\/span><\/p><p class=\"aw-single-result-under\"><a href=\"https:\/\/lookadd.com\/pt-pt\/winkel_locaties\/zaklad-optyki-okularowej-jacek-hombek\/\" title=\"ZAKLAD OPTYKI OKULAROWEJ JACEK HOMBEK\">ZAKLAD OPTYKI OKULAROWEJ JACEK HOMBEK<\/a><span class=\"address\">Koscielna, 21, <br>SIEMIANOWICE SLASKIE <\/br>Polen<\/span><\/p><p class=\"aw-single-result-under\"><a href=\"https:\/\/lookadd.com\/pt-pt\/winkel_locaties\/z-w-optimus-jerzy-wysocki\/\" title=\"Z.W. OPTIMUS JERZY WYSOCKI\">Z.W. OPTIMUS JERZY WYSOCKI<\/a><span class=\"address\">Ksiegarska, 18, <br>WROCLAW <\/br>Polen<\/span><\/p><p class=\"aw-single-result-under\"><a href=\"https:\/\/lookadd.com\/pt-pt\/winkel_locaties\/hemming-optik\/\" title=\"HEMMING OPTIK\">HEMMING OPTIK<\/a><span class=\"address\">Westend, 23, <br>BOCHOLT <\/br>Duitsland<\/span><\/p><p class=\"aw-single-result-under\"><a href=\"https:\/\/lookadd.com\/pt-pt\/winkel_locaties\/mordick-servicios-opticos-s-l\/\" title=\"MORDICK SERVICIOS OPTICOS S.L.\">MORDICK SERVICIOS OPTICOS S.L.<\/a><span class=\"address\">Avd. Alcade Enrique Daries, 5, <br>L'ELIANA (VA) <\/br>Spanje<\/span><\/p><p class=\"aw-single-result-under\"><a href=\"https:\/\/lookadd.com\/pt-pt\/winkel_locaties\/orlinscy-salony-optyczne-s-c\/\" title=\"ORLINSCY SALONY OPTYCZNE S.C.\">ORLINSCY SALONY OPTYCZNE S.C.<\/a><span class=\"address\">ul. G\u00f3rczewska , 131\/135, <br>WARSZAWA <\/br>Polen<\/span><\/p><p class=\"aw-single-result-under\"><a href=\"https:\/\/lookadd.com\/pt-pt\/winkel_locaties\/elena-sanchez-irigoyen\/\" title=\"ELENA SANCHEZ IRIGOYEN\">ELENA SANCHEZ IRIGOYEN<\/a><span class=\"address\">C\/ Largonea, 1, <br>LASARTE ORIA <\/br>Spanje<\/span><\/p><p class=\"aw-single-result-under\"><a href=\"https:\/\/lookadd.com\/pt-pt\/winkel_locaties\/bovis-centro-optico-sa\/\" title=\"BOVIS CENTRO OPTICO SA\">BOVIS CENTRO OPTICO SA<\/a><span class=\"address\">C\/ O'Donnell, 20, <br>SEVILLA <\/br>Spanje<\/span><\/p><p class=\"aw-single-result-under\"><a href=\"https:\/\/lookadd.com\/pt-pt\/winkel_locaties\/blanca-gamarra-martinez\/\" title=\"BLANCA GAMARRA MARTINEZ\">BLANCA GAMARRA MARTINEZ<\/a><span class=\"address\">General Alava, 2, <br>VITORIA <\/br>Spanje<\/span><\/p><p class=\"aw-single-result-under\"><a href=\"https:\/\/lookadd.com\/pt-pt\/winkel_locaties\/a-j-opticos-audifonos-s-l\/\" title=\"A.J OPTICOS &#038; AUDIFONOS S.L.\">A.J OPTICOS &#038; AUDIFONOS S.L.<\/a><span class=\"address\">C\/Gran Capitan, 21, <br>GRANADA <\/br>Spanje<\/span><\/p><p class=\"aw-single-result-under\"><a href=\"https:\/\/lookadd.com\/pt-pt\/winkel_locaties\/baja-vision-almeria-s-l\/\" title=\"BAJA VISION ALMERIA S.L.\">BAJA VISION ALMERIA S.L.<\/a><span class=\"address\">Carretera De Ronda, 333, <br>ALMERIA <\/br>Spanje<\/span><\/p><p class=\"aw-single-result-under\"><a href=\"https:\/\/lookadd.com\/pt-pt\/winkel_locaties\/pilar-marin-y-pablo-navarro-cb\/\" title=\"PILAR MARIN Y PABLO NAVARRO CB\">PILAR MARIN Y PABLO NAVARRO CB<\/a><span class=\"address\">Maria Maroto, 14, <br>MURCIA <\/br>Spanje<\/span><\/p><p class=\"aw-single-result-under\"><a href=\"https:\/\/lookadd.com\/pt-pt\/winkel_locaties\/zaklad-optyki-okularowej-katarzyna-brejnak-optyk\/\" title=\"ZAKLAD OPTYKI OKULAROWEJ KATARZYNA BREJNAK OPTYK\">ZAKLAD OPTYKI OKULAROWEJ KATARZYNA BREJNAK OPTYK<\/a><span class=\"address\">Szarych Szeregow, 3, <br>DZIERZONIOW <\/br>Polen<\/span><\/p><p class=\"aw-single-result-under\"><a href=\"https:\/\/lookadd.com\/pt-pt\/winkel_locaties\/opto-med-s-c-m-r-a-plewinscy\/\" title=\"OPTO-MED S.C. M.R.A. PLEWINSCY\">OPTO-MED S.C. M.R.A. PLEWINSCY<\/a><span class=\"address\">Rynek, 9, <br>SWIDNICA <\/br>Polen<\/span><\/p><p class=\"aw-single-result-under\"><a href=\"https:\/\/lookadd.com\/pt-pt\/winkel_locaties\/zaklad-optyczny-stolc-s-c-robert-stolc-i-zygmunt-stolc\/\" title=\"ZAKLAD OPTYCZNY STOLC S.C. ROBERT STOLC I ZYGMUNT STOLC\">ZAKLAD OPTYCZNY STOLC S.C. ROBERT STOLC I ZYGMUNT STOLC<\/a><span class=\"address\">Ul. Adama Mickiewicza, 35, <br>SLUPSK <\/br>Polen<\/span><\/p><p class=\"aw-single-result-under\"><a href=\"https:\/\/lookadd.com\/pt-pt\/winkel_locaties\/zaklad-optyczny-optimed\/\" title=\"ZAKLAD OPTYCZNY OPTIMED\">ZAKLAD OPTYCZNY OPTIMED<\/a><span class=\"address\">Romualda, 3, <br>KIELCE <\/br>Polen<\/span><\/p><p class=\"aw-single-result-under\"><a href=\"https:\/\/lookadd.com\/pt-pt\/winkel_locaties\/pracownia-optyczna-tomasz-pusl\/\" title=\"PRACOWNIA OPTYCZNA TOMASZ PUSL\">PRACOWNIA OPTYCZNA TOMASZ PUSL<\/a><span class=\"address\">Al. Niepodleglosci, 6, <br>ZIELONA GORA <\/br>Polen<\/span><\/p><p class=\"aw-single-result-under\"><a href=\"https:\/\/lookadd.com\/pt-pt\/winkel_locaties\/optyk-fotograf-dorota-nowakowska-jerzy-nowakowski\/\" title=\"OPTYK FOTOGRAF DOROTA NOWAKOWSKA JERZY NOWAKOWSKI\">OPTYK FOTOGRAF DOROTA NOWAKOWSKA JERZY NOWAKOWSKI<\/a><span class=\"address\">Gwiezdna, 27, <br>LEGNICA <\/br>Polen<\/span><\/p><p class=\"aw-single-result-under\"><a href=\"https:\/\/lookadd.com\/pt-pt\/winkel_locaties\/pracownia-optyczna-skylite-mariusz-lepert\/\" title=\"PRACOWNIA OPTYCZNA SKYLITE MARIUSZ LEPERT\">PRACOWNIA OPTYCZNA SKYLITE MARIUSZ LEPERT<\/a><span class=\"address\">Al Wojska Polskiego, 58, <br>SZCZECIN <\/br>Polen<\/span><\/p><p class=\"aw-single-result-under\"><a href=\"https:\/\/lookadd.com\/pt-pt\/winkel_locaties\/centre-optic-vilanova-s-l\/\" title=\"CENTRE OPTIC VILANOVA S.L.\">CENTRE OPTIC VILANOVA S.L.<\/a><span class=\"address\">C\/ Placa Soler I Carbonell, 18, <br>VILANOVA I LA GELTRU <\/br>Spanje<\/span><\/p><p class=\"aw-single-result-under\"><a href=\"https:\/\/lookadd.com\/pt-pt\/winkel_locaties\/zaklad-optyczny-milena-lewalska\/\" title=\"ZAKLAD OPTYCZNY MILENA LEWALSKA\">ZAKLAD OPTYCZNY MILENA LEWALSKA<\/a><span class=\"address\">Zeromskiego, 37 C, <br>SZYTNO <\/br>Polen<\/span><\/p><p class=\"aw-single-result-under\"><a href=\"https:\/\/lookadd.com\/pt-pt\/winkel_locaties\/optometria-orkisz-malgorzata-orkisz\/\" title=\"OPTOMETRIA ORKISZ MALGORZATA ORKISZ\">OPTOMETRIA ORKISZ MALGORZATA ORKISZ<\/a><span class=\"address\">ul. Legionow 107 C\/1U, <br>GDYNIA <\/br>Polen<\/span><\/p><p class=\"aw-single-result-under\"><a href=\"https:\/\/lookadd.com\/pt-pt\/winkel_locaties\/optyka-u-braci-pawel-gabrysiak-wojciech-gabrysiak-s-c\/\" title=\"OPTYKA U BRACI- Pawel Gabrysiak, Wojciech Gabrysiak S.C\">OPTYKA U BRACI- Pawel Gabrysiak, Wojciech Gabrysiak S.C<\/a><span class=\"address\">ul. Mickiewicza 35\/43, <br>LEGIONOWO <\/br>Polen<\/span><\/p><p class=\"aw-single-result-under\"><a href=\"https:\/\/lookadd.com\/pt-pt\/winkel_locaties\/zu-tom-optyka-zuzanna-sztarbal\/\" title=\"ZU TOM OPTYKA ZUZANNA SZTARBAL\">ZU TOM OPTYKA ZUZANNA SZTARBAL<\/a><span class=\"address\">Ul.Kniaziewicza, 16\/A, <br>LODZ <\/br>Polen<\/span><\/p><p class=\"aw-single-result-under\"><a href=\"https:\/\/lookadd.com\/pt-pt\/winkel_locaties\/optyka-okularowa-spec-optyka-d\/\" title=\"OPTYKA OKULAROWA SPEC.OPTYKA D\">OPTYKA OKULAROWA SPEC.OPTYKA D<\/a><span class=\"address\">Lutomierska, 26, <br>LODZ <\/br>Polen<\/span><\/p><p class=\"aw-single-result-under\"><a href=\"https:\/\/lookadd.com\/pt-pt\/winkel_locaties\/lider-optyk\/\" title=\"LIDER OPTYK\">LIDER OPTYK<\/a><span class=\"address\">Al. Jerozolimskie, 179, <br>WARSZAWA <\/br>Polen<\/span><\/p><p class=\"aw-single-result-under\"><a href=\"https:\/\/lookadd.com\/pt-pt\/winkel_locaties\/optimeda-sp-z-o-o\/\" title=\"OPTIMEDA SP. Z O.O.\">OPTIMEDA SP. Z O.O.<\/a><span class=\"address\">Ul. Pulawska, 7\/9, <br>WARSZAWA <\/br>Polen<\/span><\/p><p class=\"aw-single-result-under\"><a href=\"https:\/\/lookadd.com\/pt-pt\/winkel_locaties\/zaklad-optyczny-elzbieta-smakosz\/\" title=\"ZAKLAD OPTYCZNY Elzbieta Smakosz\">ZAKLAD OPTYCZNY Elzbieta Smakosz<\/a><span class=\"address\">Lipowa 37, <br>BIALYSTOK <\/br>Polen<\/span><\/p><p class=\"aw-single-result-under\"><a href=\"https:\/\/lookadd.com\/pt-pt\/winkel_locaties\/opticas-de-xativa-y-canals-s-l\/\" title=\"OPTICAS DE XATIVA Y CANALS S.L.\">OPTICAS DE XATIVA Y CANALS S.L.<\/a><span class=\"address\">P.za Espa\u00f1oleto, 2, <br>XATIVA <\/br>Spanje<\/span><\/p><p class=\"aw-single-result-under\"><a href=\"https:\/\/lookadd.com\/pt-pt\/winkel_locaties\/brillen-bryner-ag\/\" title=\"BRILLEN BRYNER AG\">BRILLEN BRYNER AG<\/a><span class=\"address\">Kirchplatz, 3, <br>DIETIKON <\/br>Zwitserland<\/span><\/p><p class=\"aw-single-result-under\"><a href=\"https:\/\/lookadd.com\/pt-pt\/winkel_locaties\/fey-eye\/\" title=\"FEY &#038;EYE\">FEY &#038;EYE<\/a><span class=\"address\">Hauptstrasse, 39, <br>EBERMANNSTADT <\/br>Duitsland<\/span><\/p><p class=\"aw-single-result-under\"><a href=\"https:\/\/lookadd.com\/pt-pt\/winkel_locaties\/optik-peters-gmbh\/\" title=\"OPTIK PETERS GmbH\">OPTIK PETERS GmbH<\/a><span class=\"address\">Breite Str. 1, <br>LANGELSHEIM <\/br>Duitsland<\/span><\/p><p class=\"aw-single-result-under\"><a href=\"https:\/\/lookadd.com\/pt-pt\/winkel_locaties\/neusehland-augenoptik-michael-wild-jarallah\/\" title=\"NEUSEHLAND AUGENOPTIK Michael Wild-Jarallah\">NEUSEHLAND AUGENOPTIK Michael Wild-Jarallah<\/a><span class=\"address\">Bahnhofstra\u00dfe, 20, <br>SCHNAITTACH <\/br>Duitsland<\/span><\/p><p class=\"aw-single-result-under\"><a href=\"https:\/\/lookadd.com\/pt-pt\/winkel_locaties\/augenstern-susanne-reber\/\" title=\"AUGENSTERN SUSANNE REBER\">AUGENSTERN SUSANNE REBER<\/a><span class=\"address\">Bergstr. 10, <br>BADEN-BADEN <\/br>Duitsland<\/span><\/p><p class=\"aw-single-result-under\"><a href=\"https:\/\/lookadd.com\/pt-pt\/winkel_locaties\/huhn-optik-gmbh\/\" title=\"H\u00dcHN OPTIK GmbH\">H\u00dcHN OPTIK GmbH<\/a><span class=\"address\">Hochstra\u00dfe, 13-15, <br>T\u00d6NISVORST <\/br>Duitsland<\/span><\/p><p class=\"aw-single-result-under\"><a href=\"https:\/\/lookadd.com\/pt-pt\/winkel_locaties\/optik-schiller\/\" title=\"OPTIK SCHILLER\">OPTIK SCHILLER<\/a><span class=\"address\">Lange Stra\u00dfe, 42, <br>SALZKOTTEN <\/br>Duitsland<\/span><\/p><p class=\"aw-single-result-under\"><a href=\"https:\/\/lookadd.com\/pt-pt\/winkel_locaties\/ottica-nigro-di-nigro-vito-alessandro\/\" title=\"OTTICA NIGRO di Nigro Vito Alessandro\">OTTICA NIGRO di Nigro Vito Alessandro<\/a><span class=\"address\">Via Nazionale, 1, <br>Padula SA <\/br>Itali\u00eb<\/span><\/p><p class=\"aw-single-result-under\"><a href=\"https:\/\/lookadd.com\/pt-pt\/winkel_locaties\/van-slooten-opticiens\/\" title=\"Van Slooten Opticiens\">Van Slooten Opticiens<\/a><span class=\"address\">Leechein 2a, <br>AKKRUM <\/br>Nederland<\/span><\/p><p class=\"aw-single-result-under\"><a href=\"https:\/\/lookadd.com\/pt-pt\/winkel_locaties\/lookadd-optiek-2\/\" title=\"LookAdd Optiek\">LookAdd Optiek<\/a><span class=\"address\">Langstraat 68, <br>BARNEVELD <\/br>Nederland<\/span><\/p><p class=\"aw-single-result-under\"><a href=\"https:\/\/lookadd.com\/pt-pt\/winkel_locaties\/lookadd-optiek\/\" title=\"LookAdd Optiek\">LookAdd Optiek<\/a><span class=\"address\">Liesveld 149, <br>VLAARDINGEN <\/br>Nederland<\/span><\/p><p class=\"aw-single-result-under\"><a href=\"https:\/\/lookadd.com\/pt-pt\/winkel_locaties\/bentley-brillenmode\/\" title=\"Bentley Brillenmode\">Bentley Brillenmode<\/a><span class=\"address\">Schoolstraat 110, <br>VOORSCHOTEN <\/br>Nederland<\/span><\/p><p class=\"aw-single-result-under\"><a href=\"https:\/\/lookadd.com\/pt-pt\/winkel_locaties\/brillenhuis\/\" title=\"Brillenhuis\">Brillenhuis<\/a><span class=\"address\">Purmerplein 16, <br>AMSTERDAM <\/br>Nederland<\/span><\/p><p class=\"aw-single-result-under\"><a href=\"https:\/\/lookadd.com\/pt-pt\/winkel_locaties\/optique-rene\/\" title=\"Optique Rene\">Optique Rene<\/a><span class=\"address\">Dorpsstraat 93, <br>ZOETERMEER <\/br>Nederland<\/span><\/p><p class=\"aw-single-result-under\"><a href=\"https:\/\/lookadd.com\/pt-pt\/winkel_locaties\/coen-honig-opticiens\/\" title=\"Coen Honig Opticiens\">Coen Honig Opticiens<\/a><span class=\"address\">Appelmarkt 22, <br>ZIERIKZEE <\/br>Nederland<\/span><\/p><p class=\"aw-single-result-under\"><a href=\"https:\/\/lookadd.com\/pt-pt\/winkel_locaties\/altena-optiek\/\" title=\"Altena Optiek\">Altena Optiek<\/a><span class=\"address\">'t Rond 15, <br>WOUDRICHEM <\/br>Nederland<\/span><\/p><p class=\"aw-single-result-under\"><a href=\"https:\/\/lookadd.com\/pt-pt\/winkel_locaties\/wennekes-optiek\/\" title=\"Wennekes Optiek\">Wennekes Optiek<\/a><span class=\"address\">Touwslagersbaan 6, <br>WIJCHEN <\/br>Nederland<\/span><\/p><p class=\"aw-single-result-under\"><a href=\"https:\/\/lookadd.com\/pt-pt\/winkel_locaties\/jess-optiek\/\" title=\"Jess Optiek\">Jess Optiek<\/a><span class=\"address\">Nieuwstad 54, <br>WEESP <\/br>Nederland<\/span><\/p><p class=\"aw-single-result-under\"><a href=\"https:\/\/lookadd.com\/pt-pt\/winkel_locaties\/bouwman-brillen-b-v\/\" title=\"Bouwman Brillen B.V.\">Bouwman Brillen B.V.<\/a><span class=\"address\">Stationsstraat 23-25, <br>WAALWIJK <\/br>Nederland<\/span><\/p><p class=\"aw-single-result-under\"><a href=\"https:\/\/lookadd.com\/pt-pt\/winkel_locaties\/van-essen-optiek\/\" title=\"van Essen Optiek\">van Essen Optiek<\/a><span class=\"address\">Schoolstraat 30-A, <br>VENRAY <\/br>Nederland<\/span><\/p><p class=\"aw-single-result-under\"><a href=\"https:\/\/lookadd.com\/pt-pt\/winkel_locaties\/konings-optiek-v-o-f\/\" title=\"Konings Optiek V.O.F.\">Konings Optiek V.O.F.<\/a><span class=\"address\">Passage 57, <br>VEENENDAAL <\/br>Nederland<\/span><\/p><p class=\"aw-single-result-under\"><a href=\"https:\/\/lookadd.com\/pt-pt\/winkel_locaties\/prummel-optiek-b-v\/\" title=\"Prummel Optiek B.V.\">Prummel Optiek B.V.<\/a><span class=\"address\">Kerkewijk 15, <br>VEENENDAAL <\/br>Nederland<\/span><\/p><p class=\"aw-single-result-under\"><a href=\"https:\/\/lookadd.com\/pt-pt\/winkel_locaties\/meiling-optiek\/\" title=\"Meiling Optiek\">Meiling Optiek<\/a><span class=\"address\">Dorpsstraat 39, <br>VAASSEN <\/br>Nederland<\/span><\/p><p class=\"aw-single-result-under\"><a href=\"https:\/\/lookadd.com\/pt-pt\/winkel_locaties\/van-den-bergh-optiek-2\/\" title=\"van den Bergh Optiek\">van den Bergh Optiek<\/a><span class=\"address\">Zamenhofdreef 65, <br>UTRECHT <\/br>Nederland<\/span><\/p><p class=\"aw-single-result-under\"><a href=\"https:\/\/lookadd.com\/pt-pt\/winkel_locaties\/van-den-bergh-optiek\/\" title=\"van den Bergh Optiek\">van den Bergh Optiek<\/a><span class=\"address\">Biltstraat 80, <br>UTRECHT <\/br>Nederland<\/span><\/p><p class=\"aw-single-result-under\"><a href=\"https:\/\/lookadd.com\/pt-pt\/winkel_locaties\/toc-opticiens-bv\/\" title=\"TOC Opticiens BV\">TOC Opticiens BV<\/a><span class=\"address\">Grotestraat 54, <br>TUBBERGEN <\/br>Nederland<\/span><\/p><p class=\"aw-single-result-under\"><a href=\"https:\/\/lookadd.com\/pt-pt\/winkel_locaties\/de-haas-opticiens\/\" title=\"De Haas Opticiens\">De Haas Opticiens<\/a><span class=\"address\">Paletplein 27, <br>TILBURG <\/br>Nederland<\/span><\/p><p class=\"aw-single-result-under\"><a href=\"https:\/\/lookadd.com\/pt-pt\/winkel_locaties\/maya-pijpers-optiek-b-v\/\" title=\"Maya Pijpers Optiek B.V.\">Maya Pijpers Optiek B.V.<\/a><span class=\"address\">Besterdring 74, <br>TILBURG <\/br>Nederland<\/span><\/p><p class=\"aw-single-result-under\"><a href=\"https:\/\/lookadd.com\/pt-pt\/winkel_locaties\/cysouw-optiek-b-v\/\" title=\"Cysouw Optiek B.V.\">Cysouw Optiek B.V.<\/a><span class=\"address\">Markt 19, <br>TERNEUZEN <\/br>Nederland<\/span><\/p><p class=\"aw-single-result-under\"><a href=\"https:\/\/lookadd.com\/pt-pt\/winkel_locaties\/haan-optiek\/\" title=\"Haan Optiek\">Haan Optiek<\/a><span class=\"address\">Raadhuisplein 55, <br>STEIN <\/br>Nederland<\/span><\/p><p class=\"aw-single-result-under\"><a href=\"https:\/\/lookadd.com\/pt-pt\/winkel_locaties\/nico-brillen-lenzen\/\" title=\"Nico Brillen &#038; Lenzen\">Nico Brillen &#038; Lenzen<\/a><span class=\"address\">Markt 24, <br>STEENWIJK <\/br>Nederland<\/span><\/p><p class=\"aw-single-result-under\"><a href=\"https:\/\/lookadd.com\/pt-pt\/winkel_locaties\/boorsma-optiek\/\" title=\"Boorsma Optiek\">Boorsma Optiek<\/a><span class=\"address\">Hadewijchplaats 54, <br>SPIJKENISSE <\/br>Nederland<\/span><\/p><p class=\"aw-single-result-under\"><a href=\"https:\/\/lookadd.com\/pt-pt\/winkel_locaties\/vof-de-brillenboetiek\/\" title=\"VOF De Brillenboetiek\">VOF De Brillenboetiek<\/a><span class=\"address\">Kerkstraat 43, <br>SPAKENBURG <\/br>Nederland<\/span><\/p><p class=\"aw-single-result-under\"><a href=\"https:\/\/lookadd.com\/pt-pt\/winkel_locaties\/hans-nota-optiek-vof\/\" title=\"Hans Nota Optiek VOF\">Hans Nota Optiek VOF<\/a><span class=\"address\">van Weedestraat 87, <br>SOEST <\/br>Nederland<\/span><\/p><p class=\"aw-single-result-under\"><a href=\"https:\/\/lookadd.com\/pt-pt\/winkel_locaties\/manders-optiek\/\" title=\"Manders Optiek\">Manders Optiek<\/a><span class=\"address\">Runstraat 10, <br>SCHAYK <\/br>Nederland<\/span><\/p><p class=\"aw-single-result-under\"><a href=\"https:\/\/lookadd.com\/pt-pt\/winkel_locaties\/brilservice-2\/\" title=\"Brilservice\">Brilservice<\/a><span class=\"address\">Gedemte gracht 56, <br>SCHAGEN <\/br>Nederland<\/span><\/p><p class=\"aw-single-result-under\"><a href=\"https:\/\/lookadd.com\/pt-pt\/winkel_locaties\/sven-voor-ogen\/\" title=\"Sven voor Ogen\">Sven voor Ogen<\/a><span class=\"address\">Dorpsstraat 17, <br>RUURLO <\/br>Nederland<\/span><\/p><p class=\"aw-single-result-under\"><a href=\"https:\/\/lookadd.com\/pt-pt\/winkel_locaties\/thijssen-optiek\/\" title=\"Thijssen Optiek\">Thijssen Optiek<\/a><span class=\"address\">Kapellerlaan 241, <br>ROERMOND <\/br>Nederland<\/span><\/p><p class=\"aw-single-result-under\"><a href=\"https:\/\/lookadd.com\/pt-pt\/winkel_locaties\/bos-brillen-b-v\/\" title=\"Bos Brillen B.V.\">Bos Brillen B.V.<\/a><span class=\"address\">Herenstraat 10, <br>RHENEN <\/br>Nederland<\/span><\/p><p class=\"aw-single-result-under\"><a href=\"https:\/\/lookadd.com\/pt-pt\/winkel_locaties\/optiek-de-lorgnet\/\" title=\"Optiek De Lorgnet\">Optiek De Lorgnet<\/a><span class=\"address\">Het Anker 2, <br>RAAMSDONKSVEER <\/br>Nederland<\/span><\/p><p class=\"aw-single-result-under\"><a href=\"https:\/\/lookadd.com\/pt-pt\/winkel_locaties\/boertie-optiek\/\" title=\"Boertie Optiek\">Boertie Optiek<\/a><span class=\"address\">Marktstraat 18, <br>RAALTE <\/br>Nederland<\/span><\/p><p class=\"aw-single-result-under\"><a href=\"https:\/\/lookadd.com\/pt-pt\/winkel_locaties\/leezr-optiek\/\" title=\"Leezr Optiek\">Leezr Optiek<\/a><span class=\"address\">Ackershof 45, <br>PIJNACKER <\/br>Nederland<\/span><\/p><p class=\"aw-single-result-under\"><a href=\"https:\/\/lookadd.com\/pt-pt\/winkel_locaties\/optiek-monique\/\" title=\"Optiek Monique\">Optiek Monique<\/a><span class=\"address\">Hendrik Droststraat 25, <br>OLST <\/br>Nederland<\/span><\/p><p class=\"aw-single-result-under\"><a href=\"https:\/\/lookadd.com\/pt-pt\/winkel_locaties\/moekotte-eyecare\/\" title=\"Moekotte Eyecare\">Moekotte Eyecare<\/a><span class=\"address\">Grootestraat 15, <br>OLDENZAAL <\/br>Nederland<\/span><\/p><p class=\"aw-single-result-under\"><a href=\"https:\/\/lookadd.com\/pt-pt\/winkel_locaties\/kooij-optiek\/\" title=\"Kooij Optiek\">Kooij Optiek<\/a><span class=\"address\">Van Welderenstraat 39, <br>NIJMEGEN <\/br>Nederland<\/span><\/p><p class=\"aw-single-result-under\"><a href=\"https:\/\/lookadd.com\/pt-pt\/winkel_locaties\/van-den-bergh-opticiensaudiciens\/\" title=\"Van den Bergh Opticiens&#038;Audiciens\">Van den Bergh Opticiens&#038;Audiciens<\/a><span class=\"address\">Hatertseweg 825, <br>NIJMEGEN <\/br>Nederland<\/span><\/p><p class=\"aw-single-result-under\"><a href=\"https:\/\/lookadd.com\/pt-pt\/winkel_locaties\/kock-bril-shop-b-v\/\" title=\"Kock Bril Shop B.V.\">Kock Bril Shop B.V.<\/a><span class=\"address\">Augustijnenstraat 36, <br>NIJMEGEN <\/br>Nederland<\/span><\/p><p class=\"aw-single-result-under\"><a href=\"https:\/\/lookadd.com\/pt-pt\/winkel_locaties\/brillencentrale-francissen\/\" title=\"Brillencentrale Francissen\">Brillencentrale Francissen<\/a><span class=\"address\">Augustijnenstraat 2, <br>NIJMEGEN <\/br>Nederland<\/span><\/p><p class=\"aw-single-result-under\"><a href=\"https:\/\/lookadd.com\/pt-pt\/winkel_locaties\/grit-optiek-b-v\/\" title=\"Grit Optiek B.V.\">Grit Optiek B.V.<\/a><span class=\"address\">Dorrestein 12, <br>NIEUWEKERK AAN DE IJSSEL <\/br>Nederland<\/span><\/p><p class=\"aw-single-result-under\"><a href=\"https:\/\/lookadd.com\/pt-pt\/winkel_locaties\/van-daalen-optiek\/\" title=\"van Daalen Optiek\">van Daalen Optiek<\/a><span class=\"address\">WC De Tuinen 15, <br>NAALDWIJK <\/br>Nederland<\/span><\/p><p class=\"aw-single-result-under\"><a href=\"https:\/\/lookadd.com\/pt-pt\/winkel_locaties\/ogenblikje-optiek\/\" title=\"Ogenblikje Optiek\">Ogenblikje Optiek<\/a><span class=\"address\">Kerkplein 2, <br>MONSTER <\/br>Nederland<\/span><\/p><p class=\"aw-single-result-under\"><a href=\"https:\/\/lookadd.com\/pt-pt\/winkel_locaties\/briluniek-henk-zwiers\/\" title=\"Briluniek Henk Zwiers\">Briluniek Henk Zwiers<\/a><span class=\"address\">Hoofdstraat 38, <br>MEPPEL <\/br>Nederland<\/span><\/p><p class=\"aw-single-result-under\"><a href=\"https:\/\/lookadd.com\/pt-pt\/winkel_locaties\/optivisit-de-opticien-aan-huis\/\" title=\"Optivisit &#8211; De opticien aan huis\">Optivisit &#8211; De opticien aan huis<\/a><span class=\"address\">Omgeving Utrecht, <br>Utrecht en omgeving <\/br>Nederland<\/span><\/p><p class=\"aw-single-result-under\"><a href=\"https:\/\/lookadd.com\/pt-pt\/winkel_locaties\/brilcentrum-smale\/\" title=\"Brilcentrum Smale\">Brilcentrum Smale<\/a><span class=\"address\">Rapenburgsestraat 34, <br>LICHTENVOORDE <\/br>Nederland<\/span><\/p><p class=\"aw-single-result-under\"><a href=\"https:\/\/lookadd.com\/pt-pt\/winkel_locaties\/optiek-leusden\/\" title=\"Optiek Leusden\">Optiek Leusden<\/a><span class=\"address\">De Biezenkamp 162, <br>LEUSDEN <\/br>Nederland<\/span><\/p><p class=\"aw-single-result-under\"><a href=\"https:\/\/lookadd.com\/pt-pt\/winkel_locaties\/optiversum-leersum-optiek-bv\/\" title=\"Optiversum Leersum Optiek BV\">Optiversum Leersum Optiek BV<\/a><span class=\"address\">Kerkweg 2, <br>LEERSUM <\/br>Nederland<\/span><\/p><p class=\"aw-single-result-under\"><a href=\"https:\/\/lookadd.com\/pt-pt\/winkel_locaties\/pro-optiek\/\" title=\"Pro Optiek\">Pro Optiek<\/a><span class=\"address\">Samuel Leviestraat 53, <br>LEEK <\/br>Nederland<\/span><\/p><p class=\"aw-single-result-under\"><a href=\"https:\/\/lookadd.com\/pt-pt\/winkel_locaties\/eyeboutique-bvba\/\" title=\"EyeBoutique bvba\">EyeBoutique bvba<\/a><span class=\"address\">Burg. Vercruysselaan 35, <br>KORTRIJK <\/br>Belgi\u00eb<\/span><\/p><p class=\"aw-single-result-under\"><a href=\"https:\/\/lookadd.com\/pt-pt\/winkel_locaties\/kaasschieter-brillen-kootwijkerbroek\/\" title=\"Kaasschieter Brillen Kootwijkerbroek\">Kaasschieter Brillen Kootwijkerbroek<\/a><span class=\"address\">De Spil 29, <br>KOOTWIJKERBROEK <\/br>Nederland<\/span><\/p><p class=\"aw-single-result-under\"><a href=\"https:\/\/lookadd.com\/pt-pt\/winkel_locaties\/damme-optiek\/\" title=\"Damme Optiek\">Damme Optiek<\/a><span class=\"address\">Hoofdstraat 28, <br>KESTEREN <\/br>Nederland<\/span><\/p><p class=\"aw-single-result-under\"><a href=\"https:\/\/lookadd.com\/pt-pt\/winkel_locaties\/derks-optiek\/\" title=\"Derks Optiek\">Derks Optiek<\/a><span class=\"address\">Mgr.Zwijsenplein 32, <br>KERKDRIEL <\/br>Nederland<\/span><\/p><p class=\"aw-single-result-under\"><a href=\"https:\/\/lookadd.com\/pt-pt\/winkel_locaties\/brekelmans-optiek\/\" title=\"Brekelmans Optiek\">Brekelmans Optiek<\/a><span class=\"address\">Poolsestraat 2, <br>KAATSHEUVEL <\/br>Nederland<\/span><\/p><p class=\"aw-single-result-under\"><a href=\"https:\/\/lookadd.com\/pt-pt\/winkel_locaties\/kruytzer-optiek-b-v\/\" title=\"Kruytzer Optiek B.V.\">Kruytzer Optiek B.V.<\/a><span class=\"address\">Kerkstraat 17, <br>HORST <\/br>Nederland<\/span><\/p><p class=\"aw-single-result-under\"><a href=\"https:\/\/lookadd.com\/pt-pt\/winkel_locaties\/driesser-optiek\/\" title=\"Driesser Optiek\">Driesser Optiek<\/a><span class=\"address\">Diessenseweg 3, <br>HILVARENBEEK <\/br>Nederland<\/span><\/p><p class=\"aw-single-result-under\"><a href=\"https:\/\/lookadd.com\/pt-pt\/winkel_locaties\/ophof-optiek\/\" title=\"Ophof Optiek\">Ophof Optiek<\/a><span class=\"address\">Enschedesestraat 27, <br>HENGELO <\/br>Nederland<\/span><\/p><p class=\"aw-single-result-under\"><a href=\"https:\/\/lookadd.com\/pt-pt\/winkel_locaties\/beenen-brillen\/\" title=\"Beenen Brillen\">Beenen Brillen<\/a><span class=\"address\">Wettertoer 18-19, <br>HEERENVEEN <\/br>Nederland<\/span><\/p><p class=\"aw-single-result-under\"><a href=\"https:\/\/lookadd.com\/pt-pt\/winkel_locaties\/tuijn-optiek\/\" title=\"Tuijn Optiek\">Tuijn Optiek<\/a><span class=\"address\">Dorpsstraat 116, <br>HAZERSWOUDE <\/br>Nederland<\/span><\/p><p class=\"aw-single-result-under\"><a href=\"https:\/\/lookadd.com\/pt-pt\/winkel_locaties\/ben-van-der-heiden-zien-zorg\/\" title=\"Ben van der Heiden zien &#038; zorg\">Ben van der Heiden zien &#038; zorg<\/a><span class=\"address\">Dorpsstraat 128, <br>HALSTEREN <\/br>Nederland<\/span><\/p><p class=\"aw-single-result-under\"><a href=\"https:\/\/lookadd.com\/pt-pt\/winkel_locaties\/sportel-optiek\/\" title=\"Sportel Optiek\">Sportel Optiek<\/a><span class=\"address\">Nw.Ebbingestraat 14, <br>GRONINGEN <\/br>Nederland<\/span><\/p><p class=\"aw-single-result-under\"><a href=\"https:\/\/lookadd.com\/pt-pt\/winkel_locaties\/de-muynck-optiek-vof\/\" title=\"de Muynck Optiek VOF\">de Muynck Optiek VOF<\/a><span class=\"address\">Ganzepoortstraat 3, <br>GOES <\/br>Nederland<\/span><\/p><p class=\"aw-single-result-under\"><a href=\"https:\/\/lookadd.com\/pt-pt\/winkel_locaties\/konings-optiek\/\" title=\"Konings Optiek\">Konings Optiek<\/a><span class=\"address\">Nieuwstraat 16, <br>GILZE <\/br>Nederland<\/span><\/p><p class=\"aw-single-result-under\"><a href=\"https:\/\/lookadd.com\/pt-pt\/winkel_locaties\/firma-s-brouwer\/\" title=\"Firma S. Brouwer\">Firma S. Brouwer<\/a><span class=\"address\">Havenplein 1B, <br>GENEMUIDEN <\/br>Nederland<\/span><\/p><p class=\"aw-single-result-under\"><a href=\"https:\/\/lookadd.com\/pt-pt\/winkel_locaties\/optiek-van-der-weij\/\" title=\"Optiek van der Weij\">Optiek van der Weij<\/a><span class=\"address\">Rijksstraatweg 12, <br>GELDERMALSEN <\/br>Nederland<\/span><\/p><p class=\"aw-single-result-under\"><a href=\"https:\/\/lookadd.com\/pt-pt\/winkel_locaties\/wilfred-de-jong-oogzorg-geldermalsen\/\" title=\"Wilfred de Jong Oogzorg Geldermalsen\">Wilfred de Jong Oogzorg Geldermalsen<\/a><span class=\"address\">Geldersestraat 40, <br>GELDERMALSEN <\/br>Nederland<\/span><\/p><p class=\"aw-single-result-under\"><a href=\"https:\/\/lookadd.com\/pt-pt\/winkel_locaties\/tempel-optiek-b-v\/\" title=\"Tempel Optiek B.V.\">Tempel Optiek B.V.<\/a><span class=\"address\">Stationsstraat 63, <br>ERMELO <\/br>Nederland<\/span><\/p><p class=\"aw-single-result-under\"><a href=\"https:\/\/lookadd.com\/pt-pt\/winkel_locaties\/robert-bos-opticiens\/\" title=\"Robert Bos Opticiens\">Robert Bos Opticiens<\/a><span class=\"address\">Markt 4, <br>EPE <\/br>Nederland<\/span><\/p><p class=\"aw-single-result-under\"><a href=\"https:\/\/lookadd.com\/pt-pt\/winkel_locaties\/groothuis-optiek\/\" title=\"Groothuis Optiek\">Groothuis Optiek<\/a><span class=\"address\">Dorpsstraat 134, <br>ENTER <\/br>Nederland<\/span><\/p><p class=\"aw-single-result-under\"><a href=\"https:\/\/lookadd.com\/pt-pt\/winkel_locaties\/hofland-optiek-nijmegen\/\" title=\"Hofland Optiek Nijmegen\">Hofland Optiek Nijmegen<\/a><span class=\"address\">Koningstraat 12 , <br>Nijmegen <\/br>Nederland<\/span><\/p><p class=\"aw-single-result-under\"><a href=\"https:\/\/lookadd.com\/pt-pt\/winkel_locaties\/vriesman-b-v\/\" title=\"Vriesman B.V.\">Vriesman B.V.<\/a><span class=\"address\">Lange Nering 51, <br>EMMELOORD <\/br>Nederland<\/span><\/p><p class=\"aw-single-result-under\"><a href=\"https:\/\/lookadd.com\/pt-pt\/winkel_locaties\/hans-schroten-optiek\/\" title=\"Hans Schroten Optiek\">Hans Schroten Optiek<\/a><span class=\"address\">Beekstraat 32, <br>ELBURG <\/br>Nederland<\/span><\/p><p class=\"aw-single-result-under\"><a href=\"https:\/\/lookadd.com\/pt-pt\/winkel_locaties\/optiek-sloof\/\" title=\"Optiek Sloof\">Optiek Sloof<\/a><span class=\"address\">Bellestein 21, <br>EDE <\/br>Nederland<\/span><\/p><p class=\"aw-single-result-under\"><a href=\"https:\/\/lookadd.com\/pt-pt\/winkel_locaties\/optiek-van-den-dries\/\" title=\"Optiek van den Dries\">Optiek van den Dries<\/a><span class=\"address\">de Grotestraat 129, <br>DRUNEN <\/br>Nederland<\/span><\/p><p class=\"aw-single-result-under\"><a href=\"https:\/\/lookadd.com\/pt-pt\/winkel_locaties\/oog-oor\/\" title=\"Oog &#038; Oor\">Oog &#038; Oor<\/a><span class=\"address\">Kampweg 14, <br>DOORN <\/br>Nederland<\/span><\/p><p class=\"aw-single-result-under\"><a href=\"https:\/\/lookadd.com\/pt-pt\/winkel_locaties\/stassar-optiek-2\/\" title=\"Stassar Optiek\">Stassar Optiek<\/a><span class=\"address\">Looiersplein 22, <br>DONGEN <\/br>Nederland<\/span><\/p><p class=\"aw-single-result-under\"><a href=\"https:\/\/lookadd.com\/pt-pt\/winkel_locaties\/optiek-hillenaar\/\" title=\"Optiek Hillenaar\">Optiek Hillenaar<\/a><span class=\"address\">Kerkstraat 21, <br>DOESBURG <\/br>Nederland<\/span><\/p><p class=\"aw-single-result-under\"><a href=\"https:\/\/lookadd.com\/pt-pt\/winkel_locaties\/optiek-keizers-landen\/\" title=\"Optiek Keizers Landen\">Optiek Keizers Landen<\/a><span class=\"address\">Karel de Groteplein 22, <br>DEVENTER <\/br>Nederland<\/span><\/p><p class=\"aw-single-result-under\"><a href=\"https:\/\/lookadd.com\/pt-pt\/winkel_locaties\/faber-optiek\/\" title=\"Faber Optiek\">Faber Optiek<\/a><span class=\"address\">Spoorstraat 9, <br>DEN HELDER <\/br>Nederland<\/span><\/p><p class=\"aw-single-result-under\"><a href=\"https:\/\/lookadd.com\/pt-pt\/winkel_locaties\/brilmode-verhey-van-wijk\/\" title=\"Brilmode Verhey van Wijk\">Brilmode Verhey van Wijk<\/a><span class=\"address\">Weissenbruchstraat 44, <br>DEN HAAG <\/br>Nederland<\/span><\/p><p class=\"aw-single-result-under\"><a href=\"https:\/\/lookadd.com\/pt-pt\/winkel_locaties\/v-d-leeuw-optiek-b-v\/\" title=\"v.d. Leeuw Optiek B.V.\">v.d. Leeuw Optiek B.V.<\/a><span class=\"address\">Oude Langendijk 1, <br>DELFT <\/br>Nederland<\/span><\/p><p class=\"aw-single-result-under\"><a href=\"https:\/\/lookadd.com\/pt-pt\/winkel_locaties\/van-eijken-optiek-b-v\/\" title=\"van Eijken Optiek B.V.\">van Eijken Optiek B.V.<\/a><span class=\"address\">Hessenweg 186, <br>DE BILT <\/br>Nederland<\/span><\/p><p class=\"aw-single-result-under\"><a href=\"https:\/\/lookadd.com\/pt-pt\/winkel_locaties\/schipper-opticiens\/\" title=\"Schipper Opticiens\">Schipper Opticiens<\/a><span class=\"address\">Tollenstraat 1, <br>CULEMBORG <\/br>Nederland<\/span><\/p><p class=\"aw-single-result-under\"><a href=\"https:\/\/lookadd.com\/pt-pt\/winkel_locaties\/wilfred-de-jong-oogzorg-culemborg\/\" title=\"Wilfred de Jong Oogzorg Culemborg\">Wilfred de Jong Oogzorg Culemborg<\/a><span class=\"address\">Chopinplein 18, <br>CULEMBORG <\/br>Nederland<\/span><\/p><p class=\"aw-single-result-under\"><a href=\"https:\/\/lookadd.com\/pt-pt\/winkel_locaties\/wouter-optiek\/\" title=\"Wouter Optiek\">Wouter Optiek<\/a><span class=\"address\">Colijnstraat 42a, <br>BUNSCHOTEN-SPAKENBURG <\/br>Nederland<\/span><\/p><p class=\"aw-single-result-under\"><a href=\"https:\/\/lookadd.com\/pt-pt\/winkel_locaties\/kok-optiek\/\" title=\"Kok Optiek\">Kok Optiek<\/a><span class=\"address\">Kerkbrink 11, <br>BREUKELEN <\/br>Nederland<\/span><\/p><p class=\"aw-single-result-under\"><a href=\"https:\/\/lookadd.com\/pt-pt\/winkel_locaties\/brandpunt-optiek\/\" title=\"Brandpunt Optiek\">Brandpunt Optiek<\/a><span class=\"address\">Brandwijksedijk 15B, <br>BRANDWIJK <\/br>Nederland<\/span><\/p><p class=\"aw-single-result-under\"><a href=\"https:\/\/lookadd.com\/pt-pt\/winkel_locaties\/j-van-wely-optiek-bv\/\" title=\"J. van Wely Optiek BV\">J. van Wely Optiek BV<\/a><span class=\"address\">Steenstraat 49, <br>BOXMEER <\/br>Nederland<\/span><\/p><p class=\"aw-single-result-under\"><a href=\"https:\/\/lookadd.com\/pt-pt\/winkel_locaties\/schippers-optiek\/\" title=\"Schippers Optiek\">Schippers Optiek<\/a><span class=\"address\">Julianaplein 29, <br>BEUNINGEN <\/br>Nederland<\/span><\/p><p class=\"aw-single-result-under\"><a href=\"https:\/\/lookadd.com\/pt-pt\/winkel_locaties\/gevers-optiek\/\" title=\"Gevers Optiek\">Gevers Optiek<\/a><span class=\"address\">Mercuriusplein 23, <br>BERLICUM <\/br>Nederland<\/span><\/p><p class=\"aw-single-result-under\"><a href=\"https:\/\/lookadd.com\/pt-pt\/winkel_locaties\/van-os-optiek\/\" title=\"van Os Optiek\">van Os Optiek<\/a><span class=\"address\">Kremerstraat 13, <br>BERGEN OP ZOOM <\/br>Nederland<\/span><\/p><p class=\"aw-single-result-under\"><a href=\"https:\/\/lookadd.com\/pt-pt\/winkel_locaties\/van-tiem-optiek-vof\/\" title=\"van Tiem Optiek vof\">van Tiem Optiek vof<\/a><span class=\"address\">Zandstraat 97, <br>BENEDEN LEEUWEN <\/br>Nederland<\/span><\/p><p class=\"aw-single-result-under\"><a href=\"https:\/\/lookadd.com\/pt-pt\/winkel_locaties\/pakhuis-optiek\/\" title=\"Pakhuis Optiek\">Pakhuis Optiek<\/a><span class=\"address\">Monseigneur Zwijsenstraat 3B, <br>Ravenstein <\/br>Nederland<\/span><\/p><p class=\"aw-single-result-under\"><a href=\"https:\/\/lookadd.com\/pt-pt\/winkel_locaties\/blitz-optiek\/\" title=\"Blitz Optiek\">Blitz Optiek<\/a><span class=\"address\">Langstraat 68, <br>BARNEVELD <\/br>Nederland<\/span><\/p><p class=\"aw-single-result-under\"><a href=\"https:\/\/lookadd.com\/pt-pt\/winkel_locaties\/stassar-optiek\/\" title=\"Stassar Optiek\">Stassar Optiek<\/a><span class=\"address\">Sint Annaplein 14, <br>BAARLE-NASSAU <\/br>Nederland<\/span><\/p><p class=\"aw-single-result-under\"><a href=\"https:\/\/lookadd.com\/pt-pt\/winkel_locaties\/boonstra-brillen\/\" title=\"Boonstra Brillen\">Boonstra Brillen<\/a><span class=\"address\">Mercatorplein 10, <br>APELDOORN <\/br>Nederland<\/span><\/p><p class=\"aw-single-result-under\"><a href=\"https:\/\/lookadd.com\/pt-pt\/winkel_locaties\/raad-optiek\/\" title=\"Raad Optiek\">Raad Optiek<\/a><span class=\"address\">Koninginnelaan 101a, <br>APELDOORN <\/br>Nederland<\/span><\/p><p class=\"aw-single-result-under\"><a href=\"https:\/\/lookadd.com\/pt-pt\/winkel_locaties\/opticien-bas\/\" title=\"Opticien Bas\">Opticien Bas<\/a><span class=\"address\">Raadhuisstraat 25, <br>AMSTERDAM <\/br>Nederland<\/span><\/p><p class=\"aw-single-result-under\"><a href=\"https:\/\/lookadd.com\/pt-pt\/winkel_locaties\/teeling-optiek-contactlenzen-2\/\" title=\"Teeling Optiek Contactlenzen\">Teeling Optiek Contactlenzen<\/a><span class=\"address\">Kinkerstraat 263, <br>AMSTERDAM <\/br>Nederland<\/span><\/p><p class=\"aw-single-result-under\"><a href=\"https:\/\/lookadd.com\/pt-pt\/winkel_locaties\/george-de-jong-optiek\/\" title=\"George de Jong Optiek\">George de Jong Optiek<\/a><span class=\"address\">Jan van Galenstraat 84-86, <br>AMSTERDAM <\/br>Nederland<\/span><\/p><p class=\"aw-single-result-under\"><a href=\"https:\/\/lookadd.com\/pt-pt\/winkel_locaties\/bert-de-haan-speciaal-optiek\/\" title=\"Bert de Haan Speciaal Optiek\">Bert de Haan Speciaal Optiek<\/a><span class=\"address\">Kostverlorenhof 160, <br>AMSTELVEEN <\/br>Nederland<\/span><\/p><p class=\"aw-single-result-under\"><a href=\"https:\/\/lookadd.com\/pt-pt\/winkel_locaties\/groenhof-optiek-b-v\/\" title=\"Groenhof Optiek B.V.\">Groenhof Optiek B.V.<\/a><span class=\"address\">Groenhof 155, <br>AMSTELVEEN <\/br>Nederland<\/span><\/p><p class=\"aw-single-result-under\"><a href=\"https:\/\/lookadd.com\/pt-pt\/winkel_locaties\/ferron-optiek\/\" title=\"Ferron Optiek\">Ferron Optiek<\/a><span class=\"address\">Zonnenwijzer 8-10, <br>AMERSFOORT <\/br>Nederland<\/span><\/p><p class=\"aw-single-result-under\"><a href=\"https:\/\/lookadd.com\/pt-pt\/winkel_locaties\/joyce-optiek\/\" title=\"Joyce Optiek\">Joyce Optiek<\/a><span class=\"address\">Noordewierweg 117, <br>AMERSFOORT <\/br>Nederland<\/span><\/p><p class=\"aw-single-result-under\"><a href=\"https:\/\/lookadd.com\/pt-pt\/winkel_locaties\/jekel\/\" title=\"Jekel\">Jekel<\/a><span class=\"address\">Leusderweg 90, <br>AMERSFOORT <\/br>Nederland<\/span><\/p><p class=\"aw-single-result-under\"><a href=\"https:\/\/lookadd.com\/pt-pt\/winkel_locaties\/van-der-woerd-optiek\/\" title=\"van der Woerd Optiek\">van der Woerd Optiek<\/a><span class=\"address\">Kamper Binnenpoort 2, <br>AMERSFOORT <\/br>Nederland<\/span><\/p><\/div>\n        <input id=\"awplaatsinput\" type=\"text\" placeholder=\"Zoek een plaats...\" name=\"plaatsnaam\">\n        <div class=\"acf-map\" id=\"acf-map\">\n                            <div class=\"marker\" data-lat=\"52.460140\" data-lng=\"4.624272\">\n                    <p class=\"addressname\"><a href=\"https:\/\/lookadd.com\/pt-pt\/winkel_locaties\/koster-brillen\/\" title=\"Koster Brillen\">Koster Brillen<\/a><\/p><p class=\"address\">Plein 1945, nr 5, <br>IJmuiden <\/br>Nederland<\/p>                <\/div>\n                            <div class=\"marker\" data-lat=\"52.2182782\" data-lng=\"6.8956782\">\n                    <p class=\"addressname\"><a href=\"https:\/\/lookadd.com\/pt-pt\/winkel_locaties\/hofland-optiek-enschede\/\" title=\"Hofland Optiek Enschede\">Hofland Optiek Enschede<\/a><\/p><p class=\"address\">H.J. Van Heekplein 26, <br>Enschede <\/br>Nederland<\/p>                <\/div>\n                            <div class=\"marker\" data-lat=\"51.442400\" data-lng=\"5.500920\">\n                    <p class=\"addressname\"><a href=\"https:\/\/lookadd.com\/pt-pt\/winkel_locaties\/opticien-brackel\/\" title=\"Opticien Brackel\">Opticien Brackel<\/a><\/p><p class=\"address\">Tongelresestraat 201, <br>Eindhoven <\/br>Nederland<\/p>                <\/div>\n                            <div class=\"marker\" data-lat=\"47.850220\" data-lng=\"12.159940\">\n                    <p class=\"addressname\"><a href=\"https:\/\/lookadd.com\/pt-pt\/winkel_locaties\/look-meisteroptik\/\" title=\"LOOK meisteroptik\">LOOK meisteroptik<\/a><\/p><p class=\"address\">Hammererweg 61, <br>Stephanskirchen <\/br>Deutchland<\/p><p class=\"addressname\"><a href=\"https:\/\/lookadd.com\/pt-pt\/winkel_locaties\/augenoptik-am-schlossberg\/\" title=\"Augenoptik am Schlo\u00dfberg\">Augenoptik am Schlo\u00dfberg<\/a><\/p><p class=\"address\">Hammererweg 61, <br>Stephanskirchen <\/br>Deutchland<\/p>                <\/div>\n                            <div class=\"marker\" data-lat=\"51.934360\" data-lng=\"5.628620\">\n                    <p class=\"addressname\"><a href=\"https:\/\/lookadd.com\/pt-pt\/winkel_locaties\/van-roekel-optiek\/\" title=\"Van Roekel Optiek\">Van Roekel Optiek<\/a><\/p><p class=\"address\">Dorpsstraat 4a, <br>Opheusden <\/br>Nederland<\/p>                <\/div>\n                            <div class=\"marker\" data-lat=\"51.986660\" data-lng=\"5.846430\">\n                    <p class=\"addressname\"><a href=\"https:\/\/lookadd.com\/pt-pt\/winkel_locaties\/rijks-optiek-by-polman\/\" title=\"Rijks Optiek by Polman\">Rijks Optiek by Polman<\/a><\/p><p class=\"address\">Utrechtseweg 110B, <br>Oosterbeek <\/br>Nederland<\/p>                <\/div>\n                            <div class=\"marker\" data-lat=\"49.682050\" data-lng=\"8.622000\">\n                    <p class=\"addressname\"><a href=\"https:\/\/lookadd.com\/pt-pt\/winkel_locaties\/apollo-optik-bensheim\/\" title=\"Apollo Optik Bensheim\">Apollo Optik Bensheim<\/a><\/p><p class=\"address\">Haupstr. 9, <br>Bensheim <\/br>Deutchland<\/p>                <\/div>\n                            <div class=\"marker\" data-lat=\"48.034460\" data-lng=\"11.212190\">\n                    <p class=\"addressname\"><a href=\"https:\/\/lookadd.com\/pt-pt\/winkel_locaties\/sehfeldoptik\/\" title=\"Sehfeldoptik\">Sehfeldoptik<\/a><\/p><p class=\"address\">Hauptstra\u00dfe 34, <br>Seefeld <\/br>Deutchland<\/p>                <\/div>\n                            <div class=\"marker\" data-lat=\"52.492880\" data-lng=\"7.228360\">\n                    <p class=\"addressname\"><a href=\"https:\/\/lookadd.com\/pt-pt\/winkel_locaties\/ameloh-optik\/\" title=\"Ameloh Optik\">Ameloh Optik<\/a><\/p><p class=\"address\">Hauptstra\u00dfe 27, <br>Wietmarschen-Lohne <\/br>Deutchland<\/p>                <\/div>\n                            <div class=\"marker\" data-lat=\"51.565400\" data-lng=\"5.089960\">\n                    <p class=\"addressname\"><a href=\"https:\/\/lookadd.com\/pt-pt\/winkel_locaties\/maya-pijpers-optiek\/\" title=\"Maya Pijpers Optiek\">Maya Pijpers Optiek<\/a><\/p><p class=\"address\">Besterdring 74, <br>Tilburg <\/br>Nederland<\/p>                <\/div>\n                            <div class=\"marker\" data-lat=\"52.012440\" data-lng=\"4.711950\">\n                    <p class=\"addressname\"><a href=\"https:\/\/lookadd.com\/pt-pt\/winkel_locaties\/saar-optiek\/\" title=\"Saar Optiek\">Saar Optiek<\/a><\/p><p class=\"address\">Zeugstraat 70, <br>Gouda <\/br>Nederland<\/p>                <\/div>\n                            <div class=\"marker\" data-lat=\"51.474610\" data-lng=\"5.550180\">\n                    <p class=\"addressname\"><a href=\"https:\/\/lookadd.com\/pt-pt\/winkel_locaties\/lookadddealer-nuenen\/\" title=\"LookAdd dealer\">LookAdd dealer<\/a><\/p><p class=\"address\">Vincent van Goghstraat 2-C, <br>Nuenen <\/br>Nederland<\/p>                <\/div>\n                            <div class=\"marker\" data-lat=\"52.693089\" data-lng=\"4.809100\">\n                    <p class=\"addressname\"><a href=\"https:\/\/lookadd.com\/pt-pt\/winkel_locaties\/keiser-optiek-lookadd\/\" title=\"Keiser Optiek\">Keiser Optiek<\/a><\/p><p class=\"address\">Voorburggracht 172, <br>Zuid-Scharwoude <\/br>Nederland<\/p>                <\/div>\n                            <div class=\"marker\" data-lat=\"51.690350\" data-lng=\"3.732930\">\n                    <p class=\"addressname\"><a href=\"https:\/\/lookadd.com\/pt-pt\/winkel_locaties\/framio-optiek\/\" title=\"Framio Optiek\">Framio Optiek<\/a><\/p><p class=\"address\">Burghsering 27, <br>Burgh-Haamstede <\/br>Nederland<\/p>                <\/div>\n                            <div class=\"marker\" data-lat=\"51.423670\" data-lng=\"5.498080\">\n                    <p class=\"addressname\"><a href=\"https:\/\/lookadd.com\/pt-pt\/winkel_locaties\/lookadd-dealer-7\/\" title=\"LookAdd dealer\">LookAdd dealer<\/a><\/p><p class=\"address\">Heezerweg 270, <br>Eindhoven <\/br>Nederland<\/p>                <\/div>\n                            <div class=\"marker\" data-lat=\"52.000890\" data-lng=\"4.330040\">\n                    <p class=\"addressname\"><a href=\"https:\/\/lookadd.com\/pt-pt\/winkel_locaties\/oog-voor-ogen\/\" title=\"Oog voor Ogen\">Oog voor Ogen<\/a><\/p><p class=\"address\">Dijkshoornseweg 35, <br>Den Hoorn <\/br>Nederland<\/p>                <\/div>\n                            <div class=\"marker\" data-lat=\"51.892250\" data-lng=\"4.569060\">\n                    <p class=\"addressname\"><a href=\"https:\/\/lookadd.com\/pt-pt\/winkel_locaties\/schouwenburg-optiek\/\" title=\"Schouwenburg Optiek\">Schouwenburg Optiek<\/a><\/p><p class=\"address\">Oude Watering 198, <br>Rotterdam IJsselmonde <\/br>Nederland<\/p>                <\/div>\n                            <div class=\"marker\" data-lat=\"51.729180\" data-lng=\"5.877140\">\n                    <p class=\"addressname\"><a href=\"https:\/\/lookadd.com\/pt-pt\/winkel_locaties\/stoksoptiek\/\" title=\"Stoks Optiek\">Stoks Optiek<\/a><\/p><p class=\"address\">Molenstraat 38, <br>Cuijk <\/br>Nederland<\/p>                <\/div>\n                            <div class=\"marker\" data-lat=\"52.01777727\" data-lng=\"5.65062000\">\n                    <p class=\"addressname\"><a href=\"https:\/\/lookadd.com\/pt-pt\/winkel_locaties\/van-den-bergh-opticiens\/\" title=\"Van den Bergh Opticiens\">Van den Bergh Opticiens<\/a><\/p><p class=\"address\">Stadspoort 19, <br>Ede <\/br>Nederland<\/p>                <\/div>\n                            <div class=\"marker\" data-lat=\"53.09252000\" data-lng=\"6.68377000\">\n                    <p class=\"addressname\"><a href=\"https:\/\/lookadd.com\/pt-pt\/winkel_locaties\/lookadd-dealer-6\/\" title=\"LookAdd Dealer\">LookAdd Dealer<\/a><\/p><p class=\"address\">Stationsweg 20, <br>Zuidlaren <\/br>Nederland<\/p>                <\/div>\n                            <div class=\"marker\" data-lat=\"53.30107000\" data-lng=\"6.60299000\">\n                    <p class=\"addressname\"><a href=\"https:\/\/lookadd.com\/pt-pt\/winkel_locaties\/lookadd-dealer-5\/\" title=\"LookAdd Dealer\">LookAdd Dealer<\/a><\/p><p class=\"address\">Grotestraat 15d, <br>Bedum <\/br>Nederland<\/p>                <\/div>\n                            <div class=\"marker\" data-lat=\"51.35426000\" data-lng=\"5.46048000\">\n                    <p class=\"addressname\"><a href=\"https:\/\/lookadd.com\/pt-pt\/winkel_locaties\/rijnders-optiek\/\" title=\"Rijnders Optiek\">Rijnders Optiek<\/a><\/p><p class=\"address\">Eindhovenseweg 28, <br>Valkenswaard <\/br>Nederland<\/p>                <\/div>\n                            <div class=\"marker\" data-lat=\"52.71126800\" data-lng=\"5.75434600\">\n                    <p class=\"addressname\"><a href=\"https:\/\/lookadd.com\/pt-pt\/winkel_locaties\/lookadd-dealer-4\/\" title=\"LookAdd dealer\">LookAdd dealer<\/a><\/p><p class=\"address\">Lange Nering 9, <br>EMMELOORD <\/br>Nederland<\/p>                <\/div>\n                            <div class=\"marker\" data-lat=\"53.16221500\" data-lng=\"6.39270600\">\n                    <p class=\"addressname\"><a href=\"https:\/\/lookadd.com\/pt-pt\/winkel_locaties\/lookadd-dealer-3\/\" title=\"LookAdd dealer\">LookAdd dealer<\/a><\/p><p class=\"address\">Piepke 2, <br>Leek <\/br>Nederland<\/p>                <\/div>\n                            <div class=\"marker\" data-lat=\"48.75637200\" data-lng=\"15.95235300\">\n                    <p class=\"addressname\"><a href=\"https:\/\/lookadd.com\/pt-pt\/winkel_locaties\/werner-strasberger-gmbh\/\" title=\"Werner Stra\u00dfberger GmbH\">Werner Stra\u00dfberger GmbH<\/a><\/p><p class=\"address\">Wiener Stra\u00dfe 1, <br>Retz <\/br>Oostenrijk<\/p>                <\/div>\n                            <div class=\"marker\" data-lat=\"47.81990800\" data-lng=\"8.33855100\">\n                    <p class=\"addressname\"><a href=\"https:\/\/lookadd.com\/pt-pt\/winkel_locaties\/meier-sehen-und-horen\/\" title=\"Meier sehen und h\u00f6ren\">Meier sehen und h\u00f6ren<\/a><\/p><p class=\"address\">Martinstra\u00dfe 34, <br>Bonndorf im Schwarzwald <\/br>Duitsland<\/p>                <\/div>\n                            <div class=\"marker\" data-lat=\"52.46430800\" data-lng=\"10.20067200\">\n                    <p class=\"addressname\"><a href=\"https:\/\/lookadd.com\/pt-pt\/winkel_locaties\/augenkleider-uetze\/\" title=\"Augenkleider Uetze\">Augenkleider Uetze<\/a><\/p><p class=\"address\">Burgdorfer Stra\u00dfe 10, <br>Uetze <\/br>Duitsland<\/p>                <\/div>\n                            <div class=\"marker\" data-lat=\"51.79434200\" data-lng=\"4.70490100\">\n                    <p class=\"addressname\"><a href=\"https:\/\/lookadd.com\/pt-pt\/winkel_locaties\/lookadd-dealer-2\/\" title=\"LookAdd dealer\">LookAdd dealer<\/a><\/p><p class=\"address\">Damplein 1, <br>Dordrecht <\/br>Nederland<\/p>                <\/div>\n                            <div class=\"marker\" data-lat=\"51.78549600\" data-lng=\"4.67707500\">\n                    <p class=\"addressname\"><a href=\"https:\/\/lookadd.com\/pt-pt\/winkel_locaties\/lookadd-dealer\/\" title=\"LookAdd dealer\">LookAdd dealer<\/a><\/p><p class=\"address\">P.A. de Kok-plein 142, <br>Dordrecht <\/br>Nederland<\/p>                <\/div>\n                            <div class=\"marker\" data-lat=\"53.10006900\" data-lng=\"8.90009100\">\n                    <p class=\"addressname\"><a href=\"https:\/\/lookadd.com\/pt-pt\/winkel_locaties\/haase-optik\/\" title=\"Haase Optik\">Haase Optik<\/a><\/p><p class=\"address\">Oberneulander Heerstra\u00dfe 26-28, <br>Bremen <\/br>Duitsland<\/p>                <\/div>\n                            <div class=\"marker\" data-lat=\"52.22400000\" data-lng=\"5.48463000\">\n                    <p class=\"addressname\"><a href=\"https:\/\/lookadd.com\/pt-pt\/winkel_locaties\/van-der-goot-opticiens\/\" title=\"Van der Goot opticiens\">Van der Goot opticiens<\/a><\/p><p class=\"address\">Plein 15, <br>Nijkerk <\/br>Nederland<\/p>                <\/div>\n                            <div class=\"marker\" data-lat=\"51.13917130\" data-lng=\"6.27576720\">\n                    <p class=\"addressname\"><a href=\"https:\/\/lookadd.com\/pt-pt\/winkel_locaties\/optik-michels\/\" title=\"Optik Michels\">Optik Michels<\/a><\/p><p class=\"address\">An der Gracht 14, <br>Wegberg <\/br>Duitsland<\/p>                <\/div>\n                            <div class=\"marker\" data-lat=\"52.36543690\" data-lng=\"6.46227780\">\n                    <p class=\"addressname\"><a href=\"https:\/\/lookadd.com\/pt-pt\/winkel_locaties\/diekman-nijverdal\/\" title=\"Diekman Nijverdal\">Diekman Nijverdal<\/a><\/p><p class=\"address\">Grotestraat 152A\/B, <br>Nijverdal <\/br>Nederland<\/p>                <\/div>\n                            <div class=\"marker\" data-lat=\"52.04998820\" data-lng=\"6.31046730\">\n                    <p class=\"addressname\"><a href=\"https:\/\/lookadd.com\/pt-pt\/winkel_locaties\/groot-kormelink-optiek\/\" title=\"Groot Kormelink Optiek\">Groot Kormelink Optiek<\/a><\/p><p class=\"address\">Spalstraat 27, <br>Hengelo <\/br>Nederland<\/p>                <\/div>\n                            <div class=\"marker\" data-lat=\"52.71706600\" data-lng=\"5.76625720\">\n                    <p class=\"addressname\"><a href=\"https:\/\/lookadd.com\/pt-pt\/winkel_locaties\/thuis-in-optiek\/\" title=\"Thuis in Optiek\">Thuis in Optiek<\/a><\/p><p class=\"address\">Colijnlaan 8, <br>Emmeloord <\/br>Nederland<\/p>                <\/div>\n                            <div class=\"marker\" data-lat=\"51.794480\" data-lng=\"5.026240\">\n                    <p class=\"addressname\"><a href=\"https:\/\/lookadd.com\/pt-pt\/winkel_locaties\/meijler-optiek\/\" title=\"Meijler optiek\">Meijler optiek<\/a><\/p><p class=\"address\">Parelplein 6, <br>Rijswijk <\/br>Nederland<\/p>                <\/div>\n                            <div class=\"marker\" data-lat=\"51.98942591\" data-lng=\"5.94066381\">\n                    <p class=\"addressname\"><a href=\"https:\/\/lookadd.com\/pt-pt\/winkel_locaties\/bloemendal-optometrie-audiciens\/\" title=\"Bloemendal Optometrie &#038; Audiciens\">Bloemendal Optometrie &#038; Audiciens<\/a><\/p><p class=\"address\">Velperweg 56a, <br>Arnhem <\/br>Nederland<\/p>                <\/div>\n                            <div class=\"marker\" data-lat=\"52.30869260\" data-lng=\"6.52153440\">\n                    <p class=\"addressname\"><a href=\"https:\/\/lookadd.com\/pt-pt\/winkel_locaties\/bokkerink-opticiens\/\" title=\"B\u00f6kkerink Opticiens\">B\u00f6kkerink Opticiens<\/a><\/p><p class=\"address\">Grotestraat 9a, <br>Rijssen <\/br>Nederland<\/p>                <\/div>\n                            <div class=\"marker\" data-lat=\"51.64409568\" data-lng=\"4.85827446\">\n                    <p class=\"addressname\"><a href=\"https:\/\/lookadd.com\/pt-pt\/winkel_locaties\/van-der-heijden-optiek\/\" title=\"van der Heijden Optiek\">van der Heijden Optiek<\/a><\/p><p class=\"address\">Nieuwstraat 2, <br>Oosterhout <\/br>Nederland<\/p>                <\/div>\n                            <div class=\"marker\" data-lat=\"45.16350000\" data-lng=\"1.53309000\">\n                    <p class=\"addressname\"><a href=\"https:\/\/lookadd.com\/pt-pt\/winkel_locaties\/optique-champagnac-sarl-dn-optique\/\" title=\"OPTIQUE CHAMPAGNAC &#8211; SARL DN OPTIQUE\">OPTIQUE CHAMPAGNAC &#8211; SARL DN OPTIQUE<\/a><\/p><p class=\"address\">19 Promenade des Tilleuls, <br>BRIVE LA GAILLARDE <\/br>Frankrijk<\/p>                <\/div>\n                            <div class=\"marker\" data-lat=\"51.86884000\" data-lng=\"4.59488000\">\n                    <p class=\"addressname\"><a href=\"https:\/\/lookadd.com\/pt-pt\/winkel_locaties\/kind-optiek\/\" title=\"Kind Optiek\">Kind Optiek<\/a><\/p><p class=\"address\">Sint Jorisplein 38, <br>Ridderkerk <\/br>Nederland<\/p>                <\/div>\n                            <div class=\"marker\" data-lat=\"52.69514000\" data-lng=\"7.29544000\">\n                    <p class=\"addressname\"><a href=\"https:\/\/lookadd.com\/pt-pt\/winkel_locaties\/kastner-uhrmacher-juwelier-augenoptiker\/\" title=\"KASTNER &#8211; UHRMACHER, JUWELIER &#038; AUGENOPTIKER\">KASTNER &#8211; UHRMACHER, JUWELIER &#038; AUGENOPTIKER<\/a><\/p><p class=\"address\">Bahnhofstra\u00dfe, 28, <br>MEPPEN <\/br>Duitsland<\/p>                <\/div>\n                            <div class=\"marker\" data-lat=\"52.13478000\" data-lng=\"7.73774000\">\n                    <p class=\"addressname\"><a href=\"https:\/\/lookadd.com\/pt-pt\/winkel_locaties\/optik-uhren-schmuck-hakmann-gmbh\/\" title=\"OPTIK UHREN SCHMUCK HAKMANN GmbH\">OPTIK UHREN SCHMUCK HAKMANN GmbH<\/a><\/p><p class=\"address\">M\u00fchlenstra\u00dfe, 11, <br>LADBERGEN <\/br>Duitsland<\/p>                <\/div>\n                            <div class=\"marker\" data-lat=\"53.32517000\" data-lng=\"8.48289000\">\n                    <p class=\"addressname\"><a href=\"https:\/\/lookadd.com\/pt-pt\/winkel_locaties\/herla-augenoptik-horsysteme\/\" title=\"HERLA AUGENOPTIK &#038; H\u00d6RSYSTEME\">HERLA AUGENOPTIK &#038; H\u00d6RSYSTEME<\/a><\/p><p class=\"address\">Claussenstra\u00dfe, 4, <br>BRAKE <\/br>Duitsland<\/p>                <\/div>\n                            <div class=\"marker\" data-lat=\"53.46133940\" data-lng=\"12.03037030\">\n                    <p class=\"addressname\"><a href=\"https:\/\/lookadd.com\/pt-pt\/winkel_locaties\/augenoptik-ahlmann-kg\/\" title=\"AUGENOPTIK AHLMANN KG\">AUGENOPTIK AHLMANN KG<\/a><\/p><p class=\"address\">Am Markt, 11, <br>L\u00dcBZ <\/br>Duitsland<\/p>                <\/div>\n                            <div class=\"marker\" data-lat=\"52.67323970\" data-lng=\"7.48679520\">\n                    <p class=\"addressname\"><a href=\"https:\/\/lookadd.com\/pt-pt\/winkel_locaties\/munster-klasse-optik-2\/\" title=\"M\u00dcNSTER &#8211; KLASSE OPTIK\">M\u00dcNSTER &#8211; KLASSE OPTIK<\/a><\/p><p class=\"address\">Hasestra\u00dfe, 3-4, <br>HASEL\u00dcNNE <\/br>Duitsland<\/p>                <\/div>\n                            <div class=\"marker\" data-lat=\"54.33082230\" data-lng=\"10.08651370\">\n                    <p class=\"addressname\"><a href=\"https:\/\/lookadd.com\/pt-pt\/winkel_locaties\/kleinefenn-optik\/\" title=\"KLEINEFENN OPTIK\">KLEINEFENN OPTIK<\/a><\/p><p class=\"address\">Seilerei, 2, <br>KRONSHAGEN <\/br>Duitsland<\/p>                <\/div>\n                            <div class=\"marker\" data-lat=\"52.31303000\" data-lng=\"6.92806000\">\n                    <p class=\"addressname\"><a href=\"https:\/\/lookadd.com\/pt-pt\/winkel_locaties\/moekotte-eyecare-2\/\" title=\"Moekotte Eyecare\">Moekotte Eyecare<\/a><\/p><p class=\"address\">Grootestraat 15, <br>Oldenzaal <\/br>Nederland<\/p>                <\/div>\n                            <div class=\"marker\" data-lat=\"45.00707300\" data-lng=\"11.28679510\">\n                    <p class=\"addressname\"><a href=\"https:\/\/lookadd.com\/pt-pt\/winkel_locaties\/foto-ottica-sprocatti-di-sprocatti-matteo-2\/\" title=\"FOTO OTTICA SPROCATTI di Sprocatti Matteo\">FOTO OTTICA SPROCATTI di Sprocatti Matteo<\/a><\/p><p class=\"address\">Via Dei Cipressi, 11, <br>SERMIDE <\/br>Itali\u00eb<\/p>                <\/div>\n                            <div class=\"marker\" data-lat=\"45.58553210\" data-lng=\"9.94230080\">\n                    <p class=\"addressname\"><a href=\"https:\/\/lookadd.com\/pt-pt\/winkel_locaties\/ottica-tamanza\/\" title=\"OTTICA TAMANZA\">OTTICA TAMANZA<\/a><\/p><p class=\"address\">Via Marconi, 22, <br>COLOGNE <\/br>Itali\u00eb<\/p>                <\/div>\n                            <div class=\"marker\" data-lat=\"34.01790000\" data-lng=\"-6.83457000\">\n                    <p class=\"addressname\"><a href=\"https:\/\/lookadd.com\/pt-pt\/winkel_locaties\/medi-optique\/\" title=\"MEDI OPTIQUE\">MEDI OPTIQUE<\/a><\/p><p class=\"address\">70 Avenue Al-Amir - Fal Ould Oumeir, <br>RABAT <\/br>Marokko<\/p>                <\/div>\n                            <div class=\"marker\" data-lat=\"54.43903290\" data-lng=\"11.19786790\">\n                    <p class=\"addressname\"><a href=\"https:\/\/lookadd.com\/pt-pt\/winkel_locaties\/optik-augenblick-inh-ute-oppe\/\" title=\"OPTIK AUGENBLICK INH. UTE OPPE\">OPTIK AUGENBLICK INH. UTE OPPE<\/a><\/p><p class=\"address\">Am Markt, 13, <br>BURG AUF FEHMARN <\/br>Duitsland<\/p>                <\/div>\n                            <div class=\"marker\" data-lat=\"53.70011300\" data-lng=\"17.57145200\">\n                    <p class=\"addressname\"><a href=\"https:\/\/lookadd.com\/pt-pt\/winkel_locaties\/zaklad-optyczny-krzysztof-gollus\/\" title=\"ZAKLAD OPTYCZNY KRZYSZTOF GOLLUS\">ZAKLAD OPTYCZNY KRZYSZTOF GOLLUS<\/a><\/p><p class=\"address\">Mlodziezowa, 35, <br>CHOJNICE <\/br>Polen<\/p>                <\/div>\n                            <div class=\"marker\" data-lat=\"37.17787540\" data-lng=\"-3.60463910\">\n                    <p class=\"addressname\"><a href=\"https:\/\/lookadd.com\/pt-pt\/winkel_locaties\/a-j-opticos-audifonos-s-l-2\/\" title=\"A.J OPTICOS &#038; AUDIFONOS S.L.\">A.J OPTICOS &#038; AUDIFONOS S.L.<\/a><\/p><p class=\"address\">C\/Gran Capitan, 21, <br>GRANADA <\/br>Spanje<\/p>                <\/div>\n                            <div class=\"marker\" data-lat=\"47.20851200\" data-lng=\"8.70669800\">\n                    <p class=\"addressname\"><a href=\"https:\/\/lookadd.com\/pt-pt\/winkel_locaties\/blickwinkel\/\" title=\"BLICKWINKEL\">BLICKWINKEL<\/a><\/p><p class=\"address\">Poststrasse, 13, <br>RICHTERSWIL <\/br>Zwitserland<\/p>                <\/div>\n                            <div class=\"marker\" data-lat=\"46.49909110\" data-lng=\"11.34973590\">\n                    <p class=\"addressname\"><a href=\"https:\/\/lookadd.com\/pt-pt\/winkel_locaties\/ottica-frebal-s-r-l\/\" title=\"OTTICA FREBAL s.r.l.\">OTTICA FREBAL s.r.l.<\/a><\/p><p class=\"address\">Via Leonardo da Vinci , 16\/A, <br>BOLZANO <\/br>Itali\u00eb<\/p>                <\/div>\n                            <div class=\"marker\" data-lat=\"44.63884730\" data-lng=\"10.97093290\">\n                    <p class=\"addressname\"><a href=\"https:\/\/lookadd.com\/pt-pt\/winkel_locaties\/ottica-diba-s-r-l\/\" title=\"OTTICA DIBA s.r.l\">OTTICA DIBA s.r.l<\/a><\/p><p class=\"address\">Via dell'Artigianato, 57\/A, <br>MODENA <\/br>Itali\u00eb<\/p>                <\/div>\n                            <div class=\"marker\" data-lat=\"48.69592000\" data-lng=\"8.13847000\">\n                    <p class=\"addressname\"><a href=\"https:\/\/lookadd.com\/pt-pt\/winkel_locaties\/brillen-vogt-2\/\" title=\"BRILLEN VOGT\">BRILLEN VOGT<\/a><\/p><p class=\"address\">Johannesplatz, 9, <br>B\u00dcHL <\/br>Duitsland<\/p>                <\/div>\n                            <div class=\"marker\" data-lat=\"38.01445420\" data-lng=\"-3.37107400\">\n                    <p class=\"addressname\"><a href=\"https:\/\/lookadd.com\/pt-pt\/winkel_locaties\/juan-gilberto-moreno-campoy-2\/\" title=\"JUAN GILBERTO MORENO CAMPOY\">JUAN GILBERTO MORENO CAMPOY<\/a><\/p><p class=\"address\">Calle Trinidad, 34, <br>UBEDA <\/br>Spanje<\/p>                <\/div>\n                            <div class=\"marker\" data-lat=\"44.10548540\" data-lng=\"15.23570830\">\n                    <p class=\"addressname\"><a href=\"https:\/\/lookadd.com\/pt-pt\/winkel_locaties\/optika-zenit-d-o-o\/\" title=\"OPTIKA ZENIT D.O.O.\">OPTIKA ZENIT D.O.O.<\/a><\/p><p class=\"address\">Ulica Boze Pericica, 14, <br>ZADAR <\/br>Kroati\u00eb<\/p>                <\/div>\n                            <div class=\"marker\" data-lat=\"39.22635230\" data-lng=\"-0.51355790\">\n                    <p class=\"addressname\"><a href=\"https:\/\/lookadd.com\/pt-pt\/winkel_locaties\/estereo-vision\/\" title=\"ESTEREO VISION\">ESTEREO VISION<\/a><\/p><p class=\"address\">C\/ Gran Via, 98, <br>GUADASSUAR <\/br>Spanje<\/p>                <\/div>\n                            <div class=\"marker\" data-lat=\"41.62893720\" data-lng=\"0.89340500\">\n                    <p class=\"addressname\"><a href=\"https:\/\/lookadd.com\/pt-pt\/winkel_locaties\/roure-optics-s-l\/\" title=\"ROURE OPTICS S.L.\">ROURE OPTICS S.L.<\/a><\/p><p class=\"address\">Pla\u00e7a Major, 3, <br>MOLLERUSSA <\/br>Spanje<\/p>                <\/div>\n                            <div class=\"marker\" data-lat=\"49.437987\" data-lng=\"11.081812\">\n                    <p class=\"addressname\"><a href=\"https:\/\/lookadd.com\/pt-pt\/winkel_locaties\/optik-schneider\/\" title=\"Optik Schneider\">Optik Schneider<\/a><\/p><p class=\"address\">Kopernikusplatz 38, <br>N\u00dcRNBERG <\/br>Duitsland<\/p>                <\/div>\n                            <div class=\"marker\" data-lat=\"52.56173000\" data-lng=\"5.91375000\">\n                    <p class=\"addressname\"><a href=\"https:\/\/lookadd.com\/pt-pt\/winkel_locaties\/hans-leurink-optiek\/\" title=\"Hans Leurink Optiek\">Hans Leurink Optiek<\/a><\/p><p class=\"address\">Oudestraat 228, <br>Kampen <\/br>Nederland<\/p>                <\/div>\n                            <div class=\"marker\" data-lat=\"50.07785000\" data-lng=\"14.46448000\">\n                    <p class=\"addressname\"><a href=\"https:\/\/lookadd.com\/pt-pt\/winkel_locaties\/ocni-optika-eva\/\" title=\"OCN\u00cd OPTIKA EVA\">OCN\u00cd OPTIKA EVA<\/a><\/p><p class=\"address\">Vinohradsk\u00e1, 2222\/156, <br>VINOHRADY PRAHA <\/br>Tsjechi\u00eb<\/p>                <\/div>\n                            <div class=\"marker\" data-lat=\"43.84262000\" data-lng=\"13.01839000\">\n                    <p class=\"addressname\"><a href=\"https:\/\/lookadd.com\/pt-pt\/winkel_locaties\/ottici-riuniti-s-r-l\/\" title=\"OTTICI RIUNITI s.r.l.\">OTTICI RIUNITI s.r.l.<\/a><\/p><p class=\"address\">C.so Matteotti, 230, <br>FANO <\/br>Itali\u00eb<\/p>                <\/div>\n                            <div class=\"marker\" data-lat=\"52.31370000\" data-lng=\"21.18880000\">\n                    <p class=\"addressname\"><a href=\"https:\/\/lookadd.com\/pt-pt\/winkel_locaties\/salon-optyczny-omatidium\/\" title=\"Salon Optyczny Omatidium\">Salon Optyczny Omatidium<\/a><\/p><p class=\"address\">Wyszynskiego 21, <br>Zielonka <\/br>Polen<\/p>                <\/div>\n                            <div class=\"marker\" data-lat=\"45.13281110\" data-lng=\"10.02264110\">\n                    <p class=\"addressname\"><a href=\"https:\/\/lookadd.com\/pt-pt\/winkel_locaties\/otto-di-elsa-ziglioli-e-c-s-n-c\/\" title=\"OTTO di Elsa Ziglioli e C. s.n.c.\">OTTO di Elsa Ziglioli e C. s.n.c.<\/a><\/p><p class=\"address\">Via Ala Ponzone, 1, <br>CREMONA <\/br>Itali\u00eb<\/p>                <\/div>\n                            <div class=\"marker\" data-lat=\"44.49257480\" data-lng=\"11.36573930\">\n                    <p class=\"addressname\"><a href=\"https:\/\/lookadd.com\/pt-pt\/winkel_locaties\/ottica-s-orsola-s-a-s-di-pederzani-giampaolo-c\/\" title=\"OTTICA S. ORSOLA s.a.s di Pederzani Giampaolo &#038; C.\">OTTICA S. ORSOLA s.a.s di Pederzani Giampaolo &#038; C.<\/a><\/p><p class=\"address\">Via Massarenti, 114, <br>BOLOGNA <\/br>Itali\u00eb<\/p>                <\/div>\n                            <div class=\"marker\" data-lat=\"45.50463000\" data-lng=\"10.37447000\">\n                    <p class=\"addressname\"><a href=\"https:\/\/lookadd.com\/pt-pt\/winkel_locaties\/ottica-cadenelli\/\" title=\"OTTICA CADENELLI\">OTTICA CADENELLI<\/a><\/p><p class=\"address\">Via G.Garibaldi, 12, <br>MOLINETTO <\/br>Itali\u00eb<\/p>                <\/div>\n                            <div class=\"marker\" data-lat=\"45.53162700\" data-lng=\"9.13974000\">\n                    <p class=\"addressname\"><a href=\"https:\/\/lookadd.com\/pt-pt\/winkel_locaties\/ottica-corci-s-a-s-di-marco-corci-c\/\" title=\"OTTICA CORCI s.a.s. di Marco Corci &#038; C.\">OTTICA CORCI s.a.s. di Marco Corci &#038; C.<\/a><\/p><p class=\"address\">Via della Repubblica, 13, <br>NOVATE MILANESE <\/br>Itali\u00eb<\/p>                <\/div>\n                            <div class=\"marker\" data-lat=\"40.59213390\" data-lng=\"22.94936460\">\n                    <p class=\"addressname\"><a href=\"https:\/\/lookadd.com\/pt-pt\/winkel_locaties\/moisidis-lavrentios\/\" title=\"MOISIDIS LAVRENTIOS\">MOISIDIS LAVRENTIOS<\/a><\/p><p class=\"address\">Ermou, 46, <br>THESSALONIKI <\/br><\/p>                <\/div>\n                            <div class=\"marker\" data-lat=\"50.66021410\" data-lng=\"14.03380350\">\n                    <p class=\"addressname\"><a href=\"https:\/\/lookadd.com\/pt-pt\/winkel_locaties\/optika-formankova\/\" title=\"OPTIKA FORM\u00c1NKOV\u00c1\">OPTIKA FORM\u00c1NKOV\u00c1<\/a><\/p><p class=\"address\">Revolucn\u00ed, 1421\/4, <br>\u00daST\u00cd NAD LABEM <\/br>Tsjechi\u00eb<\/p>                <\/div>\n                            <div class=\"marker\" data-lat=\"40.27730050\" data-lng=\"18.41897750\">\n                    <p class=\"addressname\"><a href=\"https:\/\/lookadd.com\/pt-pt\/winkel_locaties\/vista-d-o-o-optika\/\" title=\"VISTA D.O.O. OPTIKA\">VISTA D.O.O. OPTIKA<\/a><\/p><p class=\"address\">Vukovarska, 22, <br>DUBROVNIK <\/br>Kroati\u00eb<\/p>                <\/div>\n                            <div class=\"marker\" data-lat=\"46.15869090\" data-lng=\"-1.15074360\">\n                    <p class=\"addressname\"><a href=\"https:\/\/lookadd.com\/pt-pt\/winkel_locaties\/generation-optiq\/\" title=\"G\u00c9N\u00c9RATION OPTIQ\">G\u00c9N\u00c9RATION OPTIQ<\/a><\/p><p class=\"address\">4C Av. Amerigo Vespucci, <br>LA ROCHELLE <\/br>Frankrijk<\/p>                <\/div>\n                            <div class=\"marker\" data-lat=\"48.29793380\" data-lng=\"14.29043700\">\n                    <p class=\"addressname\"><a href=\"https:\/\/lookadd.com\/pt-pt\/winkel_locaties\/hochwimmer-optik-3\/\" title=\"HOCHWIMMER OPTIK\">HOCHWIMMER OPTIK<\/a><\/p><p class=\"address\">Rainerstrasse,10, <br>LINZ <\/br>Oostenrijk<\/p>                <\/div>\n                            <div class=\"marker\" data-lat=\"43.13863890\" data-lng=\"11.69718110\">\n                    <p class=\"addressname\"><a href=\"https:\/\/lookadd.com\/pt-pt\/winkel_locaties\/symonides-szymon-czapik-2\/\" title=\"SYMONIDES SZYMON CZAPIK\">SYMONIDES SZYMON CZAPIK<\/a><\/p><p class=\"address\">ul. Koncertowa, 7, <br>LAZY <\/br>Polen<\/p>                <\/div>\n                            <div class=\"marker\" data-lat=\"44.33894470\" data-lng=\"10.83396950\">\n                    <p class=\"addressname\"><a href=\"https:\/\/lookadd.com\/pt-pt\/winkel_locaties\/ottica-ghiddi-fabio-s-n-c\/\" title=\"OTTICA GHIDDI FABIO s.n.c.\">OTTICA GHIDDI FABIO s.n.c.<\/a><\/p><p class=\"address\">Via Giardini, 42, <br>PAVULLO NEL FRIGNANO <\/br>Itali\u00eb<\/p>                <\/div>\n                            <div class=\"marker\" data-lat=\"45.48444620\" data-lng=\"12.18920000\">\n                    <p class=\"addressname\"><a href=\"https:\/\/lookadd.com\/pt-pt\/winkel_locaties\/millennium-ottica\/\" title=\"MILLENNIUM OTTICA\">MILLENNIUM OTTICA<\/a><\/p><p class=\"address\">P.zza S. Giorgio, 12, <br>CHIRIGNAGO <\/br>Itali\u00eb<\/p>                <\/div>\n                            <div class=\"marker\" data-lat=\"38.60520660\" data-lng=\"-0.67088250\">\n                    <p class=\"addressname\"><a href=\"https:\/\/lookadd.com\/pt-pt\/winkel_locaties\/la-bassa-vision-s-l\/\" title=\"LA BASSA VISION S.L.\">LA BASSA VISION S.L.<\/a><\/p><p class=\"address\">Luis Vives, 18, <br>ALCOY <\/br>Spanje<\/p>                <\/div>\n                            <div class=\"marker\" data-lat=\"50.05725240\" data-lng=\"14.42525460\">\n                    <p class=\"addressname\"><a href=\"https:\/\/lookadd.com\/pt-pt\/winkel_locaties\/optika-eva-ecksteinova-s-r-o\/\" title=\"OPTIKA EVA ECKSTEINOVA, s.r.o.\">OPTIKA EVA ECKSTEINOVA, s.r.o.<\/a><\/p><p class=\"address\">Na Dolin\u00e1ch, 16\/826, <br>PRAHA 4 <\/br>Tsjechi\u00eb<\/p>                <\/div>\n                            <div class=\"marker\" data-lat=\"52.67694310\" data-lng=\"7.48921210\">\n                    <p class=\"addressname\"><a href=\"https:\/\/lookadd.com\/pt-pt\/winkel_locaties\/munster-klasse-optik\/\" title=\"M\u00dcNSTER &#8211; KLASSE OPTIK\">M\u00dcNSTER &#8211; KLASSE OPTIK<\/a><\/p><p class=\"address\">Hasestra\u00dfe, 3-4, <br>HASEL\u00dcNNE <\/br>Duitsland<\/p>                <\/div>\n                            <div class=\"marker\" data-lat=\"12.14275750\" data-lng=\"-86.23971190\">\n                    <p class=\"addressname\"><a href=\"https:\/\/lookadd.com\/pt-pt\/winkel_locaties\/juan-gilberto-moreno-campoy\/\" title=\"JUAN GILBERTO MORENO CAMPOY\">JUAN GILBERTO MORENO CAMPOY<\/a><\/p><p class=\"address\">Calle Trinidad, 34, <br>UBEDA <\/br>Spanje<\/p>                <\/div>\n                            <div class=\"marker\" data-lat=\"51.15712590\" data-lng=\"17.04102460\">\n                    <p class=\"addressname\"><a href=\"https:\/\/lookadd.com\/pt-pt\/winkel_locaties\/z-w-optimus-jerzy-wysocki-2\/\" title=\"Z.W. OPTIMUS JERZY WYSOCKI\">Z.W. OPTIMUS JERZY WYSOCKI<\/a><\/p><p class=\"address\">ul. Wladyslawa Lokietka, 14, <br>WROCLAW <\/br>Polen<\/p>                <\/div>\n                            <div class=\"marker\" data-lat=\"52.04712430\" data-lng=\"5.66936630\">\n                    <p class=\"addressname\"><a href=\"https:\/\/lookadd.com\/pt-pt\/winkel_locaties\/de-heus-optiek\/\" title=\"De Heus Optiek\">De Heus Optiek<\/a><\/p><p class=\"address\">Molenstraat 140, <br>EDE <\/br>Nederland<\/p>                <\/div>\n                            <div class=\"marker\" data-lat=\"51.95525270\" data-lng=\"5.22613800\">\n                    <p class=\"addressname\"><a href=\"https:\/\/lookadd.com\/pt-pt\/winkel_locaties\/merkx-brillen-vof\/\" title=\"Merkx Brillen vof\">Merkx Brillen vof<\/a><\/p><p class=\"address\">Varkensmarkt 15, <br>CULEMBORG <\/br>Nederland<\/p>                <\/div>\n                            <div class=\"marker\" data-lat=\"51.77418090\" data-lng=\"5.56495390\">\n                    <p class=\"addressname\"><a href=\"https:\/\/lookadd.com\/pt-pt\/winkel_locaties\/nooren-optiek\/\" title=\"Nooren Optiek\">Nooren Optiek<\/a><\/p><p class=\"address\">Spaanderstraat 72, <br>BERGHEM <\/br>Nederland<\/p>                <\/div>\n                            <div class=\"marker\" data-lat=\"52.37875000\" data-lng=\"4.88606800\">\n                    <p class=\"addressname\"><a href=\"https:\/\/lookadd.com\/pt-pt\/winkel_locaties\/ralph-optiek-bv\/\" title=\"Ralph Optiek BV\">Ralph Optiek BV<\/a><\/p><p class=\"address\">Westerstraat 9, <br>AMSTERDAM <\/br>Nederland<\/p>                <\/div>\n                            <div class=\"marker\" data-lat=\"37.02223630\" data-lng=\"14.57878680\">\n                    <p class=\"addressname\"><a href=\"https:\/\/lookadd.com\/pt-pt\/winkel_locaties\/ottica-gabriele-di-gabriele-occhipinti\/\" title=\"OTTICA GABRIELE di Gabriele Occhipinti\">OTTICA GABRIELE di Gabriele Occhipinti<\/a><\/p><p class=\"address\">Via XXV Luglio, 153, <br>PEDALINO <\/br>Itali\u00eb<\/p>                <\/div>\n                            <div class=\"marker\" data-lat=\"43.11095040\" data-lng=\"13.55980580\">\n                    <p class=\"addressname\"><a href=\"https:\/\/lookadd.com\/pt-pt\/winkel_locaties\/opsottica-s-n-c\/\" title=\"OPSOTTICA s.n.c.\">OPSOTTICA s.n.c.<\/a><\/p><p class=\"address\">Via Faleriense Ovest, 25, <br>PIANE DI MONTEGIORGIO <\/br>Itali\u00eb<\/p>                <\/div>\n                            <div class=\"marker\" data-lat=\"38.18734270\" data-lng=\"15.55491740\">\n                    <p class=\"addressname\"><a href=\"https:\/\/lookadd.com\/pt-pt\/winkel_locaties\/crisafulli-ottica-di-crisafulli-giuseppe-2\/\" title=\"CRISAFULLI OTTICA di Crisafulli Giuseppe\">CRISAFULLI OTTICA di Crisafulli Giuseppe<\/a><\/p><p class=\"address\">Via T. Cannizzaro,  141, <br>MESSINA <\/br>Itali\u00eb<\/p>                <\/div>\n                            <div class=\"marker\" data-lat=\"38.12556010\" data-lng=\"13.32965500\">\n                    <p class=\"addressname\"><a href=\"https:\/\/lookadd.com\/pt-pt\/winkel_locaties\/stilottica-s-n-c-di-beltempo-s-m-2\/\" title=\"STILOTTICA s.n.c di Beltempo S. &#038; M.\">STILOTTICA s.n.c di Beltempo S. &#038; M.<\/a><\/p><p class=\"address\">Viale Regione Siciliana, 2460, <br>PALERMO <\/br>Itali\u00eb<\/p>                <\/div>\n                            <div class=\"marker\" data-lat=\"36.61246750\" data-lng=\"-4.50184880\">\n                    <p class=\"addressname\"><a href=\"https:\/\/lookadd.com\/pt-pt\/winkel_locaties\/yolanda-diaz-carmona-2\/\" title=\"YOLANDA DIAZ CARMONA\">YOLANDA DIAZ CARMONA<\/a><\/p><p class=\"address\">Av. Joan Mir\u00f3, 31, <br>TORREMOLINOS <\/br>Spanje<\/p>                <\/div>\n                            <div class=\"marker\" data-lat=\"44.21817950\" data-lng=\"12.07278710\">\n                    <p class=\"addressname\"><a href=\"https:\/\/lookadd.com\/pt-pt\/winkel_locaties\/p-p-zopex-pfau-dariusz\/\" title=\"P.P. ZOPEX PFAU DARIUSZ\">P.P. ZOPEX PFAU DARIUSZ<\/a><\/p><p class=\"address\">Mazowszany, 15B, <br>KOWALA <\/br>Polen<\/p>                <\/div>\n                            <div class=\"marker\" data-lat=\"50.06630040\" data-lng=\"20.04956230\">\n                    <p class=\"addressname\"><a href=\"https:\/\/lookadd.com\/pt-pt\/winkel_locaties\/teczowe-okulary\/\" title=\"TECZOWE OKULARY\">TECZOWE OKULARY<\/a><\/p><p class=\"address\">Ul. Twardowskiego, 37, <br>KRAKOW <\/br>Polen<\/p>                <\/div>\n                            <div class=\"marker\" data-lat=\"53.42211200\" data-lng=\"14.52346300\">\n                    <p class=\"addressname\"><a href=\"https:\/\/lookadd.com\/pt-pt\/winkel_locaties\/optik-center-ekspres-marek-pawski-2\/\" title=\"OPTIK CENTER-EKSPRES MAREK PAWSKI\">OPTIK CENTER-EKSPRES MAREK PAWSKI<\/a><\/p><p class=\"address\">Kwiatow Polskich, 57, <br>SZCZECIN <\/br>Polen<\/p>                <\/div>\n                            <div class=\"marker\" data-lat=\"45.81088910\" data-lng=\"15.96674190\">\n                    <p class=\"addressname\"><a href=\"https:\/\/lookadd.com\/pt-pt\/winkel_locaties\/optomed-optika\/\" title=\"OPTOMED OPTIKA\">OPTOMED OPTIKA<\/a><\/p><p class=\"address\">Heinzelova, 39, <br>ZAGREB <\/br>Kroati\u00eb<\/p>                <\/div>\n                            <div class=\"marker\" data-lat=\"39.30714400\" data-lng=\"-76.60313650\">\n                    <p class=\"addressname\"><a href=\"https:\/\/lookadd.com\/pt-pt\/winkel_locaties\/optical-xpressions-ltd-dba-kyoto-2\/\" title=\"OPTICAL XPRESSIONS Ltd. dba Kyoto\">OPTICAL XPRESSIONS Ltd. dba Kyoto<\/a><\/p><p class=\"address\">1320 Lincoln Avenue Suite, 3, <br>HOLBROOK <\/br>Verenigde Staten<\/p>                <\/div>\n                            <div class=\"marker\" data-lat=\"46.02002590\" data-lng=\"9.23844100\">\n                    <p class=\"addressname\"><a href=\"https:\/\/lookadd.com\/pt-pt\/winkel_locaties\/ottica-vergottini-s-n-c-di-paola-vergottini\/\" title=\"OTTICA VERGOTTINI s.n.c. di Paola Vergottini\">OTTICA VERGOTTINI s.n.c. di Paola Vergottini<\/a><\/p><p class=\"address\">Via Calvi, 12, <br>MENAGGIO <\/br>Itali\u00eb<\/p>                <\/div>\n                            <div class=\"marker\" data-lat=\"43.57804200\" data-lng=\"13.51560630\">\n                    <p class=\"addressname\"><a href=\"https:\/\/lookadd.com\/pt-pt\/winkel_locaties\/ottica-abc-di-sgalla-sergio-e-c-s-n-c-2\/\" title=\"OTTICA ABC di Sgalla Sergio e C. s.n.c.\">OTTICA ABC di Sgalla Sergio e C. s.n.c.<\/a><\/p><p class=\"address\">Via Brecce Bianche,  68\/G, <br>ANCONA <\/br>Itali\u00eb<\/p>                <\/div>\n                            <div class=\"marker\" data-lat=\"45.26847060\" data-lng=\"10.21615120\">\n                    <p class=\"addressname\"><a href=\"https:\/\/lookadd.com\/pt-pt\/winkel_locaties\/ottica-coltelli-di-coltelli-claudia\/\" title=\"OTTICA COLTELLI di Coltelli Claudia\">OTTICA COLTELLI di Coltelli Claudia<\/a><\/p><p class=\"address\">Via Roma, 15, <br>PRALBOINO <\/br>Itali\u00eb<\/p>                <\/div>\n                            <div class=\"marker\" data-lat=\"44.40001810\" data-lng=\"11.24832200\">\n                    <p class=\"addressname\"><a href=\"https:\/\/lookadd.com\/pt-pt\/winkel_locaties\/ottica-dante-di-molinari-stefania-2\/\" title=\"OTTICA DANTE di Molinari Stefania\">OTTICA DANTE di Molinari Stefania<\/a><\/p><p class=\"address\">Via Porrettana, 383, <br>SASSO MARCONI <\/br>Itali\u00eb<\/p>                <\/div>\n                            <div class=\"marker\" data-lat=\"42.81277880\" data-lng=\"13.72876040\">\n                    <p class=\"addressname\"><a href=\"https:\/\/lookadd.com\/pt-pt\/winkel_locaties\/lottico-riam-s-n-c-di-di-carlo-rita-g-di-carlo-ana-m\/\" title=\"L&#8217;OTTICO RIAM s.n.c. di Di Carlo Rita G. &#038; Di Carlo Ana M.\">L&#8217;OTTICO RIAM s.n.c. di Di Carlo Rita G. &#038; Di Carlo Ana M.<\/a><\/p><p class=\"address\">Via Kennedy, 96, <br>S. EGIDIO ALLA VIBRATA <\/br>Itali\u00eb<\/p>                <\/div>\n                            <div class=\"marker\" data-lat=\"44.58991700\" data-lng=\"11.36663010\">\n                    <p class=\"addressname\"><a href=\"https:\/\/lookadd.com\/pt-pt\/winkel_locaties\/punto-di-vista-di-papponi-e-gaeta-s-n-c\/\" title=\"PUNTO DI VISTA di Papponi e Gaeta s.n.c.\">PUNTO DI VISTA di Papponi e Gaeta s.n.c.<\/a><\/p><p class=\"address\">Via Don Pasti, 18, <br>FUNO DI ARGELATO <\/br>Itali\u00eb<\/p>                <\/div>\n                            <div class=\"marker\" data-lat=\"45.65012640\" data-lng=\"13.77541460\">\n                    <p class=\"addressname\"><a href=\"https:\/\/lookadd.com\/pt-pt\/winkel_locaties\/trevi-ottica-di-fulvio-samueli-c-s-n-c\/\" title=\"TREVI OTTICA di Fulvio Samueli &#038; C. s.n.c.\">TREVI OTTICA di Fulvio Samueli &#038; C. s.n.c.<\/a><\/p><p class=\"address\">Via Mazzini, 43-E, <br>TRIESTE <\/br>Itali\u00eb<\/p>                <\/div>\n                            <div class=\"marker\" data-lat=\"45.85331990\" data-lng=\"9.39527300\">\n                    <p class=\"addressname\"><a href=\"https:\/\/lookadd.com\/pt-pt\/winkel_locaties\/ottica-ripamonti-di-ripamonti-giovanni\/\" title=\"OTTICA RIPAMONTI di Ripamonti Giovanni\">OTTICA RIPAMONTI di Ripamonti Giovanni<\/a><\/p><p class=\"address\">Via Marco D'Oggiono, 13a, <br>LECCO <\/br>Itali\u00eb<\/p>                <\/div>\n                            <div class=\"marker\" data-lat=\"45.56903970\" data-lng=\"9.18547180\">\n                    <p class=\"addressname\"><a href=\"https:\/\/lookadd.com\/pt-pt\/winkel_locaties\/centro-ottico-di-perna-nicola\/\" title=\"CENTRO OTTICO di Perna Nicola\">CENTRO OTTICO di Perna Nicola<\/a><\/p><p class=\"address\">Via Agostino Gaetano Riboldi, 163, <br>PADERNO DUGNANO <\/br>Itali\u00eb<\/p>                <\/div>\n                            <div class=\"marker\" data-lat=\"45.85620000\" data-lng=\"9.38818000\">\n                    <p class=\"addressname\"><a href=\"https:\/\/lookadd.com\/pt-pt\/winkel_locaties\/ottica-pasini-s-r-l\/\" title=\"OTTICA PASINI s.r.l.\">OTTICA PASINI s.r.l.<\/a><\/p><p class=\"address\">Via Pietro Nava, 3, <br>Lecco <\/br>Itali\u00eb<\/p>                <\/div>\n                            <div class=\"marker\" data-lat=\"51.58199000\" data-lng=\"5.01817000\">\n                    <p class=\"addressname\"><a href=\"https:\/\/lookadd.com\/pt-pt\/winkel_locaties\/jurgens-optiek\/\" title=\"Jurgens Optiek\">Jurgens Optiek<\/a><\/p><p class=\"address\">Buurmalsenplein 14, <br>Tilburg <\/br>Nederland<\/p>                <\/div>\n                            <div class=\"marker\" data-lat=\"43.10986300\" data-lng=\"-77.54717800\">\n                    <p class=\"addressname\"><a href=\"https:\/\/lookadd.com\/pt-pt\/winkel_locaties\/eye-openers-optical-fashion\/\" title=\"Eye Openers Optical Fashion\">Eye Openers Optical Fashion<\/a><\/p><p class=\"address\">2929 Monroe Ave., <br>Rochester <\/br>Verenigde Staten<\/p>                <\/div>\n                            <div class=\"marker\" data-lat=\"42.30735400\" data-lng=\"14.18863070\">\n                    <p class=\"addressname\"><a href=\"https:\/\/lookadd.com\/pt-pt\/winkel_locaties\/ottica-express-s-a-s-di-riccardo-mammarella-c\/\" title=\"OTTICA EXPRESS s.a.s. di Riccardo Mammarella &#038; C.\">OTTICA EXPRESS s.a.s. di Riccardo Mammarella &#038; C.<\/a><\/p><p class=\"address\">Via Piane, 163, <br>BUCCHIANICO <\/br>Itali\u00eb<\/p>                <\/div>\n                            <div class=\"marker\" data-lat=\"45.31699340\" data-lng=\"8.86273880\">\n                    <p class=\"addressname\"><a href=\"https:\/\/lookadd.com\/pt-pt\/winkel_locaties\/ottica-pappi-laura\/\" title=\"OTTICA PAPPI LAURA\">OTTICA PAPPI LAURA<\/a><\/p><p class=\"address\">Via Buozzi, 29, <br>VIGEVANO <\/br>Itali\u00eb<\/p>                <\/div>\n                            <div class=\"marker\" data-lat=\"43.80535290\" data-lng=\"11.24090840\">\n                    <p class=\"addressname\"><a href=\"https:\/\/lookadd.com\/pt-pt\/winkel_locaties\/ottica-lippi-s-r-l\/\" title=\"OTTICA LIPPI s.r.l.\">OTTICA LIPPI s.r.l.<\/a><\/p><p class=\"address\">Via delle Panche, 103\/A, <br>FIRENZE <\/br>Itali\u00eb<\/p>                <\/div>\n                            <div class=\"marker\" data-lat=\"45.60398800\" data-lng=\"13.76794800\">\n                    <p class=\"addressname\"><a href=\"https:\/\/lookadd.com\/pt-pt\/winkel_locaties\/ottica-facco-riccardo-e-facco-stefano-c-s-a-s\/\" title=\"OTTICA FACCO RICCARDO E FACCO STEFANO &#038; C. s.a.s.\">OTTICA FACCO RICCARDO E FACCO STEFANO &#038; C. s.a.s.<\/a><\/p><p class=\"address\">Via Dante Alighieri, 14, <br>MUGGIA <\/br>Itali\u00eb<\/p>                <\/div>\n                            <div class=\"marker\" data-lat=\"45.28885510\" data-lng=\"8.59386620\">\n                    <p class=\"addressname\"><a href=\"https:\/\/lookadd.com\/pt-pt\/winkel_locaties\/centro-ottica-terragni-di-cervio-riccardo\/\" title=\"CENTRO OTTICA TERRAGNI di Cervio Riccardo\">CENTRO OTTICA TERRAGNI di Cervio Riccardo<\/a><\/p><p class=\"address\">Via Roma, 8, <br>ROBBIO <\/br>Itali\u00eb<\/p>                <\/div>\n                            <div class=\"marker\" data-lat=\"-22.91055010\" data-lng=\"-43.17148190\">\n                    <p class=\"addressname\"><a href=\"https:\/\/lookadd.com\/pt-pt\/winkel_locaties\/optimax-d-o-o\/\" title=\"OPTIMAX D.O.O.\">OPTIMAX D.O.O.<\/a><\/p><p class=\"address\">Korzo,  5, <br>RIJEKA <\/br>Kroati\u00eb<\/p>                <\/div>\n                            <div class=\"marker\" data-lat=\"45.37149600\" data-lng=\"11.28429200\">\n                    <p class=\"addressname\"><a href=\"https:\/\/lookadd.com\/pt-pt\/winkel_locaties\/stutz-karl-wilhelm-optik-3\/\" title=\"ST\u00dcTZ KARL WILHELM OPTIK\">ST\u00dcTZ KARL WILHELM OPTIK<\/a><\/p><p class=\"address\">Bethlehemstra\u00dfe, 1, <br>LINZ <\/br>Oostenrijk<\/p><p class=\"addressname\"><a href=\"https:\/\/lookadd.com\/pt-pt\/winkel_locaties\/stutz-karl-wilhelm-optik-2\/\" title=\"ST\u00dcTZ KARL WILHELM OPTIK\">ST\u00dcTZ KARL WILHELM OPTIK<\/a><\/p><p class=\"address\">Bethlehemstra\u00dfe, 1, <br>LINZ <\/br>Oostenrijk<\/p><p class=\"addressname\"><a href=\"https:\/\/lookadd.com\/pt-pt\/winkel_locaties\/hochwimmer-optik-2\/\" title=\"HOCHWIMMER OPTIK\">HOCHWIMMER OPTIK<\/a><\/p><p class=\"address\">Rainerstrasse,10, <br>LINZ <\/br>Oostenrijk<\/p>                <\/div>\n                            <div class=\"marker\" data-lat=\"45.69892120\" data-lng=\"9.13057020\">\n                    <p class=\"addressname\"><a href=\"https:\/\/lookadd.com\/pt-pt\/winkel_locaties\/seh-und-horzentrum-wagener-e-k\/\" title=\"SEH- UND H\u00d6RZENTRUM WAGENER E.K.\">SEH- UND H\u00d6RZENTRUM WAGENER E.K.<\/a><\/p><p class=\"address\">Krottorferstra\u00dfe, 2, <br>FREUDENBERG <\/br>Duitsland<\/p>                <\/div>\n                            <div class=\"marker\" data-lat=\"44.40002000\" data-lng=\"11.24832000\">\n                    <p class=\"addressname\"><a href=\"https:\/\/lookadd.com\/pt-pt\/winkel_locaties\/ottica-dante-di-molinari-stefania\/\" title=\"OTTICA DANTE di Molinari Stefania\">OTTICA DANTE di Molinari Stefania<\/a><\/p><p class=\"address\">Via Porrettana, 383, <br>SASSO MARCONI (BO) <\/br>Itali\u00eb<\/p>                <\/div>\n                            <div class=\"marker\" data-lat=\"51.84376000\" data-lng=\"5.86811000\">\n                    <p class=\"addressname\"><a href=\"https:\/\/lookadd.com\/pt-pt\/winkel_locaties\/harting-oogmode-oogzorg\/\" title=\"Harting Oogmode &#038; Oogzorg\">Harting Oogmode &#038; Oogzorg<\/a><\/p><p class=\"address\">Hertogstraat 128, <br>Nijmegen <\/br>Nederland<\/p>                <\/div>\n                            <div class=\"marker\" data-lat=\"40.74140210\" data-lng=\"14.60266090\">\n                    <p class=\"addressname\"><a href=\"https:\/\/lookadd.com\/pt-pt\/winkel_locaties\/ottica-guido-societa-cooperativa\/\" title=\"OTTICA GUIDO SOCIETA&#8217; COOPERATIVA\">OTTICA GUIDO SOCIETA&#8217; COOPERATIVA<\/a><\/p><p class=\"address\">Via Ugo Foscolo, 129, <br>SANT'EGIDIO MONTE ALBINO <\/br>Itali\u00eb<\/p>                <\/div>\n                            <div class=\"marker\" data-lat=\"45.18812430\" data-lng=\"10.97722690\">\n                    <p class=\"addressname\"><a href=\"https:\/\/lookadd.com\/pt-pt\/winkel_locaties\/foto-ottica-bazzani-gianluca\/\" title=\"FOTO OTTICA BAZZANI GIANLUCA\">FOTO OTTICA BAZZANI GIANLUCA<\/a><\/p><p class=\"address\">Piazza Garibaldi, 114, <br>CASTELDARIO <\/br>Itali\u00eb<\/p>                <\/div>\n                            <div class=\"marker\" data-lat=\"46.42254500\" data-lng=\"12.35982260\">\n                    <p class=\"addressname\"><a href=\"https:\/\/lookadd.com\/pt-pt\/winkel_locaties\/de-march-ottica\/\" title=\"DE MARCH OTTICA\">DE MARCH OTTICA<\/a><\/p><p class=\"address\">Piazzale Dolomiti,  31, <br>TAI DI CADORE <\/br>Itali\u00eb<\/p>                <\/div>\n                            <div class=\"marker\" data-lat=\"41.15832700\" data-lng=\"14.23152200\">\n                    <p class=\"addressname\"><a href=\"https:\/\/lookadd.com\/pt-pt\/winkel_locaties\/sole-vista-di-domenico-sabatini-c\/\" title=\"SOLE VISTA di Domenico Sabatini &#038; C.\">SOLE VISTA di Domenico Sabatini &#038; C.<\/a><\/p><p class=\"address\">Via Regina Elena,40, <br>BELLONA <\/br>Itali\u00eb<\/p>                <\/div>\n                            <div class=\"marker\" data-lat=\"54.66434000\" data-lng=\"9.40116000\">\n                    <p class=\"addressname\"><a href=\"https:\/\/lookadd.com\/pt-pt\/winkel_locaties\/optik-kabitzke\/\" title=\"OPTIK KABITZKE\">OPTIK KABITZKE<\/a><\/p><p class=\"address\">Stapelholmer Weg, 17, <br>TARP <\/br>Duitsland<\/p>                <\/div>\n                            <div class=\"marker\" data-lat=\"54.069390\" data-lng=\"9.988330\">\n                    <p class=\"addressname\"><a href=\"https:\/\/lookadd.com\/pt-pt\/winkel_locaties\/optiker-leihberg-e-k\/\" title=\"OPTIKER LEIHBERG E.K.\">OPTIKER LEIHBERG E.K.<\/a><\/p><p class=\"address\">Gro\u00dfflecken, 68, <br>NEUM\u00dcNSTER <\/br>Duitsland<\/p>                <\/div>\n                            <div class=\"marker\" data-lat=\"53.43194840\" data-lng=\"11.19452960\">\n                    <p class=\"addressname\"><a href=\"https:\/\/lookadd.com\/pt-pt\/winkel_locaties\/spesshardt-optik\/\" title=\"SPESSHARDT OPTIK\">SPESSHARDT OPTIK<\/a><\/p><p class=\"address\">Wasserstra\u00dfe, 5, <br>HAGENOW <\/br>Duitsland<\/p>                <\/div>\n                            <div class=\"marker\" data-lat=\"50.09418000\" data-lng=\"18.54403000\">\n                    <p class=\"addressname\"><a href=\"https:\/\/lookadd.com\/pt-pt\/winkel_locaties\/zaklad-optyki-okularowej-olgierd-filak\/\" title=\"ZAKLAD OPTYKI OKULAROWEJ OLGIERD FILAK\">ZAKLAD OPTYKI OKULAROWEJ OLGIERD FILAK<\/a><\/p><p class=\"address\">3 Maja 4K, <br>RYBNIK <\/br>Polen<\/p>                <\/div>\n                            <div class=\"marker\" data-lat=\"37.97057660\" data-lng=\"-1.21192150\">\n                    <p class=\"addressname\"><a href=\"https:\/\/lookadd.com\/pt-pt\/winkel_locaties\/josefa-garcia-lopez\/\" title=\"JOSEFA GARCIA LOPEZ\">JOSEFA GARCIA LOPEZ<\/a><\/p><p class=\"address\">C\/Mayor, 100, <br>ALCANTARILLA <\/br>Spanje<\/p>                <\/div>\n                            <div class=\"marker\" data-lat=\"43.61797230\" data-lng=\"13.51478930\">\n                    <p class=\"addressname\"><a href=\"https:\/\/lookadd.com\/pt-pt\/winkel_locaties\/centro-ottico-masini-s-r-l\/\" title=\"CENTRO OTTICO MASINI s.r.l.\">CENTRO OTTICO MASINI s.r.l.<\/a><\/p><p class=\"address\">Corso G.Mazzini, 154, <br>ANCONA <\/br>Itali\u00eb<\/p>                <\/div>\n                            <div class=\"marker\" data-lat=\"45.65629920\" data-lng=\"9.00532140\">\n                    <p class=\"addressname\"><a href=\"https:\/\/lookadd.com\/pt-pt\/winkel_locaties\/pdv-retail-s-r-l\/\" title=\"PDV RETAIL s.r.l.\">PDV RETAIL s.r.l.<\/a><\/p><p class=\"address\">Via Cavour, 55, <br>TURATE <\/br>Itali\u00eb<\/p>                <\/div>\n                            <div class=\"marker\" data-lat=\"43.56384300\" data-lng=\"12.83590700\">\n                    <p class=\"addressname\"><a href=\"https:\/\/lookadd.com\/pt-pt\/winkel_locaties\/crystal-ottica-di-sabrina-sciamanna\/\" title=\"CRYSTAL OTTICA di Sabrina Sciamanna\">CRYSTAL OTTICA di Sabrina Sciamanna<\/a><\/p><p class=\"address\">C.so Matteotti,  84, <br>PERGOLA <\/br>Itali\u00eb<\/p>                <\/div>\n                            <div class=\"marker\" data-lat=\"41.75121040\" data-lng=\"12.35430730\">\n                    <p class=\"addressname\"><a href=\"https:\/\/lookadd.com\/pt-pt\/winkel_locaties\/ottica-cine-foto-le-terrazze-di-giorgi-giampiero\/\" title=\"OTTICA CINE FOTO LE TERRAZZE di Giorgi Giampiero\">OTTICA CINE FOTO LE TERRAZZE di Giorgi Giampiero<\/a><\/p><p class=\"address\">P.le Filippo il Macedone,  12-13, <br>ROMA <\/br>Itali\u00eb<\/p>                <\/div>\n                            <div class=\"marker\" data-lat=\"46.15070380\" data-lng=\"9.32569650\">\n                    <p class=\"addressname\"><a href=\"https:\/\/lookadd.com\/pt-pt\/winkel_locaties\/otticadomaso\/\" title=\"OTTICADOMASO\">OTTICADOMASO<\/a><\/p><p class=\"address\">Piazza Ghislanzoni, 8, <br>DOMASO <\/br>Itali\u00eb<\/p>                <\/div>\n                            <div class=\"marker\" data-lat=\"40.93565470\" data-lng=\"9.49854760\">\n                    <p class=\"addressname\"><a href=\"https:\/\/lookadd.com\/pt-pt\/winkel_locaties\/ottica-fancello-s-r-l\/\" title=\"OTTICA FANCELLO s.r.l.\">OTTICA FANCELLO s.r.l.<\/a><\/p><p class=\"address\">V.le A.Moro, 122, <br>OLBIA <\/br>Itali\u00eb<\/p>                <\/div>\n                            <div class=\"marker\" data-lat=\"42.34810480\" data-lng=\"14.16512950\">\n                    <p class=\"addressname\"><a href=\"https:\/\/lookadd.com\/pt-pt\/winkel_locaties\/ottica-spinozzi-s-a-s\/\" title=\"OTTICA SPINOZZI s.a.s.\">OTTICA SPINOZZI s.a.s.<\/a><\/p><p class=\"address\">P.zza dei Templi Romani, 2, <br>CHIETI <\/br>Itali\u00eb<\/p>                <\/div>\n                            <div class=\"marker\" data-lat=\"52.50739960\" data-lng=\"16.25014340\">\n                    <p class=\"addressname\"><a href=\"https:\/\/lookadd.com\/pt-pt\/winkel_locaties\/centrum-optyczne-michalowska-kinga-michalowska\/\" title=\"CENTRUM OPTYCZNE MICHALOWSKA KINGA MICHALOWSKA\">CENTRUM OPTYCZNE MICHALOWSKA KINGA MICHALOWSKA<\/a><\/p><p class=\"address\">sw. Ducha, 1A, <br>PNIEWY <\/br>Polen<\/p>                <\/div>\n                            <div class=\"marker\" data-lat=\"53.48858830\" data-lng=\"9.14096840\">\n                    <p class=\"addressname\"><a href=\"https:\/\/lookadd.com\/pt-pt\/winkel_locaties\/stein-augenoptik\/\" title=\"STEIN AUGENOPTIK\">STEIN AUGENOPTIK<\/a><\/p><p class=\"address\">Bahnhofstr., 13, <br>BREMERV\u00d6RDE <\/br>Duitsland<\/p>                <\/div>\n                            <div class=\"marker\" data-lat=\"36.75262300\" data-lng=\"-4.09882700\">\n                    <p class=\"addressname\"><a href=\"https:\/\/lookadd.com\/pt-pt\/winkel_locaties\/carma-axarquia-2017-s-l\/\" title=\"CARMA AXARQUIA 2017 S.L.\">CARMA AXARQUIA 2017 S.L.<\/a><\/p><p class=\"address\">Calle Juan Lisbona Zapata, 1, <br>VELEZ MALAGA <\/br>Spanje<\/p>                <\/div>\n                            <div class=\"marker\" data-lat=\"43.32525400\" data-lng=\"-3.01382360\">\n                    <p class=\"addressname\"><a href=\"https:\/\/lookadd.com\/pt-pt\/winkel_locaties\/julio-gondra-churruca\/\" title=\"JULIO GONDRA CHURRUCA\">JULIO GONDRA CHURRUCA<\/a><\/p><p class=\"address\">Paulino Mendivil,  24, <br>LAS ARENAS - GETXO <\/br>Spanje<\/p>                <\/div>\n                            <div class=\"marker\" data-lat=\"44.35395560\" data-lng=\"11.71289000\">\n                    <p class=\"addressname\"><a href=\"https:\/\/lookadd.com\/pt-pt\/winkel_locaties\/ottica-bovesi-s-r-l\/\" title=\"OTTICA BOVESI s.r.l.\">OTTICA BOVESI s.r.l.<\/a><\/p><p class=\"address\">Via Emilia, 132, <br>IMOLA <\/br>Itali\u00eb<\/p>                <\/div>\n                            <div class=\"marker\" data-lat=\"45.53648000\" data-lng=\"9.23077900\">\n                    <p class=\"addressname\"><a href=\"https:\/\/lookadd.com\/pt-pt\/winkel_locaties\/istituto-ottico-venturelli-di-vittorio-venturelli-c-s-a-s\/\" title=\"ISTITUTO OTTICO VENTURELLI di Vittorio Venturelli &#038; C. s.a.s\">ISTITUTO OTTICO VENTURELLI di Vittorio Venturelli &#038; C. s.a.s<\/a><\/p><p class=\"address\">Piazza Oldrini, 100, <br>SESTO SAN GIOVANNI <\/br>Itali\u00eb<\/p>                <\/div>\n                            <div class=\"marker\" data-lat=\"43.96650500\" data-lng=\"12.75784600\">\n                    <p class=\"addressname\"><a href=\"https:\/\/lookadd.com\/pt-pt\/winkel_locaties\/foto-ottica-primavera-di-primavera-claudio\/\" title=\"FOTO OTTICA PRIMAVERA di Primavera Claudio\">FOTO OTTICA PRIMAVERA di Primavera Claudio<\/a><\/p><p class=\"address\">Via C. Battisti , 111, <br>GABICCE MARE <\/br>Itali\u00eb<\/p>                <\/div>\n                            <div class=\"marker\" data-lat=\"45.22809090\" data-lng=\"11.65704190\">\n                    <p class=\"addressname\"><a href=\"https:\/\/lookadd.com\/pt-pt\/winkel_locaties\/ottica-selmi-di-selmi-stefano\/\" title=\"OTTICA SELMI di Selmi Stefano\">OTTICA SELMI di Selmi Stefano<\/a><\/p><p class=\"address\">Via Principe Umberto, 16, <br>ESTE <\/br>Itali\u00eb<\/p>                <\/div>\n                            <div class=\"marker\" data-lat=\"46.54724490\" data-lng=\"10.13965200\">\n                    <p class=\"addressname\"><a href=\"https:\/\/lookadd.com\/pt-pt\/winkel_locaties\/centro-ottico-mottini-di-mottini-simone-e-giuseppe\/\" title=\"CENTRO OTTICO MOTTINI di Mottini Simone e Giuseppe\">CENTRO OTTICO MOTTINI di Mottini Simone e Giuseppe<\/a><\/p><p class=\"address\">Via Ostaria, 578, <br>LIVIGNO <\/br>Itali\u00eb<\/p>                <\/div>\n                            <div class=\"marker\" data-lat=\"45.00705460\" data-lng=\"11.28759400\">\n                    <p class=\"addressname\"><a href=\"https:\/\/lookadd.com\/pt-pt\/winkel_locaties\/foto-ottica-sprocatti-di-sprocatti-matteo\/\" title=\"FOTO OTTICA SPROCATTI di Sprocatti Matteo\">FOTO OTTICA SPROCATTI di Sprocatti Matteo<\/a><\/p><p class=\"address\">Via Dei Cipressi, 11, <br>SERMIDE <\/br>Itali\u00eb<\/p>                <\/div>\n                            <div class=\"marker\" data-lat=\"42.55275000\" data-lng=\"12.64212500\">\n                    <p class=\"addressname\"><a href=\"https:\/\/lookadd.com\/pt-pt\/winkel_locaties\/ottica-molica-s-r-l\/\" title=\"OTTICA MOLICA s.r.l.\">OTTICA MOLICA s.r.l.<\/a><\/p><p class=\"address\">V.le Di Vittorio, 79, <br>TERNI <\/br>Itali\u00eb<\/p>                <\/div>\n                            <div class=\"marker\" data-lat=\"45.49115180\" data-lng=\"9.22360490\">\n                    <p class=\"addressname\"><a href=\"https:\/\/lookadd.com\/pt-pt\/winkel_locaties\/foto-ottica-covati-di-coculo-massimo\/\" title=\"FOTO OTTICA COVATI di Coculo Massimo\">FOTO OTTICA COVATI di Coculo Massimo<\/a><\/p><p class=\"address\">Via Padova, 64, <br>MILANO <\/br>Itali\u00eb<\/p>                <\/div>\n                            <div class=\"marker\" data-lat=\"45.48858780\" data-lng=\"9.19382240\">\n                    <p class=\"addressname\"><a href=\"https:\/\/lookadd.com\/pt-pt\/winkel_locaties\/ottica-morgante-di-morgante-stefano\/\" title=\"OTTICA MORGANTE di Morgante Stefano\">OTTICA MORGANTE di Morgante Stefano<\/a><\/p><p class=\"address\">Via Rosellini Ippolito, 5, <br>MILANO <\/br>Itali\u00eb<\/p>                <\/div>\n                            <div class=\"marker\" data-lat=\"45.47485760\" data-lng=\"8.99639650\">\n                    <p class=\"addressname\"><a href=\"https:\/\/lookadd.com\/pt-pt\/winkel_locaties\/sergio-serati\/\" title=\"SERGIO SERATI\">SERGIO SERATI<\/a><\/p><p class=\"address\">Via Concordia, 15, <br>BAREGGIO <\/br>Itali\u00eb<\/p>                <\/div>\n                            <div class=\"marker\" data-lat=\"44.89413290\" data-lng=\"11.82905130\">\n                    <p class=\"addressname\"><a href=\"https:\/\/lookadd.com\/pt-pt\/winkel_locaties\/foto-ottica-stabellini-vittorio-di-balestra-d-e-c-s-n-c\/\" title=\"FOTO OTTICA STABELLINI VITTORIO di Balestra D. e C. s.n.c.\">FOTO OTTICA STABELLINI VITTORIO di Balestra D. e C. s.n.c.<\/a><\/p><p class=\"address\">P.zza del Popolo, 37\/A, <br>COPPARO <\/br>Itali\u00eb<\/p>                <\/div>\n                            <div class=\"marker\" data-lat=\"43.59944740\" data-lng=\"13.32522300\">\n                    <p class=\"addressname\"><a href=\"https:\/\/lookadd.com\/pt-pt\/winkel_locaties\/ottico-candio-armando\/\" title=\"OTTICO CANDIO ARMANDO\">OTTICO CANDIO ARMANDO<\/a><\/p><p class=\"address\">Corso Matteotti,  104, <br>CHIARAVALLE <\/br>Itali\u00eb<\/p>                <\/div>\n                            <div class=\"marker\" data-lat=\"42.06035570\" data-lng=\"12.58856050\">\n                    <p class=\"addressname\"><a href=\"https:\/\/lookadd.com\/pt-pt\/winkel_locaties\/bracchieri-ottica-di-roberto-bracchieri\/\" title=\"BRACCHIERI OTTICA  di Roberto Bracchieri\">BRACCHIERI OTTICA  di Roberto Bracchieri<\/a><\/p><p class=\"address\">Piazza dei Caduti sul lavoro, 10, <br>MONTEROTONDO SCALO <\/br>Itali\u00eb<\/p>                <\/div>\n                            <div class=\"marker\" data-lat=\"45.46649400\" data-lng=\"9.22415560\">\n                    <p class=\"addressname\"><a href=\"https:\/\/lookadd.com\/pt-pt\/winkel_locaties\/toledo-ottica-foto-di-toledo-luca\/\" title=\"TOLEDO OTTICA FOTO di Toledo Luca\">TOLEDO OTTICA FOTO di Toledo Luca<\/a><\/p><p class=\"address\">Viale Campania,  42, <br>MILANO <\/br>Itali\u00eb<\/p>                <\/div>\n                            <div class=\"marker\" data-lat=\"41.74449740\" data-lng=\"13.15361300\">\n                    <p class=\"addressname\"><a href=\"https:\/\/lookadd.com\/pt-pt\/winkel_locaties\/patricano-lina-ottica\/\" title=\"PATRICANO LINA OTTICA\">PATRICANO LINA OTTICA<\/a><\/p><p class=\"address\">Corso Vittorio Emanuele, 32, <br>ANAGNI <\/br>Itali\u00eb<\/p>                <\/div>\n                            <div class=\"marker\" data-lat=\"45.69357740\" data-lng=\"9.84280630\">\n                    <p class=\"addressname\"><a href=\"https:\/\/lookadd.com\/pt-pt\/winkel_locaties\/ottica-zambetti-di-zambetti-giuseppe\/\" title=\"OTTICA ZAMBETTI di Zambetti Giuseppe\">OTTICA ZAMBETTI di Zambetti Giuseppe<\/a><\/p><p class=\"address\">Via Locatelli, 67, <br>TRESCORE BALNEARIO <\/br>Itali\u00eb<\/p>                <\/div>\n                            <div class=\"marker\" data-lat=\"51.24595200\" data-lng=\"9.38540420\">\n                    <p class=\"addressname\"><a href=\"https:\/\/lookadd.com\/pt-pt\/winkel_locaties\/brillen-1-e-lazar\/\" title=\"BRILLEN 1 E. LAZAR\">BRILLEN 1 E. LAZAR<\/a><\/p><p class=\"address\">Bahnhofstrasse, 43a, <br>BAUNATAL <\/br>Duitsland<\/p>                <\/div>\n                            <div class=\"marker\" data-lat=\"28.12085000\" data-lng=\"-16.57721000\">\n                    <p class=\"addressname\"><a href=\"https:\/\/lookadd.com\/pt-pt\/winkel_locaties\/manuel-sedano-bocos\/\" title=\"MANUEL SEDANO BOCOS\">MANUEL SEDANO BOCOS<\/a><\/p><p class=\"address\">Calvario, 21, <br>GRANADILLA <\/br>Spanje<\/p>                <\/div>\n                            <div class=\"marker\" data-lat=\"47.240950\" data-lng=\"8.723980\">\n                    <p class=\"addressname\"><a href=\"https:\/\/lookadd.com\/pt-pt\/winkel_locaties\/argus-optik-ag\/\" title=\"ARGUS OPTIK AG\">ARGUS OPTIK AG<\/a><\/p><p class=\"address\">Goethestra\u00dfe, 22, <br>ST\u00c4FA <\/br>Zwitserland<\/p>                <\/div>\n                            <div class=\"marker\" data-lat=\"47.84915000\" data-lng=\"9.01134000\">\n                    <p class=\"addressname\"><a href=\"https:\/\/lookadd.com\/pt-pt\/winkel_locaties\/blickfang-augenoptik-contactlinsen-brillen\/\" title=\"BLICKFANG AUGENOPTIK Contactlinsen Brillen\">BLICKFANG AUGENOPTIK Contactlinsen Brillen<\/a><\/p><p class=\"address\">Kirchhalde, 2, <br>STOCKACH <\/br>Duitsland<\/p>                <\/div>\n                            <div class=\"marker\" data-lat=\"51.95328240\" data-lng=\"10.54899130\">\n                    <p class=\"addressname\"><a href=\"https:\/\/lookadd.com\/pt-pt\/winkel_locaties\/augenart-sandra-bodenstein\/\" title=\"AUGENART SANDRA BODENSTEIN\">AUGENART SANDRA BODENSTEIN<\/a><\/p><p class=\"address\">H\u00f6hlenweg, 7, <br>GOSLAR <\/br>Duitsland<\/p>                <\/div>\n                            <div class=\"marker\" data-lat=\"36.77287700\" data-lng=\"-2.81723060\">\n                    <p class=\"addressname\"><a href=\"https:\/\/lookadd.com\/pt-pt\/winkel_locaties\/almerimar-vision-s-l\/\" title=\"ALMERIMAR VISION S.L.\">ALMERIMAR VISION S.L.<\/a><\/p><p class=\"address\">Bulevar de el Ejido, 181, <br>EL EJIDO <\/br>Spanje<\/p>                <\/div>\n                            <div class=\"marker\" data-lat=\"45.32663000\" data-lng=\"14.44934000\">\n                    <p class=\"addressname\"><a href=\"https:\/\/lookadd.com\/pt-pt\/winkel_locaties\/ra-vu-optika\/\" title=\"RA-VU OPTIKA\">RA-VU OPTIKA<\/a><\/p><p class=\"address\">Strossmayerova, 2, <br>RIJEKA <\/br>Kroati\u00eb<\/p>                <\/div>\n                            <div class=\"marker\" data-lat=\"41.67203780\" data-lng=\"-3.68543300\">\n                    <p class=\"addressname\"><a href=\"https:\/\/lookadd.com\/pt-pt\/winkel_locaties\/juan-jose-gomez-lopez\/\" title=\"JUAN JOSE GOMEZ LOPEZ\">JUAN JOSE GOMEZ LOPEZ<\/a><\/p><p class=\"address\">Calle de Duero, 6, <br>ARANDA DE DUERO <\/br>Spanje<\/p>                <\/div>\n                            <div class=\"marker\" data-lat=\"48.24972280\" data-lng=\"14.63470940\">\n                    <p class=\"addressname\"><a href=\"https:\/\/lookadd.com\/pt-pt\/winkel_locaties\/der-falke-sehzentrum-gmbh\/\" title=\"DER FALKE SEHZENTRUM GmbH\">DER FALKE SEHZENTRUM GmbH<\/a><\/p><p class=\"address\">Herrenstrasse, 4, <br>PERG <\/br>Oostenrijk<\/p>                <\/div>\n                            <div class=\"marker\" data-lat=\"48.15816000\" data-lng=\"14.02404070\">\n                    <p class=\"addressname\"><a href=\"https:\/\/lookadd.com\/pt-pt\/winkel_locaties\/schwabegger-eduard-kg\/\" title=\"SCHWABEGGER EDUARD KG\">SCHWABEGGER EDUARD KG<\/a><\/p><p class=\"address\">Ringstra\u00dfe, 10, <br>WELS <\/br>Oostenrijk<\/p>                <\/div>\n                            <div class=\"marker\" data-lat=\"46.79953430\" data-lng=\"13.49319210\">\n                    <p class=\"addressname\"><a href=\"https:\/\/lookadd.com\/pt-pt\/winkel_locaties\/schiffer-co-optik-gmbh-3\/\" title=\"SCHIFFER &#038; CO OPTIK GmbH\">SCHIFFER &#038; CO OPTIK GmbH<\/a><\/p><p class=\"address\">Tirolerstr., 4, <br>SPITTAL\/DRAU <\/br>Oostenrijk<\/p>                <\/div>\n                            <div class=\"marker\" data-lat=\"48.30338120\" data-lng=\"14.28953060\">\n                    <p class=\"addressname\"><a href=\"https:\/\/lookadd.com\/pt-pt\/winkel_locaties\/stutz-karl-wilhelm-optik\/\" title=\"ST\u00dcTZ KARL WILHELM OPTIK\">ST\u00dcTZ KARL WILHELM OPTIK<\/a><\/p><p class=\"address\">Bethlehemstra\u00dfe, 1, <br>LINZ <\/br>Oostenrijk<\/p>                <\/div>\n                            <div class=\"marker\" data-lat=\"48.01116040\" data-lng=\"13.72097610\">\n                    <p class=\"addressname\"><a href=\"https:\/\/lookadd.com\/pt-pt\/winkel_locaties\/optik-haselsteiner-brillen-rappan-gmbh\/\" title=\"OPTIK HASELSTEINER &#8211; BRILLEN RAPPAN GmbH\">OPTIK HASELSTEINER &#8211; BRILLEN RAPPAN GmbH<\/a><\/p><p class=\"address\">Stra\u00dfe Des 21 April, 1, <br>ATTNANG-PUCHHEIM <\/br>Oostenrijk<\/p>                <\/div>\n                            <div class=\"marker\" data-lat=\"48.29733820\" data-lng=\"14.29020090\">\n                    <p class=\"addressname\"><a href=\"https:\/\/lookadd.com\/pt-pt\/winkel_locaties\/hochwimmer-optik\/\" title=\"HOCHWIMMER OPTIK\">HOCHWIMMER OPTIK<\/a><\/p><p class=\"address\">Rainerstrasse,10, <br>LINZ <\/br>Oostenrijk<\/p>                <\/div>\n                            <div class=\"marker\" data-lat=\"48.21009150\" data-lng=\"13.48800240\">\n                    <p class=\"addressname\"><a href=\"https:\/\/lookadd.com\/pt-pt\/winkel_locaties\/michael-garner-brillen\/\" title=\"MICHAEL G\u00c4RNER BRILLEN\">MICHAEL G\u00c4RNER BRILLEN<\/a><\/p><p class=\"address\">Hauptplatz, 11, <br>RIED IM INNKREIS <\/br>Oostenrijk<\/p>                <\/div>\n                            <div class=\"marker\" data-lat=\"38.02882310\" data-lng=\"14.82459830\">\n                    <p class=\"addressname\"><a href=\"https:\/\/lookadd.com\/pt-pt\/winkel_locaties\/ottica-giannetto-s-r-l\/\" title=\"OTTICA GIANNETTO s.r.l.\">OTTICA GIANNETTO s.r.l.<\/a><\/p><p class=\"address\">Corso Cavour,  20\/22  is. 267, <br>MESSINA <\/br>Montenegro<\/p><p class=\"addressname\"><a href=\"https:\/\/lookadd.com\/pt-pt\/winkel_locaties\/crisafulli-ottica-di-crisafulli-giuseppe\/\" title=\"CRISAFULLI OTTICA di Crisafulli Giuseppe\">CRISAFULLI OTTICA di Crisafulli Giuseppe<\/a><\/p><p class=\"address\">Via T. Cannizzaro,  141, <br>MESSINA <\/br>Montenegro<\/p>                <\/div>\n                            <div class=\"marker\" data-lat=\"45.43978000\" data-lng=\"12.32154000\">\n                    <p class=\"addressname\"><a href=\"https:\/\/lookadd.com\/pt-pt\/winkel_locaties\/ottica-massaria-di-codato-matteo\/\" title=\"OTTICA MASSARIA di Codato Matteo\">OTTICA MASSARIA di Codato Matteo<\/a><\/p><p class=\"address\">Santa Croce, 29-30, <br>VENEZIA <\/br>Itali\u00eb<\/p>                <\/div>\n                            <div class=\"marker\" data-lat=\"38.10331180\" data-lng=\"13.37816430\">\n                    <p class=\"addressname\"><a href=\"https:\/\/lookadd.com\/pt-pt\/winkel_locaties\/stilottica-s-n-c-di-beltempo-s-m\/\" title=\"STILOTTICA s.n.c di Beltempo S. &#038; M.\">STILOTTICA s.n.c di Beltempo S. &#038; M.<\/a><\/p><p class=\"address\">Viale Regione Siciliana, 2460, <br>PALERMO <\/br>Panama<\/p>                <\/div>\n                            <div class=\"marker\" data-lat=\"48.69613000\" data-lng=\"8.13826000\">\n                    <p class=\"addressname\"><a href=\"https:\/\/lookadd.com\/pt-pt\/winkel_locaties\/brillen-vogt\/\" title=\"BRILLEN VOGT\">BRILLEN VOGT<\/a><\/p><p class=\"address\">Johannesplatz, 9, <br>B\u00dcHL <\/br>Duitsland<\/p>                <\/div>\n                            <div class=\"marker\" data-lat=\"51.18001140\" data-lng=\"6.92671100\">\n                    <p class=\"addressname\"><a href=\"https:\/\/lookadd.com\/pt-pt\/winkel_locaties\/lindemann-optik\/\" title=\"LINDEMANN OPTIK\">LINDEMANN OPTIK<\/a><\/p><p class=\"address\">Mittelstra\u00dfe, 56, <br>HILDEN <\/br>Duitsland<\/p>                <\/div>\n                            <div class=\"marker\" data-lat=\"36.62194000\" data-lng=\"-4.50410000\">\n                    <p class=\"addressname\"><a href=\"https:\/\/lookadd.com\/pt-pt\/winkel_locaties\/yolanda-diaz-carmona\/\" title=\"YOLANDA DIAZ CARMONA\">YOLANDA DIAZ CARMONA<\/a><\/p><p class=\"address\">Av. Joan Mir\u00f3, 31, <br>TORREMOLINOS <\/br>Spanje<\/p>                <\/div>\n                            <div class=\"marker\" data-lat=\"42.51362510\" data-lng=\"18.68159280\">\n                    <p class=\"addressname\"><a href=\"https:\/\/lookadd.com\/pt-pt\/winkel_locaties\/optical-parter-elzbieta-szulc\/\" title=\"OPTICAL PARTER ELZBIETA SZULC\">OPTICAL PARTER ELZBIETA SZULC<\/a><\/p><p class=\"address\">Obodrzycow, 52, <br>SOPOT <\/br>Polen<\/p>                <\/div>\n                            <div class=\"marker\" data-lat=\"53.44308700\" data-lng=\"14.50124500\">\n                    <p class=\"addressname\"><a href=\"https:\/\/lookadd.com\/pt-pt\/winkel_locaties\/optik-center-ekspres-marek-pawski\/\" title=\"OPTIK CENTER-EKSPRES MAREK PAWSKI\">OPTIK CENTER-EKSPRES MAREK PAWSKI<\/a><\/p><p class=\"address\">Kwiatow Polskich, 57, <br>SZCZECIN <\/br>Polen<\/p>                <\/div>\n                            <div class=\"marker\" data-lat=\"52.22120400\" data-lng=\"21.02021420\">\n                    <p class=\"addressname\"><a href=\"https:\/\/lookadd.com\/pt-pt\/winkel_locaties\/zaklad-optyczny-krzysztof-robak\/\" title=\"ZAKLAD OPTYCZNY Krzysztof Robak\">ZAKLAD OPTYCZNY Krzysztof Robak<\/a><\/p><p class=\"address\">ul.Polna, 54, <br>WARSZAWA <\/br>Polen<\/p>                <\/div>\n                            <div class=\"marker\" data-lat=\"52.35055000\" data-lng=\"5.62031000\">\n                    <p class=\"addressname\"><a href=\"https:\/\/lookadd.com\/pt-pt\/winkel_locaties\/klopman-optiek\/\" title=\"Klopman Optiek\">Klopman Optiek<\/a><\/p><p class=\"address\">Schoenmakersstraat 22, <br>Harderwijk <\/br>Nederland<\/p>                <\/div>\n                            <div class=\"marker\" data-lat=\"51.52092390\" data-lng=\"5.06686690\">\n                    <p class=\"addressname\"><a href=\"https:\/\/lookadd.com\/pt-pt\/winkel_locaties\/ferd-zien-horen\/\" title=\"FERD Zien &#038; Horen\">FERD Zien &#038; Horen<\/a><\/p><p class=\"address\">Tilburgseweg 36, <br>GOIRLE <\/br>Nederland<\/p>                <\/div>\n                            <div class=\"marker\" data-lat=\"52.01851590\" data-lng=\"5.04141300\">\n                    <p class=\"addressname\"><a href=\"https:\/\/lookadd.com\/pt-pt\/winkel_locaties\/lookadd-optiek-4\/\" title=\"LookAdd Optiek\">LookAdd Optiek<\/a><\/p><p class=\"address\">Benschopperstraat 5, <br>IJSSELSTEIN <\/br>Nederland<\/p>                <\/div>\n                            <div class=\"marker\" data-lat=\"51.88581990\" data-lng=\"4.66835240\">\n                    <p class=\"addressname\"><a href=\"https:\/\/lookadd.com\/pt-pt\/winkel_locaties\/goud-optiek\/\" title=\"Goud Optiek\">Goud Optiek<\/a><\/p><p class=\"address\">Planetenlaan 25, <br>NIEUW LEKKERLAND <\/br>Nederland<\/p>                <\/div>\n                            <div class=\"marker\" data-lat=\"52.15977610\" data-lng=\"4.49664320\">\n                    <p class=\"addressname\"><a href=\"https:\/\/lookadd.com\/pt-pt\/winkel_locaties\/van-den-hurk-optiek\/\" title=\"van den Hurk Optiek\">van den Hurk Optiek<\/a><\/p><p class=\"address\">Hooigracht 100, <br>LEIDEN <\/br>Nederland<\/p>                <\/div>\n                            <div class=\"marker\" data-lat=\"51.14395200\" data-lng=\"16.88248100\">\n                    <p class=\"addressname\"><a href=\"https:\/\/lookadd.com\/pt-pt\/winkel_locaties\/zaklad-optyczny-leniart-jadwiga\/\" title=\"ZAKLAD OPTYCZNY LENIART JADWIGA\">ZAKLAD OPTYCZNY LENIART JADWIGA<\/a><\/p><p class=\"address\">Rawicka, 4A, <br>WROCLAW <\/br>Polen<\/p>                <\/div>\n                            <div class=\"marker\" data-lat=\"52.88148380\" data-lng=\"20.61979480\">\n                    <p class=\"addressname\"><a href=\"https:\/\/lookadd.com\/pt-pt\/winkel_locaties\/zaklad-optyczny\/\" title=\"ZAKLAD OPTYCZNY\">ZAKLAD OPTYCZNY<\/a><\/p><p class=\"address\">Ul.11 Go Pulku Ulanow Legionowy, <br>CIECHANOW <\/br>Polen<\/p>                <\/div>\n                            <div class=\"marker\" data-lat=\"-20.30316500\" data-lng=\"-40.30368000\">\n                    <p class=\"addressname\"><a href=\"https:\/\/lookadd.com\/pt-pt\/winkel_locaties\/yolanda-garcia-guzman\/\" title=\"YOLANDA GARCIA GUZMAN\">YOLANDA GARCIA GUZMAN<\/a><\/p><p class=\"address\">C\/Ricardo Buesa, 4, <br>VITORIA <\/br>Spanje<\/p>                <\/div>\n                            <div class=\"marker\" data-lat=\"46.30676170\" data-lng=\"7.98626940\">\n                    <p class=\"addressname\"><a href=\"https:\/\/lookadd.com\/pt-pt\/winkel_locaties\/wagner-roman-der-augenoptiker\/\" title=\"WAGNER ROMAN DER AUGENOPTIKER\">WAGNER ROMAN DER AUGENOPTIKER<\/a><\/p><p class=\"address\">Brunnenzentrum, Steiner Baum 2, <br>SCHWEICH <\/br>Duitsland<\/p><p class=\"addressname\"><a href=\"https:\/\/lookadd.com\/pt-pt\/winkel_locaties\/fluckiger-optik-gmbh\/\" title=\"FL\u00dcCKIGER OPTIK GmbH\">FL\u00dcCKIGER OPTIK GmbH<\/a><\/p><p class=\"address\">Kaufplatz, <br>VISP <\/br>Zwitserland<\/p>                <\/div>\n                            <div class=\"marker\" data-lat=\"40.62666000\" data-lng=\"14.38113000\">\n                    <p class=\"addressname\"><a href=\"https:\/\/lookadd.com\/pt-pt\/winkel_locaties\/vision-point-di-vitale-veronica\/\" title=\"VISION POINT di Vitale Veronica\">VISION POINT di Vitale Veronica<\/a><\/p><p class=\"address\">Via Degli Aranci, 117abcd, <br>SORRENTO <\/br>Itali\u00eb<\/p>                <\/div>\n                            <div class=\"marker\" data-lat=\"45.41355260\" data-lng=\"11.89291070\">\n                    <p class=\"addressname\"><a href=\"https:\/\/lookadd.com\/pt-pt\/winkel_locaties\/vision-lab-ottica-toffoli-s-a-s-di-toffoli-g-e-c\/\" title=\"VISION LAB OTTICA TOFFOLI s.a.s. di Toffoli G. e C.\">VISION LAB OTTICA TOFFOLI s.a.s. di Toffoli G. e C.<\/a><\/p><p class=\"address\">Via T. Aspetti, 233, <br>PADOVA <\/br>Itali\u00eb<\/p>                <\/div>\n                            <div class=\"marker\" data-lat=\"51.77493720\" data-lng=\"19.45624130\">\n                    <p class=\"addressname\"><a href=\"https:\/\/lookadd.com\/pt-pt\/winkel_locaties\/twoj-optyk-beta-baginska-rubciak\/\" title=\"TWOJ OPTYK BETA BAGINSKA RUBCIAK\">TWOJ OPTYK BETA BAGINSKA RUBCIAK<\/a><\/p><p class=\"address\">Rewolucji 1905 roku 6, <br>LODZ <\/br>Polen<\/p>                <\/div>\n                            <div class=\"marker\" data-lat=\"48.80496000\" data-lng=\"16.63733000\">\n                    <p class=\"addressname\"><a href=\"https:\/\/lookadd.com\/pt-pt\/winkel_locaties\/top-optik-bc-helena-gruzova\/\" title=\"TOP OPTIK BC. HELENA GRUZOVA\">TOP OPTIK BC. HELENA GRUZOVA<\/a><\/p><p class=\"address\">Svobody, 2, <br>MIKULOV <\/br>Tsjechi\u00eb<\/p>                <\/div>\n                            <div class=\"marker\" data-lat=\"52.16143750\" data-lng=\"21.02686180\">\n                    <p class=\"addressname\"><a href=\"https:\/\/lookadd.com\/pt-pt\/winkel_locaties\/tesco-warszawa-kabaty-orlinscy\/\" title=\"TESCO WARSZAWA KABATY &#8211; ORLINSCY\">TESCO WARSZAWA KABATY &#8211; ORLINSCY<\/a><\/p><p class=\"address\">al. Ken, 14, <br>WARSZAWA <\/br>Polen<\/p>                <\/div>\n                            <div class=\"marker\" data-lat=\"52.23359670\" data-lng=\"21.09653280\">\n                    <p class=\"addressname\"><a href=\"https:\/\/lookadd.com\/pt-pt\/winkel_locaties\/tesco-warszawa-goclaw-orlinscy\/\" title=\"TESCO WARSZAWA GOCLAW &#8211; ORLINSCY\">TESCO WARSZAWA GOCLAW &#8211; ORLINSCY<\/a><\/p><p class=\"address\">ul. Fieldorfa, 41, <br>WARSZAWA <\/br>Polen<\/p>                <\/div>\n                            <div class=\"marker\" data-lat=\"52.23932790\" data-lng=\"20.90860410\">\n                    <p class=\"addressname\"><a href=\"https:\/\/lookadd.com\/pt-pt\/winkel_locaties\/tesco-warszawa-bemowo-orlinscy\/\" title=\"TESCO WARSZAWA BEMOWO -ORLINSCY\">TESCO WARSZAWA BEMOWO -ORLINSCY<\/a><\/p><p class=\"address\">ul. G\u00f3rczewska, 212\/226, <br>WARSZAWA <\/br>Polen<\/p>                <\/div>\n                            <div class=\"marker\" data-lat=\"52.17493620\" data-lng=\"20.84006740\">\n                    <p class=\"addressname\"><a href=\"https:\/\/lookadd.com\/pt-pt\/winkel_locaties\/tesco-piastow-orlinscy\/\" title=\"TESCO PIAST\u00d3W &#8211; ORLINSCY\">TESCO PIAST\u00d3W &#8211; ORLINSCY<\/a><\/p><p class=\"address\">al. Tysiaclecia, 7, <br>PIAST\u00d3W <\/br>Polen<\/p>                <\/div>\n                            <div class=\"marker\" data-lat=\"37.78648000\" data-lng=\"14.83277000\">\n                    <p class=\"addressname\"><a href=\"https:\/\/lookadd.com\/pt-pt\/winkel_locaties\/tecnottica-di-russo-salvatore\/\" title=\"TECNOTTICA di Russo Salvatore\">TECNOTTICA di Russo Salvatore<\/a><\/p><p class=\"address\">Corso Umberto,246, <br>BRONTE <\/br>Itali\u00eb<\/p>                <\/div>\n                            <div class=\"marker\" data-lat=\"52.25214440\" data-lng=\"20.85806100\">\n                    <p class=\"addressname\"><a href=\"https:\/\/lookadd.com\/pt-pt\/winkel_locaties\/symonides-szymon-czapik\/\" title=\"SYMONIDES SZYMON CZAPIK\">SYMONIDES SZYMON CZAPIK<\/a><\/p><p class=\"address\">Ul.Olimpijska, 7\/9, <br>STARE BABICE - LATCHORZEW <\/br>Polen<\/p>                <\/div>\n                            <div class=\"marker\" data-lat=\"38.13734000\" data-lng=\"13.35044000\">\n                    <p class=\"addressname\"><a href=\"https:\/\/lookadd.com\/pt-pt\/winkel_locaties\/stancanelli-paolo-negozio-ottica\/\" title=\"STANCANELLI PAOLO NEGOZIO OTTICA\">STANCANELLI PAOLO NEGOZIO OTTICA<\/a><\/p><p class=\"address\">Via M.se di Villabianca,88\/90, <br>PALERMO <\/br>Itali\u00eb<\/p>                <\/div>\n                            <div class=\"marker\" data-lat=\"51.91943800\" data-lng=\"19.14513600\">\n                    <p class=\"addressname\"><a href=\"https:\/\/lookadd.com\/pt-pt\/winkel_locaties\/spanicciati-fabrizio-ottico\/\" title=\"SPANICCIATI FABRIZIO OTTICO\">SPANICCIATI FABRIZIO OTTICO<\/a><\/p><p class=\"address\">Via del Trullo, 303, <br>ROMA <\/br>Itali\u00eb<\/p><p class=\"addressname\"><a href=\"https:\/\/lookadd.com\/pt-pt\/winkel_locaties\/spanicciati-alessandra\/\" title=\"SPANICCIATI ALESSANDRA\">SPANICCIATI ALESSANDRA<\/a><\/p><p class=\"address\">Via Mengarini,62\/64, <br>ROMA <\/br>Itali\u00eb<\/p><p class=\"addressname\"><a href=\"https:\/\/lookadd.com\/pt-pt\/winkel_locaties\/ottica-roberto-di-umberto-zaccaria\/\" title=\"OTTICA ROBERTO di Umberto Zaccaria\">OTTICA ROBERTO di Umberto Zaccaria<\/a><\/p><p class=\"address\">Piazza Teofrasto, 17, <br>ROMA <\/br>Itali\u00eb<\/p><p class=\"addressname\"><a href=\"https:\/\/lookadd.com\/pt-pt\/winkel_locaties\/ottica-cd-foto-di-cianciullo-donato\/\" title=\"OTTICA CD FOTO di Cianciullo Donato\">OTTICA CD FOTO di Cianciullo Donato<\/a><\/p><p class=\"address\">Via A. Aspertini, 406 -C.C.Le Torri, <br>ROMA <\/br>Itali\u00eb<\/p><p class=\"addressname\"><a href=\"https:\/\/lookadd.com\/pt-pt\/winkel_locaties\/ottica-10-decimi-di-liana-gagliardi\/\" title=\"OTTICA 10 DECIMI di Liana Gagliardi\">OTTICA 10 DECIMI di Liana Gagliardi<\/a><\/p><p class=\"address\">Contrada Santa Loja, <br>TITO SCALO <\/br>Itali\u00eb<\/p><p class=\"addressname\"><a href=\"https:\/\/lookadd.com\/pt-pt\/winkel_locaties\/optical-store-by-sava-italia-s-r-l-s\/\" title=\"OPTICAL STORE BY SAVA ITALIA s.r.l.s.\">OPTICAL STORE BY SAVA ITALIA s.r.l.s.<\/a><\/p><p class=\"address\">Viale Palmiro Togliatti, 1640, <br>ROMA <\/br>Itali\u00eb<\/p><p class=\"addressname\"><a href=\"https:\/\/lookadd.com\/pt-pt\/winkel_locaties\/opticheskij-stil-l-t-d\/\" title=\"OPTICHESKIJ STIL L.T.D.\">OPTICHESKIJ STIL L.T.D.<\/a><\/p><p class=\"address\">Prospect Lenin, 41, <br>VLADIMIR <\/br>Russische Federatie<\/p><p class=\"addressname\"><a href=\"https:\/\/lookadd.com\/pt-pt\/winkel_locaties\/new-ottica-di-diodato-davide\/\" title=\"NEW OTTICA di Diodato Davide\">NEW OTTICA di Diodato Davide<\/a><\/p><p class=\"address\">V.le della Repubblica, 135, <br>TOLENTINO <\/br>Itali\u00eb<\/p><p class=\"addressname\"><a href=\"https:\/\/lookadd.com\/pt-pt\/winkel_locaties\/optica-maria-esteban-palomar\/\" title=\"OPTICA MAR\u00cdA ESTEBAN PALOMAR\">OPTICA MAR\u00cdA ESTEBAN PALOMAR<\/a><\/p><p class=\"address\">Rodriguez de Cepeda, 53, <br>VALENCIA <\/br>Spanje<\/p><p class=\"addressname\"><a href=\"https:\/\/lookadd.com\/pt-pt\/winkel_locaties\/molini-ottica-di-pasquale-ciarlariello\/\" title=\"MOLINI OTTICA di Pasquale Ciarlariello\">MOLINI OTTICA di Pasquale Ciarlariello<\/a><\/p><p class=\"address\">Via Igino Gardini, 40\/40 A, <br>VITERBO <\/br>Itali\u00eb<\/p><p class=\"addressname\"><a href=\"https:\/\/lookadd.com\/pt-pt\/winkel_locaties\/jose-domingo-arias-yebra\/\" title=\"JOSE&#8217; DOMINGO ARIAS YEBRA\">JOSE&#8217; DOMINGO ARIAS YEBRA<\/a><\/p><p class=\"address\">c\/ Plaza de la Inmaculada, 1, <br>LEON <\/br>Spanje<\/p><p class=\"addressname\"><a href=\"https:\/\/lookadd.com\/pt-pt\/winkel_locaties\/davoli-bernardi-s-r-l-2\/\" title=\"DAVOLI &#038; BERNARDI s.r.l.\">DAVOLI &#038; BERNARDI s.r.l.<\/a><\/p><p class=\"address\">Via della Bufalotta, 548, <br>ROMA <\/br>Itali\u00eb<\/p><p class=\"addressname\"><a href=\"https:\/\/lookadd.com\/pt-pt\/winkel_locaties\/brumar-s-n-c-di-pardo-t-m-e-di-stefano-m\/\" title=\"BRUMAR s.n.c. di Pardo T.M. e Di Stefano M.\">BRUMAR s.n.c. di Pardo T.M. e Di Stefano M.<\/a><\/p><p class=\"address\">Via dello Statuto, 43, <br>ROMA <\/br>Itali\u00eb<\/p><p class=\"addressname\"><a href=\"https:\/\/lookadd.com\/pt-pt\/winkel_locaties\/alnarpa-s-l\/\" title=\"ALNARPA S.L.\">ALNARPA S.L.<\/a><\/p><p class=\"address\">C\/ Juan Carlos I, 7, <br>ARNEDO <\/br>Spanje<\/p>                <\/div>\n                            <div class=\"marker\" data-lat=\"45.69493000\" data-lng=\"9.68850000\">\n                    <p class=\"addressname\"><a href=\"https:\/\/lookadd.com\/pt-pt\/winkel_locaties\/skandia-foto-cine-ottica-di-viscardi-nicola-c-s-n-c\/\" title=\"SKANDIA FOTO CINE OTTICA di Viscardi Nicola &#038; C. s.n.c.\">SKANDIA FOTO CINE OTTICA di Viscardi Nicola &#038; C. s.n.c.<\/a><\/p><p class=\"address\">Via Borgo Palazzo,104, <br>BERGAMO <\/br>Itali\u00eb<\/p>                <\/div>\n                            <div class=\"marker\" data-lat=\"51.84260000\" data-lng=\"6.85751000\">\n                    <p class=\"addressname\"><a href=\"https:\/\/lookadd.com\/pt-pt\/winkel_locaties\/schlattmann-augenoptik\/\" title=\"SCHLATTMANN AUGENOPTIK\">SCHLATTMANN AUGENOPTIK<\/a><\/p><p class=\"address\">Johanniterstra\u00dfe, 8, <br>BORKEN <\/br>Duitsland<\/p>                <\/div>\n                            <div class=\"marker\" data-lat=\"46.87875280\" data-lng=\"13.29624270\">\n                    <p class=\"addressname\"><a href=\"https:\/\/lookadd.com\/pt-pt\/winkel_locaties\/schiffer-co-optik-gmbh-2\/\" title=\"SCHIFFER &#038; CO OPTIK GmbH\">SCHIFFER &#038; CO OPTIK GmbH<\/a><\/p><p class=\"address\">Tirolerstr., 4, <br>SPITTAL\/DRAU <\/br>Oostenrijk<\/p><p class=\"addressname\"><a href=\"https:\/\/lookadd.com\/pt-pt\/winkel_locaties\/schiffer-co-optik-gmbh\/\" title=\"SCHIFFER &#038; CO OPTIK GmbH\">SCHIFFER &#038; CO OPTIK GmbH<\/a><\/p><p class=\"address\">Tirolerstr., 4, <br>SPITTAL\/DRAU <\/br>Oostenrijk<\/p>                <\/div>\n                            <div class=\"marker\" data-lat=\"53.17914600\" data-lng=\"22.08069240\">\n                    <p class=\"addressname\"><a href=\"https:\/\/lookadd.com\/pt-pt\/winkel_locaties\/salonik-optyczny-jolanta-kuczynska\/\" title=\"SALONIK OPTYCZNY Jolanta Kuczynska\">SALONIK OPTYCZNY Jolanta Kuczynska<\/a><\/p><p class=\"address\">ul. Stary Rynek 1, <br>LOMZA <\/br>Polen<\/p>                <\/div>\n                            <div class=\"marker\" data-lat=\"53.24638120\" data-lng=\"19.40826910\">\n                    <p class=\"addressname\"><a href=\"https:\/\/lookadd.com\/pt-pt\/winkel_locaties\/salon-optyczny-terapia-widzenia-maja-rosicska\/\" title=\"SALON OPTYCZNY TERAPIA WIDZENIA MAJA ROSICSKA\">SALON OPTYCZNY TERAPIA WIDZENIA MAJA ROSICSKA<\/a><\/p><p class=\"address\">Stanislawa Wyspianskiego, 10, <br>BRODNICA <\/br>Polen<\/p>                <\/div>\n                            <div class=\"marker\" data-lat=\"54.25091200\" data-lng=\"20.81180900\">\n                    <p class=\"addressname\"><a href=\"https:\/\/lookadd.com\/pt-pt\/winkel_locaties\/salon-optyczny-bart-optica-mariusz-bokisz\/\" title=\"SALON OPTYCZNY BART-OPTICA MARIUSZ BOKISZ\">SALON OPTYCZNY BART-OPTICA MARIUSZ BOKISZ<\/a><\/p><p class=\"address\">Kopernika, 10\/2, <br>BARTOSZYCE <\/br>Polen<\/p>                <\/div>\n                            <div class=\"marker\" data-lat=\"53.14510580\" data-lng=\"23.13260100\">\n                    <p class=\"addressname\"><a href=\"https:\/\/lookadd.com\/pt-pt\/winkel_locaties\/salon-opticyczny-new-optica-marcin-szewczuk\/\" title=\"SALON OPTICYCZNY NEW OPTICA &#8211; MARCIN SZEWCZUK\">SALON OPTICYCZNY NEW OPTICA &#8211; MARCIN SZEWCZUK<\/a><\/p><p class=\"address\">ul.Antoniukowska, 56 M.38, <br>BIALYSTOK <\/br>Polen<\/p>                <\/div>\n                            <div class=\"marker\" data-lat=\"41.82960000\" data-lng=\"12.47341000\">\n                    <p class=\"addressname\"><a href=\"https:\/\/lookadd.com\/pt-pt\/winkel_locaties\/romana-ottica-cadorina-s-r-l\/\" title=\"ROMANA OTTICA CADORINA s.r.l.\">ROMANA OTTICA CADORINA s.r.l.<\/a><\/p><p class=\"address\">Viale Europa, 327-329, <br>ROMA <\/br>Itali\u00eb<\/p>                <\/div>\n                            <div class=\"marker\" data-lat=\"39.98525000\" data-lng=\"-0.03880000\">\n                    <p class=\"addressname\"><a href=\"https:\/\/lookadd.com\/pt-pt\/winkel_locaties\/ricardo-caro-s-l\/\" title=\"RICARDO CARO S.L.\">RICARDO CARO S.L.<\/a><\/p><p class=\"address\">Enmedio, 26, <br>CASTELLON <\/br>Spanje<\/p>                <\/div>\n                            <div class=\"marker\" data-lat=\"38.75299000\" data-lng=\"-9.28678000\">\n                    <p class=\"addressname\"><a href=\"https:\/\/lookadd.com\/pt-pt\/winkel_locaties\/ribeiro-martinho-lda-futura-visao\/\" title=\"RIBEIRO &#038; MARTINHO LDA FUTURA VISAO\">RIBEIRO &#038; MARTINHO LDA FUTURA VISAO<\/a><\/p><p class=\"address\">Av. 25 de Abril, 92, <br>MASSAM\u00c1 <\/br>Portugal<\/p>                <\/div>\n                            <div class=\"marker\" data-lat=\"52.21995500\" data-lng=\"21.01630900\">\n                    <p class=\"addressname\"><a href=\"https:\/\/lookadd.com\/pt-pt\/winkel_locaties\/rayo-optics-s-l\/\" title=\"RAYO OPTICS S.L.\">RAYO OPTICS S.L.<\/a><\/p><p class=\"address\">Travessera de les Corts, 236, <br>BARCELONA <\/br>Spanje<\/p><p class=\"addressname\"><a href=\"https:\/\/lookadd.com\/pt-pt\/winkel_locaties\/ana-artigas-escala\/\" title=\"ANA ARTIGAS ESCALA\">ANA ARTIGAS ESCALA<\/a><\/p><p class=\"address\">Cerde\u00f1a, 365, <br>BARCELONA <\/br>Spanje<\/p>                <\/div>\n                            <div class=\"marker\" data-lat=\"40.84997000\" data-lng=\"14.35760000\">\n                    <p class=\"addressname\"><a href=\"https:\/\/lookadd.com\/pt-pt\/winkel_locaties\/quimai-di-quirino-luigi\/\" title=\"QUIMAI di Quirino Luigi\">QUIMAI di Quirino Luigi<\/a><\/p><p class=\"address\">Via Europa, 62, <br>CERCOLA <\/br>Itali\u00eb<\/p>                <\/div>\n                            <div class=\"marker\" data-lat=\"49.98486090\" data-lng=\"20.05918990\">\n                    <p class=\"addressname\"><a href=\"https:\/\/lookadd.com\/pt-pt\/winkel_locaties\/procownia-optyczna-opt-dypl-roman-brozek\/\" title=\"PROCOWNIA OPTYCZNA Opt. Dypl.Roman Brozek\">PROCOWNIA OPTYCZNA Opt. Dypl.Roman Brozek<\/a><\/p><p class=\"address\">Ul. Powstania Warszawskiego, 3, <br>WIELICZKA <\/br>Polen<\/p>                <\/div>\n                            <div class=\"marker\" data-lat=\"52.05557090\" data-lng=\"20.44480940\">\n                    <p class=\"addressname\"><a href=\"https:\/\/lookadd.com\/pt-pt\/winkel_locaties\/pracownia-optyczna-rozanski-s-c\/\" title=\"PRACOWNIA OPTYCZNA ROZANSKI S.C.\">PRACOWNIA OPTYCZNA ROZANSKI S.C.<\/a><\/p><p class=\"address\">Ul. Okrzei, 8\/14, <br>ZYRARD\u00d3W <\/br>Polen<\/p>                <\/div>\n                            <div class=\"marker\" data-lat=\"52.23239510\" data-lng=\"20.24217890\">\n                    <p class=\"addressname\"><a href=\"https:\/\/lookadd.com\/pt-pt\/winkel_locaties\/pawilon-dees-sochaczew-orlinscy\/\" title=\"PAWILON DEES SOCHACZEW &#8211; ORLINSCY\">PAWILON DEES SOCHACZEW &#8211; ORLINSCY<\/a><\/p><p class=\"address\">ul. Zeromskiego, 27, <br>SOCHACZEW <\/br>Polen<\/p>                <\/div>\n                            <div class=\"marker\" data-lat=\"46.18802770\" data-lng=\"12.28207640\">\n                    <p class=\"addressname\"><a href=\"https:\/\/lookadd.com\/pt-pt\/winkel_locaties\/ottica-zoldan-s-a-s-di-zoldan-christian-maurizio\/\" title=\"OTTICA ZOLDAN s.a.s. di Zoldan Christian &#038; Maurizio\">OTTICA ZOLDAN s.a.s. di Zoldan Christian &#038; Maurizio<\/a><\/p><p class=\"address\">Viale Cadore , 21, <br>PONTE NELLE ALPI <\/br>Itali\u00eb<\/p>                <\/div>\n                            <div class=\"marker\" data-lat=\"45.82853920\" data-lng=\"8.79052970\">\n                    <p class=\"addressname\"><a href=\"https:\/\/lookadd.com\/pt-pt\/winkel_locaties\/ottica-vettore-s-n-c\/\" title=\"OTTICA VETTORE s.n.c.\">OTTICA VETTORE s.n.c.<\/a><\/p><p class=\"address\">Via Avegno, 1, <br>VARESE <\/br>Itali\u00eb<\/p>                <\/div>\n                            <div class=\"marker\" data-lat=\"40.61699000\" data-lng=\"15.05807000\">\n                    <p class=\"addressname\"><a href=\"https:\/\/lookadd.com\/pt-pt\/winkel_locaties\/ottica-scocozza-di-macellaro-mariarosaria-s-n-c\/\" title=\"OTTICA SCOCOZZA di Macellaro Mariarosaria s.n.c.\">OTTICA SCOCOZZA di Macellaro Mariarosaria s.n.c.<\/a><\/p><p class=\"address\">Via Giacomo Matteotti, 41, <br>EBOLI <\/br>Itali\u00eb<\/p>                <\/div>\n                            <div class=\"marker\" data-lat=\"52.22760270\" data-lng=\"21.00764260\">\n                    <p class=\"addressname\"><a href=\"https:\/\/lookadd.com\/pt-pt\/winkel_locaties\/ottica-nicastro-di-nicastro-antonio\/\" title=\"OTTICA NICASTRO di Nicastro Antonio\">OTTICA NICASTRO di Nicastro Antonio<\/a><\/p><p class=\"address\">Via Roma, 22, <br>LIONI <\/br>Itali\u00eb<\/p>                <\/div>\n                            <div class=\"marker\" data-lat=\"45.48539000\" data-lng=\"9.15590000\">\n                    <p class=\"addressname\"><a href=\"https:\/\/lookadd.com\/pt-pt\/winkel_locaties\/ottica-moderna-lauria-di-marisa-la-greca\/\" title=\"OTTICA MODERNA LAURIA di Marisa La Greca\">OTTICA MODERNA LAURIA di Marisa La Greca<\/a><\/p><p class=\"address\">Via R. di Lauria, 3, <br>MILANO <\/br>Itali\u00eb<\/p>                <\/div>\n                            <div class=\"marker\" data-lat=\"45.46893000\" data-lng=\"9.13360000\">\n                    <p class=\"addressname\"><a href=\"https:\/\/lookadd.com\/pt-pt\/winkel_locaties\/ottica-maldifassi-leonardo\/\" title=\"OTTICA MALDIFASSI LEONARDO\">OTTICA MALDIFASSI LEONARDO<\/a><\/p><p class=\"address\">Via Morgantini , 25, <br>MILANO <\/br>Itali\u00eb<\/p>                <\/div>\n                            <div class=\"marker\" data-lat=\"41.93469000\" data-lng=\"12.53181000\">\n                    <p class=\"addressname\"><a href=\"https:\/\/lookadd.com\/pt-pt\/winkel_locaties\/ottica-davoli-di-daniela-bernardi\/\" title=\"OTTICA DAVOLI di Daniela Bernardi\">OTTICA DAVOLI di Daniela Bernardi<\/a><\/p><p class=\"address\">Via Nomentana Nuova, 107-109, <br>ROMA <\/br>Itali\u00eb<\/p>                <\/div>\n                            <div class=\"marker\" data-lat=\"41.46293000\" data-lng=\"12.88115000\">\n                    <p class=\"addressname\"><a href=\"https:\/\/lookadd.com\/pt-pt\/winkel_locaties\/ottica-davoli-di-aldo-davoli\/\" title=\"OTTICA DAVOLI di Aldo Davoli\">OTTICA DAVOLI di Aldo Davoli<\/a><\/p><p class=\"address\">VIALE J.F. KENNEDY 145, <br>LATINA <\/br>Itali\u00eb<\/p>                <\/div>\n                            <div class=\"marker\" data-lat=\"44.89786000\" data-lng=\"8.20704000\">\n                    <p class=\"addressname\"><a href=\"https:\/\/lookadd.com\/pt-pt\/winkel_locaties\/ottica-bella-di-bella-gianfranco-e-c-s-n-c\/\" title=\"OTTICA BELLA di Bella Gianfranco e C. s.n.c.\">OTTICA BELLA di Bella Gianfranco e C. s.n.c.<\/a><\/p><p class=\"address\">Corso Einaudi, 64, <br>ASTI <\/br>Itali\u00eb<\/p>                <\/div>\n                            <div class=\"marker\" data-lat=\"52.20813700\" data-lng=\"20.95552500\">\n                    <p class=\"addressname\"><a href=\"https:\/\/lookadd.com\/pt-pt\/winkel_locaties\/ottica-barzaghi-di-perfetti-andrea\/\" title=\"OTTICA BARZAGHI di Perfetti Andrea\">OTTICA BARZAGHI di Perfetti Andrea<\/a><\/p><p class=\"address\">Via Vittorio Emanuele, 20, <br>MONZA <\/br>Itali\u00eb<\/p><p class=\"addressname\"><a href=\"https:\/\/lookadd.com\/pt-pt\/winkel_locaties\/ottica-annoni-di-gariboldi-p-e-c-s-a-s\/\" title=\"OTTICA ANNONI di Gariboldi P.e C. s.a.s.\">OTTICA ANNONI di Gariboldi P.e C. s.a.s.<\/a><\/p><p class=\"address\">Via Zucchi, 23, <br>MONZA <\/br>Itali\u00eb<\/p>                <\/div>\n                            <div class=\"marker\" data-lat=\"41.86497000\" data-lng=\"12.47866000\">\n                    <p class=\"addressname\"><a href=\"https:\/\/lookadd.com\/pt-pt\/winkel_locaties\/ottica-alina-panzironi\/\" title=\"OTTICA ALINA PANZIRONI\">OTTICA ALINA PANZIRONI<\/a><\/p><p class=\"address\">Via Ostiense, 160\/G, <br>ROMA <\/br>Itali\u00eb<\/p>                <\/div>\n                            <div class=\"marker\" data-lat=\"52.28877180\" data-lng=\"21.03091280\">\n                    <p class=\"addressname\"><a href=\"https:\/\/lookadd.com\/pt-pt\/winkel_locaties\/optyka-u-braci-galeria-rembielinska\/\" title=\"OPTYKA U BRACI- Galeria Rembielinska\">OPTYKA U BRACI- Galeria Rembielinska<\/a><\/p><p class=\"address\">ul. Rembielinska 20, <br>WARSZAWA <\/br>Polen<\/p>                <\/div>\n                            <div class=\"marker\" data-lat=\"49.73524800\" data-lng=\"19.53394690\">\n                    <p class=\"addressname\"><a href=\"https:\/\/lookadd.com\/pt-pt\/winkel_locaties\/optilux-agnieszka-stawowy-2\/\" title=\"OPTILUX AGNIESZKA STAWOWY\">OPTILUX AGNIESZKA STAWOWY<\/a><\/p><p class=\"address\">Stryszawa, 261D, <br>STRYSZAWA <\/br>Polen<\/p>                <\/div>\n                            <div class=\"marker\" data-lat=\"38.75209000\" data-lng=\"-9.20574000\">\n                    <p class=\"addressname\"><a href=\"https:\/\/lookadd.com\/pt-pt\/winkel_locaties\/opticlasse-comercio-e-servicos-e-optica-lda\/\" title=\"OPTICLASSE COMERCIO E SERVICOS E OPTICA LDA\">OPTICLASSE COMERCIO E SERVICOS E OPTICA LDA<\/a><\/p><p class=\"address\">Estrada de Benfica, 759, <br>LISBONA <\/br>Portugal<\/p>                <\/div>\n                            <div class=\"marker\" data-lat=\"49.43606100\" data-lng=\"18.03894770\">\n                    <p class=\"addressname\"><a href=\"https:\/\/lookadd.com\/pt-pt\/winkel_locaties\/ocni-optika-sarka-kocandova-3\/\" title=\"OCNI OPTIKA SARKA KOCANDOVA\">OCNI OPTIKA SARKA KOCANDOVA<\/a><\/p><p class=\"address\">Namesti, 19\/21, <br>VELKE MEZIRICI <\/br>Tsjechi\u00eb<\/p><p class=\"addressname\"><a href=\"https:\/\/lookadd.com\/pt-pt\/winkel_locaties\/ocni-optika-sarka-kocandova\/\" title=\"OCNI OPTIKA SARKA KOCANDOVA\">OCNI OPTIKA SARKA KOCANDOVA<\/a><\/p><p class=\"address\">Namesti, 19\/21, <br>VELKE MEZIRICI <\/br>Tsjechi\u00eb<\/p>                <\/div>\n                            <div class=\"marker\" data-lat=\"40.78017000\" data-lng=\"-73.08400000\">\n                    <p class=\"addressname\"><a href=\"https:\/\/lookadd.com\/pt-pt\/winkel_locaties\/optical-xpressions-ltd-dba-kyoto\/\" title=\"OPTICAL XPRESSIONS Ltd. dba Kyoto\">OPTICAL XPRESSIONS Ltd. dba Kyoto<\/a><\/p><p class=\"address\">1320 Lincoln Avenue Suite, 3, <br>HOLBROOK <\/br>Verenigde Staten<\/p>                <\/div>\n                            <div class=\"marker\" data-lat=\"38.07030000\" data-lng=\"23.81128000\">\n                    <p class=\"addressname\"><a href=\"https:\/\/lookadd.com\/pt-pt\/winkel_locaties\/optical-d-papadiamantopoulos-sa\/\" title=\"OPTICAL D PAPADIAMANTOPOULOS SA\">OPTICAL D PAPADIAMANTOPOULOS SA<\/a><\/p><p class=\"address\">214 Kifissias Avenue, <br>ATHENS <\/br>Griekenland<\/p>                <\/div>\n                            <div class=\"marker\" data-lat=\"41.94472000\" data-lng=\"12.54849000\">\n                    <p class=\"addressname\"><a href=\"https:\/\/lookadd.com\/pt-pt\/winkel_locaties\/my-ottica-di-mauro-impagliazzo\/\" title=\"MY OTTICA di Mauro Impagliazzo\">MY OTTICA di Mauro Impagliazzo<\/a><\/p><p class=\"address\">Via Maria Barbara Tosatti, 19, <br>ROMA <\/br>Itali\u00eb<\/p>                <\/div>\n                            <div class=\"marker\" data-lat=\"48.95567000\" data-lng=\"8.46964000\">\n                    <p class=\"addressname\"><a href=\"https:\/\/lookadd.com\/pt-pt\/winkel_locaties\/maier-optik-gmbh-co-kg\/\" title=\"MAIER OPTIK GmbH &#038; Co. KG\">MAIER OPTIK GmbH &#038; Co. KG<\/a><\/p><p class=\"address\">Am Wetterbach, 98, <br>KARLSRUHE <\/br>Duitsland<\/p>                <\/div>\n                            <div class=\"marker\" data-lat=\"49.21552000\" data-lng=\"15.88283000\">\n                    <p class=\"addressname\"><a href=\"https:\/\/lookadd.com\/pt-pt\/winkel_locaties\/ocni-optika-sarka-kocandova-2\/\" title=\"OCNI OPTIKA SARKA KOCANDOVA\">OCNI OPTIKA SARKA KOCANDOVA<\/a><\/p><p class=\"address\">Karlovo nam. 31\/42, <br>TREBIC <\/br>Tsjechi\u00eb<\/p>                <\/div>\n                            <div class=\"marker\" data-lat=\"53.77929570\" data-lng=\"20.48233650\">\n                    <p class=\"addressname\"><a href=\"https:\/\/lookadd.com\/pt-pt\/winkel_locaties\/lens-optyk\/\" title=\"LENS OPTYK\">LENS OPTYK<\/a><\/p><p class=\"address\">Warminska, 14\/11, <br>OLSZTYN <\/br>Polen<\/p>                <\/div>\n                            <div class=\"marker\" data-lat=\"43.87708000\" data-lng=\"8.01618000\">\n                    <p class=\"addressname\"><a href=\"https:\/\/lookadd.com\/pt-pt\/winkel_locaties\/laborottica-di-maienza-claudio\/\" title=\"LABOROTTICA di Maienza Claudio\">LABOROTTICA di Maienza Claudio<\/a><\/p><p class=\"address\">Corso Giuseppe Garibaldi, 7, <br>IMPERIA <\/br>Itali\u00eb<\/p>                <\/div>\n                            <div class=\"marker\" data-lat=\"52.79454530\" data-lng=\"18.25920520\">\n                    <p class=\"addressname\"><a href=\"https:\/\/lookadd.com\/pt-pt\/winkel_locaties\/centrum-optyczne-a-k-derkowscy\/\" title=\"CENTRUM OPTYCZNE A.K. Derkowscy\">CENTRUM OPTYCZNE A.K. Derkowscy<\/a><\/p><p class=\"address\">ul. Farna, 2, <br>INOWROCLAW <\/br>Polen<\/p>                <\/div>\n                            <div class=\"marker\" data-lat=\"41.33125680\" data-lng=\"19.81086030\">\n                    <p class=\"addressname\"><a href=\"https:\/\/lookadd.com\/pt-pt\/winkel_locaties\/bruna-ottica-di-elior-bilalaj-shpk\/\" title=\"BRUNA OTTICA di ELIOR BILALAJ shpk\">BRUNA OTTICA di ELIOR BILALAJ shpk<\/a><\/p><p class=\"address\">Blv Bajram Curri, 1, <br>TIRANA <\/br>Albani\u00eb<\/p>                <\/div>\n                            <div class=\"marker\" data-lat=\"44.05872000\" data-lng=\"12.56785000\">\n                    <p class=\"addressname\"><a href=\"https:\/\/lookadd.com\/pt-pt\/winkel_locaties\/lente-amica-s-r-l-unipersonale\/\" title=\"LENTE AMICA s.r.l. Unipersonale\">LENTE AMICA s.r.l. Unipersonale<\/a><\/p><p class=\"address\">Via Garibaldi, 24, <br>RIMINI <\/br>Itali\u00eb<\/p>                <\/div>\n                            <div class=\"marker\" data-lat=\"41.15596000\" data-lng=\"1.10608000\">\n                    <p class=\"addressname\"><a href=\"https:\/\/lookadd.com\/pt-pt\/winkel_locaties\/la-creu-blanca-optica-s-l\/\" title=\"LA CREU BLANCA OPTICA, S.L.\">LA CREU BLANCA OPTICA, S.L.<\/a><\/p><p class=\"address\">Sant Joan, 10, <br>TARRAGONA <\/br>Spanje<\/p>                <\/div>\n                            <div class=\"marker\" data-lat=\"45.46565000\" data-lng=\"8.91917000\">\n                    <p class=\"addressname\"><a href=\"https:\/\/lookadd.com\/pt-pt\/winkel_locaties\/lottico-s-n-c-di-pionetti-cristina-c\/\" title=\"L&#8217;OTTICO s.n.c. di Pionetti Cristina &#038; C.\">L&#8217;OTTICO s.n.c. di Pionetti Cristina &#038; C.<\/a><\/p><p class=\"address\">Via Crocefisso, 13, <br>CORBETTA <\/br>Itali\u00eb<\/p>                <\/div>\n                            <div class=\"marker\" data-lat=\"53.96485880\" data-lng=\"18.53367690\">\n                    <p class=\"addressname\"><a href=\"https:\/\/lookadd.com\/pt-pt\/winkel_locaties\/kobra-optyk-korzeniowski-slawomir\/\" title=\"KOBRA OPTYK KORZENIOWSKI SLAWOMIR\">KOBRA OPTYK KORZENIOWSKI SLAWOMIR<\/a><\/p><p class=\"address\">Kosciuszi, 34 B, <br>STAROGARD GDANSKI <\/br>Polen<\/p>                <\/div>\n                            <div class=\"marker\" data-lat=\"-22.96902510\" data-lng=\"-43.39040100\">\n                    <p class=\"addressname\"><a href=\"https:\/\/lookadd.com\/pt-pt\/winkel_locaties\/kalid-63-comercio-representaca\/\" title=\"KALID 63 COMERCIO REPRESENTA\u00c7A\">KALID 63 COMERCIO REPRESENTA\u00c7A<\/a><\/p><p class=\"address\">R. Visc. de Piraj\u00e1, 82 SL 4, <br>RIO DE JANEIRO <\/br>Brazili\u00eb<\/p>                <\/div>\n                            <div class=\"marker\" data-lat=\"37.08539000\" data-lng=\"25.15153000\">\n                    <p class=\"addressname\"><a href=\"https:\/\/lookadd.com\/pt-pt\/winkel_locaties\/kalapoda-alexia-dimitrios-uperorasi\/\" title=\"KALAPODA ALEXIA DIMITRIOS UPERORASI\">KALAPODA ALEXIA DIMITRIOS UPERORASI<\/a><\/p><p class=\"address\">Paros Ring Road, <br>PAROS <\/br>Griekenland<\/p>                <\/div>\n                            <div class=\"marker\" data-lat=\"41.4058094\" data-lng=\"2.1699522\">\n                    <p class=\"addressname\"><a href=\"https:\/\/lookadd.com\/pt-pt\/winkel_locaties\/artiver-optics\/\" title=\"Artiver Optics\">Artiver Optics<\/a><\/p><p class=\"address\">Sardenya, 365, <br>BARCELONA <\/br>Spanje<\/p>                <\/div>\n                            <div class=\"marker\" data-lat=\"41.66106720\" data-lng=\"-0.89607700\">\n                    <p class=\"addressname\"><a href=\"https:\/\/lookadd.com\/pt-pt\/winkel_locaties\/jesus-robles-mainar-opticalia-ebro-sobrarbe\/\" title=\"JESUS ROBLES MAINAR-OPTICALIA EBRO SOBRARBE\">JESUS ROBLES MAINAR-OPTICALIA EBRO SOBRARBE<\/a><\/p><p class=\"address\">C\/ Sobrarbe, 21-23, <br>ZARAGOZA <\/br>Spanje<\/p><p class=\"addressname\"><a href=\"https:\/\/lookadd.com\/pt-pt\/winkel_locaties\/garcia-latorre-c-b\/\" title=\"GARCIA LATORRE C.B.\">GARCIA LATORRE C.B.<\/a><\/p><p class=\"address\">C\/ Duquesa Villahermosa, 42, <br>ZARAGOZA <\/br>Spanje<\/p>                <\/div>\n                            <div class=\"marker\" data-lat=\"48.14387000\" data-lng=\"11.60858000\">\n                    <p class=\"addressname\"><a href=\"https:\/\/lookadd.com\/pt-pt\/winkel_locaties\/irmgard-wagner-sehrose-optik\/\" title=\"IRMGARD WAGNER SEHROSE OPTIK\">IRMGARD WAGNER SEHROSE OPTIK<\/a><\/p><p class=\"address\">Zweibr\u00fcckenstra\u00dfe, 19, <br>M\u00dcNCHEN <\/br>Duitsland<\/p>                <\/div>\n                            <div class=\"marker\" data-lat=\"47.18227870\" data-lng=\"23.05480690\">\n                    <p class=\"addressname\"><a href=\"https:\/\/lookadd.com\/pt-pt\/winkel_locaties\/ipate-optic-srl\/\" title=\"IPATE OPTIC SRL\">IPATE OPTIC SRL<\/a><\/p><p class=\"address\">Str. Stadion, BL S1, ET 3, AP 7, <br>ZALAU (SA) <\/br>Roemeni\u00eb<\/p>                <\/div>\n                            <div class=\"marker\" data-lat=\"53.14710120\" data-lng=\"23.10653030\">\n                    <p class=\"addressname\"><a href=\"https:\/\/lookadd.com\/pt-pt\/winkel_locaties\/handel-i-uslugi-optyczne-slawomir-kulasinski\/\" title=\"HANDEL I USLUGI OPTYCZNE SLAWOMIR KULASINSKI\">HANDEL I USLUGI OPTYCZNE SLAWOMIR KULASINSKI<\/a><\/p><p class=\"address\">Swobodna, 34\/46, <br>BIALYSTOK <\/br>Polen<\/p>                <\/div>\n                            <div class=\"marker\" data-lat=\"44.87233500\" data-lng=\"13.84503940\">\n                    <p class=\"addressname\"><a href=\"https:\/\/lookadd.com\/pt-pt\/winkel_locaties\/guillen-aspilche\/\" title=\"GUILLEN ASPILCHE\">GUILLEN ASPILCHE<\/a><\/p><p class=\"address\">Natalio Rivas, 9, <br>ADRA <\/br>Spanje<\/p>                <\/div>\n                            <div class=\"marker\" data-lat=\"43.75705000\" data-lng=\"11.29220000\">\n                    <p class=\"addressname\"><a href=\"https:\/\/lookadd.com\/pt-pt\/winkel_locaties\/foto-ottica-europa-s-n-c-di-maremmi-giampaolo-riccardo-c\/\" title=\"FOTO OTTICA EUROPA s.n.c. di Maremmi Giampaolo, Riccardo &#038; C\">FOTO OTTICA EUROPA s.n.c. di Maremmi Giampaolo, Riccardo &#038; C<\/a><\/p><p class=\"address\">V.le Europa, 43, <br>FIRENZE <\/br>Itali\u00eb<\/p>                <\/div>\n                            <div class=\"marker\" data-lat=\"52.38103610\" data-lng=\"16.89579650\">\n                    <p class=\"addressname\"><a href=\"https:\/\/lookadd.com\/pt-pt\/winkel_locaties\/firma-optyczna-oko-s-c\/\" title=\"FIRMA OPTYCZNA OKO S.C.\">FIRMA OPTYCZNA OKO S.C.<\/a><\/p><p class=\"address\">Gorecka, 30, <br>POZNAN <\/br>Polen<\/p>                <\/div>\n                            <div class=\"marker\" data-lat=\"53.87265800\" data-lng=\"21.30115850\">\n                    <p class=\"addressname\"><a href=\"https:\/\/lookadd.com\/pt-pt\/winkel_locaties\/filak-optyk\/\" title=\"FILAK OPTYK\">FILAK OPTYK<\/a><\/p><p class=\"address\">Ul. Moniuszki, 28b\/11, <br>ZORY <\/br>Polen<\/p>                <\/div>\n                            <div class=\"marker\" data-lat=\"60.16968090\" data-lng=\"24.94521520\">\n                    <p class=\"addressname\"><a href=\"https:\/\/lookadd.com\/pt-pt\/winkel_locaties\/fenno-optiikka-aleksi-optoys-oy\/\" title=\"FENNO OPTIIKKA ALEKSI &#8211; Optoys Oy\">FENNO OPTIIKKA ALEKSI &#8211; Optoys Oy<\/a><\/p><p class=\"address\">Aleksanterinkatu, 50, <br>HELSINKI <\/br>Finland<\/p>                <\/div>\n                            <div class=\"marker\" data-lat=\"43.75082000\" data-lng=\"11.23682000\">\n                    <p class=\"addressname\"><a href=\"https:\/\/lookadd.com\/pt-pt\/winkel_locaties\/ellebi-ottica-s-n-c\/\" title=\"ELLEBI OTTICA s.n.c.\">ELLEBI OTTICA s.n.c.<\/a><\/p><p class=\"address\">Via Senese , 141\/r, <br>FIRENZE <\/br>Itali\u00eb<\/p>                <\/div>\n                            <div class=\"marker\" data-lat=\"52.426570\" data-lng=\"10.790550\">\n                    <p class=\"addressname\"><a href=\"https:\/\/lookadd.com\/pt-pt\/winkel_locaties\/ehme-de-riese-der-optiker-ehme-de-riese-ohg\/\" title=\"EHME DE RIESE Der Optiker Ehme De Riese Ohg\">EHME DE RIESE Der Optiker Ehme De Riese Ohg<\/a><\/p><p class=\"address\">Porschestra\u00dfe, 9-11, <br>WOLFSBURG <\/br>Duitsland<\/p>                <\/div>\n                            <div class=\"marker\" data-lat=\"43.31975000\" data-lng=\"-1.97519000\">\n                    <p class=\"addressname\"><a href=\"https:\/\/lookadd.com\/pt-pt\/winkel_locaties\/donoptik-s-l\/\" title=\"DONOPTIK S.L.\">DONOPTIK S.L.<\/a><\/p><p class=\"address\">Plaza de Teresa de Calcuta, 7, <br>SAN SEBASTIAN <\/br>Spanje<\/p>                <\/div>\n                            <div class=\"marker\" data-lat=\"38.15013000\" data-lng=\"13.33406000\">\n                    <p class=\"addressname\"><a href=\"https:\/\/lookadd.com\/pt-pt\/winkel_locaties\/contact-ottica-s-n-c-di-de-franchis-g\/\" title=\"CONTACT OTTICA s.n.c. di De Franchis G.\">CONTACT OTTICA s.n.c. di De Franchis G.<\/a><\/p><p class=\"address\">Via Ausonia,108, <br>PALERMO <\/br>Itali\u00eb<\/p>                <\/div>\n                            <div class=\"marker\" data-lat=\"48.00661000\" data-lng=\"16.23552000\">\n                    <p class=\"addressname\"><a href=\"https:\/\/lookadd.com\/pt-pt\/winkel_locaties\/city-optiker-ges-m-b-h\/\" title=\"CITY OPTIKER GES.m.b.H\">CITY OPTIKER GES.m.b.H<\/a><\/p><p class=\"address\">Breyerstrasse, 1, <br>BADEN <\/br>Oostenrijk<\/p>                <\/div>\n                            <div class=\"marker\" data-lat=\"51.77044230\" data-lng=\"19.46092750\">\n                    <p class=\"addressname\"><a href=\"https:\/\/lookadd.com\/pt-pt\/winkel_locaties\/centrum-optyki-sluchu-optoton-jaroslaw-szewczyk\/\" title=\"CENTRUM OPTYKI SLUCHU OPTOTON &#8211; JAROSLAW SZEWCZYK\">CENTRUM OPTYKI SLUCHU OPTOTON &#8211; JAROSLAW SZEWCZYK<\/a><\/p><p class=\"address\">Ul.Sienkiewicza, 4, <br>LODZ <\/br>Polen<\/p>                <\/div>\n                            <div class=\"marker\" data-lat=\"45.63624000\" data-lng=\"9.30327000\">\n                    <p class=\"addressname\"><a href=\"https:\/\/lookadd.com\/pt-pt\/winkel_locaties\/centro-ottico-r-t-f-s-n-c\/\" title=\"CENTRO OTTICO R.T.F. s.n.c.\">CENTRO OTTICO R.T.F. s.n.c.<\/a><\/p><p class=\"address\">Via Caduti per la Patria, 27, <br>LESMO <\/br>Itali\u00eb<\/p>                <\/div>\n                            <div class=\"marker\" data-lat=\"42.61218000\" data-lng=\"14.06222000\">\n                    <p class=\"addressname\"><a href=\"https:\/\/lookadd.com\/pt-pt\/winkel_locaties\/budiani-foto-ottica\/\" title=\"BUDIANI FOTO OTTICA\">BUDIANI FOTO OTTICA<\/a><\/p><p class=\"address\">Via F. Martella, 4, <br>PINETO <\/br>Itali\u00eb<\/p>                <\/div>\n                            <div class=\"marker\" data-lat=\"47.38988000\" data-lng=\"9.38686000\">\n                    <p class=\"addressname\"><a href=\"https:\/\/lookadd.com\/pt-pt\/winkel_locaties\/brillehus-diethelm-ag\/\" title=\"BRILLEHUS Diethelm AG\">BRILLEHUS Diethelm AG<\/a><\/p><p class=\"address\">Dorf, 3, <br>TEUFEN <\/br>Zwitserland<\/p>                <\/div>\n                            <div class=\"marker\" data-lat=\"45.42686000\" data-lng=\"9.17659000\">\n                    <p class=\"addressname\"><a href=\"https:\/\/lookadd.com\/pt-pt\/winkel_locaties\/boifava-ottica-di-g-ragusa\/\" title=\"BOIFAVA OTTICA di G. Ragusa\">BOIFAVA OTTICA di G. Ragusa<\/a><\/p><p class=\"address\">Via Boifava, 80\/B, <br>MILANO <\/br>Itali\u00eb<\/p>                <\/div>\n                            <div class=\"marker\" data-lat=\"52.10429990\" data-lng=\"21.26431800\">\n                    <p class=\"addressname\"><a href=\"https:\/\/lookadd.com\/pt-pt\/winkel_locaties\/best-optyk-beata-stys\/\" title=\"BEST OPTYK BEATA STYS\">BEST OPTYK BEATA STYS<\/a><\/p><p class=\"address\">Michala Elwiro Andriollego, 36\/38, <br>OTWOCK <\/br>Polen<\/p>                <\/div>\n                            <div class=\"marker\" data-lat=\"22.36320000\" data-lng=\"114.13275000\">\n                    <p class=\"addressname\"><a href=\"https:\/\/lookadd.com\/pt-pt\/winkel_locaties\/aplus-international-trading-limited\/\" title=\"APLUS INTERNATIONAL TRADING LIMITED\">APLUS INTERNATIONAL TRADING LIMITED<\/a><\/p><p class=\"address\">Flat D3, 19\/F HooverInd.Building, 26-38 Kwai Cheong Road, <br>KWAI CHUNG <\/br>Hongkong<\/p>                <\/div>\n                            <div class=\"marker\" data-lat=\"53.06644910\" data-lng=\"6.46195540\">\n                    <p class=\"addressname\"><a href=\"https:\/\/lookadd.com\/pt-pt\/winkel_locaties\/elzer-optiek\/\" title=\"Elzer Optiek\">Elzer Optiek<\/a><\/p><p class=\"address\">Achter de Kerk 1, <br>NORG <\/br>Nederland<\/p>                <\/div>\n                            <div class=\"marker\" data-lat=\"52.24768010\" data-lng=\"6.21709070\">\n                    <p class=\"addressname\"><a href=\"https:\/\/lookadd.com\/pt-pt\/winkel_locaties\/optiek-colmschate\/\" title=\"Optiek Colmschate\">Optiek Colmschate<\/a><\/p><p class=\"address\">Flora 12, <br>DEVENTER <\/br>Nederland<\/p>                <\/div>\n                            <div class=\"marker\" data-lat=\"51.93068740\" data-lng=\"5.71147790\">\n                    <p class=\"addressname\"><a href=\"https:\/\/lookadd.com\/pt-pt\/winkel_locaties\/reugebrink-opticiens\/\" title=\"Reugebrink Opticiens\">Reugebrink Opticiens<\/a><\/p><p class=\"address\">Hoofdstraat 15, <br>ZETTEN <\/br>Nederland<\/p>                <\/div>\n                            <div class=\"marker\" data-lat=\"51.69728330\" data-lng=\"5.97192930\">\n                    <p class=\"addressname\"><a href=\"https:\/\/lookadd.com\/pt-pt\/winkel_locaties\/j-van-wely-optiek-b-v\/\" title=\"J. van Wely Optiek B.V.\">J. van Wely Optiek B.V.<\/a><\/p><p class=\"address\">Spoorstraat 117 b, <br>GENNEP <\/br>Nederland<\/p>                <\/div>\n                            <div class=\"marker\" data-lat=\"51.34147090\" data-lng=\"6.14011490\">\n                    <p class=\"addressname\"><a href=\"https:\/\/lookadd.com\/pt-pt\/winkel_locaties\/unique-optiek-bv\/\" title=\"Unique Optiek BV\">Unique Optiek BV<\/a><\/p><p class=\"address\">Kerkstraat 51, <br>TEGELEN <\/br>Nederland<\/p>                <\/div>\n                            <div class=\"marker\" data-lat=\"51.42107090\" data-lng=\"5.55993280\">\n                    <p class=\"addressname\"><a href=\"https:\/\/lookadd.com\/pt-pt\/winkel_locaties\/lookadd-optiek-3\/\" title=\"LookAdd Optiek\">LookAdd Optiek<\/a><\/p><p class=\"address\">Langstraat 41, <br>GELDROP <\/br>Nederland<\/p>                <\/div>\n                            <div class=\"marker\" data-lat=\"51.557330\" data-lng=\"5.681940\">\n                    <p class=\"addressname\"><a href=\"https:\/\/lookadd.com\/pt-pt\/winkel_locaties\/lookadddealer\/\" title=\"LookAdd dealer\">LookAdd dealer<\/a><\/p><p class=\"address\">Nieuwstraat 30A, <br>GEMERT <\/br>Nederland<\/p>                <\/div>\n                            <div class=\"marker\" data-lat=\"51.54008960\" data-lng=\"5.10423540\">\n                    <p class=\"addressname\"><a href=\"https:\/\/lookadd.com\/pt-pt\/winkel_locaties\/de-brillendokter-bv\/\" title=\"De Brillendokter BV\">De Brillendokter BV<\/a><\/p><p class=\"address\">Hilvarenbeekseweg 60, <br>TILBURG <\/br>Nederland<\/p>                <\/div>\n                            <div class=\"marker\" data-lat=\"51.99363800\" data-lng=\"5.09290980\">\n                    <p class=\"addressname\"><a href=\"https:\/\/lookadd.com\/pt-pt\/winkel_locaties\/via-optiek\/\" title=\"Via Optiek\">Via Optiek<\/a><\/p><p class=\"address\">Voorstraat 76, <br>VIANEN <\/br>Nederland<\/p>                <\/div>\n                            <div class=\"marker\" data-lat=\"51.88801000\" data-lng=\"5.40273000\">\n                    <p class=\"addressname\"><a href=\"https:\/\/lookadd.com\/pt-pt\/winkel_locaties\/uw-thuisopticien\/\" title=\"Uw Thuisopticien\">Uw Thuisopticien<\/a><\/p><p class=\"address\">Lingeweg 71, <br>TIEL <\/br>Nederland<\/p>                <\/div>\n                            <div class=\"marker\" data-lat=\"52.00232940\" data-lng=\"4.16138830\">\n                    <p class=\"addressname\"><a href=\"https:\/\/lookadd.com\/pt-pt\/winkel_locaties\/beeks-oog-oor-bv\/\" title=\"Beeks Oog &#038; Oor BV\">Beeks Oog &#038; Oor BV<\/a><\/p><p class=\"address\">Langestraat 149, <br>'S GRAVENZANDE <\/br>Nederland<\/p>                <\/div>\n                            <div class=\"marker\" data-lat=\"45.10218470\" data-lng=\"8.90647960\">\n                    <p class=\"addressname\"><a href=\"https:\/\/lookadd.com\/pt-pt\/winkel_locaties\/centro-ottico-di-marinelli-rodolfo\/\" title=\"CENTRO OTTICO di Marinelli Rodolfo\">CENTRO OTTICO di Marinelli Rodolfo<\/a><\/p><p class=\"address\">Viale Loreto, 23, <br>SANNAZZARO DE' BURGONDI <\/br>Itali\u00eb<\/p>                <\/div>\n                            <div class=\"marker\" data-lat=\"45.94538000\" data-lng=\"12.42016000\">\n                    <p class=\"addressname\"><a href=\"https:\/\/lookadd.com\/pt-pt\/winkel_locaties\/ottica-vista-viva-snc-di-bertazzo-pierluigi-c\/\" title=\"OTTICA VISTA VIVA snc di Bertazzo Pierluigi &#038; c.\">OTTICA VISTA VIVA snc di Bertazzo Pierluigi &#038; c.<\/a><\/p><p class=\"address\">Via Isonzo,20\/B, <br>CORDIGNANO <\/br>Itali\u00eb<\/p>                <\/div>\n                            <div class=\"marker\" data-lat=\"41.78100430\" data-lng=\"12.32041820\">\n                    <p class=\"addressname\"><a href=\"https:\/\/lookadd.com\/pt-pt\/winkel_locaties\/foto-ottica-sartoretto-s-n-c-di-sartoretto-m-c\/\" title=\"FOTO OTTICA SARTORETTO s.n.c. di Sartoretto M. &#038; C.\">FOTO OTTICA SARTORETTO s.n.c. di Sartoretto M. &#038; C.<\/a><\/p><p class=\"address\">P.zza Bachelet,2\/b, <br>PREGANZIOL <\/br>Itali\u00eb<\/p>                <\/div>\n                            <div class=\"marker\" data-lat=\"45.64680760\" data-lng=\"9.37479870\">\n                    <p class=\"addressname\"><a href=\"https:\/\/lookadd.com\/pt-pt\/winkel_locaties\/lozito-ottica-s-r-l\/\" title=\"LOZITO OTTICA s.r.l.\">LOZITO OTTICA s.r.l.<\/a><\/p><p class=\"address\">Via 1 Maggio, 3, <br>CARNATE <\/br>Itali\u00eb<\/p>                <\/div>\n                            <div class=\"marker\" data-lat=\"45.59653620\" data-lng=\"10.12659250\">\n                    <p class=\"addressname\"><a href=\"https:\/\/lookadd.com\/pt-pt\/winkel_locaties\/cademartori-bolpagni-s-n-c-ottica\/\" title=\"CADEMARTORI &#038; BOLPAGNI s.n.c. OTTICA\">CADEMARTORI &#038; BOLPAGNI s.n.c. OTTICA<\/a><\/p><p class=\"address\">Via IV Novembre,34, <br>GUSSAGO <\/br>Itali\u00eb<\/p>                <\/div>\n                            <div class=\"marker\" data-lat=\"45.60881240\" data-lng=\"9.52099980\">\n                    <p class=\"addressname\"><a href=\"https:\/\/lookadd.com\/pt-pt\/winkel_locaties\/pampuri-ottica-di-pampuri-maria-cristina\/\" title=\"PAMPURI OTTICA di Pampuri Maria Cristina\">PAMPURI OTTICA di Pampuri Maria Cristina<\/a><\/p><p class=\"address\">Via Jacopo,23, <br>TREZZO SULL'ADDA <\/br>Itali\u00eb<\/p>                <\/div>\n                            <div class=\"marker\" data-lat=\"43.79502800\" data-lng=\"13.01596600\">\n                    <p class=\"addressname\"><a href=\"https:\/\/lookadd.com\/pt-pt\/winkel_locaties\/ottica-perettini-s-n-c-di-perettini-r-bisciari-m\/\" title=\"OTTICA PERETTINI s.n.c. di Perettini R. &#038; Bisciari M.\">OTTICA PERETTINI s.n.c. di Perettini R. &#038; Bisciari M.<\/a><\/p><p class=\"address\">ViaXXV Aprile, 43, <br>FANO <\/br>Itali\u00eb<\/p>                <\/div>\n                            <div class=\"marker\" data-lat=\"43.65307160\" data-lng=\"13.13069120\">\n                    <p class=\"addressname\"><a href=\"https:\/\/lookadd.com\/pt-pt\/winkel_locaties\/ottica-riccardi-di-riccardi-sara\/\" title=\"OTTICA RICCARDI di Riccardi Sara\">OTTICA RICCARDI di Riccardi Sara<\/a><\/p><p class=\"address\">P.zza Leopardi, 28, <br>RIPE <\/br>Itali\u00eb<\/p>                <\/div>\n                            <div class=\"marker\" data-lat=\"43.47620170\" data-lng=\"11.13628010\">\n                    <p class=\"addressname\"><a href=\"https:\/\/lookadd.com\/pt-pt\/winkel_locaties\/pampaloni-ottica-orologeria-s-n-c\/\" title=\"PAMPALONI OTTICA OROLOGERIA s.n.c.\">PAMPALONI OTTICA OROLOGERIA s.n.c.<\/a><\/p><p class=\"address\">Via della Repubblica, 72\/74, <br>POGGIBONSI <\/br>Itali\u00eb<\/p>                <\/div>\n                            <div class=\"marker\" data-lat=\"45.51080000\" data-lng=\"10.41982000\">\n                    <p class=\"addressname\"><a href=\"https:\/\/lookadd.com\/pt-pt\/winkel_locaties\/berardi-piero-s-n-c-di-berardi-federica-c\/\" title=\"BERARDI PIERO s.n.c. di Berardi Federica &#038; C.\">BERARDI PIERO s.n.c. di Berardi Federica &#038; C.<\/a><\/p><p class=\"address\">Via Rimembranze,3, <br>BEDIZZOLE <\/br>Itali\u00eb<\/p>                <\/div>\n                            <div class=\"marker\" data-lat=\"44.98235750\" data-lng=\"9.00811730\">\n                    <p class=\"addressname\"><a href=\"https:\/\/lookadd.com\/pt-pt\/winkel_locaties\/ottica-bolognesi-s-r-l\/\" title=\"OTTICA BOLOGNESI s.r.l.\">OTTICA BOLOGNESI s.r.l.<\/a><\/p><p class=\"address\">P.zza Duomo, 15, <br>VOGHERA <\/br>Itali\u00eb<\/p>                <\/div>\n                            <div class=\"marker\" data-lat=\"46.29869760\" data-lng=\"12.01387400\">\n                    <p class=\"addressname\"><a href=\"https:\/\/lookadd.com\/pt-pt\/winkel_locaties\/ottica-mottes-di-mottes-giacomo\/\" title=\"OTTICA MOTTES di Mottes Giacomo\">OTTICA MOTTES di Mottes Giacomo<\/a><\/p><p class=\"address\">Loc.Campagna 2\/C, <br>TAIBON AGORDINO <\/br>Itali\u00eb<\/p>                <\/div>\n                            <div class=\"marker\" data-lat=\"43.90740020\" data-lng=\"10.54042630\">\n                    <p class=\"addressname\"><a href=\"https:\/\/lookadd.com\/pt-pt\/winkel_locaties\/ottica-moderna-s-n-c\/\" title=\"OTTICA MODERNA s.n.c.\">OTTICA MODERNA s.n.c.<\/a><\/p><p class=\"address\">V.le G. Puccini, 1562, <br>LUCCA <\/br>Itali\u00eb<\/p>                <\/div>\n                            <div class=\"marker\" data-lat=\"44.47918000\" data-lng=\"11.36446000\">\n                    <p class=\"addressname\"><a href=\"https:\/\/lookadd.com\/pt-pt\/winkel_locaties\/viggi-ottici-bologna-di-viggi-vezio-c-s-n-c\/\" title=\"VIGGI OTTICI BOLOGNA di Viggi Vezio &#038; C. s.n.c.\">VIGGI OTTICI BOLOGNA di Viggi Vezio &#038; C. s.n.c.<\/a><\/p><p class=\"address\">Via Augusto Murri, 115 A\/B, <br>BOLOGNA <\/br>Itali\u00eb<\/p>                <\/div>\n                            <div class=\"marker\" data-lat=\"44.50772000\" data-lng=\"11.34607000\">\n                    <p class=\"addressname\"><a href=\"https:\/\/lookadd.com\/pt-pt\/winkel_locaties\/polyottica-s-n-c-di-boiani-alessandro-c\/\" title=\"POLYOTTICA s.n.c. di Boiani Alessandro &#038; C.\">POLYOTTICA s.n.c. di Boiani Alessandro &#038; C.<\/a><\/p><p class=\"address\">Via Matteotti, 6\/E, <br>BOLOGNA <\/br>Itali\u00eb<\/p>                <\/div>\n                            <div class=\"marker\" data-lat=\"43.99403160\" data-lng=\"10.85365190\">\n                    <p class=\"addressname\"><a href=\"https:\/\/lookadd.com\/pt-pt\/winkel_locaties\/giambene-ottica-s-a-s\/\" title=\"GIAMBENE OTTICA s.a.s.\">GIAMBENE OTTICA s.a.s.<\/a><\/p><p class=\"address\">Via Nemoreto, 2, <br>PISTOIA <\/br>Itali\u00eb<\/p>                <\/div>\n                            <div class=\"marker\" data-lat=\"43.69143490\" data-lng=\"10.84000120\">\n                    <p class=\"addressname\"><a href=\"https:\/\/lookadd.com\/pt-pt\/winkel_locaties\/foto-ottica-mascagni-di-mascagni-giorgio-c-s-n-c\/\" title=\"FOTO OTTICA MASCAGNI di Mascagni Giorgio &#038; C. s.n.c.\">FOTO OTTICA MASCAGNI di Mascagni Giorgio &#038; C. s.n.c.<\/a><\/p><p class=\"address\">Largo Don Pino Puglisi, <br>SAN MINIATO BASSO <\/br>Itali\u00eb<\/p>                <\/div>\n                            <div class=\"marker\" data-lat=\"44.83820800\" data-lng=\"10.05277800\">\n                    <p class=\"addressname\"><a href=\"https:\/\/lookadd.com\/pt-pt\/winkel_locaties\/ottica-angela-di-notari-sabrina\/\" title=\"OTTICA ANGELA di Notari Sabrina\">OTTICA ANGELA di Notari Sabrina<\/a><\/p><p class=\"address\">Via Bacchini, 12, <br>FIDENZA <\/br>Itali\u00eb<\/p>                <\/div>\n                            <div class=\"marker\" data-lat=\"45.25720000\" data-lng=\"8.85810000\">\n                    <p class=\"addressname\"><a href=\"https:\/\/lookadd.com\/pt-pt\/winkel_locaties\/brini-angela-ottica\/\" title=\"BRINI ANGELA OTTICA\">BRINI ANGELA OTTICA<\/a><\/p><p class=\"address\">Via Mazzini,4, <br>GAMBOLO' <\/br>Itali\u00eb<\/p>                <\/div>\n                            <div class=\"marker\" data-lat=\"43.01806660\" data-lng=\"12.74856850\">\n                    <p class=\"addressname\"><a href=\"https:\/\/lookadd.com\/pt-pt\/winkel_locaties\/valentini-ottica-di-valentini-alessandra\/\" title=\"VALENTINI OTTICA di Valentini Alessandra\">VALENTINI OTTICA di Valentini Alessandra<\/a><\/p><p class=\"address\">Via Marchisiellio,34, <br>FOLIGNO <\/br>Itali\u00eb<\/p>                <\/div>\n                            <div class=\"marker\" data-lat=\"43.53990670\" data-lng=\"13.56972880\">\n                    <p class=\"addressname\"><a href=\"https:\/\/lookadd.com\/pt-pt\/winkel_locaties\/ottica-mancini-s-r-l\/\" title=\"OTTICA MANCINI s.r.l.\">OTTICA MANCINI s.r.l.<\/a><\/p><p class=\"address\">C.so Carlo Alberto, 41\/45, <br>ANCONA <\/br>Itali\u00eb<\/p>                <\/div>\n                            <div class=\"marker\" data-lat=\"46.10797860\" data-lng=\"11.11241920\">\n                    <p class=\"addressname\"><a href=\"https:\/\/lookadd.com\/pt-pt\/winkel_locaties\/lotticadi-donati-angela\/\" title=\"L&#8217;OTTICAdi Donati Angela\">L&#8217;OTTICAdi Donati Angela<\/a><\/p><p class=\"address\">Via Soprassasso, 32\/6, <br>GARDOLO <\/br>Itali\u00eb<\/p>                <\/div>\n                            <div class=\"marker\" data-lat=\"45.60197660\" data-lng=\"11.57173270\">\n                    <p class=\"addressname\"><a href=\"https:\/\/lookadd.com\/pt-pt\/winkel_locaties\/fotocolor-otticag-tronca-c-s-n-c\/\" title=\"FOTOCOLOR OTTICAG.Tronca &#038; C. s.n.c.\">FOTOCOLOR OTTICAG.Tronca &#038; C. s.n.c.<\/a><\/p><p class=\"address\">Via Europa,44, <br>CAVAZZALE <\/br>Itali\u00eb<\/p>                <\/div>\n                            <div class=\"marker\" data-lat=\"43.80699010\" data-lng=\"11.29197470\">\n                    <p class=\"addressname\"><a href=\"https:\/\/lookadd.com\/pt-pt\/winkel_locaties\/locchiale-di-claudio-righi\/\" title=\"L&#8217;OCCHIALE di Claudio Righi\">L&#8217;OCCHIALE di Claudio Righi<\/a><\/p><p class=\"address\">Via Gramsci, 9, <br>FIESOLE <\/br>Itali\u00eb<\/p>                <\/div>\n                            <div class=\"marker\" data-lat=\"45.72539000\" data-lng=\"9.40365000\">\n                    <p class=\"addressname\"><a href=\"https:\/\/lookadd.com\/pt-pt\/winkel_locaties\/ottica-consonni-s-r-l\/\" title=\"OTTICA CONSONNI s.r.l.\">OTTICA CONSONNI s.r.l.<\/a><\/p><p class=\"address\">Via Indipendenza, 2, <br>CALCO <\/br>Itali\u00eb<\/p>                <\/div>\n                            <div class=\"marker\" data-lat=\"45.57517890\" data-lng=\"9.05780830\">\n                    <p class=\"addressname\"><a href=\"https:\/\/lookadd.com\/pt-pt\/winkel_locaties\/anna-meroni-ottica\/\" title=\"ANNA MERONI OTTICA\">ANNA MERONI OTTICA<\/a><\/p><p class=\"address\">Via Garibaldi, 116, <br>S. MARIA ROSSA GARBAGNATE <\/br>Itali\u00eb<\/p>                <\/div>\n                            <div class=\"marker\" data-lat=\"45.50179000\" data-lng=\"9.22133000\">\n                    <p class=\"addressname\"><a href=\"https:\/\/lookadd.com\/pt-pt\/winkel_locaties\/m-m-foto-ottica-di-giorgio-morelli\/\" title=\"M. M. FOTO OTTICA di Giorgio Morelli\">M. M. FOTO OTTICA di Giorgio Morelli<\/a><\/p><p class=\"address\">Viale Monza, 149, <br>MILANO <\/br>Itali\u00eb<\/p>                <\/div>\n                            <div class=\"marker\" data-lat=\"45.73120000\" data-lng=\"11.65364050\">\n                    <p class=\"addressname\"><a href=\"https:\/\/lookadd.com\/pt-pt\/winkel_locaties\/ottica-ravelli-di-ravelli-cristina\/\" title=\"OTTICA RAVELLI di Ravelli Cristina\">OTTICA RAVELLI di Ravelli Cristina<\/a><\/p><p class=\"address\">Corso Mazzini, 17, <br>MAROSTICA <\/br>Itali\u00eb<\/p>                <\/div>\n                            <div class=\"marker\" data-lat=\"45.69141000\" data-lng=\"9.67131000\">\n                    <p class=\"addressname\"><a href=\"https:\/\/lookadd.com\/pt-pt\/winkel_locaties\/ottica-savoldi-s-a-s-di-savoldi-guja-e-c\/\" title=\"OTTICA SAVOLDI s.a.s. di Savoldi Guja e C.\">OTTICA SAVOLDI s.a.s. di Savoldi Guja e C.<\/a><\/p><p class=\"address\">Via Paleocapa ,3\/C, <br>BERGAMO <\/br>Itali\u00eb<\/p>                <\/div>\n                            <div class=\"marker\" data-lat=\"45.58923100\" data-lng=\"9.20117400\">\n                    <p class=\"addressname\"><a href=\"https:\/\/lookadd.com\/pt-pt\/winkel_locaties\/ottica-grandi-di-curcio-c-c-s-n-c\/\" title=\"OTTICA GRANDI di Curcio C. &#038; C. s.n.c.\">OTTICA GRANDI di Curcio C. &#038; C. s.n.c.<\/a><\/p><p class=\"address\">Via Favaron, 68\/B, <br>NOVA MILANESE <\/br>Itali\u00eb<\/p>                <\/div>\n                            <div class=\"marker\" data-lat=\"45.64827320\" data-lng=\"9.25993750\">\n                    <p class=\"addressname\"><a href=\"https:\/\/lookadd.com\/pt-pt\/winkel_locaties\/nobil-foto-studio-di-marini-massimo-e-c-s-a-s\/\" title=\"NOBIL FOTO STUDIO di Marini Massimo e C. s.a.s.\">NOBIL FOTO STUDIO di Marini Massimo e C. s.a.s.<\/a><\/p><p class=\"address\">Via Carlo Rota , 60, <br>MONZA <\/br>Itali\u00eb<\/p>                <\/div>\n                            <div class=\"marker\" data-lat=\"40.71432420\" data-lng=\"14.70162660\">\n                    <p class=\"addressname\"><a href=\"https:\/\/lookadd.com\/pt-pt\/winkel_locaties\/ottica-di-maio-s-a-s-di-di-maio-g-c\/\" title=\"OTTICA DI MAIO s.a.s. di Di Maio G.&#038; C.\">OTTICA DI MAIO s.a.s. di Di Maio G.&#038; C.<\/a><\/p><p class=\"address\">C.so Umberto I ,331, <br>CAVA DE' TIRRENI <\/br>Itali\u00eb<\/p>                <\/div>\n                            <div class=\"marker\" data-lat=\"45.15520510\" data-lng=\"10.79241410\">\n                    <p class=\"addressname\"><a href=\"https:\/\/lookadd.com\/pt-pt\/winkel_locaties\/locchiale-di-sarzi-puttini-luca\/\" title=\"L&#8217;OCCHIALE di Sarzi Puttini Luca\">L&#8217;OCCHIALE di Sarzi Puttini Luca<\/a><\/p><p class=\"address\">Via Chiassi,72, <br>MANTOVA <\/br>Itali\u00eb<\/p>                <\/div>\n                            <div class=\"marker\" data-lat=\"43.23431530\" data-lng=\"13.68870950\">\n                    <p class=\"addressname\"><a href=\"https:\/\/lookadd.com\/pt-pt\/winkel_locaties\/l-aurelia-di-diomedi-enrico-c-s-n-c\/\" title=\"L&#8217; AURELIA di Diomedi Enrico &#038; C. s.n.c.\">L&#8217; AURELIA di Diomedi Enrico &#038; C. s.n.c.<\/a><\/p><p class=\"address\">Via Celeste,23, <br>SANT' ELPIDIO A MARE <\/br>Itali\u00eb<\/p>                <\/div>\n                            <div class=\"marker\" data-lat=\"39.98304940\" data-lng=\"18.01588650\">\n                    <p class=\"addressname\"><a href=\"https:\/\/lookadd.com\/pt-pt\/winkel_locaties\/optik-di-buttazzo-fatima\/\" title=\"OPTIK di Buttazzo Fatima\">OPTIK di Buttazzo Fatima<\/a><\/p><p class=\"address\">C.so Roma, 33, <br>GALLIPOLI <\/br>Itali\u00eb<\/p>                <\/div>\n                            <div class=\"marker\" data-lat=\"45.52005000\" data-lng=\"11.33146000\">\n                    <p class=\"addressname\"><a href=\"https:\/\/lookadd.com\/pt-pt\/winkel_locaties\/biasolo-ottica-di-vittorino-biasolo\/\" title=\"BIASOLO OTTICA di Vittorino Biasolo\">BIASOLO OTTICA di Vittorino Biasolo<\/a><\/p><p class=\"address\">Piazza Marconi, 3, <br>ARZIGNANO <\/br>Itali\u00eb<\/p>                <\/div>\n                            <div class=\"marker\" data-lat=\"45.43480000\" data-lng=\"12.33310000\">\n                    <p class=\"addressname\"><a href=\"https:\/\/lookadd.com\/pt-pt\/winkel_locaties\/ottica-carraro-di-alessandro-carraro-c-s-n-c\/\" title=\"OTTICA CARRARO di Alessandro Carraro &#038; C. s.n.c.\">OTTICA CARRARO di Alessandro Carraro &#038; C. s.n.c.<\/a><\/p><p class=\"address\">Cl. Della Mandola, 3706 S.Marco, <br>VENEZIA <\/br>Itali\u00eb<\/p>                <\/div>\n                            <div class=\"marker\" data-lat=\"45.54824000\" data-lng=\"10.22655000\">\n                    <p class=\"addressname\"><a href=\"https:\/\/lookadd.com\/pt-pt\/winkel_locaties\/classik-foto-ottica-di-gervasi-claudia\/\" title=\"CLASSIK FOTO OTTICA di Gervasi Claudia\">CLASSIK FOTO OTTICA di Gervasi Claudia<\/a><\/p><p class=\"address\">Via Crocifissa Di Rosa, 32, <br>BRESCIA <\/br>Itali\u00eb<\/p>                <\/div>\n                            <div class=\"marker\" data-lat=\"45.68925140\" data-lng=\"9.22649790\">\n                    <p class=\"addressname\"><a href=\"https:\/\/lookadd.com\/pt-pt\/winkel_locaties\/mottadelli-franco\/\" title=\"MOTTADELLI FRANCO\">MOTTADELLI FRANCO<\/a><\/p><p class=\"address\">Via M. Preda, 13, <br>VERANO BRIANZA <\/br>Itali\u00eb<\/p>                <\/div>\n                            <div class=\"marker\" data-lat=\"45.65327640\" data-lng=\"12.20208130\">\n                    <p class=\"addressname\"><a href=\"https:\/\/lookadd.com\/pt-pt\/winkel_locaties\/ottica-molinari-paolo\/\" title=\"OTTICA MOLINARI PAOLO\">OTTICA MOLINARI PAOLO<\/a><\/p><p class=\"address\">Piazza Vittoria, 11, <br>TREVISO <\/br>Itali\u00eb<\/p><p class=\"addressname\"><a href=\"https:\/\/lookadd.com\/pt-pt\/winkel_locaties\/ottica-lorenzo-capello-s-r-l\/\" title=\"OTTICA LORENZO CAPELLO s.r.l.\">OTTICA LORENZO CAPELLO s.r.l.<\/a><\/p><p class=\"address\">Via Martiri della Libert\u00e0, 82, <br>TREVISO <\/br>Itali\u00eb<\/p>                <\/div>\n                            <div class=\"marker\" data-lat=\"45.73595620\" data-lng=\"9.13576710\">\n                    <p class=\"addressname\"><a href=\"https:\/\/lookadd.com\/pt-pt\/winkel_locaties\/studio-ottico-bluvision-s-a-s-di-marelli-gaiani-e-c\/\" title=\"STUDIO OTTICO BLUVISION s.a.s. di Marelli, Gaiani e C.\">STUDIO OTTICO BLUVISION s.a.s. di Marelli, Gaiani e C.<\/a><\/p><p class=\"address\">Via Milano, 51, <br>CANTU' <\/br>Itali\u00eb<\/p>                <\/div>\n                            <div class=\"marker\" data-lat=\"45.57148560\" data-lng=\"9.00819510\">\n                    <p class=\"addressname\"><a href=\"https:\/\/lookadd.com\/pt-pt\/winkel_locaties\/rossin-optik-s-r-l\/\" title=\"ROSSIN OPTIK s.r.l.\">ROSSIN OPTIK s.r.l.<\/a><\/p><p class=\"address\">Via Milano, 44, <br>NERVIANO <\/br>Itali\u00eb<\/p>                <\/div>\n                            <div class=\"marker\" data-lat=\"41.95520880\" data-lng=\"12.38451770\">\n                    <p class=\"addressname\"><a href=\"https:\/\/lookadd.com\/pt-pt\/winkel_locaties\/ottica-brambillas-r-l\/\" title=\"OTTICA BRAMBILLAs.r.l.\">OTTICA BRAMBILLAs.r.l.<\/a><\/p><p class=\"address\">Via Italia, 7, <br>GORGONZOLA <\/br>Itali\u00eb<\/p>                <\/div>\n                            <div class=\"marker\" data-lat=\"45.66982350\" data-lng=\"8.96359810\">\n                    <p class=\"addressname\"><a href=\"https:\/\/lookadd.com\/pt-pt\/winkel_locaties\/nuove-visioni-di-turconi-luigi\/\" title=\"NUOVE VISIONI di Turconi Luigi\">NUOVE VISIONI di Turconi Luigi<\/a><\/p><p class=\"address\">Via E. Filiberto Duca D'Aosta, 4, <br>MOZZATE <\/br>Itali\u00eb<\/p>                <\/div>\n                            <div class=\"marker\" data-lat=\"37.07561500\" data-lng=\"14.23850840\">\n                    <p class=\"addressname\"><a href=\"https:\/\/lookadd.com\/pt-pt\/winkel_locaties\/morelli-gioielleria-ottica-s-r-l\/\" title=\"MORELLI GIOIELLERIA OTTICA s.r.l.\">MORELLI GIOIELLERIA OTTICA s.r.l.<\/a><\/p><p class=\"address\">Via XXIX Maggio, 52\/54, <br>LEGNANO <\/br>Itali\u00eb<\/p>                <\/div>\n                            <div class=\"marker\" data-lat=\"45.77049430\" data-lng=\"8.99182580\">\n                    <p class=\"addressname\"><a href=\"https:\/\/lookadd.com\/pt-pt\/winkel_locaties\/ottica-vidori-gaetano-di-daniele-e-davide-vidori-s-n-c\/\" title=\"OTTICA VIDORI GAETANO di Daniele e Davide Vidori s.n.c.\">OTTICA VIDORI GAETANO di Daniele e Davide Vidori s.n.c.<\/a><\/p><p class=\"address\">Via XX Settembre, 46\/A, <br>LURATE CACCIVIO <\/br>Itali\u00eb<\/p>                <\/div>\n                            <div class=\"marker\" data-lat=\"42.00066830\" data-lng=\"12.48034870\">\n                    <p class=\"addressname\"><a href=\"https:\/\/lookadd.com\/pt-pt\/winkel_locaties\/centro-ottico-di-brugnoli-f\/\" title=\"CENTRO OTTICO di Brugnoli F.\">CENTRO OTTICO di Brugnoli F.<\/a><\/p><p class=\"address\">Via Italia, 8\/10, <br>MACHERIO <\/br>Itali\u00eb<\/p>                <\/div>\n                            <div class=\"marker\" data-lat=\"44.72938020\" data-lng=\"8.85239800\">\n                    <p class=\"addressname\"><a href=\"https:\/\/lookadd.com\/pt-pt\/winkel_locaties\/ottica-giorgio-cancellieri\/\" title=\"OTTICA GIORGIO CANCELLIERI\">OTTICA GIORGIO CANCELLIERI<\/a><\/p><p class=\"address\">Viale Monte Nero, 31, <br>MILANO <\/br>Itali\u00eb<\/p><p class=\"addressname\"><a href=\"https:\/\/lookadd.com\/pt-pt\/winkel_locaties\/monteceneri-ottica-s-n-c-di-pichi-f-g\/\" title=\"MONTECENERI OTTICA s.n.c. di Pichi F. &#038; G.\">MONTECENERI OTTICA s.n.c. di Pichi F. &#038; G.<\/a><\/p><p class=\"address\">Via G.A. Plana, 32, <br>MILANO <\/br>Itali\u00eb<\/p>                <\/div>\n                            <div class=\"marker\" data-lat=\"45.14019600\" data-lng=\"10.03277000\">\n                    <p class=\"addressname\"><a href=\"https:\/\/lookadd.com\/pt-pt\/winkel_locaties\/centro-ottico-cappelli-di-andrea-cappelli-e-c-s-n-c\/\" title=\"CENTRO OTTICO CAPPELLI di Andrea Cappelli e C. s.n.c.\">CENTRO OTTICO CAPPELLI di Andrea Cappelli e C. s.n.c.<\/a><\/p><p class=\"address\">Corso Mazzini,24\/26, <br>CREMONA <\/br>Itali\u00eb<\/p>                <\/div>\n                            <div class=\"marker\" data-lat=\"40.61022000\" data-lng=\"14.98011000\">\n                    <p class=\"addressname\"><a href=\"https:\/\/lookadd.com\/pt-pt\/winkel_locaties\/ottica-messina-di-francesca-messina\/\" title=\"OTTICA MESSINA di Francesca Messina\">OTTICA MESSINA di Francesca Messina<\/a><\/p><p class=\"address\">Via Stella, 7\/9, <br>BATTIPAGLIA <\/br>Itali\u00eb<\/p>                <\/div>\n                            <div class=\"marker\" data-lat=\"41.93898660\" data-lng=\"14.98433960\">\n                    <p class=\"addressname\"><a href=\"https:\/\/lookadd.com\/pt-pt\/winkel_locaties\/ottica-marti-s-r-l\/\" title=\"OTTICA MARTI s.r.l.\">OTTICA MARTI s.r.l.<\/a><\/p><p class=\"address\">Via Madoona delle Grazie, <br>TERMOLI <\/br>Itali\u00eb<\/p>                <\/div>\n                            <div class=\"marker\" data-lat=\"41.86525160\" data-lng=\"12.54116800\">\n                    <p class=\"addressname\"><a href=\"https:\/\/lookadd.com\/pt-pt\/winkel_locaties\/tulli-foto-ottica-di-tulli-stefano\/\" title=\"TULLI FOTO OTTICA di Tulli Stefano\">TULLI FOTO OTTICA di Tulli Stefano<\/a><\/p><p class=\"address\">Via G. Matteotti,32, <br>ANZIO <\/br>Itali\u00eb<\/p>                <\/div>\n                            <div class=\"marker\" data-lat=\"42.43055630\" data-lng=\"12.90767660\">\n                    <p class=\"addressname\"><a href=\"https:\/\/lookadd.com\/pt-pt\/winkel_locaties\/ottica-curci-s-r-l\/\" title=\"OTTICA CURCI s.r.l.\">OTTICA CURCI s.r.l.<\/a><\/p><p class=\"address\">Via Cintia, 43, <br>RIETI <\/br>Itali\u00eb<\/p>                <\/div>\n                            <div class=\"marker\" data-lat=\"40.91505240\" data-lng=\"14.40724530\">\n                    <p class=\"addressname\"><a href=\"https:\/\/lookadd.com\/pt-pt\/winkel_locaties\/ottica-le-pupille-s-r-l\/\" title=\"OTTICA LE PUPILLE s.r.l.\">OTTICA LE PUPILLE s.r.l.<\/a><\/p><p class=\"address\">Via Mario Angeloni , 74\/B, <br>PERUGIA <\/br>Itali\u00eb<\/p>                <\/div>\n                            <div class=\"marker\" data-lat=\"44.58664990\" data-lng=\"11.56394790\">\n                    <p class=\"addressname\"><a href=\"https:\/\/lookadd.com\/pt-pt\/winkel_locaties\/soverini-s-n-c-di-soverini-renato-angelo-e-fiocchi-anna-m\/\" title=\"SOVERINI s.n.c. di Soverini Renato, Angelo e Fiocchi Anna M.\">SOVERINI s.n.c. di Soverini Renato, Angelo e Fiocchi Anna M.<\/a><\/p><p class=\"address\">Via Riccardina Mezzolara, 110, <br>MEZZOLARA <\/br>Itali\u00eb<\/p>                <\/div>\n                            <div class=\"marker\" data-lat=\"44.74623240\" data-lng=\"11.76562300\">\n                    <p class=\"addressname\"><a href=\"https:\/\/lookadd.com\/pt-pt\/winkel_locaties\/ottica-bonora-di-ardizzoni-roberto-renzo-s-n-c\/\" title=\"OTTICA BONORA di Ardizzoni Roberto &#038; Renzo s.n.c.\">OTTICA BONORA di Ardizzoni Roberto &#038; Renzo s.n.c.<\/a><\/p><p class=\"address\">Via Scandiana, 7, <br>FERRARA <\/br>Itali\u00eb<\/p>                <\/div>\n                            <div class=\"marker\" data-lat=\"44.69066470\" data-lng=\"10.64866410\">\n                    <p class=\"addressname\"><a href=\"https:\/\/lookadd.com\/pt-pt\/winkel_locaties\/istituto-ottico-s-n-c-di-boselli-c\/\" title=\"ISTITUTO OTTICO s.n.c. di Boselli &#038; C.\">ISTITUTO OTTICO s.n.c. di Boselli &#038; C.<\/a><\/p><p class=\"address\">Via Emilia S. Stefano,15\/C, <br>REGGIO EMILIA <\/br>Itali\u00eb<\/p>                <\/div>\n                            <div class=\"marker\" data-lat=\"45.89553190\" data-lng=\"10.85024790\">\n                    <p class=\"addressname\"><a href=\"https:\/\/lookadd.com\/pt-pt\/winkel_locaties\/ottica-romani-due-s-r-l\/\" title=\"OTTICA ROMANI DUE s.r.l.\">OTTICA ROMANI DUE s.r.l.<\/a><\/p><p class=\"address\">Via Piave, 12, <br>TRENTO <\/br>Itali\u00eb<\/p>                <\/div>\n                            <div class=\"marker\" data-lat=\"42.99452310\" data-lng=\"11.86289120\">\n                    <p class=\"addressname\"><a href=\"https:\/\/lookadd.com\/pt-pt\/winkel_locaties\/orottica-di-flavio-mangiavacchi\/\" title=\"OROTTICA di Flavio Mangiavacchi\">OROTTICA di Flavio Mangiavacchi<\/a><\/p><p class=\"address\">C.so Garibaldi, 2\/4\/6, <br>SARTEANO <\/br>Itali\u00eb<\/p>                <\/div>\n                            <div class=\"marker\" data-lat=\"43.63006550\" data-lng=\"11.13457560\">\n                    <p class=\"addressname\"><a href=\"https:\/\/lookadd.com\/pt-pt\/winkel_locaties\/fabiottica-di-lucaroni-fabio\/\" title=\"FABIOTTICA di Lucaroni Fabio\">FABIOTTICA di Lucaroni Fabio<\/a><\/p><p class=\"address\">Via Matteotti, 55, <br>LUCIGNANO <\/br>Itali\u00eb<\/p>                <\/div>\n                            <div class=\"marker\" data-lat=\"45.08392870\" data-lng=\"10.96871460\">\n                    <p class=\"addressname\"><a href=\"https:\/\/lookadd.com\/pt-pt\/winkel_locaties\/ottica-manzoli-lamberto-e-maria-vittoria-s-n-c\/\" title=\"OTTICA MANZOLI Lamberto e Maria Vittoria s.n.c.\">OTTICA MANZOLI Lamberto e Maria Vittoria s.n.c.<\/a><\/p><p class=\"address\">P.zza Matteotti,3, <br>OSTIGLIA <\/br>Itali\u00eb<\/p>                <\/div>\n                            <div class=\"marker\" data-lat=\"43.77431490\" data-lng=\"11.25489110\">\n                    <p class=\"addressname\"><a href=\"https:\/\/lookadd.com\/pt-pt\/winkel_locaties\/ottica-panchetti-di-andrea-panchetti\/\" title=\"OTTICA PANCHETTI di Andrea Panchetti\">OTTICA PANCHETTI di Andrea Panchetti<\/a><\/p><p class=\"address\">Via Mazzini , 33-35, <br>BORGO SAN LORENZO <\/br>Itali\u00eb<\/p>                <\/div>\n                            <div class=\"marker\" data-lat=\"38.11222360\" data-lng=\"13.36565150\">\n                    <p class=\"addressname\"><a href=\"https:\/\/lookadd.com\/pt-pt\/winkel_locaties\/milanese-ottica-di-lombardo-sebastiano\/\" title=\"MILANESE OTTICA di Lombardo Sebastiano\">MILANESE OTTICA di Lombardo Sebastiano<\/a><\/p><p class=\"address\">Via Cavour,125, <br>PALERMO <\/br>Itali\u00eb<\/p>                <\/div>\n                            <div class=\"marker\" data-lat=\"39.24505780\" data-lng=\"8.45739140\">\n                    <p class=\"addressname\"><a href=\"https:\/\/lookadd.com\/pt-pt\/winkel_locaties\/ergovision-di-a-g-piga-s-n-c\/\" title=\"ERGOVISION di A. &#038; G. Piga s.n.c.\">ERGOVISION di A. &#038; G. Piga s.n.c.<\/a><\/p><p class=\"address\">Via IMaggio,2, <br>GONNESA <\/br>Itali\u00eb<\/p>                <\/div>\n                            <div class=\"marker\" data-lat=\"39.33867560\" data-lng=\"8.91182630\">\n                    <p class=\"addressname\"><a href=\"https:\/\/lookadd.com\/pt-pt\/winkel_locaties\/dimensione-vista-di-atzei-donato\/\" title=\"DIMENSIONE VISTA di Atzei Donato\">DIMENSIONE VISTA di Atzei Donato<\/a><\/p><p class=\"address\">Via Repubblica, 105, <br>VILLACIDRO <\/br>Itali\u00eb<\/p>                <\/div>\n                            <div class=\"marker\" data-lat=\"41.18981000\" data-lng=\"14.10323000\">\n                    <p class=\"addressname\"><a href=\"https:\/\/lookadd.com\/pt-pt\/winkel_locaties\/ottica-donofrio-sergio\/\" title=\"OTTICA D&#8217;ONOFRIO SERGIO\">OTTICA D&#8217;ONOFRIO SERGIO<\/a><\/p><p class=\"address\">C.so Del Popolo, 12, <br>SPARANISE <\/br>Itali\u00eb<\/p>                <\/div>\n                            <div class=\"marker\" data-lat=\"40.37715960\" data-lng=\"8.49943350\">\n                    <p class=\"addressname\"><a href=\"https:\/\/lookadd.com\/pt-pt\/winkel_locaties\/solinas-otticadi-enrico-solinas\/\" title=\"SOLINAS OTTICAdi Enrico Solinas\">SOLINAS OTTICAdi Enrico Solinas<\/a><\/p><p class=\"address\">Via Manzoni,31-33, <br>ALGHERO <\/br>Itali\u00eb<\/p>                <\/div>\n                            <div class=\"marker\" data-lat=\"42.86994340\" data-lng=\"13.77185250\">\n                    <p class=\"addressname\"><a href=\"https:\/\/lookadd.com\/pt-pt\/winkel_locaties\/ottica-cialini-di-cialini-marco\/\" title=\"OTTICA CIALINI di Cialini Marco\">OTTICA CIALINI di Cialini Marco<\/a><\/p><p class=\"address\">Via Ugo Foscolo, <br>PAGLIARE DEL TRONTO <\/br>Itali\u00eb<\/p>                <\/div>\n                            <div class=\"marker\" data-lat=\"49.000480\" data-lng=\"9.293280\">\n                    <p class=\"addressname\"><a href=\"https:\/\/lookadd.com\/pt-pt\/winkel_locaties\/kloss-optik\/\" title=\"KLOSS OPTIK\">KLOSS OPTIK<\/a><\/p><p class=\"address\">Hauptstra\u00dfe, 18, <br>GROSSBOTTWAR <\/br>Duitsland<\/p>                <\/div>\n                            <div class=\"marker\" data-lat=\"43.31178240\" data-lng=\"-2.00807430\">\n                    <p class=\"addressname\"><a href=\"https:\/\/lookadd.com\/pt-pt\/winkel_locaties\/pablo-jose-zamarripa-imaz-optica-argizti\/\" title=\"PABLO JOSE ZAMARRIPA IMAZ- OPTICA ARGIZTI\">PABLO JOSE ZAMARRIPA IMAZ- OPTICA ARGIZTI<\/a><\/p><p class=\"address\">Plaza del Triangulo,S\/N, <br>TOLOSA <\/br>Spanje<\/p>                <\/div>\n                            <div class=\"marker\" data-lat=\"39.89680090\" data-lng=\"15.77988090\">\n                    <p class=\"addressname\"><a href=\"https:\/\/lookadd.com\/pt-pt\/winkel_locaties\/ottica-didona-carmelo\/\" title=\"OTTICA DIDONA CARMELO\">OTTICA DIDONA CARMELO<\/a><\/p><p class=\"address\">Via Luigi Giugni, 25, <br>PRAIA A MARE <\/br>Itali\u00eb<\/p>                <\/div>\n                            <div class=\"marker\" data-lat=\"42.83499910\" data-lng=\"13.92021270\">\n                    <p class=\"addressname\"><a href=\"https:\/\/lookadd.com\/pt-pt\/winkel_locaties\/ottica-albavision-s-n-c-di-marco-leucci-sara-oronzii\/\" title=\"OTTICA ALBAVISION s.n.c. di Marco Leucci &#038; Sara Oronzii\">OTTICA ALBAVISION s.n.c. di Marco Leucci &#038; Sara Oronzii<\/a><\/p><p class=\"address\">Via Mazzini, 154B, <br>ALBA ADRIATICA <\/br>Itali\u00eb<\/p>                <\/div>\n                            <div class=\"marker\" data-lat=\"39.62822050\" data-lng=\"16.51284170\">\n                    <p class=\"addressname\"><a href=\"https:\/\/lookadd.com\/pt-pt\/winkel_locaties\/ottica-nigro-di-nigro-vito-alessandro-2\/\" title=\"OTTICA NIGRO di Nigro Vito Alessandro\">OTTICA NIGRO di Nigro Vito Alessandro<\/a><\/p><p class=\"address\">Via Nazionale, 257, <br>PADULA SCALO <\/br>Itali\u00eb<\/p>                <\/div>\n                            <div class=\"marker\" data-lat=\"46.15347120\" data-lng=\"13.34549090\">\n                    <p class=\"addressname\"><a href=\"https:\/\/lookadd.com\/pt-pt\/winkel_locaties\/foto-ottica-dorlando-di-dorlando-moira\/\" title=\"FOTO OTTICA D&#8217;ORLANDO di D&#8217;Orlando Moira\">FOTO OTTICA D&#8217;ORLANDO di D&#8217;Orlando Moira<\/a><\/p><p class=\"address\">Via Marinelli, 12, <br>TARCENTO <\/br>Itali\u00eb<\/p>                <\/div>\n                            <div class=\"marker\" data-lat=\"40.91535740\" data-lng=\"14.79687580\">\n                    <p class=\"addressname\"><a href=\"https:\/\/lookadd.com\/pt-pt\/winkel_locaties\/reppucci-vittorio-e-giuseppe-ottici-in-avellino-s-r-l\/\" title=\"REPPUCCI VITTORIO E GIUSEPPE OTTICI IN AVELLINO s.r.l.\">REPPUCCI VITTORIO E GIUSEPPE OTTICI IN AVELLINO s.r.l.<\/a><\/p><p class=\"address\">Via Zigarelli, 10, <br>AVELLINO <\/br>Itali\u00eb<\/p>                <\/div>\n                            <div class=\"marker\" data-lat=\"37.97454350\" data-lng=\"13.19050440\">\n                    <p class=\"addressname\"><a href=\"https:\/\/lookadd.com\/pt-pt\/winkel_locaties\/ottica-ferrara-giuseppe\/\" title=\"OTTICA FERRARA GIUSEPPE\">OTTICA FERRARA GIUSEPPE<\/a><\/p><p class=\"address\">Via Mariano Stabile, 206, <br>PALERMO <\/br>Itali\u00eb<\/p>                <\/div>\n                            <div class=\"marker\" data-lat=\"37.71943570\" data-lng=\"12.50144340\">\n                    <p class=\"addressname\"><a href=\"https:\/\/lookadd.com\/pt-pt\/winkel_locaties\/poliottica-s-r-l\/\" title=\"POLIOTTICA s.r.l.\">POLIOTTICA s.r.l.<\/a><\/p><p class=\"address\">Via Roma, 43, <br>TORRE DEL GRECO <\/br>Itali\u00eb<\/p>                <\/div>\n                            <div class=\"marker\" data-lat=\"43.93034750\" data-lng=\"10.90785870\">\n                    <p class=\"addressname\"><a href=\"https:\/\/lookadd.com\/pt-pt\/winkel_locaties\/pistoia-optical-design-s-r-l-s\/\" title=\"PISTOIA OPTICAL DESIGN s.r.l.s.\">PISTOIA OPTICAL DESIGN s.r.l.s.<\/a><\/p><p class=\"address\">Via Carratica, 24, <br>PISTOIA <\/br>Itali\u00eb<\/p>                <\/div>\n                            <div class=\"marker\" data-lat=\"44.84637220\" data-lng=\"11.52228120\">\n                    <p class=\"addressname\"><a href=\"https:\/\/lookadd.com\/pt-pt\/winkel_locaties\/ehc-s-r-l-s-di-suma-maria-cristina\/\" title=\"EHC s.r.l.s.di Suma Maria Cristina\">EHC s.r.l.s.di Suma Maria Cristina<\/a><\/p><p class=\"address\">Via Bologna, 27, <br>CENTO <\/br>Itali\u00eb<\/p>                <\/div>\n                            <div class=\"marker\" data-lat=\"40.63500440\" data-lng=\"14.60201000\">\n                    <p class=\"addressname\"><a href=\"https:\/\/lookadd.com\/pt-pt\/winkel_locaties\/ottica-di-capua-simone\/\" title=\"OTTICA di Capua Simone\">OTTICA di Capua Simone<\/a><\/p><p class=\"address\">Via Lorenzo D'Amalfi, 40, <br>AMALFI <\/br>Itali\u00eb<\/p>                <\/div>\n                            <div class=\"marker\" data-lat=\"46.04317980\" data-lng=\"9.13352630\">\n                    <p class=\"addressname\"><a href=\"https:\/\/lookadd.com\/pt-pt\/winkel_locaties\/ottico-del-centro-di-la-torre-rudi\/\" title=\"OTTICO DEL CENTRO di La Torre Rudi\">OTTICO DEL CENTRO di La Torre Rudi<\/a><\/p><p class=\"address\">Via Lungolago Matteotti, 4, <br>PORLEZZA <\/br>Itali\u00eb<\/p>                <\/div>\n                            <div class=\"marker\" data-lat=\"45.93343660\" data-lng=\"13.61317880\">\n                    <p class=\"addressname\"><a href=\"https:\/\/lookadd.com\/pt-pt\/winkel_locaties\/ottica-v-a-carturan-s-r-l\/\" title=\"OTTICA V.A. CARTURAN s.r.l.\">OTTICA V.A. CARTURAN s.r.l.<\/a><\/p><p class=\"address\">Via Roma, 6, <br>TRIESTE <\/br>Itali\u00eb<\/p>                <\/div>\n                            <div class=\"marker\" data-lat=\"41.83813220\" data-lng=\"12.20214420\">\n                    <p class=\"addressname\"><a href=\"https:\/\/lookadd.com\/pt-pt\/winkel_locaties\/new-ottica-de-simone-s-a-s-di-de-simone-r-c\/\" title=\"NEW OTTICA DE SIMONE s.a.s. di De Simone R.&#038; C.\">NEW OTTICA DE SIMONE s.a.s. di De Simone R.&#038; C.<\/a><\/p><p class=\"address\">V.le Nettuno, 10 A, <br>FRANCAVILLA AL MARE <\/br>Itali\u00eb<\/p>                <\/div>\n                            <div class=\"marker\" data-lat=\"45.19417360\" data-lng=\"8.92894100\">\n                    <p class=\"addressname\"><a href=\"https:\/\/lookadd.com\/pt-pt\/winkel_locaties\/polzotto-luigi-stilo-ottica\/\" title=\"POLZOTTO LUIGI STILO OTTICA\">POLZOTTO LUIGI STILO OTTICA<\/a><\/p><p class=\"address\">P.zza Vittoria Mercato Ipogeo, <br>PAVIA <\/br>Itali\u00eb<\/p>                <\/div>\n                            <div class=\"marker\" data-lat=\"43.32533700\" data-lng=\"13.71069260\">\n                    <p class=\"addressname\"><a href=\"https:\/\/lookadd.com\/pt-pt\/winkel_locaties\/ottica-peroni-di-peroni-francesco\/\" title=\"OTTICA PERONI di Peroni Francesco\">OTTICA PERONI di Peroni Francesco<\/a><\/p><p class=\"address\">C.so Umberto I, 66, <br>CIVITANOVA MARCHE <\/br>Itali\u00eb<\/p>                <\/div>\n                            <div class=\"marker\" data-lat=\"40.91073950\" data-lng=\"15.82789540\">\n                    <p class=\"addressname\"><a href=\"https:\/\/lookadd.com\/pt-pt\/winkel_locaties\/ottica-d-m-di-schirone-margherita-c-s-n-c\/\" title=\"OTTICA D.M. di Schirone Margherita &#038; C. s.n.c.\">OTTICA D.M. di Schirone Margherita &#038; C. s.n.c.<\/a><\/p><p class=\"address\">Via Tangorra, 31, <br>VENOSA <\/br>Itali\u00eb<\/p>                <\/div>\n                            <div class=\"marker\" data-lat=\"45.78084000\" data-lng=\"12.49323000\">\n                    <p class=\"addressname\"><a href=\"https:\/\/lookadd.com\/pt-pt\/winkel_locaties\/centro-vista-g-g-s-r-l\/\" title=\"CENTRO VISTA G.&#038; G. s.r.l.\">CENTRO VISTA G.&#038; G. s.r.l.<\/a><\/p><p class=\"address\">P.le Europa, 1\/B, <br>ODERZO <\/br>Itali\u00eb<\/p>                <\/div>\n                            <div class=\"marker\" data-lat=\"42.95263820\" data-lng=\"13.88609160\">\n                    <p class=\"addressname\"><a href=\"https:\/\/lookadd.com\/pt-pt\/winkel_locaties\/ottica-colli-s-n-c-di-colli-daniela-c-2\/\" title=\"OTTICA COLLI s.n.c. di Colli Daniela &#038; C.\">OTTICA COLLI s.n.c. di Colli Daniela &#038; C.<\/a><\/p><p class=\"address\">Via Curzi, 44, <br>SAN BENEDETTO DEL TRONTO <\/br>Itali\u00eb<\/p>                <\/div>\n                            <div class=\"marker\" data-lat=\"42.89429950\" data-lng=\"13.84636480\">\n                    <p class=\"addressname\"><a href=\"https:\/\/lookadd.com\/pt-pt\/winkel_locaties\/ottica-visus-di-santarelli-stefano-e-grelli-stefania-s-n-c\/\" title=\"OTTICA VISUS di Santarelli Stefano e Grelli Stefania s.n.c.\">OTTICA VISUS di Santarelli Stefano e Grelli Stefania s.n.c.<\/a><\/p><p class=\"address\">V.le De Gasperi, 185, <br>MONTEPRANDONE <\/br>Itali\u00eb<\/p>                <\/div>\n                            <div class=\"marker\" data-lat=\"39.24953370\" data-lng=\"9.17877990\">\n                    <p class=\"addressname\"><a href=\"https:\/\/lookadd.com\/pt-pt\/winkel_locaties\/ottica-cosentino-di-luigi-maria-cosentino\/\" title=\"OTTICA COSENTINO di Luigi Maria Cosentino\">OTTICA COSENTINO di Luigi Maria Cosentino<\/a><\/p><p class=\"address\">Via Umberto I, 6, <br>QUARTU SANT'ELENA <\/br>Itali\u00eb<\/p>                <\/div>\n                            <div class=\"marker\" data-lat=\"42.97864590\" data-lng=\"13.86152700\">\n                    <p class=\"addressname\"><a href=\"https:\/\/lookadd.com\/pt-pt\/winkel_locaties\/ottica-colli-s-n-c-di-colli-daniela-c\/\" title=\"OTTICA COLLI s.n.c. di Colli Daniela &#038; C.\">OTTICA COLLI s.n.c. di Colli Daniela &#038; C.<\/a><\/p><p class=\"address\">C.so Mazzini, 17, <br>GROTTAMMARE <\/br>Itali\u00eb<\/p>                <\/div>\n                            <div class=\"marker\" data-lat=\"43.58489550\" data-lng=\"13.52082220\">\n                    <p class=\"addressname\"><a href=\"https:\/\/lookadd.com\/pt-pt\/winkel_locaties\/ottica-abc-di-sgalla-sergio-e-c-s-n-c\/\" title=\"OTTICA ABC di Sgalla Sergio e C. s.n.c.\">OTTICA ABC di Sgalla Sergio e C. s.n.c.<\/a><\/p><p class=\"address\">Via Brecce Bianche,68\/G, <br>ANCONA <\/br>Itali\u00eb<\/p>                <\/div>\n                            <div class=\"marker\" data-lat=\"46.40444220\" data-lng=\"13.01532150\">\n                    <p class=\"addressname\"><a href=\"https:\/\/lookadd.com\/pt-pt\/winkel_locaties\/friulvista-s-r-l\/\" title=\"FRIULVISTA s.r.l.\">FRIULVISTA s.r.l.<\/a><\/p><p class=\"address\">Via Forni Di Sotto, 2\/C, <br>TOLMEZZO <\/br>Itali\u00eb<\/p>                <\/div>\n                            <div class=\"marker\" data-lat=\"46.58576290\" data-lng=\"11.20239990\">\n                    <p class=\"addressname\"><a href=\"https:\/\/lookadd.com\/pt-pt\/winkel_locaties\/davoli-bernardi-s-r-l\/\" title=\"DAVOLI &#038; BERNARDI s.r.l.\">DAVOLI &#038; BERNARDI s.r.l.<\/a><\/p><p class=\"address\">Via Robert Musil, 8, <br>ROMA <\/br>Itali\u00eb<\/p>                <\/div>\n                            <div class=\"marker\" data-lat=\"43.46269330\" data-lng=\"13.56548400\">\n                    <p class=\"addressname\"><a href=\"https:\/\/lookadd.com\/pt-pt\/winkel_locaties\/ottica-servadio-s-n-c-di-servadio-roberto-c\/\" title=\"OTTICA SERVADIO s.n.c. di Servadio Roberto &#038; C.\">OTTICA SERVADIO s.n.c. di Servadio Roberto &#038; C.<\/a><\/p><p class=\"address\">Via Venezia, 12, <br>PESCARA <\/br>Itali\u00eb<\/p><p class=\"addressname\"><a href=\"https:\/\/lookadd.com\/pt-pt\/winkel_locaties\/ottica-celli-di-volpe-donatello\/\" title=\"OTTICA CELLI di Volpe Donatello\">OTTICA CELLI di Volpe Donatello<\/a><\/p><p class=\"address\">Via Leopoldo Muzii, 78, <br>PESCARA <\/br>Itali\u00eb<\/p>                <\/div>\n                            <div class=\"marker\" data-lat=\"42.66927340\" data-lng=\"14.01798730\">\n                    <p class=\"addressname\"><a href=\"https:\/\/lookadd.com\/pt-pt\/winkel_locaties\/centro-ottico-specialistico-di-de-gabrielis-massimo\/\" title=\"CENTRO OTTICO SPECIALISTICO di De Gabrielis Massimo\">CENTRO OTTICO SPECIALISTICO di De Gabrielis Massimo<\/a><\/p><p class=\"address\">Piazza della Libert\u00e0,26, <br>ROSETO DEGLI ABRUZZI <\/br>Itali\u00eb<\/p>                <\/div>\n                            <div class=\"marker\" data-lat=\"39.25005480\" data-lng=\"9.14282350\">\n                    <p class=\"addressname\"><a href=\"https:\/\/lookadd.com\/pt-pt\/winkel_locaties\/ottica-notaro-marco\/\" title=\"OTTICA NOTARO MARCO\">OTTICA NOTARO MARCO<\/a><\/p><p class=\"address\">Via Tharros, 9, <br>CABRAS <\/br>Itali\u00eb<\/p>                <\/div>\n                            <div class=\"marker\" data-lat=\"37.80659210\" data-lng=\"12.46352940\">\n                    <p class=\"addressname\"><a href=\"https:\/\/lookadd.com\/pt-pt\/winkel_locaties\/ottica-fodale\/\" title=\"OTTICA FODALE\">OTTICA FODALE<\/a><\/p><p class=\"address\">Via Archi, 106, <br>TRAPANI <\/br>Itali\u00eb<\/p>                <\/div>\n                            <div class=\"marker\" data-lat=\"43.85591200\" data-lng=\"12.78221300\">\n                    <p class=\"addressname\"><a href=\"https:\/\/lookadd.com\/pt-pt\/winkel_locaties\/ottica-dr-s-a-s-di-de-luca-roberto-c\/\" title=\"OTTICA DR s.a.s. di De Luca Roberto &#038; c.\">OTTICA DR s.a.s. di De Luca Roberto &#038; c.<\/a><\/p><p class=\"address\">Via Giacometti,10, <br>SANT'ANGELO IN LIZZOLA <\/br>Itali\u00eb<\/p>                <\/div>\n                            <div class=\"marker\" data-lat=\"40.74419000\" data-lng=\"14.61071000\">\n                    <p class=\"addressname\"><a href=\"https:\/\/lookadd.com\/pt-pt\/winkel_locaties\/amendola-ottica-di-luigi-amendola\/\" title=\"AMENDOLA OTTICA di Luigi Amendola\">AMENDOLA OTTICA di Luigi Amendola<\/a><\/p><p class=\"address\">Via Cesarano, 59\/61, <br>PAGANI <\/br>Itali\u00eb<\/p>                <\/div>\n                            <div class=\"marker\" data-lat=\"45.74331160\" data-lng=\"11.43629850\">\n                    <p class=\"addressname\"><a href=\"https:\/\/lookadd.com\/pt-pt\/winkel_locaties\/foscarini-ottica-di-arianna-foscarini\/\" title=\"FOSCARINI OTTICA di Arianna Foscarini\">FOSCARINI OTTICA di Arianna Foscarini<\/a><\/p><p class=\"address\">Borgo Belvigo, 53, <br>THIENE <\/br>Itali\u00eb<\/p>                <\/div>\n                            <div class=\"marker\" data-lat=\"44.96546810\" data-lng=\"9.85233590\">\n                    <p class=\"addressname\"><a href=\"https:\/\/lookadd.com\/pt-pt\/winkel_locaties\/ottica-foto-vardelli-di-valeria-vardelli\/\" title=\"OTTICA FOTO VARDELLI di Valeria Vardelli\">OTTICA FOTO VARDELLI di Valeria Vardelli<\/a><\/p><p class=\"address\">Via Emilia, 167\/A, <br>ROVELETO DI CADEO <\/br>Itali\u00eb<\/p>                <\/div>\n                            <div class=\"marker\" data-lat=\"45.18275000\" data-lng=\"9.15653000\">\n                    <p class=\"addressname\"><a href=\"https:\/\/lookadd.com\/pt-pt\/winkel_locaties\/ottica-garibaldi-bruno-simone\/\" title=\"OTTICA GARIBALDI &#8211; Bruno Simone\">OTTICA GARIBALDI &#8211; Bruno Simone<\/a><\/p><p class=\"address\">Corso Giuseppe Garibaldi, 7, <br>PAVIA <\/br>Itali\u00eb<\/p>                <\/div>\n                            <div class=\"marker\" data-lat=\"43.43990160\" data-lng=\"13.65741560\">\n                    <p class=\"addressname\"><a href=\"https:\/\/lookadd.com\/pt-pt\/winkel_locaties\/ottica-menghini-di-gabbanelli-michela\/\" title=\"OTTICA MENGHINI DI Gabbanelli Michela\">OTTICA MENGHINI DI Gabbanelli Michela<\/a><\/p><p class=\"address\">C.so Matteotti, 7, <br>PORTO RECANATI <\/br>Itali\u00eb<\/p>                <\/div>\n                            <div class=\"marker\" data-lat=\"40.64930840\" data-lng=\"8.66220810\">\n                    <p class=\"addressname\"><a href=\"https:\/\/lookadd.com\/pt-pt\/winkel_locaties\/studio-ottico-di-giovanna-scanu\/\" title=\"STUDIO OTTICO di Giovanna Scanu\">STUDIO OTTICO di Giovanna Scanu<\/a><\/p><p class=\"address\">Via Cavour, 51\/A, <br>SASSARI <\/br>Itali\u00eb<\/p>                <\/div>\n                            <div class=\"marker\" data-lat=\"40.74561000\" data-lng=\"13.87058100\">\n                    <p class=\"addressname\"><a href=\"https:\/\/lookadd.com\/pt-pt\/winkel_locaties\/ottica-claudio-pipolo\/\" title=\"OTTICA CLAUDIO PIPOLO\">OTTICA CLAUDIO PIPOLO<\/a><\/p><p class=\"address\">Via Avv. Francesco Reggine, 29, <br>FORIO D' ISCHIA <\/br>Itali\u00eb<\/p>                <\/div>\n                            <div class=\"marker\" data-lat=\"40.63272780\" data-lng=\"17.94176160\">\n                    <p class=\"addressname\"><a href=\"https:\/\/lookadd.com\/pt-pt\/winkel_locaties\/ottica-minno-di-minno-oronzo\/\" title=\"OTTICA MINNO di Minno Oronzo\">OTTICA MINNO di Minno Oronzo<\/a><\/p><p class=\"address\">Viale Aldo Moro, 135, <br>BRINDISI <\/br>Itali\u00eb<\/p>                <\/div>\n                            <div class=\"marker\" data-lat=\"42.85522000\" data-lng=\"13.57675000\">\n                    <p class=\"addressname\"><a href=\"https:\/\/lookadd.com\/pt-pt\/winkel_locaties\/ottica-di-ferdinando-s-n-c-di-massimo-di-ferdinando-c\/\" title=\"OTTICA DI FERDINANDO s.n.c. di Massimo dI Ferdinando &#038; C.\">OTTICA DI FERDINANDO s.n.c. di Massimo dI Ferdinando &#038; C.<\/a><\/p><p class=\"address\">C.so Mazzini, 178, <br>ASCOLI PICENO <\/br>Itali\u00eb<\/p>                <\/div>\n                            <div class=\"marker\" data-lat=\"45.50498660\" data-lng=\"9.10514120\">\n                    <p class=\"addressname\"><a href=\"https:\/\/lookadd.com\/pt-pt\/winkel_locaties\/nuova-optical-cremona-service-s-n-c\/\" title=\"NUOVA OPTICAL CREMONA SERVICE s.n.c.\">NUOVA OPTICAL CREMONA SERVICE s.n.c.<\/a><\/p><p class=\"address\">Corso L.Da Vinci, 48, <br>GALLARATE <\/br>Itali\u00eb<\/p>                <\/div>\n                            <div class=\"marker\" data-lat=\"42.89143610\" data-lng=\"13.54186690\">\n                    <p class=\"addressname\"><a href=\"https:\/\/lookadd.com\/pt-pt\/winkel_locaties\/ottica-expo-di-durinzi-antonio-c-s-n-c\/\" title=\"OTTICA EXPO&#8217; di Durinzi Antonio &#038; C. s.n.c.\">OTTICA EXPO&#8217; di Durinzi Antonio &#038; C. s.n.c.<\/a><\/p><p class=\"address\">V.le Indipendenza, 59, <br>ASCOLI PICENO <\/br>Itali\u00eb<\/p>                <\/div>\n                            <div class=\"marker\" data-lat=\"49.78641110\" data-lng=\"11.15800020\">\n                    <p class=\"addressname\"><a href=\"https:\/\/lookadd.com\/pt-pt\/winkel_locaties\/fey-eye-2\/\" title=\"FEY &#038;EYE\">FEY &#038;EYE<\/a><\/p><p class=\"address\">Hauptstrasse, 39, <br>EBERMANNSTADT <\/br>Duitsland<\/p>                <\/div>\n                            <div class=\"marker\" data-lat=\"42.40695980\" data-lng=\"0.74008210\">\n                    <p class=\"addressname\"><a href=\"https:\/\/lookadd.com\/pt-pt\/winkel_locaties\/corporacion-optica-del-pireneo\/\" title=\"CORPORACION OPTICA DEL PIRENEO\">CORPORACION OPTICA DEL PIRENEO<\/a><\/p><p class=\"address\">C\/ Ciutat De Lleida, 2, <br>EL PONT DE SUERT <\/br>Spanje<\/p>                <\/div>\n                            <div class=\"marker\" data-lat=\"28.46329130\" data-lng=\"-16.27982880\">\n                    <p class=\"addressname\"><a href=\"https:\/\/lookadd.com\/pt-pt\/winkel_locaties\/sergio-gonzales-pardillo\/\" title=\"SERGIO GONZALES PARDILLO\">SERGIO GONZALES PARDILLO<\/a><\/p><p class=\"address\">C\/Candilas, 27, <br>LA LAGUNA - TENERIFE <\/br>Spanje<\/p>                <\/div>\n                            <div class=\"marker\" data-lat=\"52.51742000\" data-lng=\"7.67527000\">\n                    <p class=\"addressname\"><a href=\"https:\/\/lookadd.com\/pt-pt\/winkel_locaties\/optik-lampe-gmbh\/\" title=\"OPTIK LAMPE GmbH\">OPTIK LAMPE GmbH<\/a><\/p><p class=\"address\">St.George Str.6, <br>FUERSTENAU <\/br>Duitsland<\/p>                <\/div>\n                            <div class=\"marker\" data-lat=\"42.49779670\" data-lng=\"-0.11365730\">\n                    <p class=\"addressname\"><a href=\"https:\/\/lookadd.com\/pt-pt\/winkel_locaties\/san-ramon-vision-s-l\/\" title=\"SAN RAMON VISION S.L.\">SAN RAMON VISION S.L.<\/a><\/p><p class=\"address\">C\/ Corona de Aragon, 3, <br>BARBASTRO <\/br>Spanje<\/p>                <\/div>\n                            <div class=\"marker\" data-lat=\"41.91433130\" data-lng=\"1.18231000\">\n                    <p class=\"addressname\"><a href=\"https:\/\/lookadd.com\/pt-pt\/winkel_locaties\/xavier-vivas-s-l\/\" title=\"XAVIER VIVAS S.L.\">XAVIER VIVAS S.L.<\/a><\/p><p class=\"address\">C\/Avda Les Garrigues, 13, <br>LLEIDA <\/br>Spanje<\/p>                <\/div>\n                            <div class=\"marker\" data-lat=\"39.56839880\" data-lng=\"3.21380820\">\n                    <p class=\"addressname\"><a href=\"https:\/\/lookadd.com\/pt-pt\/winkel_locaties\/eje-visual-s-l-federoptics-mon-visio\/\" title=\"EJE VISUAL S.L. &#8211; FEDEROPTICS M\u00d3N VISI\u00d3\">EJE VISUAL S.L. &#8211; FEDEROPTICS M\u00d3N VISI\u00d3<\/a><\/p><p class=\"address\">C\/ Sebastian Rubi, 11, <br>MANACOR <\/br>Spanje<\/p>                <\/div>\n                            <div class=\"marker\" data-lat=\"41.64098920\" data-lng=\"2.35735160\">\n                    <p class=\"addressname\"><a href=\"https:\/\/lookadd.com\/pt-pt\/winkel_locaties\/centre-optic-del-valles\/\" title=\"CENTRE OPTIC DEL VALLES\">CENTRE OPTIC DEL VALLES<\/a><\/p><p class=\"address\">C\/ Calabria, 55-57, <br>LA GARRIGA <\/br>Spanje<\/p>                <\/div>\n                            <div class=\"marker\" data-lat=\"42.88813230\" data-lng=\"-2.64081110\">\n                    <p class=\"addressname\"><a href=\"https:\/\/lookadd.com\/pt-pt\/winkel_locaties\/optica-p-manso\/\" title=\"OPTICA P. MANSO\">OPTICA P. MANSO<\/a><\/p><p class=\"address\">Paseo De Irizar, 2, <br>BERGARA <\/br>Spanje<\/p>                <\/div>\n                            <div class=\"marker\" data-lat=\"42.16686130\" data-lng=\"0.89604500\">\n                    <p class=\"addressname\"><a href=\"https:\/\/lookadd.com\/pt-pt\/winkel_locaties\/optica-luis-rius-noguera\/\" title=\"OPTICA LUIS RIUS NOGUERA\">OPTICA LUIS RIUS NOGUERA<\/a><\/p><p class=\"address\">Soldevila, 10, <br>TREMP <\/br>Spanje<\/p>                <\/div>\n                            <div class=\"marker\" data-lat=\"43.14364510\" data-lng=\"-2.95192320\">\n                    <p class=\"addressname\"><a href=\"https:\/\/lookadd.com\/pt-pt\/winkel_locaties\/maria-angeles-hierro-lopez-de-arbina\/\" title=\"MARIA ANGELES HIERRO LOPEZ DE ARBINA\">MARIA ANGELES HIERRO LOPEZ DE ARBINA<\/a><\/p><p class=\"address\">Plaza Herriko, 9, <br>LAUDIO \/ LLODIO <\/br>Spanje<\/p>                <\/div>\n                            <div class=\"marker\" data-lat=\"43.18918580\" data-lng=\"-2.50729620\">\n                    <p class=\"addressname\"><a href=\"https:\/\/lookadd.com\/pt-pt\/winkel_locaties\/itze-optica\/\" title=\"ITZE OPTICA\">ITZE OPTICA<\/a><\/p><p class=\"address\">Probaleku, 7, <br>ERMUA <\/br>Spanje<\/p>                <\/div>\n                            <div class=\"marker\" data-lat=\"41.66953440\" data-lng=\"2.77063200\">\n                    <p class=\"addressname\"><a href=\"https:\/\/lookadd.com\/pt-pt\/winkel_locaties\/salvador-planells-torrent\/\" title=\"SALVADOR PLANELLS TORRENT\">SALVADOR PLANELLS TORRENT<\/a><\/p><p class=\"address\">Plaza Virgen Maria, 1, <br>BLANES (GI) <\/br>Spanje<\/p>                <\/div>\n                            <div class=\"marker\" data-lat=\"46.19856920\" data-lng=\"9.01651860\">\n                    <p class=\"addressname\"><a href=\"https:\/\/lookadd.com\/pt-pt\/winkel_locaties\/lepori-ottica\/\" title=\"LEPORI OTTICA\">LEPORI OTTICA<\/a><\/p><p class=\"address\">Via Codeborgo, 14, <br>BELLINZONA <\/br>Zwitserland<\/p>                <\/div>\n                            <div class=\"marker\" data-lat=\"37.97688240\" data-lng=\"-0.78537130\">\n                    <p class=\"addressname\"><a href=\"https:\/\/lookadd.com\/pt-pt\/winkel_locaties\/optica-sabater-s-l\/\" title=\"OPTICA SABATER S.L.\">OPTICA SABATER S.L.<\/a><\/p><p class=\"address\">Calle Caballero de Rodas, 9, <br>TORREVIEJA <\/br>Spanje<\/p>                <\/div>\n                            <div class=\"marker\" data-lat=\"50.08648540\" data-lng=\"20.02099320\">\n                    <p class=\"addressname\"><a href=\"https:\/\/lookadd.com\/pt-pt\/winkel_locaties\/optyk-brozek-marcin-brozek\/\" title=\"OPTYK BROZEK MARCIN BROZEK\">OPTYK BROZEK MARCIN BROZEK<\/a><\/p><p class=\"address\">Czarnowiejska, 7\/8, <br>KRAKOW <\/br>Polen<\/p>                <\/div>\n                            <div class=\"marker\" data-lat=\"52.41009710\" data-lng=\"16.83955830\">\n                    <p class=\"addressname\"><a href=\"https:\/\/lookadd.com\/pt-pt\/winkel_locaties\/optyk-bartosz-pietryga\/\" title=\"OPTYK BARTOSZ PIETRYGA\">OPTYK BARTOSZ PIETRYGA<\/a><\/p><p class=\"address\">Grabowska, 6, <br>POZNAN <\/br>Polen<\/p>                <\/div>\n                            <div class=\"marker\" data-lat=\"37.35609780\" data-lng=\"-6.04096410\">\n                    <p class=\"addressname\"><a href=\"https:\/\/lookadd.com\/pt-pt\/winkel_locaties\/maria-isabel-chiriboga-acosta-s-l-u\/\" title=\"MARIA ISABEL CHIRIBOGA ACOSTA S.L.U\">MARIA ISABEL CHIRIBOGA ACOSTA S.L.U<\/a><\/p><p class=\"address\">Carretera San Juan Palomares, km 5, <br>MAIRENA DEL ALJARAFE <\/br>Spanje<\/p>                <\/div>\n                            <div class=\"marker\" data-lat=\"36.42891000\" data-lng=\"-5.14034000\">\n                    <p class=\"addressname\"><a href=\"https:\/\/lookadd.com\/pt-pt\/winkel_locaties\/sonia-garcia-salas\/\" title=\"SONIA GARCIA SALAS\">SONIA GARCIA SALAS<\/a><\/p><p class=\"address\">Avenida Andalucia, 78, <br>ESTEPONA <\/br>Spanje<\/p>                <\/div>\n                            <div class=\"marker\" data-lat=\"40.38328000\" data-lng=\"-3.64203630\">\n                    <p class=\"addressname\"><a href=\"https:\/\/lookadd.com\/pt-pt\/winkel_locaties\/avevision-s-l\/\" title=\"AVEVISION S.L.\">AVEVISION S.L.<\/a><\/p><p class=\"address\">Avd. De Los Boliches,80, <br>FUENGIROLA (MA) <\/br>Spanje<\/p>                <\/div>\n                            <div class=\"marker\" data-lat=\"36.53225000\" data-lng=\"-6.29384000\">\n                    <p class=\"addressname\"><a href=\"https:\/\/lookadd.com\/pt-pt\/winkel_locaties\/suazo-opticos-s-l\/\" title=\"SUAZO OPTICOS S.L.\">SUAZO OPTICOS S.L.<\/a><\/p><p class=\"address\">Pza San Augustin, 1, <br>CADIZ <\/br>Spanje<\/p>                <\/div>\n                            <div class=\"marker\" data-lat=\"50.66876300\" data-lng=\"18.03487400\">\n                    <p class=\"addressname\"><a href=\"https:\/\/lookadd.com\/pt-pt\/winkel_locaties\/maarco-patryk-liszewski\/\" title=\"MAARCO PATRYK LISZEWSKI\">MAARCO PATRYK LISZEWSKI<\/a><\/p><p class=\"address\">Ledznska, 14, <br>LEDZINY <\/br>Polen<\/p>                <\/div>\n                            <div class=\"marker\" data-lat=\"41.57754000\" data-lng=\"-0.82638640\">\n                    <p class=\"addressname\"><a href=\"https:\/\/lookadd.com\/pt-pt\/winkel_locaties\/staroptic-vition-142-s-l\/\" title=\"STAROPTIC VITION 142 S.L.\">STAROPTIC VITION 142 S.L.<\/a><\/p><p class=\"address\">Calle Santuario de Caba\u00f1as, 15, <br>ZARAGOZA <\/br>Spanje<\/p>                <\/div>\n                            <div class=\"marker\" data-lat=\"47.18634150\" data-lng=\"8.85874760\">\n                    <p class=\"addressname\"><a href=\"https:\/\/lookadd.com\/pt-pt\/winkel_locaties\/rogenmoser-optik\/\" title=\"ROGENMOSER OPTIK\">ROGENMOSER OPTIK<\/a><\/p><p class=\"address\">Oberdorfstra\u00dfe, 10, <br>LACHEN <\/br>Zwitserland<\/p>                <\/div>\n                            <div class=\"marker\" data-lat=\"51.11326270\" data-lng=\"17.06599780\">\n                    <p class=\"addressname\"><a href=\"https:\/\/lookadd.com\/pt-pt\/winkel_locaties\/phu-omatidium-dominik-kunc\/\" title=\"PHU OMATIDIUM DOMINIK KUNC\">PHU OMATIDIUM DOMINIK KUNC<\/a><\/p><p class=\"address\">Kosciuszki, 142\/3, <br>WROCLAW <\/br>Polen<\/p>                <\/div>\n                            <div class=\"marker\" data-lat=\"51.26168850\" data-lng=\"7.51332210\">\n                    <p class=\"addressname\"><a href=\"https:\/\/lookadd.com\/pt-pt\/winkel_locaties\/sedelmayr-optik-und-akustik-gmbh\/\" title=\"SEDELMAYR OPTIK UND AKUSTIK GmbH\">SEDELMAYR OPTIK UND AKUSTIK GmbH<\/a><\/p><p class=\"address\">Obertorstra\u00dfe, 42, <br>SCHL\u00dcCHTERN <\/br>Duitsland<\/p>                <\/div>\n                            <div class=\"marker\" data-lat=\"46.92918780\" data-lng=\"7.53369030\">\n                    <p class=\"addressname\"><a href=\"https:\/\/lookadd.com\/pt-pt\/winkel_locaties\/optissimo-worb-gmbh\/\" title=\"OPTISSIMO WORB GmbH\">OPTISSIMO WORB GmbH<\/a><\/p><p class=\"address\">Bernstrasse, 23, <br>WORB <\/br>Zwitserland<\/p>                <\/div>\n                            <div class=\"marker\" data-lat=\"51.22101010\" data-lng=\"18.57037880\">\n                    <p class=\"addressname\"><a href=\"https:\/\/lookadd.com\/pt-pt\/winkel_locaties\/poradnia-okulisty-z-pracownia-optyczna\/\" title=\"PORADNIA OKULISTY.Z PRACOWNIA OPTYCZNA\">PORADNIA OKULISTY.Z PRACOWNIA OPTYCZNA<\/a><\/p><p class=\"address\">Ul. Zmenhofa, 9, <br>WIELUN <\/br>Polen<\/p>                <\/div>\n                            <div class=\"marker\" data-lat=\"38.02566990\" data-lng=\"-1.13423910\">\n                    <p class=\"addressname\"><a href=\"https:\/\/lookadd.com\/pt-pt\/winkel_locaties\/jose-pardo-cayuela\/\" title=\"JOSE PARDO CAYUELA\">JOSE PARDO CAYUELA<\/a><\/p><p class=\"address\">C\/ Vereda de Fortuna, 1 LOCAL, <br>CHURRA (MU) <\/br>Spanje<\/p>                <\/div>\n                            <div class=\"marker\" data-lat=\"39.85256540\" data-lng=\"3.12462480\">\n                    <p class=\"addressname\"><a href=\"https:\/\/lookadd.com\/pt-pt\/winkel_locaties\/optica-pollentia-s-l\/\" title=\"OPTICA POLLENTIA S.L.\">OPTICA POLLENTIA S.L.<\/a><\/p><p class=\"address\">Calle Pollentia, 9B, <br>ALCUDIA (IB) <\/br>Spanje<\/p>                <\/div>\n                            <div class=\"marker\" data-lat=\"53.91395080\" data-lng=\"14.23884920\">\n                    <p class=\"addressname\"><a href=\"https:\/\/lookadd.com\/pt-pt\/winkel_locaties\/perfekt-optik-justyna-wilczek\/\" title=\"PERFEKT OPTIK JUSTYNA WILCZEK\">PERFEKT OPTIK JUSTYNA WILCZEK<\/a><\/p><p class=\"address\">Ul. Piastowska, 5A\/4, <br>SWINOUJSCIE <\/br>Polen<\/p>                <\/div>\n                            <div class=\"marker\" data-lat=\"37.56186000\" data-lng=\"-1.80895000\">\n                    <p class=\"addressname\"><a href=\"https:\/\/lookadd.com\/pt-pt\/winkel_locaties\/guerrero-y-gallego-s-l\/\" title=\"GUERRERO Y GALLEGO S.L.\">GUERRERO Y GALLEGO S.L.<\/a><\/p><p class=\"address\">C\/Mably, 8, <br>PUERTO LUMBRERA <\/br>Spanje<\/p>                <\/div>\n                            <div class=\"marker\" data-lat=\"50.27924360\" data-lng=\"19.05469390\">\n                    <p class=\"addressname\"><a href=\"https:\/\/lookadd.com\/pt-pt\/winkel_locaties\/zaklad-optyki-okularowej-jacek-hombek\/\" title=\"ZAKLAD OPTYKI OKULAROWEJ JACEK HOMBEK\">ZAKLAD OPTYKI OKULAROWEJ JACEK HOMBEK<\/a><\/p><p class=\"address\">Koscielna, 21, <br>SIEMIANOWICE SLASKIE <\/br>Polen<\/p>                <\/div>\n                            <div class=\"marker\" data-lat=\"51.11324800\" data-lng=\"17.06858300\">\n                    <p class=\"addressname\"><a href=\"https:\/\/lookadd.com\/pt-pt\/winkel_locaties\/z-w-optimus-jerzy-wysocki\/\" title=\"Z.W. OPTIMUS JERZY WYSOCKI\">Z.W. OPTIMUS JERZY WYSOCKI<\/a><\/p><p class=\"address\">Ksiegarska, 18, <br>WROCLAW <\/br>Polen<\/p>                <\/div>\n                            <div class=\"marker\" data-lat=\"51.84322460\" data-lng=\"6.84763210\">\n                    <p class=\"addressname\"><a href=\"https:\/\/lookadd.com\/pt-pt\/winkel_locaties\/hemming-optik\/\" title=\"HEMMING OPTIK\">HEMMING OPTIK<\/a><\/p><p class=\"address\">Westend, 23, <br>BOCHOLT <\/br>Duitsland<\/p>                <\/div>\n                            <div class=\"marker\" data-lat=\"39.56462900\" data-lng=\"-0.52842740\">\n                    <p class=\"addressname\"><a href=\"https:\/\/lookadd.com\/pt-pt\/winkel_locaties\/mordick-servicios-opticos-s-l\/\" title=\"MORDICK SERVICIOS OPTICOS S.L.\">MORDICK SERVICIOS OPTICOS S.L.<\/a><\/p><p class=\"address\">Avd. Alcade Enrique Daries, 5, <br>L'ELIANA (VA) <\/br>Spanje<\/p>                <\/div>\n                            <div class=\"marker\" data-lat=\"52.19545010\" data-lng=\"20.94526830\">\n                    <p class=\"addressname\"><a href=\"https:\/\/lookadd.com\/pt-pt\/winkel_locaties\/orlinscy-salony-optyczne-s-c\/\" title=\"ORLINSCY SALONY OPTYCZNE S.C.\">ORLINSCY SALONY OPTYCZNE S.C.<\/a><\/p><p class=\"address\">ul. G\u00f3rczewska , 131\/135, <br>WARSZAWA <\/br>Polen<\/p>                <\/div>\n                            <div class=\"marker\" data-lat=\"43.25246530\" data-lng=\"-2.01971780\">\n                    <p class=\"addressname\"><a href=\"https:\/\/lookadd.com\/pt-pt\/winkel_locaties\/elena-sanchez-irigoyen\/\" title=\"ELENA SANCHEZ IRIGOYEN\">ELENA SANCHEZ IRIGOYEN<\/a><\/p><p class=\"address\">C\/ Largonea, 1, <br>LASARTE ORIA <\/br>Spanje<\/p>                <\/div>\n                            <div class=\"marker\" data-lat=\"37.39182000\" data-lng=\"-5.99625000\">\n                    <p class=\"addressname\"><a href=\"https:\/\/lookadd.com\/pt-pt\/winkel_locaties\/bovis-centro-optico-sa\/\" title=\"BOVIS CENTRO OPTICO SA\">BOVIS CENTRO OPTICO SA<\/a><\/p><p class=\"address\">C\/ O'Donnell, 20, <br>SEVILLA <\/br>Spanje<\/p>                <\/div>\n                            <div class=\"marker\" data-lat=\"42.56627820\" data-lng=\"-2.83922590\">\n                    <p class=\"addressname\"><a href=\"https:\/\/lookadd.com\/pt-pt\/winkel_locaties\/blanca-gamarra-martinez\/\" title=\"BLANCA GAMARRA MARTINEZ\">BLANCA GAMARRA MARTINEZ<\/a><\/p><p class=\"address\">General Alava, 2, <br>VITORIA <\/br>Spanje<\/p>                <\/div>\n                            <div class=\"marker\" data-lat=\"37.12675890\" data-lng=\"-3.56819920\">\n                    <p class=\"addressname\"><a href=\"https:\/\/lookadd.com\/pt-pt\/winkel_locaties\/a-j-opticos-audifonos-s-l\/\" title=\"A.J OPTICOS &#038; AUDIFONOS S.L.\">A.J OPTICOS &#038; AUDIFONOS S.L.<\/a><\/p><p class=\"address\">C\/Gran Capitan, 21, <br>GRANADA <\/br>Spanje<\/p>                <\/div>\n                            <div class=\"marker\" data-lat=\"36.84853000\" data-lng=\"-2.45299000\">\n                    <p class=\"addressname\"><a href=\"https:\/\/lookadd.com\/pt-pt\/winkel_locaties\/baja-vision-almeria-s-l\/\" title=\"BAJA VISION ALMERIA S.L.\">BAJA VISION ALMERIA S.L.<\/a><\/p><p class=\"address\">Carretera De Ronda, 333, <br>ALMERIA <\/br>Spanje<\/p>                <\/div>\n                            <div class=\"marker\" data-lat=\"37.98390480\" data-lng=\"-1.08787740\">\n                    <p class=\"addressname\"><a href=\"https:\/\/lookadd.com\/pt-pt\/winkel_locaties\/pilar-marin-y-pablo-navarro-cb\/\" title=\"PILAR MARIN Y PABLO NAVARRO CB\">PILAR MARIN Y PABLO NAVARRO CB<\/a><\/p><p class=\"address\">Maria Maroto, 14, <br>MURCIA <\/br>Spanje<\/p>                <\/div>\n                            <div class=\"marker\" data-lat=\"50.77868300\" data-lng=\"16.77841530\">\n                    <p class=\"addressname\"><a href=\"https:\/\/lookadd.com\/pt-pt\/winkel_locaties\/zaklad-optyki-okularowej-katarzyna-brejnak-optyk\/\" title=\"ZAKLAD OPTYKI OKULAROWEJ KATARZYNA BREJNAK OPTYK\">ZAKLAD OPTYKI OKULAROWEJ KATARZYNA BREJNAK OPTYK<\/a><\/p><p class=\"address\">Szarych Szeregow, 3, <br>DZIERZONIOW <\/br>Polen<\/p>                <\/div>\n                            <div class=\"marker\" data-lat=\"50.85602700\" data-lng=\"16.32905070\">\n                    <p class=\"addressname\"><a href=\"https:\/\/lookadd.com\/pt-pt\/winkel_locaties\/opto-med-s-c-m-r-a-plewinscy\/\" title=\"OPTO-MED S.C. M.R.A. PLEWINSCY\">OPTO-MED S.C. M.R.A. PLEWINSCY<\/a><\/p><p class=\"address\">Rynek, 9, <br>SWIDNICA <\/br>Polen<\/p>                <\/div>\n                            <div class=\"marker\" data-lat=\"54.44667450\" data-lng=\"16.95006660\">\n                    <p class=\"addressname\"><a href=\"https:\/\/lookadd.com\/pt-pt\/winkel_locaties\/zaklad-optyczny-stolc-s-c-robert-stolc-i-zygmunt-stolc\/\" title=\"ZAKLAD OPTYCZNY STOLC S.C. ROBERT STOLC I ZYGMUNT STOLC\">ZAKLAD OPTYCZNY STOLC S.C. ROBERT STOLC I ZYGMUNT STOLC<\/a><\/p><p class=\"address\">Ul. Adama Mickiewicza, 35, <br>SLUPSK <\/br>Polen<\/p>                <\/div>\n                            <div class=\"marker\" data-lat=\"50.87138610\" data-lng=\"20.64061220\">\n                    <p class=\"addressname\"><a href=\"https:\/\/lookadd.com\/pt-pt\/winkel_locaties\/zaklad-optyczny-optimed\/\" title=\"ZAKLAD OPTYCZNY OPTIMED\">ZAKLAD OPTYCZNY OPTIMED<\/a><\/p><p class=\"address\">Romualda, 3, <br>KIELCE <\/br>Polen<\/p>                <\/div>\n                            <div class=\"marker\" data-lat=\"51.67033000\" data-lng=\"16.54250540\">\n                    <p class=\"addressname\"><a href=\"https:\/\/lookadd.com\/pt-pt\/winkel_locaties\/pracownia-optyczna-tomasz-pusl\/\" title=\"PRACOWNIA OPTYCZNA TOMASZ PUSL\">PRACOWNIA OPTYCZNA TOMASZ PUSL<\/a><\/p><p class=\"address\">Al. Niepodleglosci, 6, <br>ZIELONA GORA <\/br>Polen<\/p>                <\/div>\n                            <div class=\"marker\" data-lat=\"51.37595300\" data-lng=\"16.19055030\">\n                    <p class=\"addressname\"><a href=\"https:\/\/lookadd.com\/pt-pt\/winkel_locaties\/optyk-fotograf-dorota-nowakowska-jerzy-nowakowski\/\" title=\"OPTYK FOTOGRAF DOROTA NOWAKOWSKA JERZY NOWAKOWSKI\">OPTYK FOTOGRAF DOROTA NOWAKOWSKA JERZY NOWAKOWSKI<\/a><\/p><p class=\"address\">Gwiezdna, 27, <br>LEGNICA <\/br>Polen<\/p>                <\/div>\n                            <div class=\"marker\" data-lat=\"53.32746790\" data-lng=\"14.54107700\">\n                    <p class=\"addressname\"><a href=\"https:\/\/lookadd.com\/pt-pt\/winkel_locaties\/pracownia-optyczna-skylite-mariusz-lepert\/\" title=\"PRACOWNIA OPTYCZNA SKYLITE MARIUSZ LEPERT\">PRACOWNIA OPTYCZNA SKYLITE MARIUSZ LEPERT<\/a><\/p><p class=\"address\">Al Wojska Polskiego, 58, <br>SZCZECIN <\/br>Polen<\/p>                <\/div>\n                            <div class=\"marker\" data-lat=\"41.24149330\" data-lng=\"1.72815230\">\n                    <p class=\"addressname\"><a href=\"https:\/\/lookadd.com\/pt-pt\/winkel_locaties\/centre-optic-vilanova-s-l\/\" title=\"CENTRE OPTIC VILANOVA S.L.\">CENTRE OPTIC VILANOVA S.L.<\/a><\/p><p class=\"address\">C\/ Placa Soler I Carbonell, 18, <br>VILANOVA I LA GELTRU <\/br>Spanje<\/p>                <\/div>\n                            <div class=\"marker\" data-lat=\"52.24149200\" data-lng=\"20.35021790\">\n                    <p class=\"addressname\"><a href=\"https:\/\/lookadd.com\/pt-pt\/winkel_locaties\/zaklad-optyczny-milena-lewalska\/\" title=\"ZAKLAD OPTYCZNY MILENA LEWALSKA\">ZAKLAD OPTYCZNY MILENA LEWALSKA<\/a><\/p><p class=\"address\">Zeromskiego, 37 C, <br>SZYTNO <\/br>Polen<\/p>                <\/div>\n                            <div class=\"marker\" data-lat=\"54.44470500\" data-lng=\"18.42066600\">\n                    <p class=\"addressname\"><a href=\"https:\/\/lookadd.com\/pt-pt\/winkel_locaties\/optometria-orkisz-malgorzata-orkisz\/\" title=\"OPTOMETRIA ORKISZ MALGORZATA ORKISZ\">OPTOMETRIA ORKISZ MALGORZATA ORKISZ<\/a><\/p><p class=\"address\">ul. Legionow 107 C\/1U, <br>GDYNIA <\/br>Polen<\/p>                <\/div>\n                            <div class=\"marker\" data-lat=\"52.41299120\" data-lng=\"20.93644780\">\n                    <p class=\"addressname\"><a href=\"https:\/\/lookadd.com\/pt-pt\/winkel_locaties\/optyka-u-braci-pawel-gabrysiak-wojciech-gabrysiak-s-c\/\" title=\"OPTYKA U BRACI- Pawel Gabrysiak, Wojciech Gabrysiak S.C\">OPTYKA U BRACI- Pawel Gabrysiak, Wojciech Gabrysiak S.C<\/a><\/p><p class=\"address\">ul. Mickiewicza 35\/43, <br>LEGIONOWO <\/br>Polen<\/p>                <\/div>\n                            <div class=\"marker\" data-lat=\"51.79964000\" data-lng=\"19.43772000\">\n                    <p class=\"addressname\"><a href=\"https:\/\/lookadd.com\/pt-pt\/winkel_locaties\/zu-tom-optyka-zuzanna-sztarbal\/\" title=\"ZU TOM OPTYKA ZUZANNA SZTARBAL\">ZU TOM OPTYKA ZUZANNA SZTARBAL<\/a><\/p><p class=\"address\">Ul.Kniaziewicza, 16\/A, <br>LODZ <\/br>Polen<\/p>                <\/div>\n                            <div class=\"marker\" data-lat=\"51.75139770\" data-lng=\"19.49111600\">\n                    <p class=\"addressname\"><a href=\"https:\/\/lookadd.com\/pt-pt\/winkel_locaties\/optyka-okularowa-spec-optyka-d\/\" title=\"OPTYKA OKULAROWA SPEC.OPTYKA D\">OPTYKA OKULAROWA SPEC.OPTYKA D<\/a><\/p><p class=\"address\">Lutomierska, 26, <br>LODZ <\/br>Polen<\/p>                <\/div>\n                            <div class=\"marker\" data-lat=\"52.34349970\" data-lng=\"21.04943320\">\n                    <p class=\"addressname\"><a href=\"https:\/\/lookadd.com\/pt-pt\/winkel_locaties\/lider-optyk\/\" title=\"LIDER OPTYK\">LIDER OPTYK<\/a><\/p><p class=\"address\">Al. Jerozolimskie, 179, <br>WARSZAWA <\/br>Polen<\/p><p class=\"addressname\"><a href=\"https:\/\/lookadd.com\/pt-pt\/winkel_locaties\/optimeda-sp-z-o-o\/\" title=\"OPTIMEDA SP. Z O.O.\">OPTIMEDA SP. Z O.O.<\/a><\/p><p class=\"address\">Ul. Pulawska, 7\/9, <br>WARSZAWA <\/br>Polen<\/p>                <\/div>\n                            <div class=\"marker\" data-lat=\"53.43641100\" data-lng=\"22.13274900\">\n                    <p class=\"addressname\"><a href=\"https:\/\/lookadd.com\/pt-pt\/winkel_locaties\/zaklad-optyczny-elzbieta-smakosz\/\" title=\"ZAKLAD OPTYCZNY Elzbieta Smakosz\">ZAKLAD OPTYCZNY Elzbieta Smakosz<\/a><\/p><p class=\"address\">Lipowa 37, <br>BIALYSTOK <\/br>Polen<\/p>                <\/div>\n                            <div class=\"marker\" data-lat=\"38.99628850\" data-lng=\"-0.55635830\">\n                    <p class=\"addressname\"><a href=\"https:\/\/lookadd.com\/pt-pt\/winkel_locaties\/opticas-de-xativa-y-canals-s-l\/\" title=\"OPTICAS DE XATIVA Y CANALS S.L.\">OPTICAS DE XATIVA Y CANALS S.L.<\/a><\/p><p class=\"address\">P.za Espa\u00f1oleto, 2, <br>XATIVA <\/br>Spanje<\/p>                <\/div>\n                            <div class=\"marker\" data-lat=\"47.40983040\" data-lng=\"8.40887690\">\n                    <p class=\"addressname\"><a href=\"https:\/\/lookadd.com\/pt-pt\/winkel_locaties\/brillen-bryner-ag\/\" title=\"BRILLEN BRYNER AG\">BRILLEN BRYNER AG<\/a><\/p><p class=\"address\">Kirchplatz, 3, <br>DIETIKON <\/br>Zwitserland<\/p>                <\/div>\n                            <div class=\"marker\" data-lat=\"49.78111000\" data-lng=\"11.18852000\">\n                    <p class=\"addressname\"><a href=\"https:\/\/lookadd.com\/pt-pt\/winkel_locaties\/fey-eye\/\" title=\"FEY &#038;EYE\">FEY &#038;EYE<\/a><\/p><p class=\"address\">Hauptstrasse, 39, <br>EBERMANNSTADT <\/br>Duitsland<\/p>                <\/div>\n                            <div class=\"marker\" data-lat=\"51.93755220\" data-lng=\"10.33374940\">\n                    <p class=\"addressname\"><a href=\"https:\/\/lookadd.com\/pt-pt\/winkel_locaties\/optik-peters-gmbh\/\" title=\"OPTIK PETERS GmbH\">OPTIK PETERS GmbH<\/a><\/p><p class=\"address\">Breite Str. 1, <br>LANGELSHEIM <\/br>Duitsland<\/p>                <\/div>\n                            <div class=\"marker\" data-lat=\"49.55680880\" data-lng=\"11.34207490\">\n                    <p class=\"addressname\"><a href=\"https:\/\/lookadd.com\/pt-pt\/winkel_locaties\/neusehland-augenoptik-michael-wild-jarallah\/\" title=\"NEUSEHLAND AUGENOPTIK Michael Wild-Jarallah\">NEUSEHLAND AUGENOPTIK Michael Wild-Jarallah<\/a><\/p><p class=\"address\">Bahnhofstra\u00dfe, 20, <br>SCHNAITTACH <\/br>Duitsland<\/p>                <\/div>\n                            <div class=\"marker\" data-lat=\"48.76998000\" data-lng=\"8.22306000\">\n                    <p class=\"addressname\"><a href=\"https:\/\/lookadd.com\/pt-pt\/winkel_locaties\/augenstern-susanne-reber\/\" title=\"AUGENSTERN SUSANNE REBER\">AUGENSTERN SUSANNE REBER<\/a><\/p><p class=\"address\">Bergstr. 10, <br>BADEN-BADEN <\/br>Duitsland<\/p>                <\/div>\n                            <div class=\"marker\" data-lat=\"51.32116320\" data-lng=\"6.49420400\">\n                    <p class=\"addressname\"><a href=\"https:\/\/lookadd.com\/pt-pt\/winkel_locaties\/huhn-optik-gmbh\/\" title=\"H\u00dcHN OPTIK GmbH\">H\u00dcHN OPTIK GmbH<\/a><\/p><p class=\"address\">Hochstra\u00dfe, 13-15, <br>T\u00d6NISVORST <\/br>Duitsland<\/p>                <\/div>\n                            <div class=\"marker\" data-lat=\"51.67265150\" data-lng=\"8.60671390\">\n                    <p class=\"addressname\"><a href=\"https:\/\/lookadd.com\/pt-pt\/winkel_locaties\/optik-schiller\/\" title=\"OPTIK SCHILLER\">OPTIK SCHILLER<\/a><\/p><p class=\"address\">Lange Stra\u00dfe, 42, <br>SALZKOTTEN <\/br>Duitsland<\/p>                <\/div>\n                            <div class=\"marker\" data-lat=\"40.27941290\" data-lng=\"15.65072070\">\n                    <p class=\"addressname\"><a href=\"https:\/\/lookadd.com\/pt-pt\/winkel_locaties\/ottica-nigro-di-nigro-vito-alessandro\/\" title=\"OTTICA NIGRO di Nigro Vito Alessandro\">OTTICA NIGRO di Nigro Vito Alessandro<\/a><\/p><p class=\"address\">Via Nazionale, 1, <br>Padula SA <\/br>Itali\u00eb<\/p>                <\/div>\n                            <div class=\"marker\" data-lat=\"53.04918640\" data-lng=\"5.83454660\">\n                    <p class=\"addressname\"><a href=\"https:\/\/lookadd.com\/pt-pt\/winkel_locaties\/van-slooten-opticiens\/\" title=\"Van Slooten Opticiens\">Van Slooten Opticiens<\/a><\/p><p class=\"address\">Leechein 2a, <br>AKKRUM <\/br>Nederland<\/p>                <\/div>\n                            <div class=\"marker\" data-lat=\"52.13849290\" data-lng=\"5.58692000\">\n                    <p class=\"addressname\"><a href=\"https:\/\/lookadd.com\/pt-pt\/winkel_locaties\/lookadd-optiek-2\/\" title=\"LookAdd Optiek\">LookAdd Optiek<\/a><\/p><p class=\"address\">Langstraat 68, <br>BARNEVELD <\/br>Nederland<\/p><p class=\"addressname\"><a href=\"https:\/\/lookadd.com\/pt-pt\/winkel_locaties\/blitz-optiek\/\" title=\"Blitz Optiek\">Blitz Optiek<\/a><\/p><p class=\"address\">Langstraat 68, <br>BARNEVELD <\/br>Nederland<\/p>                <\/div>\n                            <div class=\"marker\" data-lat=\"51.90985960\" data-lng=\"4.34196680\">\n                    <p class=\"addressname\"><a href=\"https:\/\/lookadd.com\/pt-pt\/winkel_locaties\/lookadd-optiek\/\" title=\"LookAdd Optiek\">LookAdd Optiek<\/a><\/p><p class=\"address\">Liesveld 149, <br>VLAARDINGEN <\/br>Nederland<\/p>                <\/div>\n                            <div class=\"marker\" data-lat=\"52.12538040\" data-lng=\"4.44620770\">\n                    <p class=\"addressname\"><a href=\"https:\/\/lookadd.com\/pt-pt\/winkel_locaties\/bentley-brillenmode\/\" title=\"Bentley Brillenmode\">Bentley Brillenmode<\/a><\/p><p class=\"address\">Schoolstraat 110, <br>VOORSCHOTEN <\/br>Nederland<\/p>                <\/div>\n                            <div class=\"marker\" data-lat=\"52.39077350\" data-lng=\"4.94369070\">\n                    <p class=\"addressname\"><a href=\"https:\/\/lookadd.com\/pt-pt\/winkel_locaties\/brillenhuis\/\" title=\"Brillenhuis\">Brillenhuis<\/a><\/p><p class=\"address\">Purmerplein 16, <br>AMSTERDAM <\/br>Nederland<\/p>                <\/div>\n                            <div class=\"marker\" data-lat=\"52.05584710\" data-lng=\"4.49772560\">\n                    <p class=\"addressname\"><a href=\"https:\/\/lookadd.com\/pt-pt\/winkel_locaties\/optique-rene\/\" title=\"Optique Rene\">Optique Rene<\/a><\/p><p class=\"address\">Dorpsstraat 93, <br>ZOETERMEER <\/br>Nederland<\/p>                <\/div>\n                            <div class=\"marker\" data-lat=\"51.64963040\" data-lng=\"3.92009460\">\n                    <p class=\"addressname\"><a href=\"https:\/\/lookadd.com\/pt-pt\/winkel_locaties\/coen-honig-opticiens\/\" title=\"Coen Honig Opticiens\">Coen Honig Opticiens<\/a><\/p><p class=\"address\">Appelmarkt 22, <br>ZIERIKZEE <\/br>Nederland<\/p>                <\/div>\n                            <div class=\"marker\" data-lat=\"51.81082400\" data-lng=\"5.00028440\">\n                    <p class=\"addressname\"><a href=\"https:\/\/lookadd.com\/pt-pt\/winkel_locaties\/altena-optiek\/\" title=\"Altena Optiek\">Altena Optiek<\/a><\/p><p class=\"address\">'t Rond 15, <br>WOUDRICHEM <\/br>Nederland<\/p>                <\/div>\n                            <div class=\"marker\" data-lat=\"51.80726500\" data-lng=\"5.72532110\">\n                    <p class=\"addressname\"><a href=\"https:\/\/lookadd.com\/pt-pt\/winkel_locaties\/wennekes-optiek\/\" title=\"Wennekes Optiek\">Wennekes Optiek<\/a><\/p><p class=\"address\">Touwslagersbaan 6, <br>WIJCHEN <\/br>Nederland<\/p>                <\/div>\n                            <div class=\"marker\" data-lat=\"52.306650\" data-lng=\"5.041040\">\n                    <p class=\"addressname\"><a href=\"https:\/\/lookadd.com\/pt-pt\/winkel_locaties\/jess-optiek\/\" title=\"Jess Optiek\">Jess Optiek<\/a><\/p><p class=\"address\">Nieuwstad 54, <br>WEESP <\/br>Nederland<\/p>                <\/div>\n                            <div class=\"marker\" data-lat=\"51.68914450\" data-lng=\"5.06703120\">\n                    <p class=\"addressname\"><a href=\"https:\/\/lookadd.com\/pt-pt\/winkel_locaties\/bouwman-brillen-b-v\/\" title=\"Bouwman Brillen B.V.\">Bouwman Brillen B.V.<\/a><\/p><p class=\"address\">Stationsstraat 23-25, <br>WAALWIJK <\/br>Nederland<\/p>                <\/div>\n                            <div class=\"marker\" data-lat=\"51.52575600\" data-lng=\"5.97432840\">\n                    <p class=\"addressname\"><a href=\"https:\/\/lookadd.com\/pt-pt\/winkel_locaties\/van-essen-optiek\/\" title=\"van Essen Optiek\">van Essen Optiek<\/a><\/p><p class=\"address\">Schoolstraat 30-A, <br>VENRAY <\/br>Nederland<\/p>                <\/div>\n                            <div class=\"marker\" data-lat=\"52.02573800\" data-lng=\"5.55760330\">\n                    <p class=\"addressname\"><a href=\"https:\/\/lookadd.com\/pt-pt\/winkel_locaties\/konings-optiek-v-o-f\/\" title=\"Konings Optiek V.O.F.\">Konings Optiek V.O.F.<\/a><\/p><p class=\"address\">Passage 57, <br>VEENENDAAL <\/br>Nederland<\/p>                <\/div>\n                            <div class=\"marker\" data-lat=\"52.02502340\" data-lng=\"5.55465470\">\n                    <p class=\"addressname\"><a href=\"https:\/\/lookadd.com\/pt-pt\/winkel_locaties\/prummel-optiek-b-v\/\" title=\"Prummel Optiek B.V.\">Prummel Optiek B.V.<\/a><\/p><p class=\"address\">Kerkewijk 15, <br>VEENENDAAL <\/br>Nederland<\/p>                <\/div>\n                            <div class=\"marker\" data-lat=\"52.28950960\" data-lng=\"5.96902160\">\n                    <p class=\"addressname\"><a href=\"https:\/\/lookadd.com\/pt-pt\/winkel_locaties\/meiling-optiek\/\" title=\"Meiling Optiek\">Meiling Optiek<\/a><\/p><p class=\"address\">Dorpsstraat 39, <br>VAASSEN <\/br>Nederland<\/p>                <\/div>\n                            <div class=\"marker\" data-lat=\"52.11432560\" data-lng=\"5.11218210\">\n                    <p class=\"addressname\"><a href=\"https:\/\/lookadd.com\/pt-pt\/winkel_locaties\/van-den-bergh-optiek-2\/\" title=\"van den Bergh Optiek\">van den Bergh Optiek<\/a><\/p><p class=\"address\">Zamenhofdreef 65, <br>UTRECHT <\/br>Nederland<\/p>                <\/div>\n                            <div class=\"marker\" data-lat=\"52.09541020\" data-lng=\"5.13032160\">\n                    <p class=\"addressname\"><a href=\"https:\/\/lookadd.com\/pt-pt\/winkel_locaties\/van-den-bergh-optiek\/\" title=\"van den Bergh Optiek\">van den Bergh Optiek<\/a><\/p><p class=\"address\">Biltstraat 80, <br>UTRECHT <\/br>Nederland<\/p>                <\/div>\n                            <div class=\"marker\" data-lat=\"52.40734760\" data-lng=\"6.78195750\">\n                    <p class=\"addressname\"><a href=\"https:\/\/lookadd.com\/pt-pt\/winkel_locaties\/toc-opticiens-bv\/\" title=\"TOC Opticiens BV\">TOC Opticiens BV<\/a><\/p><p class=\"address\">Grotestraat 54, <br>TUBBERGEN <\/br>Nederland<\/p>                <\/div>\n                            <div class=\"marker\" data-lat=\"51.56539680\" data-lng=\"5.08993920\">\n                    <p class=\"addressname\"><a href=\"https:\/\/lookadd.com\/pt-pt\/winkel_locaties\/maya-pijpers-optiek-b-v\/\" title=\"Maya Pijpers Optiek B.V.\">Maya Pijpers Optiek B.V.<\/a><\/p><p class=\"address\">Besterdring 74, <br>TILBURG <\/br>Nederland<\/p>                <\/div>\n                            <div class=\"marker\" data-lat=\"51.33726810\" data-lng=\"3.82832730\">\n                    <p class=\"addressname\"><a href=\"https:\/\/lookadd.com\/pt-pt\/winkel_locaties\/cysouw-optiek-b-v\/\" title=\"Cysouw Optiek B.V.\">Cysouw Optiek B.V.<\/a><\/p><p class=\"address\">Markt 19, <br>TERNEUZEN <\/br>Nederland<\/p>                <\/div>\n                            <div class=\"marker\" data-lat=\"50.96895790\" data-lng=\"5.76598490\">\n                    <p class=\"addressname\"><a href=\"https:\/\/lookadd.com\/pt-pt\/winkel_locaties\/haan-optiek\/\" title=\"Haan Optiek\">Haan Optiek<\/a><\/p><p class=\"address\">Raadhuisplein 55, <br>STEIN <\/br>Nederland<\/p>                <\/div>\n                            <div class=\"marker\" data-lat=\"52.78676180\" data-lng=\"6.11577160\">\n                    <p class=\"addressname\"><a href=\"https:\/\/lookadd.com\/pt-pt\/winkel_locaties\/nico-brillen-lenzen\/\" title=\"Nico Brillen &#038; Lenzen\">Nico Brillen &#038; Lenzen<\/a><\/p><p class=\"address\">Markt 24, <br>STEENWIJK <\/br>Nederland<\/p>                <\/div>\n                            <div class=\"marker\" data-lat=\"51.85615020\" data-lng=\"4.29721810\">\n                    <p class=\"addressname\"><a href=\"https:\/\/lookadd.com\/pt-pt\/winkel_locaties\/boorsma-optiek\/\" title=\"Boorsma Optiek\">Boorsma Optiek<\/a><\/p><p class=\"address\">Hadewijchplaats 54, <br>SPIJKENISSE <\/br>Nederland<\/p>                <\/div>\n                            <div class=\"marker\" data-lat=\"52.25282460\" data-lng=\"5.37807390\">\n                    <p class=\"addressname\"><a href=\"https:\/\/lookadd.com\/pt-pt\/winkel_locaties\/vof-de-brillenboetiek\/\" title=\"VOF De Brillenboetiek\">VOF De Brillenboetiek<\/a><\/p><p class=\"address\">Kerkstraat 43, <br>SPAKENBURG <\/br>Nederland<\/p>                <\/div>\n                            <div class=\"marker\" data-lat=\"52.18554980\" data-lng=\"5.29680250\">\n                    <p class=\"addressname\"><a href=\"https:\/\/lookadd.com\/pt-pt\/winkel_locaties\/hans-nota-optiek-vof\/\" title=\"Hans Nota Optiek VOF\">Hans Nota Optiek VOF<\/a><\/p><p class=\"address\">van Weedestraat 87, <br>SOEST <\/br>Nederland<\/p>                <\/div>\n                            <div class=\"marker\" data-lat=\"51.74756550\" data-lng=\"5.63031560\">\n                    <p class=\"addressname\"><a href=\"https:\/\/lookadd.com\/pt-pt\/winkel_locaties\/manders-optiek\/\" title=\"Manders Optiek\">Manders Optiek<\/a><\/p><p class=\"address\">Runstraat 10, <br>SCHAYK <\/br>Nederland<\/p>                <\/div>\n                            <div class=\"marker\" data-lat=\"52.78719280\" data-lng=\"4.80015950\">\n                    <p class=\"addressname\"><a href=\"https:\/\/lookadd.com\/pt-pt\/winkel_locaties\/brilservice-2\/\" title=\"Brilservice\">Brilservice<\/a><\/p><p class=\"address\">Gedemte gracht 56, <br>SCHAGEN <\/br>Nederland<\/p>                <\/div>\n                            <div class=\"marker\" data-lat=\"52.08650290\" data-lng=\"6.44957940\">\n                    <p class=\"addressname\"><a href=\"https:\/\/lookadd.com\/pt-pt\/winkel_locaties\/sven-voor-ogen\/\" title=\"Sven voor Ogen\">Sven voor Ogen<\/a><\/p><p class=\"address\">Dorpsstraat 17, <br>RUURLO <\/br>Nederland<\/p>                <\/div>\n                            <div class=\"marker\" data-lat=\"51.18137650\" data-lng=\"5.99762410\">\n                    <p class=\"addressname\"><a href=\"https:\/\/lookadd.com\/pt-pt\/winkel_locaties\/thijssen-optiek\/\" title=\"Thijssen Optiek\">Thijssen Optiek<\/a><\/p><p class=\"address\">Kapellerlaan 241, <br>ROERMOND <\/br>Nederland<\/p>                <\/div>\n                            <div class=\"marker\" data-lat=\"51.95746770\" data-lng=\"5.56688080\">\n                    <p class=\"addressname\"><a href=\"https:\/\/lookadd.com\/pt-pt\/winkel_locaties\/bos-brillen-b-v\/\" title=\"Bos Brillen B.V.\">Bos Brillen B.V.<\/a><\/p><p class=\"address\">Herenstraat 10, <br>RHENEN <\/br>Nederland<\/p>                <\/div>\n                            <div class=\"marker\" data-lat=\"51.69597990\" data-lng=\"4.87386030\">\n                    <p class=\"addressname\"><a href=\"https:\/\/lookadd.com\/pt-pt\/winkel_locaties\/optiek-de-lorgnet\/\" title=\"Optiek De Lorgnet\">Optiek De Lorgnet<\/a><\/p><p class=\"address\">Het Anker 2, <br>RAAMSDONKSVEER <\/br>Nederland<\/p>                <\/div>\n                            <div class=\"marker\" data-lat=\"52.38626150\" data-lng=\"6.27606280\">\n                    <p class=\"addressname\"><a href=\"https:\/\/lookadd.com\/pt-pt\/winkel_locaties\/boertie-optiek\/\" title=\"Boertie Optiek\">Boertie Optiek<\/a><\/p><p class=\"address\">Marktstraat 18, <br>RAALTE <\/br>Nederland<\/p>                <\/div>\n                            <div class=\"marker\" data-lat=\"52.01907440\" data-lng=\"4.43265920\">\n                    <p class=\"addressname\"><a href=\"https:\/\/lookadd.com\/pt-pt\/winkel_locaties\/leezr-optiek\/\" title=\"Leezr Optiek\">Leezr Optiek<\/a><\/p><p class=\"address\">Ackershof 45, <br>PIJNACKER <\/br>Nederland<\/p>                <\/div>\n                            <div class=\"marker\" data-lat=\"52.33848520\" data-lng=\"6.10766610\">\n                    <p class=\"addressname\"><a href=\"https:\/\/lookadd.com\/pt-pt\/winkel_locaties\/optiek-monique\/\" title=\"Optiek Monique\">Optiek Monique<\/a><\/p><p class=\"address\">Hendrik Droststraat 25, <br>OLST <\/br>Nederland<\/p>                <\/div>\n                            <div class=\"marker\" data-lat=\"52.31302940\" data-lng=\"6.92806450\">\n                    <p class=\"addressname\"><a href=\"https:\/\/lookadd.com\/pt-pt\/winkel_locaties\/moekotte-eyecare\/\" title=\"Moekotte Eyecare\">Moekotte Eyecare<\/a><\/p><p class=\"address\">Grootestraat 15, <br>OLDENZAAL <\/br>Nederland<\/p>                <\/div>\n                            <div class=\"marker\" data-lat=\"51.84322110\" data-lng=\"5.86434930\">\n                    <p class=\"addressname\"><a href=\"https:\/\/lookadd.com\/pt-pt\/winkel_locaties\/kooij-optiek\/\" title=\"Kooij Optiek\">Kooij Optiek<\/a><\/p><p class=\"address\">Van Welderenstraat 39, <br>NIJMEGEN <\/br>Nederland<\/p>                <\/div>\n                            <div class=\"marker\" data-lat=\"51.80785910\" data-lng=\"5.82475310\">\n                    <p class=\"addressname\"><a href=\"https:\/\/lookadd.com\/pt-pt\/winkel_locaties\/van-den-bergh-opticiensaudiciens\/\" title=\"Van den Bergh Opticiens&#038;Audiciens\">Van den Bergh Opticiens&#038;Audiciens<\/a><\/p><p class=\"address\">Hatertseweg 825, <br>NIJMEGEN <\/br>Nederland<\/p>                <\/div>\n                            <div class=\"marker\" data-lat=\"51.84686630\" data-lng=\"5.86313990\">\n                    <p class=\"addressname\"><a href=\"https:\/\/lookadd.com\/pt-pt\/winkel_locaties\/kock-bril-shop-b-v\/\" title=\"Kock Bril Shop B.V.\">Kock Bril Shop B.V.<\/a><\/p><p class=\"address\">Augustijnenstraat 36, <br>NIJMEGEN <\/br>Nederland<\/p>                <\/div>\n                            <div class=\"marker\" data-lat=\"51.84642780\" data-lng=\"5.86265630\">\n                    <p class=\"addressname\"><a href=\"https:\/\/lookadd.com\/pt-pt\/winkel_locaties\/brillencentrale-francissen\/\" title=\"Brillencentrale Francissen\">Brillencentrale Francissen<\/a><\/p><p class=\"address\">Augustijnenstraat 2, <br>NIJMEGEN <\/br>Nederland<\/p>                <\/div>\n                            <div class=\"marker\" data-lat=\"51.96596290\" data-lng=\"4.60649250\">\n                    <p class=\"addressname\"><a href=\"https:\/\/lookadd.com\/pt-pt\/winkel_locaties\/grit-optiek-b-v\/\" title=\"Grit Optiek B.V.\">Grit Optiek B.V.<\/a><\/p><p class=\"address\">Dorrestein 12, <br>NIEUWEKERK AAN DE IJSSEL <\/br>Nederland<\/p>                <\/div>\n                            <div class=\"marker\" data-lat=\"51.99237340\" data-lng=\"4.20803440\">\n                    <p class=\"addressname\"><a href=\"https:\/\/lookadd.com\/pt-pt\/winkel_locaties\/van-daalen-optiek\/\" title=\"van Daalen Optiek\">van Daalen Optiek<\/a><\/p><p class=\"address\">WC De Tuinen 15, <br>NAALDWIJK <\/br>Nederland<\/p>                <\/div>\n                            <div class=\"marker\" data-lat=\"52.02260830\" data-lng=\"4.17175280\">\n                    <p class=\"addressname\"><a href=\"https:\/\/lookadd.com\/pt-pt\/winkel_locaties\/ogenblikje-optiek\/\" title=\"Ogenblikje Optiek\">Ogenblikje Optiek<\/a><\/p><p class=\"address\">Kerkplein 2, <br>MONSTER <\/br>Nederland<\/p>                <\/div>\n                            <div class=\"marker\" data-lat=\"52.14182220\" data-lng=\"5.05080480\">\n                    <p class=\"addressname\"><a href=\"https:\/\/lookadd.com\/pt-pt\/winkel_locaties\/optivisit-de-opticien-aan-huis\/\" title=\"Optivisit &#8211; De opticien aan huis\">Optivisit &#8211; De opticien aan huis<\/a><\/p><p class=\"address\">Omgeving Utrecht, <br>Utrecht en omgeving <\/br>Nederland<\/p>                <\/div>\n                            <div class=\"marker\" data-lat=\"51.98783410\" data-lng=\"6.56503690\">\n                    <p class=\"addressname\"><a href=\"https:\/\/lookadd.com\/pt-pt\/winkel_locaties\/brilcentrum-smale\/\" title=\"Brilcentrum Smale\">Brilcentrum Smale<\/a><\/p><p class=\"address\">Rapenburgsestraat 34, <br>LICHTENVOORDE <\/br>Nederland<\/p>                <\/div>\n                            <div class=\"marker\" data-lat=\"52.01017740\" data-lng=\"5.43274860\">\n                    <p class=\"addressname\"><a href=\"https:\/\/lookadd.com\/pt-pt\/winkel_locaties\/optiversum-leersum-optiek-bv\/\" title=\"Optiversum Leersum Optiek BV\">Optiversum Leersum Optiek BV<\/a><\/p><p class=\"address\">Kerkweg 2, <br>LEERSUM <\/br>Nederland<\/p>                <\/div>\n                            <div class=\"marker\" data-lat=\"53.16271420\" data-lng=\"6.39035860\">\n                    <p class=\"addressname\"><a href=\"https:\/\/lookadd.com\/pt-pt\/winkel_locaties\/pro-optiek\/\" title=\"Pro Optiek\">Pro Optiek<\/a><\/p><p class=\"address\">Samuel Leviestraat 53, <br>LEEK <\/br>Nederland<\/p>                <\/div>\n                            <div class=\"marker\" data-lat=\"50.83553000\" data-lng=\"3.26283000\">\n                    <p class=\"addressname\"><a href=\"https:\/\/lookadd.com\/pt-pt\/winkel_locaties\/eyeboutique-bvba\/\" title=\"EyeBoutique bvba\">EyeBoutique bvba<\/a><\/p><p class=\"address\">Burg. Vercruysselaan 35, <br>KORTRIJK <\/br>Belgi\u00eb<\/p>                <\/div>\n                            <div class=\"marker\" data-lat=\"52.14881800\" data-lng=\"5.65989600\">\n                    <p class=\"addressname\"><a href=\"https:\/\/lookadd.com\/pt-pt\/winkel_locaties\/kaasschieter-brillen-kootwijkerbroek\/\" title=\"Kaasschieter Brillen Kootwijkerbroek\">Kaasschieter Brillen Kootwijkerbroek<\/a><\/p><p class=\"address\">De Spil 29, <br>KOOTWIJKERBROEK <\/br>Nederland<\/p>                <\/div>\n                            <div class=\"marker\" data-lat=\"51.93333240\" data-lng=\"5.57403190\">\n                    <p class=\"addressname\"><a href=\"https:\/\/lookadd.com\/pt-pt\/winkel_locaties\/damme-optiek\/\" title=\"Damme Optiek\">Damme Optiek<\/a><\/p><p class=\"address\">Hoofdstraat 28, <br>KESTEREN <\/br>Nederland<\/p>                <\/div>\n                            <div class=\"marker\" data-lat=\"51.77226480\" data-lng=\"5.34048950\">\n                    <p class=\"addressname\"><a href=\"https:\/\/lookadd.com\/pt-pt\/winkel_locaties\/derks-optiek\/\" title=\"Derks Optiek\">Derks Optiek<\/a><\/p><p class=\"address\">Mgr.Zwijsenplein 32, <br>KERKDRIEL <\/br>Nederland<\/p>                <\/div>\n                            <div class=\"marker\" data-lat=\"51.66157030\" data-lng=\"5.03362950\">\n                    <p class=\"addressname\"><a href=\"https:\/\/lookadd.com\/pt-pt\/winkel_locaties\/brekelmans-optiek\/\" title=\"Brekelmans Optiek\">Brekelmans Optiek<\/a><\/p><p class=\"address\">Poolsestraat 2, <br>KAATSHEUVEL <\/br>Nederland<\/p>                <\/div>\n                            <div class=\"marker\" data-lat=\"51.45057010\" data-lng=\"6.05319280\">\n                    <p class=\"addressname\"><a href=\"https:\/\/lookadd.com\/pt-pt\/winkel_locaties\/kruytzer-optiek-b-v\/\" title=\"Kruytzer Optiek B.V.\">Kruytzer Optiek B.V.<\/a><\/p><p class=\"address\">Kerkstraat 17, <br>HORST <\/br>Nederland<\/p>                <\/div>\n                            <div class=\"marker\" data-lat=\"51.48438470\" data-lng=\"5.13773490\">\n                    <p class=\"addressname\"><a href=\"https:\/\/lookadd.com\/pt-pt\/winkel_locaties\/driesser-optiek\/\" title=\"Driesser Optiek\">Driesser Optiek<\/a><\/p><p class=\"address\">Diessenseweg 3, <br>HILVARENBEEK <\/br>Nederland<\/p>                <\/div>\n                            <div class=\"marker\" data-lat=\"52.26450980\" data-lng=\"6.79589120\">\n                    <p class=\"addressname\"><a href=\"https:\/\/lookadd.com\/pt-pt\/winkel_locaties\/ophof-optiek\/\" title=\"Ophof Optiek\">Ophof Optiek<\/a><\/p><p class=\"address\">Enschedesestraat 27, <br>HENGELO <\/br>Nederland<\/p>                <\/div>\n                            <div class=\"marker\" data-lat=\"52.95905650\" data-lng=\"5.92470770\">\n                    <p class=\"addressname\"><a href=\"https:\/\/lookadd.com\/pt-pt\/winkel_locaties\/beenen-brillen\/\" title=\"Beenen Brillen\">Beenen Brillen<\/a><\/p><p class=\"address\">Wettertoer 18-19, <br>HEERENVEEN <\/br>Nederland<\/p>                <\/div>\n                            <div class=\"marker\" data-lat=\"52.09647040\" data-lng=\"4.59228630\">\n                    <p class=\"addressname\"><a href=\"https:\/\/lookadd.com\/pt-pt\/winkel_locaties\/tuijn-optiek\/\" title=\"Tuijn Optiek\">Tuijn Optiek<\/a><\/p><p class=\"address\">Dorpsstraat 116, <br>HAZERSWOUDE <\/br>Nederland<\/p>                <\/div>\n                            <div class=\"marker\" data-lat=\"51.52440130\" data-lng=\"4.27011260\">\n                    <p class=\"addressname\"><a href=\"https:\/\/lookadd.com\/pt-pt\/winkel_locaties\/ben-van-der-heiden-zien-zorg\/\" title=\"Ben van der Heiden zien &#038; zorg\">Ben van der Heiden zien &#038; zorg<\/a><\/p><p class=\"address\">Dorpsstraat 128, <br>HALSTEREN <\/br>Nederland<\/p>                <\/div>\n                            <div class=\"marker\" data-lat=\"51.50240450\" data-lng=\"3.89172690\">\n                    <p class=\"addressname\"><a href=\"https:\/\/lookadd.com\/pt-pt\/winkel_locaties\/de-muynck-optiek-vof\/\" title=\"de Muynck Optiek VOF\">de Muynck Optiek VOF<\/a><\/p><p class=\"address\">Ganzepoortstraat 3, <br>GOES <\/br>Nederland<\/p>                <\/div>\n                            <div class=\"marker\" data-lat=\"51.54302620\" data-lng=\"4.94109010\">\n                    <p class=\"addressname\"><a href=\"https:\/\/lookadd.com\/pt-pt\/winkel_locaties\/konings-optiek\/\" title=\"Konings Optiek\">Konings Optiek<\/a><\/p><p class=\"address\">Nieuwstraat 16, <br>GILZE <\/br>Nederland<\/p>                <\/div>\n                            <div class=\"marker\" data-lat=\"52.62391610\" data-lng=\"6.04089670\">\n                    <p class=\"addressname\"><a href=\"https:\/\/lookadd.com\/pt-pt\/winkel_locaties\/firma-s-brouwer\/\" title=\"Firma S. Brouwer\">Firma S. Brouwer<\/a><\/p><p class=\"address\">Havenplein 1B, <br>GENEMUIDEN <\/br>Nederland<\/p>                <\/div>\n                            <div class=\"marker\" data-lat=\"51.88358300\" data-lng=\"5.28980270\">\n                    <p class=\"addressname\"><a href=\"https:\/\/lookadd.com\/pt-pt\/winkel_locaties\/optiek-van-der-weij\/\" title=\"Optiek van der Weij\">Optiek van der Weij<\/a><\/p><p class=\"address\">Rijksstraatweg 12, <br>GELDERMALSEN <\/br>Nederland<\/p>                <\/div>\n                            <div class=\"marker\" data-lat=\"51.88291060\" data-lng=\"5.29201180\">\n                    <p class=\"addressname\"><a href=\"https:\/\/lookadd.com\/pt-pt\/winkel_locaties\/wilfred-de-jong-oogzorg-geldermalsen\/\" title=\"Wilfred de Jong Oogzorg Geldermalsen\">Wilfred de Jong Oogzorg Geldermalsen<\/a><\/p><p class=\"address\">Geldersestraat 40, <br>GELDERMALSEN <\/br>Nederland<\/p>                <\/div>\n                            <div class=\"marker\" data-lat=\"52.30017810\" data-lng=\"5.62384990\">\n                    <p class=\"addressname\"><a href=\"https:\/\/lookadd.com\/pt-pt\/winkel_locaties\/tempel-optiek-b-v\/\" title=\"Tempel Optiek B.V.\">Tempel Optiek B.V.<\/a><\/p><p class=\"address\">Stationsstraat 63, <br>ERMELO <\/br>Nederland<\/p>                <\/div>\n                            <div class=\"marker\" data-lat=\"52.34754590\" data-lng=\"5.98464760\">\n                    <p class=\"addressname\"><a href=\"https:\/\/lookadd.com\/pt-pt\/winkel_locaties\/robert-bos-opticiens\/\" title=\"Robert Bos Opticiens\">Robert Bos Opticiens<\/a><\/p><p class=\"address\">Markt 4, <br>EPE <\/br>Nederland<\/p>                <\/div>\n                            <div class=\"marker\" data-lat=\"52.29201510\" data-lng=\"6.57576820\">\n                    <p class=\"addressname\"><a href=\"https:\/\/lookadd.com\/pt-pt\/winkel_locaties\/groothuis-optiek\/\" title=\"Groothuis Optiek\">Groothuis Optiek<\/a><\/p><p class=\"address\">Dorpsstraat 134, <br>ENTER <\/br>Nederland<\/p>                <\/div>\n                            <div class=\"marker\" data-lat=\"52.71147750\" data-lng=\"5.75668290\">\n                    <p class=\"addressname\"><a href=\"https:\/\/lookadd.com\/pt-pt\/winkel_locaties\/vriesman-b-v\/\" title=\"Vriesman B.V.\">Vriesman B.V.<\/a><\/p><p class=\"address\">Lange Nering 51, <br>EMMELOORD <\/br>Nederland<\/p>                <\/div>\n                            <div class=\"marker\" data-lat=\"52.44834910\" data-lng=\"5.83336020\">\n                    <p class=\"addressname\"><a href=\"https:\/\/lookadd.com\/pt-pt\/winkel_locaties\/hans-schroten-optiek\/\" title=\"Hans Schroten Optiek\">Hans Schroten Optiek<\/a><\/p><p class=\"address\">Beekstraat 32, <br>ELBURG <\/br>Nederland<\/p>                <\/div>\n                            <div class=\"marker\" data-lat=\"52.04188210\" data-lng=\"5.64395420\">\n                    <p class=\"addressname\"><a href=\"https:\/\/lookadd.com\/pt-pt\/winkel_locaties\/optiek-sloof\/\" title=\"Optiek Sloof\">Optiek Sloof<\/a><\/p><p class=\"address\">Bellestein 21, <br>EDE <\/br>Nederland<\/p>                <\/div>\n                            <div class=\"marker\" data-lat=\"51.68597060\" data-lng=\"5.13198560\">\n                    <p class=\"addressname\"><a href=\"https:\/\/lookadd.com\/pt-pt\/winkel_locaties\/optiek-van-den-dries\/\" title=\"Optiek van den Dries\">Optiek van den Dries<\/a><\/p><p class=\"address\">de Grotestraat 129, <br>DRUNEN <\/br>Nederland<\/p>                <\/div>\n                            <div class=\"marker\" data-lat=\"52.03593860\" data-lng=\"5.34453140\">\n                    <p class=\"addressname\"><a href=\"https:\/\/lookadd.com\/pt-pt\/winkel_locaties\/oog-oor\/\" title=\"Oog &#038; Oor\">Oog &#038; Oor<\/a><\/p><p class=\"address\">Kampweg 14, <br>DOORN <\/br>Nederland<\/p>                <\/div>\n                            <div class=\"marker\" data-lat=\"51.62567460\" data-lng=\"4.94276110\">\n                    <p class=\"addressname\"><a href=\"https:\/\/lookadd.com\/pt-pt\/winkel_locaties\/stassar-optiek-2\/\" title=\"Stassar Optiek\">Stassar Optiek<\/a><\/p><p class=\"address\">Looiersplein 22, <br>DONGEN <\/br>Nederland<\/p>                <\/div>\n                            <div class=\"marker\" data-lat=\"52.01435110\" data-lng=\"6.13498420\">\n                    <p class=\"addressname\"><a href=\"https:\/\/lookadd.com\/pt-pt\/winkel_locaties\/optiek-hillenaar\/\" title=\"Optiek Hillenaar\">Optiek Hillenaar<\/a><\/p><p class=\"address\">Kerkstraat 21, <br>DOESBURG <\/br>Nederland<\/p>                <\/div>\n                            <div class=\"marker\" data-lat=\"52.26892760\" data-lng=\"6.16422530\">\n                    <p class=\"addressname\"><a href=\"https:\/\/lookadd.com\/pt-pt\/winkel_locaties\/optiek-keizers-landen\/\" title=\"Optiek Keizers Landen\">Optiek Keizers Landen<\/a><\/p><p class=\"address\">Karel de Groteplein 22, <br>DEVENTER <\/br>Nederland<\/p>                <\/div>\n                            <div class=\"marker\" data-lat=\"52.95914280\" data-lng=\"4.76178400\">\n                    <p class=\"addressname\"><a href=\"https:\/\/lookadd.com\/pt-pt\/winkel_locaties\/faber-optiek\/\" title=\"Faber Optiek\">Faber Optiek<\/a><\/p><p class=\"address\">Spoorstraat 9, <br>DEN HELDER <\/br>Nederland<\/p>                <\/div>\n                            <div class=\"marker\" data-lat=\"52.01083210\" data-lng=\"4.35837450\">\n                    <p class=\"addressname\"><a href=\"https:\/\/lookadd.com\/pt-pt\/winkel_locaties\/v-d-leeuw-optiek-b-v\/\" title=\"v.d. Leeuw Optiek B.V.\">v.d. Leeuw Optiek B.V.<\/a><\/p><p class=\"address\">Oude Langendijk 1, <br>DELFT <\/br>Nederland<\/p>                <\/div>\n                            <div class=\"marker\" data-lat=\"52.11102530\" data-lng=\"5.18228910\">\n                    <p class=\"addressname\"><a href=\"https:\/\/lookadd.com\/pt-pt\/winkel_locaties\/van-eijken-optiek-b-v\/\" title=\"van Eijken Optiek B.V.\">van Eijken Optiek B.V.<\/a><\/p><p class=\"address\">Hessenweg 186, <br>DE BILT <\/br>Nederland<\/p>                <\/div>\n                            <div class=\"marker\" data-lat=\"51.95876060\" data-lng=\"5.22454940\">\n                    <p class=\"addressname\"><a href=\"https:\/\/lookadd.com\/pt-pt\/winkel_locaties\/schipper-opticiens\/\" title=\"Schipper Opticiens\">Schipper Opticiens<\/a><\/p><p class=\"address\">Tollenstraat 1, <br>CULEMBORG <\/br>Nederland<\/p>                <\/div>\n                            <div class=\"marker\" data-lat=\"51.95314470\" data-lng=\"5.23955300\">\n                    <p class=\"addressname\"><a href=\"https:\/\/lookadd.com\/pt-pt\/winkel_locaties\/wilfred-de-jong-oogzorg-culemborg\/\" title=\"Wilfred de Jong Oogzorg Culemborg\">Wilfred de Jong Oogzorg Culemborg<\/a><\/p><p class=\"address\">Chopinplein 18, <br>CULEMBORG <\/br>Nederland<\/p>                <\/div>\n                            <div class=\"marker\" data-lat=\"52.25136870\" data-lng=\"5.37588400\">\n                    <p class=\"addressname\"><a href=\"https:\/\/lookadd.com\/pt-pt\/winkel_locaties\/wouter-optiek\/\" title=\"Wouter Optiek\">Wouter Optiek<\/a><\/p><p class=\"address\">Colijnstraat 42a, <br>BUNSCHOTEN-SPAKENBURG <\/br>Nederland<\/p>                <\/div>\n                            <div class=\"marker\" data-lat=\"52.17217270\" data-lng=\"5.00237690\">\n                    <p class=\"addressname\"><a href=\"https:\/\/lookadd.com\/pt-pt\/winkel_locaties\/kok-optiek\/\" title=\"Kok Optiek\">Kok Optiek<\/a><\/p><p class=\"address\">Kerkbrink 11, <br>BREUKELEN <\/br>Nederland<\/p>                <\/div>\n                            <div class=\"marker\" data-lat=\"51.64711330\" data-lng=\"5.95205070\">\n                    <p class=\"addressname\"><a href=\"https:\/\/lookadd.com\/pt-pt\/winkel_locaties\/j-van-wely-optiek-bv\/\" title=\"J. van Wely Optiek BV\">J. van Wely Optiek BV<\/a><\/p><p class=\"address\">Steenstraat 49, <br>BOXMEER <\/br>Nederland<\/p>                <\/div>\n                            <div class=\"marker\" data-lat=\"51.86043260\" data-lng=\"5.77165220\">\n                    <p class=\"addressname\"><a href=\"https:\/\/lookadd.com\/pt-pt\/winkel_locaties\/schippers-optiek\/\" title=\"Schippers Optiek\">Schippers Optiek<\/a><\/p><p class=\"address\">Julianaplein 29, <br>BEUNINGEN <\/br>Nederland<\/p>                <\/div>\n                            <div class=\"marker\" data-lat=\"51.49519230\" data-lng=\"4.28703970\">\n                    <p class=\"addressname\"><a href=\"https:\/\/lookadd.com\/pt-pt\/winkel_locaties\/van-os-optiek\/\" title=\"van Os Optiek\">van Os Optiek<\/a><\/p><p class=\"address\">Kremerstraat 13, <br>BERGEN OP ZOOM <\/br>Nederland<\/p>                <\/div>\n                            <div class=\"marker\" data-lat=\"51.88155990\" data-lng=\"5.51329660\">\n                    <p class=\"addressname\"><a href=\"https:\/\/lookadd.com\/pt-pt\/winkel_locaties\/van-tiem-optiek-vof\/\" title=\"van Tiem Optiek vof\">van Tiem Optiek vof<\/a><\/p><p class=\"address\">Zandstraat 97, <br>BENEDEN LEEUWEN <\/br>Nederland<\/p>                <\/div>\n                            <div class=\"marker\" data-lat=\"51.44337480\" data-lng=\"4.93209170\">\n                    <p class=\"addressname\"><a href=\"https:\/\/lookadd.com\/pt-pt\/winkel_locaties\/stassar-optiek\/\" title=\"Stassar Optiek\">Stassar Optiek<\/a><\/p><p class=\"address\">Sint Annaplein 14, <br>BAARLE-NASSAU <\/br>Nederland<\/p>                <\/div>\n                            <div class=\"marker\" data-lat=\"52.22693120\" data-lng=\"5.95713550\">\n                    <p class=\"addressname\"><a href=\"https:\/\/lookadd.com\/pt-pt\/winkel_locaties\/raad-optiek\/\" title=\"Raad Optiek\">Raad Optiek<\/a><\/p><p class=\"address\">Koninginnelaan 101a, <br>APELDOORN <\/br>Nederland<\/p>                <\/div>\n                            <div class=\"marker\" data-lat=\"52.37334330\" data-lng=\"4.88653730\">\n                    <p class=\"addressname\"><a href=\"https:\/\/lookadd.com\/pt-pt\/winkel_locaties\/opticien-bas\/\" title=\"Opticien Bas\">Opticien Bas<\/a><\/p><p class=\"address\">Raadhuisstraat 25, <br>AMSTERDAM <\/br>Nederland<\/p>                <\/div>\n                            <div class=\"marker\" data-lat=\"52.36509650\" data-lng=\"4.86449500\">\n                    <p class=\"addressname\"><a href=\"https:\/\/lookadd.com\/pt-pt\/winkel_locaties\/teeling-optiek-contactlenzen-2\/\" title=\"Teeling Optiek Contactlenzen\">Teeling Optiek Contactlenzen<\/a><\/p><p class=\"address\">Kinkerstraat 263, <br>AMSTERDAM <\/br>Nederland<\/p>                <\/div>\n                            <div class=\"marker\" data-lat=\"52.37515920\" data-lng=\"4.86090400\">\n                    <p class=\"addressname\"><a href=\"https:\/\/lookadd.com\/pt-pt\/winkel_locaties\/george-de-jong-optiek\/\" title=\"George de Jong Optiek\">George de Jong Optiek<\/a><\/p><p class=\"address\">Jan van Galenstraat 84-86, <br>AMSTERDAM <\/br>Nederland<\/p>                <\/div>\n                            <div class=\"marker\" data-lat=\"52.31260170\" data-lng=\"4.87567990\">\n                    <p class=\"addressname\"><a href=\"https:\/\/lookadd.com\/pt-pt\/winkel_locaties\/bert-de-haan-speciaal-optiek\/\" title=\"Bert de Haan Speciaal Optiek\">Bert de Haan Speciaal Optiek<\/a><\/p><p class=\"address\">Kostverlorenhof 160, <br>AMSTELVEEN <\/br>Nederland<\/p>                <\/div>\n                            <div class=\"marker\" data-lat=\"52.28867720\" data-lng=\"4.86957920\">\n                    <p class=\"addressname\"><a href=\"https:\/\/lookadd.com\/pt-pt\/winkel_locaties\/groenhof-optiek-b-v\/\" title=\"Groenhof Optiek B.V.\">Groenhof Optiek B.V.<\/a><\/p><p class=\"address\">Groenhof 155, <br>AMSTELVEEN <\/br>Nederland<\/p>                <\/div>\n                            <div class=\"marker\" data-lat=\"52.19921240\" data-lng=\"5.37579460\">\n                    <p class=\"addressname\"><a href=\"https:\/\/lookadd.com\/pt-pt\/winkel_locaties\/ferron-optiek\/\" title=\"Ferron Optiek\">Ferron Optiek<\/a><\/p><p class=\"address\">Zonnenwijzer 8-10, <br>AMERSFOORT <\/br>Nederland<\/p>                <\/div>\n                            <div class=\"marker\" data-lat=\"52.15993440\" data-lng=\"5.36632640\">\n                    <p class=\"addressname\"><a href=\"https:\/\/lookadd.com\/pt-pt\/winkel_locaties\/joyce-optiek\/\" title=\"Joyce Optiek\">Joyce Optiek<\/a><\/p><p class=\"address\">Noordewierweg 117, <br>AMERSFOORT <\/br>Nederland<\/p>                <\/div>\n                            <div class=\"marker\" data-lat=\"52.14553710\" data-lng=\"5.38223630\">\n                    <p class=\"addressname\"><a href=\"https:\/\/lookadd.com\/pt-pt\/winkel_locaties\/jekel\/\" title=\"Jekel\">Jekel<\/a><\/p><p class=\"address\">Leusderweg 90, <br>AMERSFOORT <\/br>Nederland<\/p>                <\/div>\n                            <div class=\"marker\" data-lat=\"52.15715910\" data-lng=\"5.39258410\">\n                    <p class=\"addressname\"><a href=\"https:\/\/lookadd.com\/pt-pt\/winkel_locaties\/van-der-woerd-optiek\/\" title=\"van der Woerd Optiek\">van der Woerd Optiek<\/a><\/p><p class=\"address\">Kamper Binnenpoort 2, <br>AMERSFOORT <\/br>Nederland<\/p>                <\/div>\n                            <div class=\"groothandel-marker\" data-lat=\"50.282690\" data-lng=\"7.616218\">\n                    <p class=\"addressname\"><a href=\"https:\/\/lookadd.com\/pt-pt\/winkel_locaties\/kray-optik\/\" title=\"Kray Optik\">Kray Optik<\/a><\/p><p class=\"address\">Hochstra\u00dfe 33, <br>Rhens <\/br>Duitsland<\/p>                <\/div>\n                            <div class=\"groothandel-marker\" data-lat=\"51.5624072\" data-lng=\"5.4592608\">\n                    <p class=\"addressname\"><a href=\"https:\/\/lookadd.com\/pt-pt\/winkel_locaties\/optiek-moonen\/\" title=\"Optiek Moonen\">Optiek Moonen<\/a><\/p><p class=\"address\">Heuvel 42, <br>Sint Oedenrode <\/br>Nederland<\/p>                <\/div>\n                            <div class=\"groothandel-marker\" data-lat=\"52.7839114\" data-lng=\"6.8947499\">\n                    <p class=\"addressname\"><a href=\"https:\/\/lookadd.com\/pt-pt\/winkel_locaties\/hofland-optiek-emmen\/\" title=\"Hofland Optiek Emmen\">Hofland Optiek Emmen<\/a><\/p><p class=\"address\">Mondriaanplein 1-3, <br>Oldenzaal <\/br>Nederland<\/p>                <\/div>\n                            <div class=\"groothandel-marker\" data-lat=\"52.3119272\" data-lng=\"6.9281635\">\n                    <p class=\"addressname\"><a href=\"https:\/\/lookadd.com\/pt-pt\/winkel_locaties\/hofland-optiek-oldenzaal\/\" title=\"Hofland Optiek Oldenzaal\">Hofland Optiek Oldenzaal<\/a><\/p><p class=\"address\">St. Plechelmusplein 13, <br>Oldenzaal <\/br>Nederland<\/p>                <\/div>\n                            <div class=\"groothandel-marker\" data-lat=\"52.0789067\" data-lng=\"4.2731868\">\n                    <p class=\"addressname\"><a href=\"https:\/\/lookadd.com\/pt-pt\/winkel_locaties\/bos-optiek\/\" title=\"Bos Optiek\">Bos Optiek<\/a><\/p><p class=\"address\">Thomsonlaan 40, <br>Den Haag <\/br>Nederland<\/p>                <\/div>\n                            <div class=\"groothandel-marker\" data-lat=\"50.915333\" data-lng=\"5.954883\">\n                    <p class=\"addressname\"><a href=\"https:\/\/lookadd.com\/pt-pt\/winkel_locaties\/dirk-jan-voor-ogen\/\" title=\"Dirk-Jan voor ogen\">Dirk-Jan voor ogen<\/a><\/p><p class=\"address\">Wannerstraat 125, <br>Heerlen <\/br>Nederland<\/p>                <\/div>\n                            <div class=\"groothandel-marker\" data-lat=\"51.772270\" data-lng=\"5.340530\">\n                    <p class=\"addressname\"><a href=\"https:\/\/lookadd.com\/pt-pt\/winkel_locaties\/meijnbach-optiek\/\" title=\"Meijnbach Optiek\">Meijnbach Optiek<\/a><\/p><p class=\"address\">Monseigneur Zwijsenplein 32, <br>Kerkdriel <\/br>Nederland<\/p>                <\/div>\n                            <div class=\"groothandel-marker\" data-lat=\"51.836841\" data-lng=\"4.960548\">\n                    <p class=\"addressname\"><a href=\"https:\/\/lookadd.com\/pt-pt\/winkel_locaties\/bliek-optiek\/\" title=\"Bliek optiek\">Bliek optiek<\/a><\/p><p class=\"address\">Schoutstraat 27, <br>Gorinchem <\/br>Nederland<\/p>                <\/div>\n                            <div class=\"groothandel-marker\" data-lat=\"52.923220\" data-lng=\"6.790430\">\n                    <p class=\"addressname\"><a href=\"https:\/\/lookadd.com\/pt-pt\/winkel_locaties\/sturing-optiek\/\" title=\"Sturing Optiek\">Sturing Optiek<\/a><\/p><p class=\"address\">Achter de Brink 20, <br>Borger <\/br>Nederland<\/p>                <\/div>\n                            <div class=\"groothandel-marker\" data-lat=\"51.090050\" data-lng=\"3.447410\">\n                    <p class=\"addressname\"><a href=\"https:\/\/lookadd.com\/pt-pt\/winkel_locaties\/optiek-tweyes\/\" title=\"Optiek Tweyes\">Optiek Tweyes<\/a><\/p><p class=\"address\">Stationsstraat 198, <br>Aalter <\/br>Belgi\u00eb<\/p>                <\/div>\n                            <div class=\"groothandel-marker\" data-lat=\"51.941490\" data-lng=\"5.893930\">\n                    <p class=\"addressname\"><a href=\"https:\/\/lookadd.com\/pt-pt\/winkel_locaties\/eyewatch-optiek\/\" title=\"Eyewatch optiek\">Eyewatch optiek<\/a><\/p><p class=\"address\">Op het Toneel 5, <br>Arnhem <\/br>Nederland<\/p>                <\/div>\n                            <div class=\"groothandel-marker\" data-lat=\"51.965130\" data-lng=\"4.571490\">\n                    <p class=\"addressname\"><a href=\"https:\/\/lookadd.com\/pt-pt\/winkel_locaties\/opto-ring\/\" title=\"Opto-ring\">Opto-ring<\/a><\/p><p class=\"address\">Ambachtsplein 14-16, <br>Rotterdam Alexander <\/br>Nederland<\/p>                <\/div>\n                            <div class=\"groothandel-marker\" data-lat=\"52.191540\" data-lng=\"6.880050\">\n                    <p class=\"addressname\"><a href=\"https:\/\/lookadd.com\/pt-pt\/winkel_locaties\/optiek-wesselerbrink\/\" title=\"Optiek Wesselerbrink\">Optiek Wesselerbrink<\/a><\/p><p class=\"address\">Wesseler-Nering 20, <br>Enschede <\/br>Nederland<\/p>                <\/div>\n                            <div class=\"groothandel-marker\" data-lat=\"52.551350\" data-lng=\"4.906780\">\n                    <p class=\"addressname\"><a href=\"https:\/\/lookadd.com\/pt-pt\/winkel_locaties\/optiek-support\/\" title=\"Optiek Support\">Optiek Support<\/a><\/p><p class=\"address\">H.M. van Randwijklaan 18, <br>Middenbeemster <\/br>Nederland<\/p>                <\/div>\n                            <div class=\"groothandel-marker\" data-lat=\"51.547510\" data-lng=\"7.313460\">\n                    <p class=\"addressname\"><a href=\"https:\/\/lookadd.com\/pt-pt\/winkel_locaties\/optik-trompeter\/\" title=\"Optik Trompeter\">Optik Trompeter<\/a><\/p><p class=\"address\">Wittener Str. 32, <br>Castrop-Rauxel <\/br>Duitsland<\/p>                <\/div>\n                            <div class=\"groothandel-marker\" data-lat=\"51.643690\" data-lng=\"4.859410\">\n                    <p class=\"addressname\"><a href=\"https:\/\/lookadd.com\/pt-pt\/winkel_locaties\/meye-optiek\/\" title=\"MeYe Optiek\">MeYe Optiek<\/a><\/p><p class=\"address\">Keiweg 4, <br>Oosterhout <\/br>Nederland<\/p>                <\/div>\n                            <div class=\"groothandel-marker\" data-lat=\"49.97238410\" data-lng=\"8.79433560\">\n                    <p class=\"addressname\"><a href=\"https:\/\/lookadd.com\/pt-pt\/winkel_locaties\/schallmayer-optik-2\/\" title=\"SCHALLMAYER OPTIK\">SCHALLMAYER OPTIK<\/a><\/p><p class=\"address\">Konrad Adenauer Stra\u00dfe, 19, <br>R\u00d6DERMARK <\/br>Duitsland<\/p>                <\/div>\n                            <div class=\"groothandel-marker\" data-lat=\"51.57539360\" data-lng=\"5.03869370\">\n                    <p class=\"addressname\"><a href=\"https:\/\/lookadd.com\/pt-pt\/winkel_locaties\/de-haas-opticiens\/\" title=\"De Haas Opticiens\">De Haas Opticiens<\/a><\/p><p class=\"address\">Paletplein 27, <br>TILBURG <\/br>Nederland<\/p>                <\/div>\n                            <div class=\"groothandel-marker\" data-lat=\"52.697840\" data-lng=\"6.190290\">\n                    <p class=\"addressname\"><a href=\"https:\/\/lookadd.com\/pt-pt\/winkel_locaties\/briluniek-henk-zwiers\/\" title=\"Briluniek Henk Zwiers\">Briluniek Henk Zwiers<\/a><\/p><p class=\"address\">Hoofdstraat 38, <br>MEPPEL <\/br>Nederland<\/p>                <\/div>\n                            <div class=\"groothandel-marker\" data-lat=\"52.13710800\" data-lng=\"5.42902200\">\n                    <p class=\"addressname\"><a href=\"https:\/\/lookadd.com\/pt-pt\/winkel_locaties\/optiek-leusden\/\" title=\"Optiek Leusden\">Optiek Leusden<\/a><\/p><p class=\"address\">De Biezenkamp 162, <br>LEUSDEN <\/br>Nederland<\/p>                <\/div>\n                            <div class=\"groothandel-marker\" data-lat=\"53.22257910\" data-lng=\"6.56449490\">\n                    <p class=\"addressname\"><a href=\"https:\/\/lookadd.com\/pt-pt\/winkel_locaties\/sportel-optiek\/\" title=\"Sportel Optiek\">Sportel Optiek<\/a><\/p><p class=\"address\">Nw.Ebbingestraat 14, <br>GRONINGEN <\/br>Nederland<\/p>                <\/div>\n                            <div class=\"groothandel-marker\" data-lat=\"51.8455253\" data-lng=\"5.8648332\">\n                    <p class=\"addressname\"><a href=\"https:\/\/lookadd.com\/pt-pt\/winkel_locaties\/hofland-optiek-nijmegen\/\" title=\"Hofland Optiek Nijmegen\">Hofland Optiek Nijmegen<\/a><\/p><p class=\"address\">Koningstraat 12 , <br>Nijmegen <\/br>Nederland<\/p>                <\/div>\n                            <div class=\"groothandel-marker\" data-lat=\"52.08982250\" data-lng=\"4.31903250\">\n                    <p class=\"addressname\"><a href=\"https:\/\/lookadd.com\/pt-pt\/winkel_locaties\/brilmode-verhey-van-wijk\/\" title=\"Brilmode Verhey van Wijk\">Brilmode Verhey van Wijk<\/a><\/p><p class=\"address\">Weissenbruchstraat 44, <br>DEN HAAG <\/br>Nederland<\/p>                <\/div>\n                            <div class=\"groothandel-marker\" data-lat=\"51.88908600\" data-lng=\"4.81266410\">\n                    <p class=\"addressname\"><a href=\"https:\/\/lookadd.com\/pt-pt\/winkel_locaties\/brandpunt-optiek\/\" title=\"Brandpunt Optiek\">Brandpunt Optiek<\/a><\/p><p class=\"address\">Brandwijksedijk 15B, <br>BRANDWIJK <\/br>Nederland<\/p>                <\/div>\n                            <div class=\"groothandel-marker\" data-lat=\"51.67929830\" data-lng=\"5.39827710\">\n                    <p class=\"addressname\"><a href=\"https:\/\/lookadd.com\/pt-pt\/winkel_locaties\/gevers-optiek\/\" title=\"Gevers Optiek\">Gevers Optiek<\/a><\/p><p class=\"address\">Mercuriusplein 23, <br>BERLICUM <\/br>Nederland<\/p>                <\/div>\n                            <div class=\"groothandel-marker\" data-lat=\"51.794530\" data-lng=\"5.650040\">\n                    <p class=\"addressname\"><a href=\"https:\/\/lookadd.com\/pt-pt\/winkel_locaties\/pakhuis-optiek\/\" title=\"Pakhuis Optiek\">Pakhuis Optiek<\/a><\/p><p class=\"address\">Monseigneur Zwijsenstraat 3B, <br>Ravenstein <\/br>Nederland<\/p>                <\/div>\n                            <div class=\"groothandel-marker\" data-lat=\"52.229730\" data-lng=\"5.960740\">\n                    <p class=\"addressname\"><a href=\"https:\/\/lookadd.com\/pt-pt\/winkel_locaties\/boonstra-brillen\/\" title=\"Boonstra Brillen\">Boonstra Brillen<\/a><\/p><p class=\"address\">Mercatorplein 10, <br>APELDOORN <\/br>Nederland<\/p>                <\/div>\n            \n        <\/div>\n\n        <!--Start AW locations-->\n        <style type=\"text\/css\">\n            .acf-map {\n                width: 100%;\n                height: 500px;\n            }\n\n            #awplaatsinput {\n                margin-top: 10px;\n                width: 65%;\n                height: 40px;\n                display: none;\n            }\n        <\/style>\n        <script src=\"https:\/\/maps.googleapis.com\/maps\/api\/js?key=AIzaSyCZR-V7SLvtMKAmyv7X3rlCj5EZ-LvkhwA&libraries=places\"><\/script>\n        <script type=\"text\/javascript\">\n            document.addEventListener(\"DOMContentLoaded\", function(event) {\n                (function($) {\n                    \/*\n                     *  render_map\n                     *  This function will render a Google Map onto the selected jQuery element\n                     *\/\n                    function render_map($el) {\n                        \/\/ var\n                        var $markers = $el.find('.marker');\n                        var $groothandelmarkers = $el.find('.groothandel-marker');\n                        \/\/ vars\n                        var args = {\n                            zoom: 6,\n                            minZoom: 6,\n                            center: new google.maps.LatLng(51.959834737836175, 5.918478488263753),\n                            mapTypeId: google.maps.MapTypeId.ROADMAP,\n                            styles: [{\n                                    \"elementType\": \"geometry\",\n                                    \"stylers\": [{\n                                        \"color\": \"#f5f5f5\"\n                                    }]\n                                },\n                                {\n                                    \"elementType\": \"labels.icon\",\n                                    \"stylers\": [{\n                                        \"visibility\": \"off\"\n                                    }]\n                                },\n                                {\n                                    \"elementType\": \"labels.text.fill\",\n                                    \"stylers\": [{\n                                        \"color\": \"#616161\"\n                                    }]\n                                },\n                                {\n                                    \"elementType\": \"labels.text.stroke\",\n                                    \"stylers\": [{\n                                        \"color\": \"#f5f5f5\"\n                                    }]\n                                },\n                                {\n                                    \"featureType\": \"administrative.land_parcel\",\n                                    \"elementType\": \"labels.text.fill\",\n                                    \"stylers\": [{\n                                        \"color\": \"#bdbdbd\"\n                                    }]\n                                },\n                                {\n                                    \"featureType\": \"poi\",\n                                    \"elementType\": \"geometry\",\n                                    \"stylers\": [{\n                                        \"color\": \"#eeeeee\"\n                                    }]\n                                },\n                                {\n                                    \"featureType\": \"poi\",\n                                    \"elementType\": \"labels.text.fill\",\n                                    \"stylers\": [{\n                                        \"color\": \"#757575\"\n                                    }]\n                                },\n                                {\n                                    \"featureType\": \"poi.park\",\n                                    \"elementType\": \"geometry\",\n                                    \"stylers\": [{\n                                        \"color\": \"#e5e5e5\"\n                                    }]\n                                },\n                                {\n                                    \"featureType\": \"poi.park\",\n                                    \"elementType\": \"labels.text.fill\",\n                                    \"stylers\": [{\n                                        \"color\": \"#9e9e9e\"\n                                    }]\n                                },\n                                {\n                                    \"featureType\": \"road\",\n                                    \"elementType\": \"geometry\",\n                                    \"stylers\": [{\n                                        \"color\": \"#ffffff\"\n                                    }]\n                                },\n                                {\n                                    \"featureType\": \"road.arterial\",\n                                    \"elementType\": \"labels.text.fill\",\n                                    \"stylers\": [{\n                                        \"color\": \"#757575\"\n                                    }]\n                                },\n                                {\n                                    \"featureType\": \"road.highway\",\n                                    \"elementType\": \"geometry\",\n                                    \"stylers\": [{\n                                        \"color\": \"#dadada\"\n                                    }]\n                                },\n                                {\n                                    \"featureType\": \"road.highway\",\n                                    \"elementType\": \"labels.text.fill\",\n                                    \"stylers\": [{\n                                        \"color\": \"#616161\"\n                                    }]\n                                },\n                                {\n                                    \"featureType\": \"road.local\",\n                                    \"elementType\": \"labels.text.fill\",\n                                    \"stylers\": [{\n                                        \"color\": \"#9e9e9e\"\n                                    }]\n                                },\n                                {\n                                    \"featureType\": \"transit.line\",\n                                    \"elementType\": \"geometry\",\n                                    \"stylers\": [{\n                                        \"color\": \"#e5e5e5\"\n                                    }]\n                                },\n                                {\n                                    \"featureType\": \"transit.station\",\n                                    \"elementType\": \"geometry\",\n                                    \"stylers\": [{\n                                        \"color\": \"#eeeeee\"\n                                    }]\n                                },\n                                {\n                                    \"featureType\": \"water\",\n                                    \"elementType\": \"geometry\",\n                                    \"stylers\": [{\n                                        \"color\": \"#c9c9c9\"\n                                    }]\n                                },\n                                {\n                                    \"featureType\": \"water\",\n                                    \"elementType\": \"labels.text.fill\",\n                                    \"stylers\": [{\n                                        \"color\": \"#9e9e9e\"\n                                    }]\n                                }\n                            ]\n                        };\n\n                        \/\/ create map\n                        var map = new google.maps.Map($el[0], args);\n                        \/\/ add a markers reference\n                        map.markers = [];\n                        \/\/ add markers\n                        $markers.each(function() {\n                            add_marker($(this), map);\n                        });\n\n                        \/\/ add markers for groothandels\n                        $groothandelmarkers.each(function() {\n                            add_marker_groothandel($(this), map);\n                        });\n\n                        \/\/ center map\n                        \/\/ center_map(map);\n\n                        \/\/ Search\n                        window.initAutocomplete = initAutocomplete(map);\n\n                        \/\/ Show search input\n                        $('#awplaatsinput').show();\n                    }\n\n                    \/*\n                     *  add_marker\n                     *  This function will add a marker to the selected Google Map\n                     *\/\n                    function add_marker($marker, map) {\n                        \/\/ var\n                        var latlng = new google.maps.LatLng($marker.attr('data-lat'), $marker.attr('data-lng'));\n\n                        \/\/ Marker style\n                        var pinColor = \"#D22B2B\";\n                        var pinLabel = \"A\";\n                        var pinSVGHole = \"M12,11.5A2.5,2.5 0 0,1 9.5,9A2.5,2.5 0 0,1 12,6.5A2.5,2.5 0 0,1 14.5,9A2.5,2.5 0 0,1 12,11.5M12,2A7,7 0 0,0 5,9C5,14.25 12,22 12,22C12,22 19,14.25 19,9A7,7 0 0,0 12,2Z\";\n                        var labelOriginHole = new google.maps.Point(12, 15);\n                        var pinSVGFilled = \"M 12,2 C 8.1340068,2 5,5.1340068 5,9 c 0,5.25 7,13 7,13 0,0 7,-7.75 7,-13 0,-3.8659932 -3.134007,-7 -7,-7 z\";\n                        var labelOriginFilled = new google.maps.Point(12, 9);\n                        var markerImage = { \/\/ https:\/\/developers.google.com\/maps\/documentation\/javascript\/reference\/marker#MarkerLabel\n                            path: pinSVGFilled,\n                            anchor: new google.maps.Point(12, 17),\n                            fillOpacity: 1,\n                            fillColor: pinColor,\n                            strokeWeight: 1,\n                            strokeColor: \"#FFFFFF\",\n                            scale: 1.2,\n                            labelOrigin: labelOriginFilled\n                        };\n\n                        \/\/ create marker\n                        var marker = new google.maps.Marker({\n                            position: latlng,\n                            map: map,\n                            \/*icon: markerImage,*\/\n                        });\n                        \/\/ add to array\n                        map.markers.push(marker);\n                        \/\/ if marker contains HTML, add it to an infoWindow\n                        if ($marker.html()) {\n                            \/\/ create info window\n                            var infowindow = new google.maps.InfoWindow({\n                                borderRadius: 4,\n                                arrowSize: 10,\n                                borderWidth: 1,\n                                borderColor: '#2c2c2c',\n                                content: $marker.html()\n                            });\n                            \/\/ show info window when marker is clicked\n                            google.maps.event.addListener(marker, 'click', function() {\n                                infowindow.open(map, marker);\n                            });\n                        }\n                        \/\/ close info window when map is clicked\n                        google.maps.event.addListener(map, 'click', function(event) {\n                            if (infowindow) {\n                                infowindow.close();\n                            }\n                        });\n                    }\n\n                    \/*\n                     *  add_marker (for groothandels)\n                     *  This function will add a marker to the selected Google Map\n                     *\/\n                    function add_marker_groothandel($groothandelmarkers, map) {\n                        \/\/ var\n                        var latlng = new google.maps.LatLng($groothandelmarkers.attr('data-lat'), $groothandelmarkers.attr('data-lng'));\n\n                        \/\/ Marker style\n                        var pinColor = \"#0096FF\";\n                        var pinLabel = \"A\";\n                        var pinSVGHole = \"M12,11.5A2.5,2.5 0 0,1 9.5,9A2.5,2.5 0 0,1 12,6.5A2.5,2.5 0 0,1 14.5,9A2.5,2.5 0 0,1 12,11.5M12,2A7,7 0 0,0 5,9C5,14.25 12,22 12,22C12,22 19,14.25 19,9A7,7 0 0,0 12,2Z\";\n                        var labelOriginHole = new google.maps.Point(12, 15);\n                        var pinSVGFilled = \"M 12,2 C 8.1340068,2 5,5.1340068 5,9 c 0,5.25 7,13 7,13 0,0 7,-7.75 7,-13 0,-3.8659932 -3.134007,-7 -7,-7 z\";\n                        var labelOriginFilled = new google.maps.Point(12, 9);\n                        var markerImage = { \/\/ https:\/\/developers.google.com\/maps\/documentation\/javascript\/reference\/marker#MarkerLabel\n                            path: pinSVGFilled,\n                            anchor: new google.maps.Point(12, 17),\n                            fillOpacity: 1,\n                            fillColor: pinColor,\n                            strokeWeight: 1,\n                            strokeColor: \"#FFFFFF\",\n                            scale: 3,\n                            labelOrigin: labelOriginFilled\n                        };\n\n                        \/\/ create marker\n                        var groothandelmarker = new google.maps.Marker({\n                            position: latlng,\n                            map: map,\n                            icon: markerImage,\n                        });\n\n                        \/\/ add to array\n                        map.markers.push(groothandelmarker);\n                        \/\/ if marker contains HTML, add it to an infoWindow\n                        if ($groothandelmarkers.html()) {\n                            \/\/ create info window\n                            var infowindow = new google.maps.InfoWindow({\n                                borderRadius: 4,\n                                arrowSize: 12,\n                                borderWidth: 3,\n                                borderColor: '#000000',\n                                content: $groothandelmarkers.html()\n                            });\n                            \/\/ show info window when marker is clicked\n                            google.maps.event.addListener(groothandelmarker, 'click', function() {\n                                infowindow.open(map, groothandelmarker);\n                            });\n                        }\n                        \/\/ close info window when map is clicked\n                        google.maps.event.addListener(map, 'click', function(event) {\n                            if (infowindow) {\n                                infowindow.close();\n                            }\n                        });\n                    }\n\n                    \/*\n                     *  center_map\n                     *  This function will center the map, showing all markers attached to this map\n                     *\/\n                    function center_map(map) {\n                        \/\/ vars\n                        var bounds = new google.maps.LatLngBounds();\n                        \/\/ loop through all markers and create bounds\n                        $.each(map.markers, function(i, marker) {\n                            var latlng = new google.maps.LatLng(marker.position.lat(), marker.position.lng());\n                            bounds.extend(latlng);\n                        });\n                        \/\/ only 1 marker?\n                        if (map.markers.length == 1) {\n                            \/\/ set center of map\n                            map.setCenter(bounds.getCenter());\n                            map.setZoom(10);\n                        } else {\n                            \/\/ fit to bounds\n                            map.fitBounds(bounds);\n                        }\n                    }\n\n                    function initAutocomplete(map) {\n                        \/\/ const map = new google.maps.Map(document.getElementById(\"acf-map\"), {\n                        \/\/     center: {\n                        \/\/         lat: -33.8688,\n                        \/\/         lng: 151.2195\n                        \/\/     },\n                        \/\/     zoom: 13,\n                        \/\/     mapTypeId: \"roadmap\",\n                        \/\/ });\n\n                        \/\/ Create the search box and link it to the UI element.\n                        const input = document.getElementById(\"awplaatsinput\");\n                        const searchBox = new google.maps.places.SearchBox(input);\n\n                        map.controls[google.maps.ControlPosition.TOP_LEFT].push(input);\n                        \/\/ Bias the SearchBox results towards current map's viewport.\n                        map.addListener(\"bounds_changed\", () => {\n                            searchBox.setBounds(map.getBounds());\n                        });\n\n                        let markers = [];\n\n                        \/\/ Listen for the event fired when the user selects a prediction and retrieve\n                        \/\/ more details for that place.\n                        searchBox.addListener(\"places_changed\", () => {\n                            const places = searchBox.getPlaces();\n\n                            if (places.length == 0) {\n                                return;\n                            }\n\n                            \/\/ Clear out the old markers.\n                            markers.forEach((marker) => {\n                                marker.setMap(null);\n                            });\n                            markers = [];\n\n                            \/\/ For each place, get the icon, name and location.\n                            const bounds = new google.maps.LatLngBounds();\n\n                            places.forEach((place) => {\n                                if (!place.geometry || !place.geometry.location) {\n                                    console.log(\"Returned place contains no geometry\");\n                                    return;\n                                }\n\n                                const icon = {\n                                    url: place.icon,\n                                    size: new google.maps.Size(71, 71),\n                                    origin: new google.maps.Point(0, 0),\n                                    anchor: new google.maps.Point(17, 34),\n                                    scaledSize: new google.maps.Size(25, 25),\n                                };\n\n                                \/\/ Create a marker for each place.\n                                markers.push(\n                                    new google.maps.Marker({\n                                        map,\n                                        icon,\n                                        title: place.name,\n                                        position: place.geometry.location,\n                                    })\n                                );\n                                if (place.geometry.viewport) {\n                                    \/\/ Only geocodes have viewport.\n                                    bounds.union(place.geometry.viewport);\n                                } else {\n                                    bounds.extend(place.geometry.location);\n                                }\n                            });\n                            map.fitBounds(bounds);\n                        });\n                    }\n\n                    \/*\n                     *  document ready\n                     *  This function will render each map when the document is ready (page has loaded)\n                     *\/\n                    $(document).ready(function() {\n                        $('.acf-map').each(function() {\n                            render_map($(this));\n                        });\n                    });\n                })(jQuery);\n            });\n        <\/script>\n        <!--End AW locations-->\n    \n","protected":false},"excerpt":{"rendered":"","protected":false},"author":1,"featured_media":0,"parent":0,"menu_order":0,"comment_status":"closed","ping_status":"closed","template":"","meta":{"_acf_changed":false,"site-sidebar-layout":"default","site-content-layout":"default","ast-site-content-layout":"default","site-content-style":"default","site-sidebar-style":"default","ast-global-header-display":"","ast-banner-title-visibility":"","ast-main-header-display":"","ast-hfb-above-header-display":"","ast-hfb-below-header-display":"","ast-hfb-mobile-header-display":"","site-post-title":"","ast-breadcrumbs-content":"","ast-featured-img":"","footer-sml-layout":"","ast-disable-related-posts":"","theme-transparent-header-meta":"default","adv-header-id-meta":"","stick-header-meta":"","header-above-stick-meta":"","header-main-stick-meta":"","header-below-stick-meta":"","astra-migrate-meta-layouts":"default","ast-page-background-enabled":"default","ast-page-background-meta":{"desktop":{"background-color":"","background-image":"","background-repeat":"repeat","background-position":"center center","background-size":"auto","background-attachment":"scroll","background-type":"","background-media":"","overlay-type":"","overlay-color":"","overlay-opacity":"","overlay-gradient":""},"tablet":{"background-color":"","background-image":"","background-repeat":"repeat","background-position":"center center","background-size":"auto","background-attachment":"scroll","background-type":"","background-media":"","overlay-type":"","overlay-color":"","overlay-opacity":"","overlay-gradient":""},"mobile":{"background-color":"","background-image":"","background-repeat":"repeat","background-position":"center center","background-size":"auto","background-attachment":"scroll","background-type":"","background-media":"","overlay-type":"","overlay-color":"","overlay-opacity":"","overlay-gradient":""}},"ast-content-background-meta":{"desktop":{"background-color":"var(--ast-global-color-5)","background-image":"","background-repeat":"repeat","background-position":"center center","background-size":"auto","background-attachment":"scroll","background-type":"","background-media":"","overlay-type":"","overlay-color":"","overlay-opacity":"","overlay-gradient":""},"tablet":{"background-color":"var(--ast-global-color-5)","background-image":"","background-repeat":"repeat","background-position":"center center","background-size":"auto","background-attachment":"scroll","background-type":"","background-media":"","overlay-type":"","overlay-color":"","overlay-opacity":"","overlay-gradient":""},"mobile":{"background-color":"var(--ast-global-color-5)","background-image":"","background-repeat":"repeat","background-position":"center center","background-size":"auto","background-attachment":"scroll","background-type":"","background-media":"","overlay-type":"","overlay-color":"","overlay-opacity":"","overlay-gradient":""}},"footnotes":""},"class_list":["post-86611","page","type-page","status-publish","hentry"],"acf":[],"yoast_head":"<!-- This site is optimized with the Yoast SEO plugin v27.5 - https:\/\/yoast.com\/product\/yoast-seo-wordpress\/ -->\n<title>Nossos \u00f3ticos - LookAdd<\/title>\n<meta name=\"robots\" content=\"index, follow, max-snippet:-1, max-image-preview:large, max-video-preview:-1\" \/>\n<link rel=\"canonical\" href=\"https:\/\/lookadd.com\/pt-pt\/onze-opticiens\/\" \/>\n<meta property=\"og:locale\" content=\"pt_PT\" \/>\n<meta property=\"og:type\" content=\"article\" \/>\n<meta property=\"og:title\" content=\"Nossos \u00f3ticos - LookAdd\" \/>\n<meta property=\"og:url\" content=\"https:\/\/lookadd.com\/pt-pt\/onze-opticiens\/\" \/>\n<meta property=\"og:site_name\" content=\"LookAdd\" \/>\n<meta property=\"article:publisher\" content=\"https:\/\/www.facebook.com\/lookadd.eyewear\" \/>\n<meta property=\"article:modified_time\" content=\"2023-08-14T12:34:36+00:00\" \/>\n<meta name=\"twitter:card\" content=\"summary_large_image\" \/>\n<meta name=\"twitter:label1\" content=\"Tempo estimado de leitura\" \/>\n\t<meta name=\"twitter:data1\" content=\"1 minuto\" \/>\n<script type=\"application\/ld+json\" class=\"yoast-schema-graph\">{\"@context\":\"https:\\\/\\\/schema.org\",\"@graph\":[{\"@type\":\"WebPage\",\"@id\":\"https:\\\/\\\/lookadd.com\\\/pt-pt\\\/onze-opticiens\\\/\",\"url\":\"https:\\\/\\\/lookadd.com\\\/pt-pt\\\/onze-opticiens\\\/\",\"name\":\"Nossos \u00f3ticos - LookAdd\",\"isPartOf\":{\"@id\":\"https:\\\/\\\/lookadd.com\\\/#website\"},\"datePublished\":\"2021-07-09T13:34:45+00:00\",\"dateModified\":\"2023-08-14T12:34:36+00:00\",\"breadcrumb\":{\"@id\":\"https:\\\/\\\/lookadd.com\\\/pt-pt\\\/onze-opticiens\\\/#breadcrumb\"},\"inLanguage\":\"pt-PT\",\"potentialAction\":[{\"@type\":\"ReadAction\",\"target\":[\"https:\\\/\\\/lookadd.com\\\/pt-pt\\\/onze-opticiens\\\/\"]}]},{\"@type\":\"BreadcrumbList\",\"@id\":\"https:\\\/\\\/lookadd.com\\\/pt-pt\\\/onze-opticiens\\\/#breadcrumb\",\"itemListElement\":[{\"@type\":\"ListItem\",\"position\":1,\"name\":\"Home\",\"item\":\"https:\\\/\\\/lookadd.com\\\/\"},{\"@type\":\"ListItem\",\"position\":2,\"name\":\"Nossos \u00f3ticos\"}]},{\"@type\":\"WebSite\",\"@id\":\"https:\\\/\\\/lookadd.com\\\/#website\",\"url\":\"https:\\\/\\\/lookadd.com\\\/\",\"name\":\"LookAdd.com\",\"description\":\"\",\"publisher\":{\"@id\":\"https:\\\/\\\/lookadd.com\\\/#organization\"},\"potentialAction\":[{\"@type\":\"SearchAction\",\"target\":{\"@type\":\"EntryPoint\",\"urlTemplate\":\"https:\\\/\\\/lookadd.com\\\/?s={search_term_string}\"},\"query-input\":{\"@type\":\"PropertyValueSpecification\",\"valueRequired\":true,\"valueName\":\"search_term_string\"}}],\"inLanguage\":\"pt-PT\"},{\"@type\":\"Organization\",\"@id\":\"https:\\\/\\\/lookadd.com\\\/#organization\",\"name\":\"LookAdd\",\"url\":\"https:\\\/\\\/lookadd.com\\\/\",\"logo\":{\"@type\":\"ImageObject\",\"inLanguage\":\"pt-PT\",\"@id\":\"https:\\\/\\\/lookadd.com\\\/#\\\/schema\\\/logo\\\/image\\\/\",\"url\":\"https:\\\/\\\/lookadd.com\\\/wp-content\\\/uploads\\\/2021\\\/12\\\/LookAdd-logo-850-px.jpg\",\"contentUrl\":\"https:\\\/\\\/lookadd.com\\\/wp-content\\\/uploads\\\/2021\\\/12\\\/LookAdd-logo-850-px.jpg\",\"width\":843,\"height\":486,\"caption\":\"LookAdd\"},\"image\":{\"@id\":\"https:\\\/\\\/lookadd.com\\\/#\\\/schema\\\/logo\\\/image\\\/\"},\"sameAs\":[\"https:\\\/\\\/www.facebook.com\\\/lookadd.eyewear\",\"https:\\\/\\\/www.instagram.com\\\/lookadd.eyewear\\\/\"]}]}<\/script>\n<!-- \/ Yoast SEO plugin. -->","yoast_head_json":{"title":"Nossos \u00f3ticos - LookAdd","robots":{"index":"index","follow":"follow","max-snippet":"max-snippet:-1","max-image-preview":"max-image-preview:large","max-video-preview":"max-video-preview:-1"},"canonical":"https:\/\/lookadd.com\/pt-pt\/onze-opticiens\/","og_locale":"pt_PT","og_type":"article","og_title":"Nossos \u00f3ticos - LookAdd","og_url":"https:\/\/lookadd.com\/pt-pt\/onze-opticiens\/","og_site_name":"LookAdd","article_publisher":"https:\/\/www.facebook.com\/lookadd.eyewear","article_modified_time":"2023-08-14T12:34:36+00:00","twitter_card":"summary_large_image","twitter_misc":{"Tempo estimado de leitura":"1 minuto"},"schema":{"@context":"https:\/\/schema.org","@graph":[{"@type":"WebPage","@id":"https:\/\/lookadd.com\/pt-pt\/onze-opticiens\/","url":"https:\/\/lookadd.com\/pt-pt\/onze-opticiens\/","name":"Nossos \u00f3ticos - LookAdd","isPartOf":{"@id":"https:\/\/lookadd.com\/#website"},"datePublished":"2021-07-09T13:34:45+00:00","dateModified":"2023-08-14T12:34:36+00:00","breadcrumb":{"@id":"https:\/\/lookadd.com\/pt-pt\/onze-opticiens\/#breadcrumb"},"inLanguage":"pt-PT","potentialAction":[{"@type":"ReadAction","target":["https:\/\/lookadd.com\/pt-pt\/onze-opticiens\/"]}]},{"@type":"BreadcrumbList","@id":"https:\/\/lookadd.com\/pt-pt\/onze-opticiens\/#breadcrumb","itemListElement":[{"@type":"ListItem","position":1,"name":"Home","item":"https:\/\/lookadd.com\/"},{"@type":"ListItem","position":2,"name":"Nossos \u00f3ticos"}]},{"@type":"WebSite","@id":"https:\/\/lookadd.com\/#website","url":"https:\/\/lookadd.com\/","name":"LookAdd.com","description":"","publisher":{"@id":"https:\/\/lookadd.com\/#organization"},"potentialAction":[{"@type":"SearchAction","target":{"@type":"EntryPoint","urlTemplate":"https:\/\/lookadd.com\/?s={search_term_string}"},"query-input":{"@type":"PropertyValueSpecification","valueRequired":true,"valueName":"search_term_string"}}],"inLanguage":"pt-PT"},{"@type":"Organization","@id":"https:\/\/lookadd.com\/#organization","name":"LookAdd","url":"https:\/\/lookadd.com\/","logo":{"@type":"ImageObject","inLanguage":"pt-PT","@id":"https:\/\/lookadd.com\/#\/schema\/logo\/image\/","url":"https:\/\/lookadd.com\/wp-content\/uploads\/2021\/12\/LookAdd-logo-850-px.jpg","contentUrl":"https:\/\/lookadd.com\/wp-content\/uploads\/2021\/12\/LookAdd-logo-850-px.jpg","width":843,"height":486,"caption":"LookAdd"},"image":{"@id":"https:\/\/lookadd.com\/#\/schema\/logo\/image\/"},"sameAs":["https:\/\/www.facebook.com\/lookadd.eyewear","https:\/\/www.instagram.com\/lookadd.eyewear\/"]}]}},"_links":{"self":[{"href":"https:\/\/lookadd.com\/pt-pt\/wp-json\/wp\/v2\/pages\/86611","targetHints":{"allow":["GET"]}}],"collection":[{"href":"https:\/\/lookadd.com\/pt-pt\/wp-json\/wp\/v2\/pages"}],"about":[{"href":"https:\/\/lookadd.com\/pt-pt\/wp-json\/wp\/v2\/types\/page"}],"author":[{"embeddable":true,"href":"https:\/\/lookadd.com\/pt-pt\/wp-json\/wp\/v2\/users\/1"}],"replies":[{"embeddable":true,"href":"https:\/\/lookadd.com\/pt-pt\/wp-json\/wp\/v2\/comments?post=86611"}],"version-history":[{"count":1,"href":"https:\/\/lookadd.com\/pt-pt\/wp-json\/wp\/v2\/pages\/86611\/revisions"}],"predecessor-version":[{"id":86613,"href":"https:\/\/lookadd.com\/pt-pt\/wp-json\/wp\/v2\/pages\/86611\/revisions\/86613"}],"wp:attachment":[{"href":"https:\/\/lookadd.com\/pt-pt\/wp-json\/wp\/v2\/media?parent=86611"}],"curies":[{"name":"wp","href":"https:\/\/api.w.org\/{rel}","templated":true}]}}